{"id":1016,"date":"2025-12-19T07:57:39","date_gmt":"2025-12-19T07:57:39","guid":{"rendered":"https:\/\/islamische-bestattung.de\/pratnja-u-zalosti-i-muslimanska-duhovna-skrb\/"},"modified":"2026-02-01T14:03:21","modified_gmt":"2026-02-01T14:03:21","slug":"pratnja-u-zalosti-i-muslimanska-duhovna-skrb","status":"publish","type":"page","link":"https:\/\/islamische-bestattung.de\/bs\/pratnja-u-zalosti-i-muslimanska-duhovna-skrb\/","title":{"rendered":"Pratnja u \u017ealosti i muslimanska duhovna skrb"},"content":{"rendered":"<p>[et_pb_section fb_built=&#8221;1&#8221; _builder_version=&#8221;4.27.4&#8221; _module_preset=&#8221;default&#8221; background_color=&#8221;#959d93&#8221; custom_margin=&#8221;0px||||false|false&#8221; custom_padding=&#8221;8px||8px||true|false&#8221; locked=&#8221;off&#8221; global_colors_info=&#8221;{}&#8221;][et_pb_row _builder_version=&#8221;4.27.4&#8221; _module_preset=&#8221;default&#8221; global_colors_info=&#8221;{}&#8221;][et_pb_column type=&#8221;4_4&#8221; _builder_version=&#8221;4.27.4&#8221; _module_preset=&#8221;default&#8221; global_colors_info=&#8221;{}&#8221;][et_pb_text admin_label=&#8221;Hero Title&#8221; _builder_version=&#8221;4.27.5&#8221; text_font=&#8221;Playfair Display||||||||&#8221; header_font=&#8221;Alice||||||||&#8221; header_text_color=&#8221;#FFFFFF&#8221; header_font_size=&#8221;53px&#8221; header_letter_spacing=&#8221;-1px&#8221; header_line_height=&#8221;1.1em&#8221; width=&#8221;75%&#8221; custom_margin=&#8221;||0px|&#8221; custom_padding=&#8221;|||&#8221; animation_style=&#8221;slide&#8221; animation_direction=&#8221;left&#8221; animation_intensity_slide=&#8221;5%&#8221; animation_starting_opacity=&#8221;100%&#8221; header_font_size_tablet=&#8221;&#8221; header_font_size_phone=&#8221;33px&#8221; header_font_size_last_edited=&#8221;on|phone&#8221; locked=&#8221;off&#8221; global_colors_info=&#8221;{}&#8221; hover_enabled=&#8221;0&#8221; sticky_enabled=&#8221;0&#8221;]<\/p>\n<h1>Pratnja u \u017ealosti i muslimanska duhovna skrb<\/h1>\n<p>[\/et_pb_text][\/et_pb_column][\/et_pb_row][\/et_pb_section][et_pb_section fb_built=&#8221;1&#8221; custom_padding_last_edited=&#8221;on|phone&#8221; _builder_version=&#8221;4.27.5&#8221; _module_preset=&#8221;default&#8221; custom_margin=&#8221;50px||||false|false&#8221; custom_margin_tablet=&#8221;50px||||false|false&#8221; custom_margin_phone=&#8221;0px||||false|false&#8221; custom_margin_last_edited=&#8221;on|phone&#8221; custom_padding=&#8221;24px||105px|||&#8221; custom_padding_tablet=&#8221;24px||105px|||&#8221; custom_padding_phone=&#8221;24px||74px||false|false&#8221; global_colors_info=&#8221;{}&#8221;][et_pb_row _builder_version=&#8221;4.27.4&#8221; _module_preset=&#8221;default&#8221; max_width=&#8221;100%&#8221; custom_padding=&#8221;||0px|||&#8221; global_colors_info=&#8221;{}&#8221;][et_pb_column type=&#8221;4_4&#8221; _builder_version=&#8221;4.27.4&#8221; _module_preset=&#8221;default&#8221; global_colors_info=&#8221;{}&#8221;][et_pb_text admin_label=&#8221;Title&#8221; _builder_version=&#8221;4.27.5&#8221; text_font=&#8221;||||||||&#8221; header_font=&#8221;||||||||&#8221; header_2_font=&#8221;Alice||||||||&#8221; header_2_text_align=&#8221;center&#8221; header_2_font_size=&#8221;42px&#8221; header_2_line_height=&#8221;1.3em&#8221; custom_margin=&#8221;||20px|&#8221; animation_style=&#8221;slide&#8221; animation_direction=&#8221;top&#8221; animation_intensity_slide=&#8221;30%&#8221; animation_starting_opacity=&#8221;100%&#8221; header_2_font_size_tablet=&#8221;42px&#8221; header_2_font_size_phone=&#8221;27px&#8221; header_2_font_size_last_edited=&#8221;on|phone&#8221; locked=&#8221;off&#8221; global_colors_info=&#8221;{}&#8221;]<\/p>\n<h2>Muslimanska duhovna skrb \u2013 Slu\u0161anje. Pratnja. Ulijevanje nade.<\/h2>\n<p>[\/et_pb_text][et_pb_text disabled_on=&#8221;off|off|off&#8221; _builder_version=&#8221;4.27.5&#8221; text_font=&#8221;||||||||&#8221; text_font_size=&#8221;16px&#8221; text_line_height=&#8221;1.8em&#8221; custom_margin=&#8221;||19px|||&#8221; custom_padding=&#8221;|||&#8221; animation_style=&#8221;slide&#8221; animation_direction=&#8221;left&#8221; animation_intensity_slide=&#8221;5%&#8221; animation_starting_opacity=&#8221;100%&#8221; locked=&#8221;off&#8221; global_colors_info=&#8221;{}&#8221;]<\/p>\n<p>Muslimanska duhovna skrb zna\u010di susret s ljudima tamo gdje jesu \u2013 u njihovim brigama, pitanjima, krizama i u trenucima potrage za smislom.<br \/>Ona nije tabu, ve\u0107 mjesto olak\u0161anja, povjerenja i osna\u017eivanja.<br \/><strong><\/strong><\/p>\n<p><strong>Mi pratimo:<\/strong><br \/><strong>\u2022 u pitanjima vjere i duhovne orijentacije<\/strong><br \/><strong>\u2022 u \u017ealosti, bolesti, umiranju i opra\u0161tanju<\/strong><br \/><strong>\u2022 u sukobima, porodi\u010dnim optere\u0107enjima ili \u017eivotnim prelazima<\/strong><br \/><strong>\u2022 u usamljenosti, strahu, bezna\u0111u ili preoptere\u0107enosti<\/strong><br \/><strong>\u2022 u krizama mladih, odraslih i starijih osoba<\/strong><\/p>\n<p>Muslimanska duhovna skrb je mnogo vi\u0161e od razgovora.<br \/>Ona obuhvata: slu\u0161anje, refleksiju, Tazkiya (unutra\u0161nje pro\u010di\u0161\u0107enje), pratnju u ritualima, psihosocijalnu podr\u0161ku, pratnju u \u017ealosti i prakti\u010dnu pomo\u0107 \u2013 bilo u bolnici, u d\u017eamiji, u zatvorima, kod interventnih slu\u017ebi, porodica ili online.<\/p>\n<p><strong>Na\u0161 zadatak je:<\/strong><br \/><strong>Ohrabriti \u2013 umjesto \u0161utjeti.<\/strong><br \/><strong>Otvoriti nadu \u2013 umjesto osu\u0111ivati.<\/strong><br \/><strong>Dati orijentaciju \u2013 umjesto ostaviti samog.<\/strong><\/p>\n<p>Ko pita, pokazuje snagu.<br \/>Ko govori, pronalazi puteve.<br \/>Ko ima pratnju, otkriva nova vrata.<\/p>\n<p>Kako bismo zadovoljili potrebe svih ljudi, na raspolaganju su vam <strong>i muslimanska duhovna skrbnica i muslimanski duhovni skrbnik<\/strong>.<br \/>Tako \u017eene, mu\u0161karci, mladi i porodice mogu odabrati pratnju koja im se \u010dini sigurnom, prikladnom i povjerljivom.<\/p>\n<p>Radimo u sna\u017enoj, nadregionalno umre\u017eenoj zajednici.<br \/>Ako je korisno, mo\u017eemo <strong>posredovati duhovne skrbnice ili duhovne skrbnike iz va\u0161eg kulturnog okru\u017eenja ili na va\u0161em maternjem jeziku<\/strong> \u2013 jer komunikacija \u017eivi od razumijevanja, ne samo od govora.<\/p>\n<p>Duhovna pratnja je li\u010dna. Stoga po\u0161tujemo intimu, individualne \u017eivotne puteve i kulturne pozadine.<br \/>Bilo u razgovoru, u krizama, kod \u017ealosti, bolesti, tra\u017eenja orijentacije ili vjerskih pitanja:<br \/><strong>Vi odlu\u010dujete ko vas prati<\/strong><\/p>\n<p>Pozivamo vas: Razgovarajte s nama \u2013 anonimno, povjerljivo i bez osude.<\/p>\n<p>[\/et_pb_text][\/et_pb_column][\/et_pb_row][et_pb_row custom_padding_last_edited=&#8221;on|phone&#8221; _builder_version=&#8221;4.27.5&#8221; _module_preset=&#8221;default&#8221; max_width=&#8221;100%&#8221; custom_margin_tablet=&#8221;&#8221; custom_margin_phone=&#8221;&#8221; custom_margin_last_edited=&#8221;on|phone&#8221; custom_padding=&#8221;48px||0px|||&#8221; custom_padding_tablet=&#8221;48px||0px|||&#8221; custom_padding_phone=&#8221;9px||||false|false&#8221; global_colors_info=&#8221;{}&#8221;][et_pb_column type=&#8221;4_4&#8221; _builder_version=&#8221;4.27.5&#8221; _module_preset=&#8221;default&#8221; background_enable_color=&#8221;off&#8221; global_colors_info=&#8221;{}&#8221;][et_pb_text disabled_on=&#8221;off|off|off&#8221; _builder_version=&#8221;4.27.5&#8221; _module_preset=&#8221;default&#8221; text_font=&#8221;||||||||&#8221; text_font_size=&#8221;16px&#8221; text_line_height=&#8221;1.8em&#8221; link_text_color=&#8221;#c1a01d&#8221; custom_margin=&#8221;||19px|||&#8221; custom_padding=&#8221;|||&#8221; animation_style=&#8221;slide&#8221; animation_direction=&#8221;left&#8221; animation_intensity_slide=&#8221;5%&#8221; animation_starting_opacity=&#8221;100%&#8221; global_colors_info=&#8221;{}&#8221;]<\/p>\n<p style=\"text-align: center;\"><strong>Detalji o kvalifikaciji<\/strong><\/p>\n<p><a href=\"https:\/\/www.muslimische-seelsorge.de\/\"><img loading=\"lazy\" decoding=\"async\" src=\"https:\/\/islamische-bestattung.de\/wp-content\/uploads\/2025\/12\/Bunt_AfmS_Logo-242x300.png\" width=\"100\" height=\"124\" alt=\"\" class=\"wp-image-481 alignnone size-medium\" style=\"display: block; margin-left: auto; margin-right: auto;\"><\/a><\/p>\n<p style=\"text-align: justify;\">Na\u0161u muslimansku duhovnu skrb provode kvalifikovane duhovne skrbnice i duhovni skrbnici, koji su obu\u010deni od strane <a href=\"https:\/\/www.muslimische-seelsorge.de\/\" target=\"_blank\" rel=\"noopener\">Akademie f\u00fcr muslimische Seelsorge e.V.<\/a>. Time povezujemo stru\u010dnu kompetenciju sa saosje\u0107anjem i jasnim islamskim upori\u0161tem, kako bismo odgovorno pratili pogo\u0111ene u te\u0161kim trenucima.<\/p>\n<p>&nbsp;<\/p>\n<p>[\/et_pb_text][\/et_pb_column][\/et_pb_row][et_pb_row column_structure=&#8221;1_2,1_2&#8221; use_custom_gutter=&#8221;on&#8221; gutter_width=&#8221;2&#8221; _builder_version=&#8221;4.27.4&#8221; _module_preset=&#8221;default&#8221; custom_padding=&#8221;1px||0px||false|false&#8221; locked=&#8221;off&#8221; global_colors_info=&#8221;{}&#8221;][et_pb_column type=&#8221;1_2&#8221; _builder_version=&#8221;4.27.4&#8221; _module_preset=&#8221;default&#8221; global_colors_info=&#8221;{}&#8221;][et_pb_button button_url=&#8221;tel:+4945139733733&#8221; button_text=&#8221;Pozovi&#8221; button_alignment=&#8221;right&#8221; button_alignment_tablet=&#8221;right&#8221; button_alignment_phone=&#8221;center&#8221; button_alignment_last_edited=&#8221;on|desktop&#8221; _builder_version=&#8221;4.27.5&#8221; _module_preset=&#8221;default&#8221; custom_button=&#8221;on&#8221; button_text_color=&#8221;#000000&#8221; global_colors_info=&#8221;{}&#8221;][\/et_pb_button][\/et_pb_column][et_pb_column type=&#8221;1_2&#8221; _builder_version=&#8221;4.27.4&#8221; _module_preset=&#8221;default&#8221; global_colors_info=&#8221;{}&#8221;][et_pb_button button_url=&#8221;mailto:info@al-wasila.de&#8221; button_text=&#8221;E-mail&#8221; button_alignment=&#8221;left&#8221; button_alignment_tablet=&#8221;right&#8221; button_alignment_phone=&#8221;center&#8221; button_alignment_last_edited=&#8221;on|desktop&#8221; _builder_version=&#8221;4.27.5&#8221; _module_preset=&#8221;default&#8221; custom_button=&#8221;on&#8221; button_text_color=&#8221;#000000&#8221; global_colors_info=&#8221;{}&#8221;][\/et_pb_button][\/et_pb_column][\/et_pb_row][\/et_pb_section]<\/p>\n","protected":false},"excerpt":{"rendered":"<p>Pratnja u \u017ealosti i muslimanska duhovna skrbMuslimanska duhovna skrb \u2013 Slu\u0161anje. Pratnja. Ulijevanje nade.Muslimanska duhovna skrb zna\u010di susret s ljudima tamo gdje jesu \u2013 u njihovim brigama, pitanjima, krizama i u trenucima potrage za smislom.Ona nije tabu, ve\u0107 mjesto olak\u0161anja, povjerenja i osna\u017eivanja. Mi pratimo:\u2022 u pitanjima vjere i duhovne orijentacije\u2022 u \u017ealosti, bolesti, umiranju [&hellip;]<\/p>\n","protected":false},"author":1,"featured_media":0,"parent":0,"menu_order":0,"comment_status":"closed","ping_status":"closed","template":"","meta":{"_et_pb_use_builder":"on","_et_pb_old_content":"","_et_gb_content_width":"","footnotes":""},"class_list":["post-1016","page","type-page","status-publish","hentry"],"yoast_head":"<!-- This site is optimized with the Yoast SEO plugin v27.5 - https:\/\/yoast.com\/product\/yoast-seo-wordpress\/ -->\n<title>Pratnja u \u017ealosti i muslimanska duhovna skrb - Al-Wasila - Islamische Bestattung<\/title>\n<meta name=\"robots\" content=\"index, follow, max-snippet:-1, max-image-preview:large, max-video-preview:-1\" \/>\n<link rel=\"canonical\" href=\"https:\/\/islamische-bestattung.de\/bs\/pratnja-u-zalosti-i-muslimanska-duhovna-skrb\/\" \/>\n<meta property=\"og:locale\" content=\"bs_BA\" \/>\n<meta property=\"og:type\" content=\"article\" \/>\n<meta property=\"og:title\" content=\"Pratnja u \u017ealosti i muslimanska duhovna skrb - Al-Wasila - Islamische Bestattung\" \/>\n<meta property=\"og:description\" content=\"Pratnja u \u017ealosti i muslimanska duhovna skrbMuslimanska duhovna skrb \u2013 Slu\u0161anje. Pratnja. Ulijevanje nade.Muslimanska duhovna skrb zna\u010di susret s ljudima tamo gdje jesu \u2013 u njihovim brigama, pitanjima, krizama i u trenucima potrage za smislom.Ona nije tabu, ve\u0107 mjesto olak\u0161anja, povjerenja i osna\u017eivanja. Mi pratimo:\u2022 u pitanjima vjere i duhovne orijentacije\u2022 u \u017ealosti, bolesti, umiranju [&hellip;]\" \/>\n<meta property=\"og:url\" content=\"https:\/\/islamische-bestattung.de\/bs\/pratnja-u-zalosti-i-muslimanska-duhovna-skrb\/\" \/>\n<meta property=\"og:site_name\" content=\"Al-Wasila - Islamische Bestattung\" \/>\n<meta property=\"article:publisher\" content=\"https:\/\/www.facebook.com\/share\/1GHnfgAohf\/?mibextid=wwXIfr\" \/>\n<meta property=\"article:modified_time\" content=\"2026-02-01T14:03:21+00:00\" \/>\n<meta property=\"og:image\" content=\"https:\/\/islamische-bestattung.de\/wp-content\/uploads\/2025\/12\/Bunt_AfmS_Logo.png\" \/>\n\t<meta property=\"og:image:width\" content=\"670\" \/>\n\t<meta property=\"og:image:height\" content=\"830\" \/>\n\t<meta property=\"og:image:type\" content=\"image\/png\" \/>\n<meta name=\"twitter:card\" content=\"summary_large_image\" \/>\n<meta name=\"twitter:label1\" content=\"Est. reading time\" \/>\n\t<meta name=\"twitter:data1\" content=\"5 minuta\" \/>\n<script type=\"application\/ld+json\" class=\"yoast-schema-graph\">{\"@context\":\"https:\\\/\\\/schema.org\",\"@graph\":[{\"@type\":\"WebPage\",\"@id\":\"https:\\\/\\\/islamische-bestattung.de\\\/bs\\\/pratnja-u-zalosti-i-muslimanska-duhovna-skrb\\\/\",\"url\":\"https:\\\/\\\/islamische-bestattung.de\\\/bs\\\/pratnja-u-zalosti-i-muslimanska-duhovna-skrb\\\/\",\"name\":\"Pratnja u \u017ealosti i muslimanska duhovna skrb - Al-Wasila - Islamische Bestattung\",\"isPartOf\":{\"@id\":\"https:\\\/\\\/islamische-bestattung.de\\\/bs\\\/#website\"},\"primaryImageOfPage\":{\"@id\":\"https:\\\/\\\/islamische-bestattung.de\\\/bs\\\/pratnja-u-zalosti-i-muslimanska-duhovna-skrb\\\/#primaryimage\"},\"image\":{\"@id\":\"https:\\\/\\\/islamische-bestattung.de\\\/bs\\\/pratnja-u-zalosti-i-muslimanska-duhovna-skrb\\\/#primaryimage\"},\"thumbnailUrl\":\"https:\\\/\\\/islamische-bestattung.de\\\/wp-content\\\/uploads\\\/2025\\\/12\\\/Bunt_AfmS_Logo-242x300.png\",\"datePublished\":\"2025-12-19T07:57:39+00:00\",\"dateModified\":\"2026-02-01T14:03:21+00:00\",\"breadcrumb\":{\"@id\":\"https:\\\/\\\/islamische-bestattung.de\\\/bs\\\/pratnja-u-zalosti-i-muslimanska-duhovna-skrb\\\/#breadcrumb\"},\"inLanguage\":\"bs-BA\",\"potentialAction\":[{\"@type\":\"ReadAction\",\"target\":[\"https:\\\/\\\/islamische-bestattung.de\\\/bs\\\/pratnja-u-zalosti-i-muslimanska-duhovna-skrb\\\/\"]}]},{\"@type\":\"ImageObject\",\"inLanguage\":\"bs-BA\",\"@id\":\"https:\\\/\\\/islamische-bestattung.de\\\/bs\\\/pratnja-u-zalosti-i-muslimanska-duhovna-skrb\\\/#primaryimage\",\"url\":\"https:\\\/\\\/islamische-bestattung.de\\\/wp-content\\\/uploads\\\/2025\\\/12\\\/Bunt_AfmS_Logo-242x300.png\",\"contentUrl\":\"https:\\\/\\\/islamische-bestattung.de\\\/wp-content\\\/uploads\\\/2025\\\/12\\\/Bunt_AfmS_Logo-242x300.png\"},{\"@type\":\"BreadcrumbList\",\"@id\":\"https:\\\/\\\/islamische-bestattung.de\\\/bs\\\/pratnja-u-zalosti-i-muslimanska-duhovna-skrb\\\/#breadcrumb\",\"itemListElement\":[{\"@type\":\"ListItem\",\"position\":1,\"name\":\"Start\",\"item\":\"https:\\\/\\\/islamische-bestattung.de\\\/bs\\\/\"},{\"@type\":\"ListItem\",\"position\":2,\"name\":\"Pratnja u \u017ealosti i muslimanska duhovna skrb\"}]},{\"@type\":\"WebSite\",\"@id\":\"https:\\\/\\\/islamische-bestattung.de\\\/bs\\\/#website\",\"url\":\"https:\\\/\\\/islamische-bestattung.de\\\/bs\\\/\",\"name\":\"Al-Wasila - Islamische Bestattung\",\"description\":\"Erster islamischer Meisterbetrieb im Bestattungswesen in Deutschland\",\"publisher\":{\"@id\":\"https:\\\/\\\/islamische-bestattung.de\\\/bs\\\/#organization\"},\"potentialAction\":[{\"@type\":\"SearchAction\",\"target\":{\"@type\":\"EntryPoint\",\"urlTemplate\":\"https:\\\/\\\/islamische-bestattung.de\\\/bs\\\/?s={search_term_string}\"},\"query-input\":{\"@type\":\"PropertyValueSpecification\",\"valueRequired\":true,\"valueName\":\"search_term_string\"}}],\"inLanguage\":\"bs-BA\"},{\"@type\":\"Organization\",\"@id\":\"https:\\\/\\\/islamische-bestattung.de\\\/bs\\\/#organization\",\"name\":\"Al-Wasila - Islamische Bestattung\",\"url\":\"https:\\\/\\\/islamische-bestattung.de\\\/bs\\\/\",\"logo\":{\"@type\":\"ImageObject\",\"inLanguage\":\"bs-BA\",\"@id\":\"https:\\\/\\\/islamische-bestattung.de\\\/bs\\\/#\\\/schema\\\/logo\\\/image\\\/\",\"url\":\"https:\\\/\\\/islamische-bestattung.de\\\/wp-content\\\/uploads\\\/2025\\\/11\\\/Al_Wasila_Logo_Vertikal.png\",\"contentUrl\":\"https:\\\/\\\/islamische-bestattung.de\\\/wp-content\\\/uploads\\\/2025\\\/11\\\/Al_Wasila_Logo_Vertikal.png\",\"width\":714,\"height\":576,\"caption\":\"Al-Wasila - Islamische Bestattung\"},\"image\":{\"@id\":\"https:\\\/\\\/islamische-bestattung.de\\\/bs\\\/#\\\/schema\\\/logo\\\/image\\\/\"},\"sameAs\":[\"https:\\\/\\\/www.facebook.com\\\/share\\\/1GHnfgAohf\\\/?mibextid=wwXIfr\",\"https:\\\/\\\/www.tiktok.com\\\/@alwasila.bestattung?_r=1&_t=ZG-92WkouZ6T8y\",\"https:\\\/\\\/www.instagram.com\\\/islamischebestattung.alwasila?igsh=bnI1OHE5MTNydHBk&utm_source=qr\"]}]}<\/script>\n<!-- \/ Yoast SEO plugin. -->","yoast_head_json":{"title":"Pratnja u \u017ealosti i muslimanska duhovna skrb - Al-Wasila - Islamische Bestattung","robots":{"index":"index","follow":"follow","max-snippet":"max-snippet:-1","max-image-preview":"max-image-preview:large","max-video-preview":"max-video-preview:-1"},"canonical":"https:\/\/islamische-bestattung.de\/bs\/pratnja-u-zalosti-i-muslimanska-duhovna-skrb\/","og_locale":"bs_BA","og_type":"article","og_title":"Pratnja u \u017ealosti i muslimanska duhovna skrb - Al-Wasila - Islamische Bestattung","og_description":"Pratnja u \u017ealosti i muslimanska duhovna skrbMuslimanska duhovna skrb \u2013 Slu\u0161anje. Pratnja. Ulijevanje nade.Muslimanska duhovna skrb zna\u010di susret s ljudima tamo gdje jesu \u2013 u njihovim brigama, pitanjima, krizama i u trenucima potrage za smislom.Ona nije tabu, ve\u0107 mjesto olak\u0161anja, povjerenja i osna\u017eivanja. Mi pratimo:\u2022 u pitanjima vjere i duhovne orijentacije\u2022 u \u017ealosti, bolesti, umiranju [&hellip;]","og_url":"https:\/\/islamische-bestattung.de\/bs\/pratnja-u-zalosti-i-muslimanska-duhovna-skrb\/","og_site_name":"Al-Wasila - Islamische Bestattung","article_publisher":"https:\/\/www.facebook.com\/share\/1GHnfgAohf\/?mibextid=wwXIfr","article_modified_time":"2026-02-01T14:03:21+00:00","og_image":[{"width":670,"height":830,"url":"https:\/\/islamische-bestattung.de\/wp-content\/uploads\/2025\/12\/Bunt_AfmS_Logo.png","type":"image\/png"}],"twitter_card":"summary_large_image","twitter_misc":{"Est. reading time":"5 minuta"},"schema":{"@context":"https:\/\/schema.org","@graph":[{"@type":"WebPage","@id":"https:\/\/islamische-bestattung.de\/bs\/pratnja-u-zalosti-i-muslimanska-duhovna-skrb\/","url":"https:\/\/islamische-bestattung.de\/bs\/pratnja-u-zalosti-i-muslimanska-duhovna-skrb\/","name":"Pratnja u \u017ealosti i muslimanska duhovna skrb - Al-Wasila - Islamische Bestattung","isPartOf":{"@id":"https:\/\/islamische-bestattung.de\/bs\/#website"},"primaryImageOfPage":{"@id":"https:\/\/islamische-bestattung.de\/bs\/pratnja-u-zalosti-i-muslimanska-duhovna-skrb\/#primaryimage"},"image":{"@id":"https:\/\/islamische-bestattung.de\/bs\/pratnja-u-zalosti-i-muslimanska-duhovna-skrb\/#primaryimage"},"thumbnailUrl":"https:\/\/islamische-bestattung.de\/wp-content\/uploads\/2025\/12\/Bunt_AfmS_Logo-242x300.png","datePublished":"2025-12-19T07:57:39+00:00","dateModified":"2026-02-01T14:03:21+00:00","breadcrumb":{"@id":"https:\/\/islamische-bestattung.de\/bs\/pratnja-u-zalosti-i-muslimanska-duhovna-skrb\/#breadcrumb"},"inLanguage":"bs-BA","potentialAction":[{"@type":"ReadAction","target":["https:\/\/islamische-bestattung.de\/bs\/pratnja-u-zalosti-i-muslimanska-duhovna-skrb\/"]}]},{"@type":"ImageObject","inLanguage":"bs-BA","@id":"https:\/\/islamische-bestattung.de\/bs\/pratnja-u-zalosti-i-muslimanska-duhovna-skrb\/#primaryimage","url":"https:\/\/islamische-bestattung.de\/wp-content\/uploads\/2025\/12\/Bunt_AfmS_Logo-242x300.png","contentUrl":"https:\/\/islamische-bestattung.de\/wp-content\/uploads\/2025\/12\/Bunt_AfmS_Logo-242x300.png"},{"@type":"BreadcrumbList","@id":"https:\/\/islamische-bestattung.de\/bs\/pratnja-u-zalosti-i-muslimanska-duhovna-skrb\/#breadcrumb","itemListElement":[{"@type":"ListItem","position":1,"name":"Start","item":"https:\/\/islamische-bestattung.de\/bs\/"},{"@type":"ListItem","position":2,"name":"Pratnja u \u017ealosti i muslimanska duhovna skrb"}]},{"@type":"WebSite","@id":"https:\/\/islamische-bestattung.de\/bs\/#website","url":"https:\/\/islamische-bestattung.de\/bs\/","name":"Al-Wasila - Islamische Bestattung","description":"Erster islamischer Meisterbetrieb im Bestattungswesen in Deutschland","publisher":{"@id":"https:\/\/islamische-bestattung.de\/bs\/#organization"},"potentialAction":[{"@type":"SearchAction","target":{"@type":"EntryPoint","urlTemplate":"https:\/\/islamische-bestattung.de\/bs\/?s={search_term_string}"},"query-input":{"@type":"PropertyValueSpecification","valueRequired":true,"valueName":"search_term_string"}}],"inLanguage":"bs-BA"},{"@type":"Organization","@id":"https:\/\/islamische-bestattung.de\/bs\/#organization","name":"Al-Wasila - Islamische Bestattung","url":"https:\/\/islamische-bestattung.de\/bs\/","logo":{"@type":"ImageObject","inLanguage":"bs-BA","@id":"https:\/\/islamische-bestattung.de\/bs\/#\/schema\/logo\/image\/","url":"https:\/\/islamische-bestattung.de\/wp-content\/uploads\/2025\/11\/Al_Wasila_Logo_Vertikal.png","contentUrl":"https:\/\/islamische-bestattung.de\/wp-content\/uploads\/2025\/11\/Al_Wasila_Logo_Vertikal.png","width":714,"height":576,"caption":"Al-Wasila - Islamische Bestattung"},"image":{"@id":"https:\/\/islamische-bestattung.de\/bs\/#\/schema\/logo\/image\/"},"sameAs":["https:\/\/www.facebook.com\/share\/1GHnfgAohf\/?mibextid=wwXIfr","https:\/\/www.tiktok.com\/@alwasila.bestattung?_r=1&_t=ZG-92WkouZ6T8y","https:\/\/www.instagram.com\/islamischebestattung.alwasila?igsh=bnI1OHE5MTNydHBk&utm_source=qr"]}]}},"_links":{"self":[{"href":"https:\/\/islamische-bestattung.de\/bs\/wp-json\/wp\/v2\/pages\/1016","targetHints":{"allow":["GET"]}}],"collection":[{"href":"https:\/\/islamische-bestattung.de\/bs\/wp-json\/wp\/v2\/pages"}],"about":[{"href":"https:\/\/islamische-bestattung.de\/bs\/wp-json\/wp\/v2\/types\/page"}],"author":[{"embeddable":true,"href":"https:\/\/islamische-bestattung.de\/bs\/wp-json\/wp\/v2\/users\/1"}],"replies":[{"embeddable":true,"href":"https:\/\/islamische-bestattung.de\/bs\/wp-json\/wp\/v2\/comments?post=1016"}],"version-history":[{"count":2,"href":"https:\/\/islamische-bestattung.de\/bs\/wp-json\/wp\/v2\/pages\/1016\/revisions"}],"predecessor-version":[{"id":1018,"href":"https:\/\/islamische-bestattung.de\/bs\/wp-json\/wp\/v2\/pages\/1016\/revisions\/1018"}],"wp:attachment":[{"href":"https:\/\/islamische-bestattung.de\/bs\/wp-json\/wp\/v2\/media?parent=1016"}],"curies":[{"name":"wp","href":"https:\/\/api.w.org\/{rel}","templated":true}]}}