{"id":973,"date":"2025-12-10T20:40:31","date_gmt":"2025-12-10T20:40:31","guid":{"rendered":"https:\/\/islamische-bestattung.de\/o-nama\/"},"modified":"2026-02-01T13:50:01","modified_gmt":"2026-02-01T13:50:01","slug":"o-nama","status":"publish","type":"page","link":"https:\/\/islamische-bestattung.de\/bs\/o-nama\/","title":{"rendered":"O nama"},"content":{"rendered":"<p>[et_pb_section fb_built=&#8221;1&#8221; _builder_version=&#8221;4.27.4&#8221; _module_preset=&#8221;default&#8221; background_color=&#8221;#959d93&#8221; custom_margin=&#8221;0px||||false|false&#8221; custom_padding=&#8221;8px||8px||true|false&#8221; locked=&#8221;off&#8221; global_colors_info=&#8221;{}&#8221;][et_pb_row _builder_version=&#8221;4.27.4&#8221; _module_preset=&#8221;default&#8221; global_colors_info=&#8221;{}&#8221;][et_pb_column type=&#8221;4_4&#8221; _builder_version=&#8221;4.27.4&#8221; _module_preset=&#8221;default&#8221; global_colors_info=&#8221;{}&#8221;][et_pb_text admin_label=&#8221;Hero Title&#8221; _builder_version=&#8221;4.27.5&#8221; text_font=&#8221;Playfair Display||||||||&#8221; header_font=&#8221;Alice||||||||&#8221; header_text_color=&#8221;#FFFFFF&#8221; header_font_size=&#8221;53px&#8221; header_letter_spacing=&#8221;-3px&#8221; header_line_height=&#8221;1.1em&#8221; width=&#8221;75%&#8221; custom_margin=&#8221;||0px|&#8221; custom_padding=&#8221;|||&#8221; animation_style=&#8221;slide&#8221; animation_direction=&#8221;left&#8221; animation_intensity_slide=&#8221;5%&#8221; animation_starting_opacity=&#8221;100%&#8221; text_font_size_last_edited=&#8221;off|desktop&#8221; header_font_size_tablet=&#8221;&#8221; header_font_size_phone=&#8221;45px&#8221; header_font_size_last_edited=&#8221;on|phone&#8221; locked=&#8221;off&#8221; global_colors_info=&#8221;{}&#8221;]<\/p>\n<h1>O nama<\/h1>\n<p>[\/et_pb_text][\/et_pb_column][\/et_pb_row][\/et_pb_section][et_pb_section fb_built=&#8221;1&#8221; custom_padding_last_edited=&#8221;on|phone&#8221; _builder_version=&#8221;4.27.5&#8221; _module_preset=&#8221;default&#8221; custom_margin=&#8221;28px||||false|false&#8221; custom_margin_tablet=&#8221;28px||||false|false&#8221; custom_margin_phone=&#8221;15px||0px||false|false&#8221; custom_margin_last_edited=&#8221;on|phone&#8221; custom_padding=&#8221;0px||21px|||&#8221; custom_padding_tablet=&#8221;0px||21px|||&#8221; custom_padding_phone=&#8221;||0px||false|false&#8221; global_colors_info=&#8221;{}&#8221;][et_pb_row column_structure=&#8221;1_2,1_2&#8221; use_custom_gutter=&#8221;on&#8221; gutter_width=&#8221;2&#8221; custom_padding_last_edited=&#8221;on|phone&#8221; _builder_version=&#8221;4.27.5&#8221; _module_preset=&#8221;default&#8221; max_width_tablet=&#8221;&#8221; max_width_phone=&#8221;100%&#8221; max_width_last_edited=&#8221;on|phone&#8221; custom_margin_tablet=&#8221;&#8221; custom_margin_phone=&#8221;||0px||false|false&#8221; custom_margin_last_edited=&#8221;on|phone&#8221; custom_padding_tablet=&#8221;&#8221; custom_padding_phone=&#8221;||0px||false|false&#8221; global_colors_info=&#8221;{}&#8221;][et_pb_column type=&#8221;1_2&#8221; _builder_version=&#8221;4.27.5&#8221; _module_preset=&#8221;default&#8221; global_colors_info=&#8221;{}&#8221;][et_pb_text admin_label=&#8221;Title&#8221; _builder_version=&#8221;4.27.5&#8221; text_font=&#8221;||||||||&#8221; header_font=&#8221;||||||||&#8221; header_2_font=&#8221;Alice||||||||&#8221; header_2_text_align=&#8221;center&#8221; header_2_font_size=&#8221;42px&#8221; header_2_line_height=&#8221;1.3em&#8221; custom_margin=&#8221;||20px|&#8221; animation_style=&#8221;slide&#8221; animation_direction=&#8221;top&#8221; animation_intensity_slide=&#8221;30%&#8221; animation_starting_opacity=&#8221;100%&#8221; header_2_font_size_tablet=&#8221;42px&#8221; header_2_font_size_phone=&#8221;27px&#8221; header_2_font_size_last_edited=&#8221;on|phone&#8221; locked=&#8221;off&#8221; global_colors_info=&#8221;{}&#8221;]<\/p>\n<h2>O Al-Wasili<\/h2>\n<p>[\/et_pb_text][et_pb_text disabled_on=&#8221;off|off|off&#8221; _builder_version=&#8221;4.27.5&#8221; _module_preset=&#8221;default&#8221; text_font=&#8221;||||||||&#8221; text_text_color=&#8221;#515151&#8221; text_font_size=&#8221;16px&#8221; text_line_height=&#8221;1.8em&#8221; custom_margin=&#8221;||10px|||&#8221; custom_padding=&#8221;|||&#8221; animation_style=&#8221;slide&#8221; animation_direction=&#8221;left&#8221; animation_intensity_slide=&#8221;5%&#8221; animation_starting_opacity=&#8221;100%&#8221; global_colors_info=&#8221;{}&#8221;]<\/p>\n<p>Al-Was\u012bla (\u0671\u0644\u0652\u0648\u064e\u0633\u0650\u064a\u0644\u064e\u0629) doslovno zna\u010di \u201esredstvo, pristup, veza\u201c. U islamskom shva\u0107anju, opisuje put kojim se \u010dovjek pribli\u017eava Allahu.<\/p>\n<p>U tom smislu smo nazvali na\u0161 pogrebni zavod:<br \/>Al-Wasila je va\u0161a veza i podr\u0161ka u slu\u010daju \u017ealosti. Mi smo uz vas kada bol zbog gubitka te\u0161ko pritiska i osiguravamo da va\u0161i najmiliji budu sahranjeni dostojanstveno i prema islamskoj tradiciji.<\/p>\n<p>Kao prva islamska majstorska radionica u pogrebnom zanatu u Njema\u010dkoj, spajamo vi\u0161e od deset godina iskustva sa dubokim poznavanjem vjerskih obaveza. Preuzimamo odgovornost za sve vjerske i organizacione korake, kako biste se vi mogli u potpunosti koncentrirati na ono bitno:<br \/>opro\u0161taj i sje\u0107anje.<\/p>\n<p>Tako Al-Wasila postaje za vas &#8216;sredstvo&#8217; \u2013 pomo\u0107 koja nosi kada rije\u010di nedostaju, koja ja\u010da kada je gubitak te\u017eak i koja vas u svjetlu vjere prati sa nadom i utjehom.<\/p>\n<p>[\/et_pb_text][\/et_pb_column][et_pb_column type=&#8221;1_2&#8221; _builder_version=&#8221;4.27.5&#8221; _module_preset=&#8221;default&#8221; global_colors_info=&#8221;{}&#8221;][et_pb_image src=&#8221;https:\/\/islamische-bestattung.de\/wp-content\/uploads\/2025\/12\/alwasila_ueberuns2.jpg&#8221; title_text=&#8221;alwasila_ueberuns2&#8221; align=&#8221;center&#8221; _builder_version=&#8221;4.27.5&#8221; _module_preset=&#8221;default&#8221; width=&#8221;70%&#8221; width_tablet=&#8221;70%&#8221; width_phone=&#8221;95%&#8221; width_last_edited=&#8221;on|phone&#8221; module_alignment=&#8221;center&#8221; global_colors_info=&#8221;{}&#8221;][\/et_pb_image][\/et_pb_column][\/et_pb_row][\/et_pb_section][et_pb_section fb_built=&#8221;1&#8221; custom_padding_last_edited=&#8221;on|phone&#8221; _builder_version=&#8221;4.27.5&#8221; _module_preset=&#8221;default&#8221; custom_margin=&#8221;28px||||false|false&#8221; custom_margin_tablet=&#8221;28px||||false|false&#8221; custom_margin_phone=&#8221;0px||0px||false|false&#8221; custom_margin_last_edited=&#8221;on|phone&#8221; custom_padding=&#8221;0px|||||&#8221; custom_padding_tablet=&#8221;0px|||||&#8221; custom_padding_phone=&#8221;||5px||false|false&#8221; global_colors_info=&#8221;{}&#8221;][et_pb_row column_structure=&#8221;1_2,1_2&#8221; use_custom_gutter=&#8221;on&#8221; gutter_width=&#8221;2&#8221; custom_padding_last_edited=&#8221;on|phone&#8221; _builder_version=&#8221;4.27.5&#8221; _module_preset=&#8221;default&#8221; custom_margin_tablet=&#8221;&#8221; custom_margin_phone=&#8221;0px||||false|false&#8221; custom_margin_last_edited=&#8221;on|phone&#8221; custom_padding_tablet=&#8221;&#8221; custom_padding_phone=&#8221;0px||||false|false&#8221; global_colors_info=&#8221;{}&#8221;][et_pb_column type=&#8221;1_2&#8221; _builder_version=&#8221;4.27.5&#8221; _module_preset=&#8221;default&#8221; global_colors_info=&#8221;{}&#8221;][et_pb_image src=&#8221;https:\/\/islamische-bestattung.de\/wp-content\/uploads\/2025\/12\/alwasila_ueberuns.jpg&#8221; title_text=&#8221;alwasila_ueberuns&#8221; align=&#8221;center&#8221; disabled_on=&#8221;on|off|off&#8221; _builder_version=&#8221;4.27.5&#8221; _module_preset=&#8221;default&#8221; width=&#8221;83%&#8221; module_alignment=&#8221;center&#8221; global_colors_info=&#8221;{}&#8221;][\/et_pb_image][\/et_pb_column][et_pb_column type=&#8221;1_2&#8221; _builder_version=&#8221;4.27.5&#8221; _module_preset=&#8221;default&#8221; global_colors_info=&#8221;{}&#8221;][et_pb_text disabled_on=&#8221;off|off|off&#8221; _builder_version=&#8221;4.27.5&#8221; _module_preset=&#8221;default&#8221; text_font=&#8221;||||||||&#8221; text_text_color=&#8221;#515151&#8221; text_font_size=&#8221;16px&#8221; text_line_height=&#8221;1.8em&#8221; custom_margin=&#8221;||10px|||&#8221; custom_padding=&#8221;|||&#8221; animation_style=&#8221;slide&#8221; animation_direction=&#8221;left&#8221; animation_intensity_slide=&#8221;5%&#8221; animation_starting_opacity=&#8221;100%&#8221; global_colors_info=&#8221;{}&#8221;]<\/p>\n<p><strong>O Muhammedu Mehdi \u00d6ru\u00e7u<\/strong><\/p>\n<p>Muhammed Mehdi \u00d6ru\u00e7 je osniva\u010d Al-Wasile i spaja dugogodi\u0161nje iskustvo u islamskom pogrebnom zanatu sa temeljnim stru\u010dnim obrazovanjem. Sa kurdskim korijenima iz \u015e\u0131rnaka, odrastao je u Schleswig-Holsteinu prije nego \u0161to je nastavio svoj profesionalni put u Bavarskoj.<br \/>Svoj prvi susret sa islamskom pogrebnom tradicijom do\u017eivio je ve\u0107 sa 16 godina, kada je prvi put u\u010destvovao u ritualnom pranju preminule osobe. Ovo iskustvo je u njemu probudilo svijest o velikoj odgovornosti koja dolazi sa slu\u017eenjem ljudima u posljednjem dijelu \u017eivota.<\/p>\n<p>Od 2015. godine, Muhammed Mehdi \u00d6ru\u00e7 je aktivan u profesionalnom pogrebnom okru\u017eenju \u2013 u preduze\u0107u koje ga je odlu\u010duju\u0107e oblikovalo i pru\u017eilo mu opse\u017ena prakti\u010dna znanja. U 2021. godini se odlu\u010dio za majstorsko obrazovanje u pogrebnom zanatu, kako bi stru\u010dno povezao islamske zahtjeve i njema\u010dke pravne propise. Ovaj korak je rijedak u islamskoj pogrebnoj ni\u0161i, ali posebno zna\u010dajan za odgovorno i pravno uskla\u0111eno izvo\u0111enje.<br \/>Sa svojim povratkom u Schleswig-Holstein u 2025. godini, posve\u0107uje se cilju da muslimanskoj zajednici u Sjevernoj Njema\u010dkoj ponudi dostojanstvenu, povjerljivu i vjerski autenti\u010dnu pogrebnu uslugu \u2013 u slu\u017ebi Allaha i za dobrobit Ummeta.<\/p>\n<p>[\/et_pb_text][et_pb_image src=&#8221;https:\/\/islamische-bestattung.de\/wp-content\/uploads\/2025\/12\/alwasila_ueberuns.jpg&#8221; title_text=&#8221;alwasila_ueberuns&#8221; align=&#8221;center&#8221; disabled_on=&#8221;off|on|on&#8221; _builder_version=&#8221;4.27.5&#8221; _module_preset=&#8221;default&#8221; width=&#8221;83%&#8221; width_tablet=&#8221;83%&#8221; width_phone=&#8221;95%&#8221; width_last_edited=&#8221;on|phone&#8221; module_alignment=&#8221;center&#8221; custom_margin_tablet=&#8221;&#8221; custom_margin_phone=&#8221;37px||||false|false&#8221; custom_margin_last_edited=&#8221;on|phone&#8221; custom_padding_tablet=&#8221;&#8221; custom_padding_phone=&#8221;&#8221; custom_padding_last_edited=&#8221;on|phone&#8221; hover_enabled=&#8221;0&#8221; global_colors_info=&#8221;{}&#8221; sticky_enabled=&#8221;0&#8221;][\/et_pb_image][\/et_pb_column][\/et_pb_row][et_pb_row _builder_version=&#8221;4.27.5&#8221; _module_preset=&#8221;default&#8221; custom_margin=&#8221;|auto|20px|auto||&#8221; global_colors_info=&#8221;{}&#8221;][et_pb_column type=&#8221;4_4&#8221; _builder_version=&#8221;4.27.5&#8221; _module_preset=&#8221;default&#8221; global_colors_info=&#8221;{}&#8221;][et_pb_button button_url=&#8221;\/#kontakt&#8221; button_text=&#8221;Kontaktirajte nas&#8221; button_alignment=&#8221;center&#8221; button_alignment_tablet=&#8221;right&#8221; button_alignment_phone=&#8221;center&#8221; button_alignment_last_edited=&#8221;on|desktop&#8221; disabled_on=&#8221;off|off|off&#8221; _builder_version=&#8221;4.27.5&#8221; _module_preset=&#8221;default&#8221; custom_button=&#8221;on&#8221; button_text_color=&#8221;#000000&#8221; custom_margin=&#8221;-1px|||||&#8221; locked=&#8221;off&#8221; global_colors_info=&#8221;{}&#8221;][\/et_pb_button][\/et_pb_column][\/et_pb_row][\/et_pb_section]<\/p>\n","protected":false},"excerpt":{"rendered":"<p>O namaO Al-WasiliAl-Was\u012bla (\u0671\u0644\u0652\u0648\u064e\u0633\u0650\u064a\u0644\u064e\u0629) doslovno zna\u010di \u201esredstvo, pristup, veza\u201c. U islamskom shva\u0107anju, opisuje put kojim se \u010dovjek pribli\u017eava Allahu. U tom smislu smo nazvali na\u0161 pogrebni zavod:Al-Wasila je va\u0161a veza i podr\u0161ka u slu\u010daju \u017ealosti. Mi smo uz vas kada bol zbog gubitka te\u0161ko pritiska i osiguravamo da va\u0161i najmiliji budu sahranjeni dostojanstveno i prema [&hellip;]<\/p>\n","protected":false},"author":1,"featured_media":0,"parent":0,"menu_order":0,"comment_status":"closed","ping_status":"closed","template":"","meta":{"_et_pb_use_builder":"on","_et_pb_old_content":"","_et_gb_content_width":"","footnotes":""},"class_list":["post-973","page","type-page","status-publish","hentry"],"yoast_head":"<!-- This site is optimized with the Yoast SEO plugin v27.5 - https:\/\/yoast.com\/product\/yoast-seo-wordpress\/ -->\n<title>O nama - Al-Wasila - Islamische Bestattung<\/title>\n<meta name=\"robots\" content=\"index, follow, max-snippet:-1, max-image-preview:large, max-video-preview:-1\" \/>\n<link rel=\"canonical\" href=\"https:\/\/islamische-bestattung.de\/bs\/o-nama\/\" \/>\n<meta property=\"og:locale\" content=\"bs_BA\" \/>\n<meta property=\"og:type\" content=\"article\" \/>\n<meta property=\"og:title\" content=\"O nama - Al-Wasila - Islamische Bestattung\" \/>\n<meta property=\"og:description\" content=\"O namaO Al-WasiliAl-Was\u012bla (\u0671\u0644\u0652\u0648\u064e\u0633\u0650\u064a\u0644\u064e\u0629) doslovno zna\u010di \u201esredstvo, pristup, veza\u201c. U islamskom shva\u0107anju, opisuje put kojim se \u010dovjek pribli\u017eava Allahu. U tom smislu smo nazvali na\u0161 pogrebni zavod:Al-Wasila je va\u0161a veza i podr\u0161ka u slu\u010daju \u017ealosti. Mi smo uz vas kada bol zbog gubitka te\u0161ko pritiska i osiguravamo da va\u0161i najmiliji budu sahranjeni dostojanstveno i prema [&hellip;]\" \/>\n<meta property=\"og:url\" content=\"https:\/\/islamische-bestattung.de\/bs\/o-nama\/\" \/>\n<meta property=\"og:site_name\" content=\"Al-Wasila - Islamische Bestattung\" \/>\n<meta property=\"article:publisher\" content=\"https:\/\/www.facebook.com\/share\/1GHnfgAohf\/?mibextid=wwXIfr\" \/>\n<meta property=\"article:modified_time\" content=\"2026-02-01T13:50:01+00:00\" \/>\n<meta name=\"twitter:card\" content=\"summary_large_image\" \/>\n<meta name=\"twitter:label1\" content=\"Est. reading time\" \/>\n\t<meta name=\"twitter:data1\" content=\"6 minuta\" \/>\n<script type=\"application\/ld+json\" class=\"yoast-schema-graph\">{\"@context\":\"https:\\\/\\\/schema.org\",\"@graph\":[{\"@type\":\"WebPage\",\"@id\":\"https:\\\/\\\/islamische-bestattung.de\\\/bs\\\/o-nama\\\/\",\"url\":\"https:\\\/\\\/islamische-bestattung.de\\\/bs\\\/o-nama\\\/\",\"name\":\"O nama - Al-Wasila - Islamische Bestattung\",\"isPartOf\":{\"@id\":\"https:\\\/\\\/islamische-bestattung.de\\\/bs\\\/#website\"},\"datePublished\":\"2025-12-10T20:40:31+00:00\",\"dateModified\":\"2026-02-01T13:50:01+00:00\",\"breadcrumb\":{\"@id\":\"https:\\\/\\\/islamische-bestattung.de\\\/bs\\\/o-nama\\\/#breadcrumb\"},\"inLanguage\":\"bs-BA\",\"potentialAction\":[{\"@type\":\"ReadAction\",\"target\":[\"https:\\\/\\\/islamische-bestattung.de\\\/bs\\\/o-nama\\\/\"]}]},{\"@type\":\"BreadcrumbList\",\"@id\":\"https:\\\/\\\/islamische-bestattung.de\\\/bs\\\/o-nama\\\/#breadcrumb\",\"itemListElement\":[{\"@type\":\"ListItem\",\"position\":1,\"name\":\"Start\",\"item\":\"https:\\\/\\\/islamische-bestattung.de\\\/bs\\\/\"},{\"@type\":\"ListItem\",\"position\":2,\"name\":\"O nama\"}]},{\"@type\":\"WebSite\",\"@id\":\"https:\\\/\\\/islamische-bestattung.de\\\/bs\\\/#website\",\"url\":\"https:\\\/\\\/islamische-bestattung.de\\\/bs\\\/\",\"name\":\"Al-Wasila - Islamische Bestattung\",\"description\":\"Erster islamischer Meisterbetrieb im Bestattungswesen in Deutschland\",\"publisher\":{\"@id\":\"https:\\\/\\\/islamische-bestattung.de\\\/bs\\\/#organization\"},\"potentialAction\":[{\"@type\":\"SearchAction\",\"target\":{\"@type\":\"EntryPoint\",\"urlTemplate\":\"https:\\\/\\\/islamische-bestattung.de\\\/bs\\\/?s={search_term_string}\"},\"query-input\":{\"@type\":\"PropertyValueSpecification\",\"valueRequired\":true,\"valueName\":\"search_term_string\"}}],\"inLanguage\":\"bs-BA\"},{\"@type\":\"Organization\",\"@id\":\"https:\\\/\\\/islamische-bestattung.de\\\/bs\\\/#organization\",\"name\":\"Al-Wasila - Islamische Bestattung\",\"url\":\"https:\\\/\\\/islamische-bestattung.de\\\/bs\\\/\",\"logo\":{\"@type\":\"ImageObject\",\"inLanguage\":\"bs-BA\",\"@id\":\"https:\\\/\\\/islamische-bestattung.de\\\/bs\\\/#\\\/schema\\\/logo\\\/image\\\/\",\"url\":\"https:\\\/\\\/islamische-bestattung.de\\\/wp-content\\\/uploads\\\/2025\\\/11\\\/Al_Wasila_Logo_Vertikal.png\",\"contentUrl\":\"https:\\\/\\\/islamische-bestattung.de\\\/wp-content\\\/uploads\\\/2025\\\/11\\\/Al_Wasila_Logo_Vertikal.png\",\"width\":714,\"height\":576,\"caption\":\"Al-Wasila - Islamische Bestattung\"},\"image\":{\"@id\":\"https:\\\/\\\/islamische-bestattung.de\\\/bs\\\/#\\\/schema\\\/logo\\\/image\\\/\"},\"sameAs\":[\"https:\\\/\\\/www.facebook.com\\\/share\\\/1GHnfgAohf\\\/?mibextid=wwXIfr\",\"https:\\\/\\\/www.tiktok.com\\\/@alwasila.bestattung?_r=1&_t=ZG-92WkouZ6T8y\",\"https:\\\/\\\/www.instagram.com\\\/islamischebestattung.alwasila?igsh=bnI1OHE5MTNydHBk&utm_source=qr\"]}]}<\/script>\n<!-- \/ Yoast SEO plugin. -->","yoast_head_json":{"title":"O nama - Al-Wasila - Islamische Bestattung","robots":{"index":"index","follow":"follow","max-snippet":"max-snippet:-1","max-image-preview":"max-image-preview:large","max-video-preview":"max-video-preview:-1"},"canonical":"https:\/\/islamische-bestattung.de\/bs\/o-nama\/","og_locale":"bs_BA","og_type":"article","og_title":"O nama - Al-Wasila - Islamische Bestattung","og_description":"O namaO Al-WasiliAl-Was\u012bla (\u0671\u0644\u0652\u0648\u064e\u0633\u0650\u064a\u0644\u064e\u0629) doslovno zna\u010di \u201esredstvo, pristup, veza\u201c. U islamskom shva\u0107anju, opisuje put kojim se \u010dovjek pribli\u017eava Allahu. U tom smislu smo nazvali na\u0161 pogrebni zavod:Al-Wasila je va\u0161a veza i podr\u0161ka u slu\u010daju \u017ealosti. Mi smo uz vas kada bol zbog gubitka te\u0161ko pritiska i osiguravamo da va\u0161i najmiliji budu sahranjeni dostojanstveno i prema [&hellip;]","og_url":"https:\/\/islamische-bestattung.de\/bs\/o-nama\/","og_site_name":"Al-Wasila - Islamische Bestattung","article_publisher":"https:\/\/www.facebook.com\/share\/1GHnfgAohf\/?mibextid=wwXIfr","article_modified_time":"2026-02-01T13:50:01+00:00","twitter_card":"summary_large_image","twitter_misc":{"Est. reading time":"6 minuta"},"schema":{"@context":"https:\/\/schema.org","@graph":[{"@type":"WebPage","@id":"https:\/\/islamische-bestattung.de\/bs\/o-nama\/","url":"https:\/\/islamische-bestattung.de\/bs\/o-nama\/","name":"O nama - Al-Wasila - Islamische Bestattung","isPartOf":{"@id":"https:\/\/islamische-bestattung.de\/bs\/#website"},"datePublished":"2025-12-10T20:40:31+00:00","dateModified":"2026-02-01T13:50:01+00:00","breadcrumb":{"@id":"https:\/\/islamische-bestattung.de\/bs\/o-nama\/#breadcrumb"},"inLanguage":"bs-BA","potentialAction":[{"@type":"ReadAction","target":["https:\/\/islamische-bestattung.de\/bs\/o-nama\/"]}]},{"@type":"BreadcrumbList","@id":"https:\/\/islamische-bestattung.de\/bs\/o-nama\/#breadcrumb","itemListElement":[{"@type":"ListItem","position":1,"name":"Start","item":"https:\/\/islamische-bestattung.de\/bs\/"},{"@type":"ListItem","position":2,"name":"O nama"}]},{"@type":"WebSite","@id":"https:\/\/islamische-bestattung.de\/bs\/#website","url":"https:\/\/islamische-bestattung.de\/bs\/","name":"Al-Wasila - Islamische Bestattung","description":"Erster islamischer Meisterbetrieb im Bestattungswesen in Deutschland","publisher":{"@id":"https:\/\/islamische-bestattung.de\/bs\/#organization"},"potentialAction":[{"@type":"SearchAction","target":{"@type":"EntryPoint","urlTemplate":"https:\/\/islamische-bestattung.de\/bs\/?s={search_term_string}"},"query-input":{"@type":"PropertyValueSpecification","valueRequired":true,"valueName":"search_term_string"}}],"inLanguage":"bs-BA"},{"@type":"Organization","@id":"https:\/\/islamische-bestattung.de\/bs\/#organization","name":"Al-Wasila - Islamische Bestattung","url":"https:\/\/islamische-bestattung.de\/bs\/","logo":{"@type":"ImageObject","inLanguage":"bs-BA","@id":"https:\/\/islamische-bestattung.de\/bs\/#\/schema\/logo\/image\/","url":"https:\/\/islamische-bestattung.de\/wp-content\/uploads\/2025\/11\/Al_Wasila_Logo_Vertikal.png","contentUrl":"https:\/\/islamische-bestattung.de\/wp-content\/uploads\/2025\/11\/Al_Wasila_Logo_Vertikal.png","width":714,"height":576,"caption":"Al-Wasila - Islamische Bestattung"},"image":{"@id":"https:\/\/islamische-bestattung.de\/bs\/#\/schema\/logo\/image\/"},"sameAs":["https:\/\/www.facebook.com\/share\/1GHnfgAohf\/?mibextid=wwXIfr","https:\/\/www.tiktok.com\/@alwasila.bestattung?_r=1&_t=ZG-92WkouZ6T8y","https:\/\/www.instagram.com\/islamischebestattung.alwasila?igsh=bnI1OHE5MTNydHBk&utm_source=qr"]}]}},"_links":{"self":[{"href":"https:\/\/islamische-bestattung.de\/bs\/wp-json\/wp\/v2\/pages\/973","targetHints":{"allow":["GET"]}}],"collection":[{"href":"https:\/\/islamische-bestattung.de\/bs\/wp-json\/wp\/v2\/pages"}],"about":[{"href":"https:\/\/islamische-bestattung.de\/bs\/wp-json\/wp\/v2\/types\/page"}],"author":[{"embeddable":true,"href":"https:\/\/islamische-bestattung.de\/bs\/wp-json\/wp\/v2\/users\/1"}],"replies":[{"embeddable":true,"href":"https:\/\/islamische-bestattung.de\/bs\/wp-json\/wp\/v2\/comments?post=973"}],"version-history":[{"count":2,"href":"https:\/\/islamische-bestattung.de\/bs\/wp-json\/wp\/v2\/pages\/973\/revisions"}],"predecessor-version":[{"id":975,"href":"https:\/\/islamische-bestattung.de\/bs\/wp-json\/wp\/v2\/pages\/973\/revisions\/975"}],"wp:attachment":[{"href":"https:\/\/islamische-bestattung.de\/bs\/wp-json\/wp\/v2\/media?parent=973"}],"curies":[{"name":"wp","href":"https:\/\/api.w.org\/{rel}","templated":true}]}}