{"id":874,"date":"2025-11-04T18:44:15","date_gmt":"2025-11-04T18:44:15","guid":{"rendered":"https:\/\/islamische-bestattung.de\/al-wasila-pompes-funebres-islamiques\/"},"modified":"2026-04-28T17:31:55","modified_gmt":"2026-04-28T17:31:55","slug":"al-wasila-pompes-funebres-islamiques","status":"publish","type":"page","link":"https:\/\/islamische-bestattung.de\/fr\/","title":{"rendered":"Al-Wasila &#8211; Pompes fun\u00e8bres islamiques"},"content":{"rendered":"<p>[et_pb_section fb_built=\u00a0\u00bb1&Prime; custom_padding_last_edited=\u00a0\u00bbon|phone\u00a0\u00bb admin_label=\u00a0\u00bbHero Section\u00a0\u00bb _builder_version=\u00a0\u00bb4.27.5&Prime; use_background_color_gradient=\u00a0\u00bbon\u00a0\u00bb background_color_gradient_direction=\u00a0\u00bb90deg\u00a0\u00bb background_color_gradient_stops=\u00a0\u00bbrgba(244,240,233,0.9) 30%|rgba(244,240,233,0) 100%\u00a0\u00bb background_color_gradient_overlays_image=\u00a0\u00bbon\u00a0\u00bb background_color_gradient_start=\u00a0\u00bbrgba(244,240,233,0.9)\u00a0\u00bb background_color_gradient_start_position=\u00a0\u00bb30%\u00a0\u00bb background_color_gradient_end=\u00a0\u00bbrgba(244,240,233,0)\u00a0\u00bb background_image=\u00a0\u00bbhttps:\/\/islamische-bestattung.de\/wp-content\/uploads\/2025\/12\/alwasila_HG.jpg\u00a0\u00bb custom_margin=\u00a0\u00bb|||\u00a0\u00bb custom_padding=\u00a0\u00bb63px|0px|59px|0px|false|false\u00a0\u00bb custom_padding_tablet=\u00a0\u00bb63px|0px|59px|0px|false|false\u00a0\u00bb custom_padding_phone=\u00a0\u00bb30px||40px||false|false\u00a0\u00bb background_last_edited=\u00a0\u00bbon|phone\u00a0\u00bb use_background_color_gradient_phone=\u00a0\u00bbon\u00a0\u00bb background_color_gradient_stops_phone=\u00a0\u00bbrgba(244,240,233,0.9) 36%|rgba(244,240,233,0.73) 79%|rgba(244,240,233,0.6) 92%\u00a0\u00bb global_colors_info=\u00a0\u00bb{}\u00a0\u00bb][et_pb_row custom_padding_last_edited=\u00a0\u00bboff|desktop\u00a0\u00bb admin_label=\u00a0\u00bbZone Hero\u00a0\u00bb _builder_version=\u00a0\u00bb4.27.5&Prime; width_tablet=\u00a0\u00bb91%\u00a0\u00bb width_phone=\u00a0\u00bb85%\u00a0\u00bb width_last_edited=\u00a0\u00bbon|desktop\u00a0\u00bb max_width=\u00a0\u00bb100%\u00a0\u00bb custom_padding=\u00a0\u00bb27px|0px|0px|0px\u00a0\u00bb global_colors_info=\u00a0\u00bb{}\u00a0\u00bb][et_pb_column type=\u00a0\u00bb4_4&Prime; _builder_version=\u00a0\u00bb4.16&Prime; custom_padding=\u00a0\u00bb|||\u00a0\u00bb global_colors_info=\u00a0\u00bb{}\u00a0\u00bb custom_padding__hover=\u00a0\u00bb|||\u00a0\u00bb][et_pb_text admin_label=\u00a0\u00bbHero Title\u00a0\u00bb _builder_version=\u00a0\u00bb4.27.5&Prime; text_font=\u00a0\u00bbPlayfair Display||||||||\u00a0\u00bb header_font=\u00a0\u00bbAlice||||||||\u00a0\u00bb header_font_size=\u00a0\u00bb74px\u00a0\u00bb header_letter_spacing=\u00a0\u00bb-3px\u00a0\u00bb header_line_height=\u00a0\u00bb1.1em\u00a0\u00bb width=\u00a0\u00bb75%\u00a0\u00bb custom_margin=\u00a0\u00bb||0px|\u00a0\u00bb custom_padding=\u00a0\u00bb|||\u00a0\u00bb animation_style=\u00a0\u00bbslide\u00a0\u00bb animation_direction=\u00a0\u00bbleft\u00a0\u00bb animation_intensity_slide=\u00a0\u00bb5%\u00a0\u00bb animation_starting_opacity=\u00a0\u00bb100%\u00a0\u00bb text_font_size_last_edited=\u00a0\u00bboff|desktop\u00a0\u00bb header_font_size_tablet=\u00a0\u00bb\u00a0\u00bb header_font_size_phone=\u00a0\u00bb45px\u00a0\u00bb header_font_size_last_edited=\u00a0\u00bbon|phone\u00a0\u00bb header_letter_spacing_tablet=\u00a0\u00bb-3px\u00a0\u00bb header_letter_spacing_phone=\u00a0\u00bb-3px\u00a0\u00bb header_letter_spacing_last_edited=\u00a0\u00bbon|phone\u00a0\u00bb header_line_height_tablet=\u00a0\u00bb1.1em\u00a0\u00bb header_line_height_phone=\u00a0\u00bb1em\u00a0\u00bb header_line_height_last_edited=\u00a0\u00bbon|phone\u00a0\u00bb global_colors_info=\u00a0\u00bb{}\u00a0\u00bb]<\/p>\n<h1>Al-Wasila<\/h1>\n<h1>Pompes fun\u00e8bres islamiques<\/h1>\n<p>[\/et_pb_text][et_pb_text _builder_version=\u00a0\u00bb4.27.5&Prime; text_font=\u00a0\u00bb||||||||\u00a0\u00bb text_font_size=\u00a0\u00bb17px\u00a0\u00bb text_line_height=\u00a0\u00bb1.8em\u00a0\u00bb header_font=\u00a0\u00bb||||||||\u00a0\u00bb max_width=\u00a0\u00bb550px\u00a0\u00bb custom_margin=\u00a0\u00bb|||\u00a0\u00bb custom_padding=\u00a0\u00bb10px||10px||false|false\u00a0\u00bb animation_style=\u00a0\u00bbslide\u00a0\u00bb animation_direction=\u00a0\u00bbleft\u00a0\u00bb animation_intensity_slide=\u00a0\u00bb5%\u00a0\u00bb animation_starting_opacity=\u00a0\u00bb100%\u00a0\u00bb text_font_size_tablet=\u00a0\u00bb17px\u00a0\u00bb text_font_size_phone=\u00a0\u00bb16px\u00a0\u00bb text_font_size_last_edited=\u00a0\u00bbon|phone\u00a0\u00bb global_colors_info=\u00a0\u00bb{}\u00a0\u00bb]<\/p>\n<div>\n<div dir=\"auto\">En tant que premi\u00e8re entreprise islamique certifi\u00e9e dans le secteur fun\u00e9raire en Allemagne, nous vous accompagnons avec fiabilit\u00e9 dans les moments difficiles.<\/div>\n<div dir=\"auto\"><\/div>\n<div dir=\"auto\">Qu&rsquo;il s&rsquo;agisse d&rsquo;un enterrement musulman en Allemagne ou d&rsquo;un transfert \u00e0 l&rsquo;\u00e9tranger, nous sommes \u00e0 vos c\u00f4t\u00e9s 24 heures sur 24 et veillons \u00e0 ce que toutes les \u00e9tapes n\u00e9cessaires soient r\u00e9alis\u00e9es de mani\u00e8re digne et religieusement correcte.<\/div>\n<\/div>\n<p>[\/et_pb_text][\/et_pb_column][\/et_pb_row][\/et_pb_section][et_pb_section fb_built=\u00a0\u00bb1&Prime; admin_label=\u00a0\u00bbPromo Banner\u00a0\u00bb _builder_version=\u00a0\u00bb4.27.4&Prime; background_color=\u00a0\u00bb#959d93&Prime; custom_padding=\u00a0\u00bb6px|0px|6px|0px|true|false\u00a0\u00bb locked=\u00a0\u00bboff\u00a0\u00bb global_colors_info=\u00a0\u00bb{}\u00a0\u00bb][et_pb_row custom_padding_last_edited=\u00a0\u00bbon|phone\u00a0\u00bb _builder_version=\u00a0\u00bb4.27.5&Prime; width_tablet=\u00a0\u00bb\u00a0\u00bb width_phone=\u00a0\u00bb85%\u00a0\u00bb width_last_edited=\u00a0\u00bbon|phone\u00a0\u00bb max_width=\u00a0\u00bb100%\u00a0\u00bb max_width_last_edited=\u00a0\u00bboff|phone\u00a0\u00bb custom_margin_tablet=\u00a0\u00bb\u00a0\u00bb custom_margin_phone=\u00a0\u00bb0px||0px||true|false\u00a0\u00bb custom_margin_last_edited=\u00a0\u00bbon|phone\u00a0\u00bb custom_padding_tablet=\u00a0\u00bb\u00a0\u00bb custom_padding_phone=\u00a0\u00bb25px|0px|25px||true|false\u00a0\u00bb global_colors_info=\u00a0\u00bb{}\u00a0\u00bb][et_pb_column type=\u00a0\u00bb4_4&Prime; _builder_version=\u00a0\u00bb4.16&Prime; custom_padding=\u00a0\u00bb|||\u00a0\u00bb global_colors_info=\u00a0\u00bb{}\u00a0\u00bb custom_padding__hover=\u00a0\u00bb|||\u00a0\u00bb][et_pb_text _builder_version=\u00a0\u00bb4.27.5&Prime; text_font=\u00a0\u00bb||||||||\u00a0\u00bb text_font_size=\u00a0\u00bb16px\u00a0\u00bb link_font=\u00a0\u00bb|600|||on||||\u00a0\u00bb link_text_color=\u00a0\u00bbrgba(12,12,12,0.59)\u00a0\u00bb header_font=\u00a0\u00bb||||||||\u00a0\u00bb header_2_font=\u00a0\u00bbAlice||||||||\u00a0\u00bb header_2_font_size=\u00a0\u00bb21px\u00a0\u00bb header_2_line_height=\u00a0\u00bb1.3em\u00a0\u00bb text_orientation=\u00a0\u00bbcenter\u00a0\u00bb background_layout=\u00a0\u00bbdark\u00a0\u00bb header_2_font_size_tablet=\u00a0\u00bb23px\u00a0\u00bb header_2_font_size_phone=\u00a0\u00bb18px\u00a0\u00bb header_2_font_size_last_edited=\u00a0\u00bbon|phone\u00a0\u00bb global_colors_info=\u00a0\u00bb{}\u00a0\u00bb]<\/p>\n<h2 style=\"text-align: center;\"><em>Car Allah est la v\u00e9rit\u00e9, et c&rsquo;est Lui qui redonne la vie aux morts, et c&rsquo;est Lui qui est Tout-Puissant sur toute chose, et parce que l&rsquo;Heure arrive, il n&rsquo;y a aucun doute \u00e0 ce sujet, et parce qu&rsquo;Allah ressuscitera tous ceux qui sont dans les tombes.<\/em><\/h2>\n<p style=\"text-align: center;\"><em>Coran, Sourate al-\u1e24a\u01e7\u01e7 22:6\u20137<\/em><\/p>\n<p>[\/et_pb_text][\/et_pb_column][\/et_pb_row][\/et_pb_section][et_pb_section fb_built=\u00a0\u00bb1&Prime; _builder_version=\u00a0\u00bb4.27.4&Prime; _module_preset=\u00a0\u00bbdefault\u00a0\u00bb custom_padding=\u00a0\u00bb2px||2px||true|\u00a0\u00bb global_colors_info=\u00a0\u00bb{}\u00a0\u00bb][et_pb_row custom_padding_last_edited=\u00a0\u00bbon|phone\u00a0\u00bb admin_label=\u00a0\u00bbZone de titre\u00a0\u00bb module_id=\u00a0\u00bbdienstleistungen\u00a0\u00bb _builder_version=\u00a0\u00bb4.27.5&Prime; custom_margin=\u00a0\u00bb56px|auto|16px|auto|false|false\u00a0\u00bb custom_margin_tablet=\u00a0\u00bb56px|auto|16px|auto|false|false\u00a0\u00bb custom_margin_phone=\u00a0\u00bb15px||16px||false|false\u00a0\u00bb custom_margin_last_edited=\u00a0\u00bbon|phone\u00a0\u00bb custom_padding=\u00a0\u00bb||4px|||\u00a0\u00bb custom_padding_tablet=\u00a0\u00bb||4px|||\u00a0\u00bb custom_padding_phone=\u00a0\u00bb||4px|||\u00a0\u00bb locked=\u00a0\u00bboff\u00a0\u00bb global_colors_info=\u00a0\u00bb{}\u00a0\u00bb][et_pb_column type=\u00a0\u00bb4_4&Prime; _builder_version=\u00a0\u00bb4.16&Prime; custom_padding=\u00a0\u00bb|||\u00a0\u00bb global_colors_info=\u00a0\u00bb{}\u00a0\u00bb custom_padding__hover=\u00a0\u00bb|||\u00a0\u00bb][et_pb_text _builder_version=\u00a0\u00bb4.27.4&Prime; text_font=\u00a0\u00bb|||on|||||\u00a0\u00bb text_text_color=\u00a0\u00bb#333333&Prime; text_font_size=\u00a0\u00bb16px\u00a0\u00bb link_font=\u00a0\u00bb|600|||on||||\u00a0\u00bb link_text_color=\u00a0\u00bbrgba(12,12,12,0.59)\u00a0\u00bb header_font=\u00a0\u00bb||||||||\u00a0\u00bb header_2_font=\u00a0\u00bbAlice||||||||\u00a0\u00bb header_2_text_color=\u00a0\u00bb#333333&Prime; header_2_font_size=\u00a0\u00bb23px\u00a0\u00bb header_2_line_height=\u00a0\u00bb1.4em\u00a0\u00bb text_orientation=\u00a0\u00bbcenter\u00a0\u00bb background_layout=\u00a0\u00bbdark\u00a0\u00bb text_font_size_tablet=\u00a0\u00bb16px\u00a0\u00bb text_font_size_phone=\u00a0\u00bb15px\u00a0\u00bb text_font_size_last_edited=\u00a0\u00bbon|phone\u00a0\u00bb global_colors_info=\u00a0\u00bb{}\u00a0\u00bb]<\/p>\n<p style=\"text-align: center;\">Nos services<\/p>\n<p>[\/et_pb_text][et_pb_text admin_label=\u00a0\u00bbTitle\u00a0\u00bb _builder_version=\u00a0\u00bb4.27.5&Prime; text_font=\u00a0\u00bb||||||||\u00a0\u00bb header_font=\u00a0\u00bb||||||||\u00a0\u00bb header_2_font=\u00a0\u00bbAlice||||||||\u00a0\u00bb header_2_text_align=\u00a0\u00bbcenter\u00a0\u00bb header_2_font_size=\u00a0\u00bb42px\u00a0\u00bb header_2_line_height=\u00a0\u00bb1.3em\u00a0\u00bb custom_margin=\u00a0\u00bb||20px|\u00a0\u00bb animation_style=\u00a0\u00bbslide\u00a0\u00bb animation_direction=\u00a0\u00bbtop\u00a0\u00bb animation_intensity_slide=\u00a0\u00bb30%\u00a0\u00bb animation_starting_opacity=\u00a0\u00bb100%\u00a0\u00bb header_2_font_size_tablet=\u00a0\u00bb42px\u00a0\u00bb header_2_font_size_phone=\u00a0\u00bb27px\u00a0\u00bb header_2_font_size_last_edited=\u00a0\u00bbon|phone\u00a0\u00bb global_colors_info=\u00a0\u00bb{}\u00a0\u00bb]<\/p>\n<h2><span>Nous vous accompagnons dans ces moments avec exp\u00e9rience, respect et des proc\u00e9dures claires<\/span><\/h2>\n<p>[\/et_pb_text][et_pb_text disabled_on=\u00a0\u00bboff|off|off\u00a0\u00bb _builder_version=\u00a0\u00bb4.27.5&Prime; text_font=\u00a0\u00bb||||||||\u00a0\u00bb text_font_size=\u00a0\u00bb16px\u00a0\u00bb text_line_height=\u00a0\u00bb1.8em\u00a0\u00bb custom_margin=\u00a0\u00bb||34px|||\u00a0\u00bb custom_margin_tablet=\u00a0\u00bb||34px|||\u00a0\u00bb custom_margin_phone=\u00a0\u00bb||0px||false|false\u00a0\u00bb custom_margin_last_edited=\u00a0\u00bbon|phone\u00a0\u00bb custom_padding=\u00a0\u00bb|||\u00a0\u00bb animation_style=\u00a0\u00bbslide\u00a0\u00bb animation_direction=\u00a0\u00bbleft\u00a0\u00bb animation_intensity_slide=\u00a0\u00bb5%\u00a0\u00bb animation_starting_opacity=\u00a0\u00bb100%\u00a0\u00bb text_font_size_tablet=\u00a0\u00bb16px\u00a0\u00bb text_font_size_phone=\u00a0\u00bb16px\u00a0\u00bb text_font_size_last_edited=\u00a0\u00bbon|phone\u00a0\u00bb text_orientation_tablet=\u00a0\u00bb\u00a0\u00bb text_orientation_phone=\u00a0\u00bbjustified\u00a0\u00bb text_orientation_last_edited=\u00a0\u00bbon|phone\u00a0\u00bb global_colors_info=\u00a0\u00bb{}\u00a0\u00bb]<\/p>\n<p style=\"text-align: center;\"><span>Dans une situation \u00e9motionnellement difficile, un soutien fiable est essentiel. Nous sommes \u00e0 vos c\u00f4t\u00e9s sur le plan organisationnel et humain, assurons la transparence \u00e0 toutes les \u00e9tapes et vous accompagnons de mani\u00e8re responsable tout au long du processus. <\/span><\/p>\n<p>[\/et_pb_text][\/et_pb_column][\/et_pb_row][et_pb_row column_structure=\u00a0\u00bb1_3,1_3,1_3&Prime; use_custom_gutter=\u00a0\u00bbon\u00a0\u00bb make_equal=\u00a0\u00bbon\u00a0\u00bb custom_padding_last_edited=\u00a0\u00bbon|phone\u00a0\u00bb _builder_version=\u00a0\u00bb4.27.5&Prime; _module_preset=\u00a0\u00bbdefault\u00a0\u00bb custom_margin=\u00a0\u00bb3px|auto||auto||\u00a0\u00bb custom_margin_tablet=\u00a0\u00bb3px|auto||auto||\u00a0\u00bb custom_margin_phone=\u00a0\u00bb3px|auto||auto|false|false\u00a0\u00bb custom_margin_last_edited=\u00a0\u00bbon|phone\u00a0\u00bb custom_padding=\u00a0\u00bb||0px||false|false\u00a0\u00bb custom_padding_tablet=\u00a0\u00bb||77px||false|false\u00a0\u00bb custom_padding_phone=\u00a0\u00bb19px||||false|false\u00a0\u00bb global_colors_info=\u00a0\u00bb{}\u00a0\u00bb][et_pb_column type=\u00a0\u00bb1_3&Prime; _builder_version=\u00a0\u00bb4.27.4&Prime; _module_preset=\u00a0\u00bbdefault\u00a0\u00bb global_colors_info=\u00a0\u00bb{}\u00a0\u00bb][et_pb_text _builder_version=\u00a0\u00bb4.27.5&Prime; text_font=\u00a0\u00bbAlice||||||||\u00a0\u00bb text_font_size=\u00a0\u00bb20px\u00a0\u00bb header_font=\u00a0\u00bb||||||||\u00a0\u00bb header_2_font=\u00a0\u00bbAlice||||||||\u00a0\u00bb header_2_text_align=\u00a0\u00bbcenter\u00a0\u00bb header_2_font_size=\u00a0\u00bb42px\u00a0\u00bb header_2_line_height=\u00a0\u00bb1.3em\u00a0\u00bb custom_margin=\u00a0\u00bb||20px|\u00a0\u00bb animation_style=\u00a0\u00bbslide\u00a0\u00bb animation_direction=\u00a0\u00bbtop\u00a0\u00bb animation_intensity_slide=\u00a0\u00bb30%\u00a0\u00bb animation_starting_opacity=\u00a0\u00bb100%\u00a0\u00bb header_2_font_size_tablet=\u00a0\u00bb42px\u00a0\u00bb header_2_font_size_phone=\u00a0\u00bb32px\u00a0\u00bb header_2_font_size_last_edited=\u00a0\u00bbon|phone\u00a0\u00bb global_colors_info=\u00a0\u00bb{}\u00a0\u00bb]<\/p>\n<p style=\"text-align: center;\"><strong>Enterrement en pleine terre<\/strong><\/p>\n<p>[\/et_pb_text][et_pb_text disabled_on=\u00a0\u00bboff|off|off\u00a0\u00bb _builder_version=\u00a0\u00bb4.27.5&Prime; text_font=\u00a0\u00bb||||||||\u00a0\u00bb text_font_size=\u00a0\u00bb15px\u00a0\u00bb text_line_height=\u00a0\u00bb1.8em\u00a0\u00bb custom_margin=\u00a0\u00bb||19px|||\u00a0\u00bb custom_padding=\u00a0\u00bb|||\u00a0\u00bb animation_style=\u00a0\u00bbslide\u00a0\u00bb animation_direction=\u00a0\u00bbleft\u00a0\u00bb animation_intensity_slide=\u00a0\u00bb5%\u00a0\u00bb animation_starting_opacity=\u00a0\u00bb100%\u00a0\u00bb global_colors_info=\u00a0\u00bb{}\u00a0\u00bb]<\/p>\n<p style=\"text-align: center;\"><span>Enterrements islamiques en pleine terre dans toute l&rsquo;Allemagne \u2013 dans un linceul ou un cercueil. Organisation compl\u00e8te et d\u00e9roulement digne selon les prescriptions religieuses. <\/span><\/p>\n<p>[\/et_pb_text][et_pb_button button_url=\u00a0\u00bbhttps:\/\/islamische-bestattung.de\/fr\/enterrement-en-pleine-terre\/\u00a0\u00bb button_text=\u00a0\u00bbPlus d&apos;infos\u00a0\u00bb button_alignment=\u00a0\u00bbcenter\u00a0\u00bb button_alignment_tablet=\u00a0\u00bbcenter\u00a0\u00bb button_alignment_phone=\u00a0\u00bbcenter\u00a0\u00bb button_alignment_last_edited=\u00a0\u00bbon|desktop\u00a0\u00bb disabled_on=\u00a0\u00bboff|off|on\u00a0\u00bb _builder_version=\u00a0\u00bb4.27.5&Prime; _module_preset=\u00a0\u00bbdefault\u00a0\u00bb custom_button=\u00a0\u00bbon\u00a0\u00bb button_text_color=\u00a0\u00bb#000000&Prime; custom_margin_tablet=\u00a0\u00bb\u00a0\u00bb custom_margin_phone=\u00a0\u00bb||12px||false|false\u00a0\u00bb custom_margin_last_edited=\u00a0\u00bbon|phone\u00a0\u00bb global_colors_info=\u00a0\u00bb{}\u00a0\u00bb][\/et_pb_button][\/et_pb_column][et_pb_column type=\u00a0\u00bb1_3&Prime; _builder_version=\u00a0\u00bb4.27.4&Prime; _module_preset=\u00a0\u00bbdefault\u00a0\u00bb global_colors_info=\u00a0\u00bb{}\u00a0\u00bb][et_pb_text _builder_version=\u00a0\u00bb4.27.4&Prime; text_font=\u00a0\u00bbAlice||||||||\u00a0\u00bb text_font_size=\u00a0\u00bb20px\u00a0\u00bb header_font=\u00a0\u00bb||||||||\u00a0\u00bb header_2_font=\u00a0\u00bbAlice||||||||\u00a0\u00bb header_2_text_align=\u00a0\u00bbcenter\u00a0\u00bb header_2_font_size=\u00a0\u00bb42px\u00a0\u00bb header_2_line_height=\u00a0\u00bb1.3em\u00a0\u00bb custom_margin=\u00a0\u00bb||20px|\u00a0\u00bb animation_style=\u00a0\u00bbslide\u00a0\u00bb animation_direction=\u00a0\u00bbtop\u00a0\u00bb animation_intensity_slide=\u00a0\u00bb30%\u00a0\u00bb animation_starting_opacity=\u00a0\u00bb100%\u00a0\u00bb header_2_font_size_tablet=\u00a0\u00bb42px\u00a0\u00bb header_2_font_size_phone=\u00a0\u00bb32px\u00a0\u00bb header_2_font_size_last_edited=\u00a0\u00bbon|phone\u00a0\u00bb global_colors_info=\u00a0\u00bb{}\u00a0\u00bb]<\/p>\n<p style=\"text-align: center;\"><strong>Transfert \u00e0 l&rsquo;\u00e9tranger<\/strong><\/p>\n<p>[\/et_pb_text][et_pb_text disabled_on=\u00a0\u00bboff|off|off\u00a0\u00bb _builder_version=\u00a0\u00bb4.27.4&Prime; text_font=\u00a0\u00bb||||||||\u00a0\u00bb text_font_size=\u00a0\u00bb15px\u00a0\u00bb text_line_height=\u00a0\u00bb1.8em\u00a0\u00bb custom_margin=\u00a0\u00bb||19px|||\u00a0\u00bb custom_padding=\u00a0\u00bb|||\u00a0\u00bb animation_style=\u00a0\u00bbslide\u00a0\u00bb animation_direction=\u00a0\u00bbleft\u00a0\u00bb animation_intensity_slide=\u00a0\u00bb5%\u00a0\u00bb animation_starting_opacity=\u00a0\u00bb100%\u00a0\u00bb global_colors_info=\u00a0\u00bb{}\u00a0\u00bb]<\/p>\n<p style=\"text-align: center;\"><span>Transfert des d\u00e9funts vers le pays d&rsquo;origine ou vers l&rsquo;Allemagne, y compris toutes les proc\u00e9dures organisationnelles et formalit\u00e9s.<\/span><\/p>\n<p>[\/et_pb_text][et_pb_button button_url=\u00a0\u00bbhttps:\/\/islamische-bestattung.de\/fr\/transfert-a-letranger\/\u00a0\u00bb button_text=\u00a0\u00bbPlus d&apos;infos\u00a0\u00bb button_alignment=\u00a0\u00bbcenter\u00a0\u00bb button_alignment_tablet=\u00a0\u00bbcenter\u00a0\u00bb button_alignment_phone=\u00a0\u00bbcenter\u00a0\u00bb button_alignment_last_edited=\u00a0\u00bbon|desktop\u00a0\u00bb disabled_on=\u00a0\u00bboff|off|on\u00a0\u00bb _builder_version=\u00a0\u00bb4.27.5&Prime; _module_preset=\u00a0\u00bbdefault\u00a0\u00bb custom_button=\u00a0\u00bbon\u00a0\u00bb button_text_color=\u00a0\u00bb#000000&Prime; custom_margin_tablet=\u00a0\u00bb\u00a0\u00bb custom_margin_phone=\u00a0\u00bb||12px||false|false\u00a0\u00bb custom_margin_last_edited=\u00a0\u00bbon|phone\u00a0\u00bb global_colors_info=\u00a0\u00bb{}\u00a0\u00bb][\/et_pb_button][\/et_pb_column][et_pb_column type=\u00a0\u00bb1_3&Prime; _builder_version=\u00a0\u00bb4.27.4&Prime; _module_preset=\u00a0\u00bbdefault\u00a0\u00bb global_colors_info=\u00a0\u00bb{}\u00a0\u00bb][et_pb_text _builder_version=\u00a0\u00bb4.27.5&Prime; text_font=\u00a0\u00bbAlice||||||||\u00a0\u00bb text_font_size=\u00a0\u00bb20px\u00a0\u00bb header_font=\u00a0\u00bb||||||||\u00a0\u00bb header_2_font=\u00a0\u00bbAlice||||||||\u00a0\u00bb header_2_text_align=\u00a0\u00bbcenter\u00a0\u00bb header_2_font_size=\u00a0\u00bb42px\u00a0\u00bb header_2_line_height=\u00a0\u00bb1.3em\u00a0\u00bb custom_margin=\u00a0\u00bb||20px|\u00a0\u00bb animation_style=\u00a0\u00bbslide\u00a0\u00bb animation_direction=\u00a0\u00bbtop\u00a0\u00bb animation_intensity_slide=\u00a0\u00bb30%\u00a0\u00bb animation_starting_opacity=\u00a0\u00bb100%\u00a0\u00bb header_2_font_size_tablet=\u00a0\u00bb42px\u00a0\u00bb header_2_font_size_phone=\u00a0\u00bb32px\u00a0\u00bb header_2_font_size_last_edited=\u00a0\u00bbon|phone\u00a0\u00bb global_colors_info=\u00a0\u00bb{}\u00a0\u00bb]<\/p>\n<p style=\"text-align: center;\"><strong>Accompagnement de deuil<\/strong><\/p>\n<p>[\/et_pb_text][et_pb_text disabled_on=\u00a0\u00bboff|off|off\u00a0\u00bb _builder_version=\u00a0\u00bb4.27.4&Prime; text_font=\u00a0\u00bb||||||||\u00a0\u00bb text_font_size=\u00a0\u00bb15px\u00a0\u00bb text_line_height=\u00a0\u00bb1.8em\u00a0\u00bb custom_margin=\u00a0\u00bb||19px|||\u00a0\u00bb custom_padding=\u00a0\u00bb|||\u00a0\u00bb animation_style=\u00a0\u00bbslide\u00a0\u00bb animation_direction=\u00a0\u00bbleft\u00a0\u00bb animation_intensity_slide=\u00a0\u00bb5%\u00a0\u00bb animation_starting_opacity=\u00a0\u00bb100%\u00a0\u00bb global_colors_info=\u00a0\u00bb{}\u00a0\u00bb]<\/p>\n<div dir=\"auto\" style=\"text-align: center;\">Soutien en cas de deuil, de stress \u00e9motionnel et de crises personnelles. Orientation et entretiens structurants pour faire face \u00e0 la perte et au deuil. <\/div>\n<div dir=\"auto\" style=\"text-align: center;\">Possible m\u00eame ind\u00e9pendamment d&rsquo;un enterrement.<\/div>\n<p>[\/et_pb_text][et_pb_button button_url=\u00a0\u00bbhttps:\/\/islamische-bestattung.de\/fr\/accompagnement-de-deuil-et-assistance-spirituelle-musulmane\/\u00a0\u00bb button_text=\u00a0\u00bbPlus d&apos;infos\u00a0\u00bb button_alignment=\u00a0\u00bbcenter\u00a0\u00bb button_alignment_tablet=\u00a0\u00bbcenter\u00a0\u00bb button_alignment_phone=\u00a0\u00bbcenter\u00a0\u00bb button_alignment_last_edited=\u00a0\u00bbon|desktop\u00a0\u00bb disabled_on=\u00a0\u00bboff|off|on\u00a0\u00bb _builder_version=\u00a0\u00bb4.27.5&Prime; _module_preset=\u00a0\u00bbdefault\u00a0\u00bb custom_button=\u00a0\u00bbon\u00a0\u00bb button_text_color=\u00a0\u00bb#000000&Prime; global_colors_info=\u00a0\u00bb{}\u00a0\u00bb][\/et_pb_button][\/et_pb_column][\/et_pb_row][et_pb_row column_structure=\u00a0\u00bb1_3,1_3,1_3&Prime; use_custom_gutter=\u00a0\u00bbon\u00a0\u00bb make_equal=\u00a0\u00bbon\u00a0\u00bb custom_padding_last_edited=\u00a0\u00bbon|phone\u00a0\u00bb disabled_on=\u00a0\u00bbon|on|off\u00a0\u00bb _builder_version=\u00a0\u00bb4.27.5&Prime; _module_preset=\u00a0\u00bbdefault\u00a0\u00bb custom_margin=\u00a0\u00bb3px|auto||auto||\u00a0\u00bb custom_margin_tablet=\u00a0\u00bb3px|auto||auto||\u00a0\u00bb custom_margin_phone=\u00a0\u00bb3px|auto||auto|false|false\u00a0\u00bb custom_margin_last_edited=\u00a0\u00bbon|phone\u00a0\u00bb custom_padding=\u00a0\u00bb1px||77px||false|false\u00a0\u00bb custom_padding_tablet=\u00a0\u00bb||77px||false|false\u00a0\u00bb custom_padding_phone=\u00a0\u00bb19px||||false|false\u00a0\u00bb global_colors_info=\u00a0\u00bb{}\u00a0\u00bb][et_pb_column type=\u00a0\u00bb1_3&Prime; _builder_version=\u00a0\u00bb4.27.4&Prime; _module_preset=\u00a0\u00bbdefault\u00a0\u00bb global_colors_info=\u00a0\u00bb{}\u00a0\u00bb][et_pb_button button_url=\u00a0\u00bbhttps:\/\/islamische-bestattung.de\/fr\/enterrement-en-pleine-terre\/\u00a0\u00bb button_text=\u00a0\u00bbPlus d&apos;infos\u00a0\u00bb button_alignment=\u00a0\u00bbcenter\u00a0\u00bb button_alignment_tablet=\u00a0\u00bbright\u00a0\u00bb button_alignment_phone=\u00a0\u00bbcenter\u00a0\u00bb button_alignment_last_edited=\u00a0\u00bbon|desktop\u00a0\u00bb disabled_on=\u00a0\u00bboff|off|off\u00a0\u00bb _builder_version=\u00a0\u00bb4.27.5&Prime; _module_preset=\u00a0\u00bbdefault\u00a0\u00bb custom_button=\u00a0\u00bbon\u00a0\u00bb button_text_color=\u00a0\u00bb#000000&Prime; custom_margin_tablet=\u00a0\u00bb\u00a0\u00bb custom_margin_phone=\u00a0\u00bb||12px||false|false\u00a0\u00bb custom_margin_last_edited=\u00a0\u00bbon|phone\u00a0\u00bb global_colors_info=\u00a0\u00bb{}\u00a0\u00bb][\/et_pb_button][\/et_pb_column][et_pb_column type=\u00a0\u00bb1_3&Prime; _builder_version=\u00a0\u00bb4.27.4&Prime; _module_preset=\u00a0\u00bbdefault\u00a0\u00bb global_colors_info=\u00a0\u00bb{}\u00a0\u00bb][et_pb_button button_url=\u00a0\u00bbhttps:\/\/islamische-bestattung.de\/fr\/transfert-a-letranger\/\u00a0\u00bb button_text=\u00a0\u00bbPlus d&apos;infos\u00a0\u00bb button_alignment=\u00a0\u00bbcenter\u00a0\u00bb button_alignment_tablet=\u00a0\u00bbright\u00a0\u00bb button_alignment_phone=\u00a0\u00bbcenter\u00a0\u00bb button_alignment_last_edited=\u00a0\u00bbon|desktop\u00a0\u00bb disabled_on=\u00a0\u00bboff|off|off\u00a0\u00bb _builder_version=\u00a0\u00bb4.27.5&Prime; _module_preset=\u00a0\u00bbdefault\u00a0\u00bb custom_button=\u00a0\u00bbon\u00a0\u00bb button_text_color=\u00a0\u00bb#000000&Prime; custom_margin_tablet=\u00a0\u00bb\u00a0\u00bb custom_margin_phone=\u00a0\u00bb||12px||false|false\u00a0\u00bb custom_margin_last_edited=\u00a0\u00bbon|phone\u00a0\u00bb global_colors_info=\u00a0\u00bb{}\u00a0\u00bb][\/et_pb_button][\/et_pb_column][et_pb_column type=\u00a0\u00bb1_3&Prime; _builder_version=\u00a0\u00bb4.27.4&Prime; _module_preset=\u00a0\u00bbdefault\u00a0\u00bb global_colors_info=\u00a0\u00bb{}\u00a0\u00bb][et_pb_button button_url=\u00a0\u00bbhttps:\/\/islamische-bestattung.de\/fr\/accompagnement-de-deuil-et-assistance-spirituelle-musulmane\/\u00a0\u00bb button_text=\u00a0\u00bbPlus d&apos;infos\u00a0\u00bb button_alignment=\u00a0\u00bbcenter\u00a0\u00bb button_alignment_tablet=\u00a0\u00bbright\u00a0\u00bb button_alignment_phone=\u00a0\u00bbcenter\u00a0\u00bb button_alignment_last_edited=\u00a0\u00bbon|desktop\u00a0\u00bb disabled_on=\u00a0\u00bboff|off|off\u00a0\u00bb _builder_version=\u00a0\u00bb4.27.5&Prime; _module_preset=\u00a0\u00bbdefault\u00a0\u00bb custom_button=\u00a0\u00bbon\u00a0\u00bb button_text_color=\u00a0\u00bb#000000&Prime; global_colors_info=\u00a0\u00bb{}\u00a0\u00bb][\/et_pb_button][\/et_pb_column][\/et_pb_row][\/et_pb_section][et_pb_section fb_built=\u00a0\u00bb1&Prime; _builder_version=\u00a0\u00bb4.27.6&Prime; _module_preset=\u00a0\u00bbdefault\u00a0\u00bb background_color=\u00a0\u00bb#212121&Prime; global_colors_info=\u00a0\u00bb{}\u00a0\u00bb][et_pb_row module_id=\u00a0\u00bbueberuns\u00a0\u00bb _builder_version=\u00a0\u00bb4.27.6&Prime; _module_preset=\u00a0\u00bbdefault\u00a0\u00bb width_tablet=\u00a0\u00bb80%\u00a0\u00bb width_phone=\u00a0\u00bb85%\u00a0\u00bb width_last_edited=\u00a0\u00bbon|tablet\u00a0\u00bb max_width=\u00a0\u00bb100%\u00a0\u00bb custom_padding=\u00a0\u00bb7px||25px||false|false\u00a0\u00bb global_colors_info=\u00a0\u00bb{}\u00a0\u00bb][et_pb_column type=\u00a0\u00bb4_4&Prime; _builder_version=\u00a0\u00bb4.27.6&Prime; _module_preset=\u00a0\u00bbdefault\u00a0\u00bb global_colors_info=\u00a0\u00bb{}\u00a0\u00bb][et_pb_text admin_label=\u00a0\u00bbTitle\u00a0\u00bb _builder_version=\u00a0\u00bb4.27.6&Prime; text_font=\u00a0\u00bb||||||||\u00a0\u00bb header_font=\u00a0\u00bb||||||||\u00a0\u00bb header_2_font=\u00a0\u00bbAlice||||||||\u00a0\u00bb header_2_text_align=\u00a0\u00bbcenter\u00a0\u00bb header_2_text_color=\u00a0\u00bb#FFFFFF\u00a0\u00bb header_2_font_size=\u00a0\u00bb42px\u00a0\u00bb header_2_line_height=\u00a0\u00bb1.3em\u00a0\u00bb custom_margin=\u00a0\u00bb||13px|||\u00a0\u00bb custom_margin_tablet=\u00a0\u00bb||20px|\u00a0\u00bb custom_margin_phone=\u00a0\u00bb||0px||false|false\u00a0\u00bb custom_margin_last_edited=\u00a0\u00bbon|phone\u00a0\u00bb animation_style=\u00a0\u00bbslide\u00a0\u00bb animation_direction=\u00a0\u00bbtop\u00a0\u00bb animation_intensity_slide=\u00a0\u00bb30%\u00a0\u00bb animation_starting_opacity=\u00a0\u00bb100%\u00a0\u00bb header_2_font_size_tablet=\u00a0\u00bb42px\u00a0\u00bb header_2_font_size_phone=\u00a0\u00bb27px\u00a0\u00bb header_2_font_size_last_edited=\u00a0\u00bbon|phone\u00a0\u00bb global_colors_info=\u00a0\u00bb{}\u00a0\u00bb]<\/p>\n<h2>Vous h\u00e9sitez entre \u00eatre inhum\u00e9 ici en Allemagne ou dans votre pays d&rsquo;origine ?<\/h2>\n<p>[\/et_pb_text][et_pb_text disabled_on=\u00a0\u00bboff|off|off\u00a0\u00bb _builder_version=\u00a0\u00bb4.27.6&Prime; text_font=\u00a0\u00bb||||||||\u00a0\u00bb text_text_color=\u00a0\u00bb#FFFFFF\u00a0\u00bb text_font_size=\u00a0\u00bb17px\u00a0\u00bb text_line_height=\u00a0\u00bb1.8em\u00a0\u00bb custom_margin=\u00a0\u00bb||34px|||\u00a0\u00bb custom_margin_tablet=\u00a0\u00bb||34px|||\u00a0\u00bb custom_margin_phone=\u00a0\u00bb9px||0px||false|false\u00a0\u00bb custom_margin_last_edited=\u00a0\u00bbon|phone\u00a0\u00bb custom_padding=\u00a0\u00bb|||\u00a0\u00bb animation_style=\u00a0\u00bbslide\u00a0\u00bb animation_direction=\u00a0\u00bbleft\u00a0\u00bb animation_intensity_slide=\u00a0\u00bb5%\u00a0\u00bb animation_starting_opacity=\u00a0\u00bb100%\u00a0\u00bb text_font_size_tablet=\u00a0\u00bb16px\u00a0\u00bb text_font_size_phone=\u00a0\u00bb16px\u00a0\u00bb text_font_size_last_edited=\u00a0\u00bbon|phone\u00a0\u00bb text_orientation_tablet=\u00a0\u00bb\u00a0\u00bb text_orientation_phone=\u00a0\u00bbjustified\u00a0\u00bb text_orientation_last_edited=\u00a0\u00bbon|phone\u00a0\u00bb global_colors_info=\u00a0\u00bb{}\u00a0\u00bb]<\/p>\n<p style=\"text-align: center;\">V\u00e9rifiez si des fun\u00e9railles islamiques sont possibles dans votre ville.<\/p>\n<p>[\/et_pb_text][et_pb_button button_url=\u00a0\u00bbhttps:\/\/islamische-bestattung.de\/islamische-bestattung-in-deutschland\/\u00a0\u00bb button_text=\u00a0\u00bbTrouvez votre cimeti\u00e8re\u00a0\u00bb button_alignment=\u00a0\u00bbcenter\u00a0\u00bb button_alignment_tablet=\u00a0\u00bbright\u00a0\u00bb button_alignment_phone=\u00a0\u00bbcenter\u00a0\u00bb button_alignment_last_edited=\u00a0\u00bbon|desktop\u00a0\u00bb _builder_version=\u00a0\u00bb4.27.6&Prime; _module_preset=\u00a0\u00bbdefault\u00a0\u00bb custom_button=\u00a0\u00bbon\u00a0\u00bb button_text_color=\u00a0\u00bb#FFFFFF\u00a0\u00bb custom_margin_tablet=\u00a0\u00bb\u00a0\u00bb custom_margin_phone=\u00a0\u00bb28px||||false|false\u00a0\u00bb custom_margin_last_edited=\u00a0\u00bbon|phone\u00a0\u00bb custom_padding_tablet=\u00a0\u00bb\u00a0\u00bb custom_padding_phone=\u00a0\u00bb\u00a0\u00bb custom_padding_last_edited=\u00a0\u00bbon|phone\u00a0\u00bb locked=\u00a0\u00bboff\u00a0\u00bb global_colors_info=\u00a0\u00bb{}\u00a0\u00bb][\/et_pb_button][\/et_pb_column][\/et_pb_row][\/et_pb_section][et_pb_section fb_built=\u00a0\u00bb1&Prime; custom_padding_last_edited=\u00a0\u00bbon|phone\u00a0\u00bb admin_label=\u00a0\u00bbShop Section\u00a0\u00bb _builder_version=\u00a0\u00bb4.27.5&Prime; background_color=\u00a0\u00bb#959d93&Prime; custom_padding=\u00a0\u00bb67px||67px||true|false\u00a0\u00bb custom_padding_tablet=\u00a0\u00bb67px||67px||true|false\u00a0\u00bb custom_padding_phone=\u00a0\u00bb40px||48px||false|false\u00a0\u00bb global_colors_info=\u00a0\u00bb{}\u00a0\u00bb][et_pb_row admin_label=\u00a0\u00bbZone de titre\u00a0\u00bb module_id=\u00a0\u00bbueberuns\u00a0\u00bb _builder_version=\u00a0\u00bb4.27.5&Prime; width_tablet=\u00a0\u00bb80%\u00a0\u00bb width_phone=\u00a0\u00bb85%\u00a0\u00bb width_last_edited=\u00a0\u00bbon|tablet\u00a0\u00bb max_width=\u00a0\u00bb100%\u00a0\u00bb custom_padding=\u00a0\u00bb7px||25px||false|false\u00a0\u00bb locked=\u00a0\u00bboff\u00a0\u00bb global_colors_info=\u00a0\u00bb{}\u00a0\u00bb][et_pb_column type=\u00a0\u00bb4_4&Prime; _builder_version=\u00a0\u00bb4.16&Prime; custom_padding=\u00a0\u00bb|||\u00a0\u00bb global_colors_info=\u00a0\u00bb{}\u00a0\u00bb custom_padding__hover=\u00a0\u00bb|||\u00a0\u00bb][et_pb_text _builder_version=\u00a0\u00bb4.27.5&Prime; text_font=\u00a0\u00bb|||on|||||\u00a0\u00bb text_text_color=\u00a0\u00bb#FFFFFF\u00a0\u00bb text_font_size=\u00a0\u00bb16px\u00a0\u00bb link_font=\u00a0\u00bb|600|||on||||\u00a0\u00bb link_text_color=\u00a0\u00bbrgba(12,12,12,0.59)\u00a0\u00bb header_font=\u00a0\u00bb||||||||\u00a0\u00bb header_2_font=\u00a0\u00bbAlice||||||||\u00a0\u00bb header_2_text_color=\u00a0\u00bb#333333&Prime; header_2_font_size=\u00a0\u00bb23px\u00a0\u00bb header_2_line_height=\u00a0\u00bb1.4em\u00a0\u00bb text_orientation=\u00a0\u00bbcenter\u00a0\u00bb background_layout=\u00a0\u00bbdark\u00a0\u00bb text_font_size_tablet=\u00a0\u00bb16px\u00a0\u00bb text_font_size_phone=\u00a0\u00bb15px\u00a0\u00bb text_font_size_last_edited=\u00a0\u00bbon|phone\u00a0\u00bb global_colors_info=\u00a0\u00bb{}\u00a0\u00bb]<\/p>\n<p style=\"text-align: center;\">\u00c0 propos de nous<\/p>\n<p>[\/et_pb_text][et_pb_text admin_label=\u00a0\u00bbTitle\u00a0\u00bb _builder_version=\u00a0\u00bb4.27.5&Prime; text_font=\u00a0\u00bb||||||||\u00a0\u00bb header_font=\u00a0\u00bb||||||||\u00a0\u00bb header_2_font=\u00a0\u00bbAlice||||||||\u00a0\u00bb header_2_text_align=\u00a0\u00bbcenter\u00a0\u00bb header_2_text_color=\u00a0\u00bb#FFFFFF\u00a0\u00bb header_2_font_size=\u00a0\u00bb42px\u00a0\u00bb header_2_line_height=\u00a0\u00bb1.3em\u00a0\u00bb custom_margin=\u00a0\u00bb||20px|\u00a0\u00bb custom_margin_tablet=\u00a0\u00bb||20px|\u00a0\u00bb custom_margin_phone=\u00a0\u00bb||0px||false|false\u00a0\u00bb custom_margin_last_edited=\u00a0\u00bbon|phone\u00a0\u00bb animation_style=\u00a0\u00bbslide\u00a0\u00bb animation_direction=\u00a0\u00bbtop\u00a0\u00bb animation_intensity_slide=\u00a0\u00bb30%\u00a0\u00bb animation_starting_opacity=\u00a0\u00bb100%\u00a0\u00bb header_2_font_size_tablet=\u00a0\u00bb42px\u00a0\u00bb header_2_font_size_phone=\u00a0\u00bb27px\u00a0\u00bb header_2_font_size_last_edited=\u00a0\u00bbon|phone\u00a0\u00bb global_colors_info=\u00a0\u00bb{}\u00a0\u00bb]<\/p>\n<h2>Nous sommes l\u00e0 lorsqu&rsquo;un \u00eatre cher s&rsquo;en va \u2013 avec c\u0153ur, r\u00e9confort et tradition islamique.<\/h2>\n<p>[\/et_pb_text][\/et_pb_column][\/et_pb_row][et_pb_row column_structure=\u00a0\u00bb3_5,2_5&Prime; use_custom_gutter=\u00a0\u00bbon\u00a0\u00bb gutter_width=\u00a0\u00bb4&Prime; admin_label=\u00a0\u00bbZone Boutique\u00a0\u00bb _builder_version=\u00a0\u00bb4.27.5&Prime; custom_padding=\u00a0\u00bb4px||3px|||\u00a0\u00bb global_colors_info=\u00a0\u00bb{}\u00a0\u00bb][et_pb_column type=\u00a0\u00bb3_5&Prime; _builder_version=\u00a0\u00bb4.16&Prime; custom_padding=\u00a0\u00bb|||\u00a0\u00bb global_colors_info=\u00a0\u00bb{}\u00a0\u00bb custom_padding__hover=\u00a0\u00bb|||\u00a0\u00bb][et_pb_text disabled_on=\u00a0\u00bboff|off|off\u00a0\u00bb _builder_version=\u00a0\u00bb4.27.5&Prime; text_font=\u00a0\u00bb||||||||\u00a0\u00bb text_text_color=\u00a0\u00bb#FFFFFF\u00a0\u00bb text_font_size=\u00a0\u00bb16px\u00a0\u00bb text_line_height=\u00a0\u00bb1.8em\u00a0\u00bb custom_margin=\u00a0\u00bb||33px|||\u00a0\u00bb custom_margin_tablet=\u00a0\u00bb||33px|||\u00a0\u00bb custom_margin_phone=\u00a0\u00bb||13px||false|false\u00a0\u00bb custom_margin_last_edited=\u00a0\u00bbon|phone\u00a0\u00bb custom_padding=\u00a0\u00bb|||\u00a0\u00bb animation_style=\u00a0\u00bbslide\u00a0\u00bb animation_direction=\u00a0\u00bbleft\u00a0\u00bb animation_intensity_slide=\u00a0\u00bb5%\u00a0\u00bb animation_starting_opacity=\u00a0\u00bb100%\u00a0\u00bb global_colors_info=\u00a0\u00bb{}\u00a0\u00bb]<\/p>\n<p style=\"text-align: justify;\">En tant que premi\u00e8re entreprise islamique certifi\u00e9e dans le secteur fun\u00e9raire en Allemagne, nous combinons plus de dix ans d&rsquo;exp\u00e9rience avec une connaissance approfondie des obligations religieuses. Nous assumons la responsabilit\u00e9 de toutes les \u00e9tapes religieuses et organisationnelles afin que vous puissiez vous concentrer pleinement sur l&rsquo;essentiel :<br \/>les adieux et le souvenir. <\/p>\n<p style=\"text-align: justify;\">[\/et_pb_text][et_pb_text admin_label=\u00a0\u00bbTitle\u00a0\u00bb _builder_version=\u00a0\u00bb4.27.5&Prime; text_font=\u00a0\u00bb||||||||\u00a0\u00bb header_font=\u00a0\u00bb||||||||\u00a0\u00bb header_2_font=\u00a0\u00bbAlice||||||||\u00a0\u00bb header_2_text_align=\u00a0\u00bbcenter\u00a0\u00bb header_2_text_color=\u00a0\u00bb#FFFFFF\u00a0\u00bb header_2_font_size=\u00a0\u00bb42px\u00a0\u00bb header_2_line_height=\u00a0\u00bb1.3em\u00a0\u00bb custom_margin=\u00a0\u00bb||59px|||\u00a0\u00bb custom_margin_tablet=\u00a0\u00bb||59px|||\u00a0\u00bb custom_margin_phone=\u00a0\u00bb0px||23px||false|false\u00a0\u00bb custom_margin_last_edited=\u00a0\u00bbon|phone\u00a0\u00bb animation_style=\u00a0\u00bbslide\u00a0\u00bb animation_direction=\u00a0\u00bbtop\u00a0\u00bb animation_intensity_slide=\u00a0\u00bb30%\u00a0\u00bb animation_starting_opacity=\u00a0\u00bb100%\u00a0\u00bb header_2_font_size_tablet=\u00a0\u00bb42px\u00a0\u00bb header_2_font_size_phone=\u00a0\u00bb30px\u00a0\u00bb header_2_font_size_last_edited=\u00a0\u00bbon|phone\u00a0\u00bb global_colors_info=\u00a0\u00bb{}\u00a0\u00bb]<\/p>\n<h2>Nous sommes l\u00e0 pour vous<\/h2>\n<p>[\/et_pb_text][et_pb_button button_url=\u00a0\u00bbhttps:\/\/islamische-bestattung.de\/fr\/a-propos-de-nous\/\u00a0\u00bb button_text=\u00a0\u00bbEn savoir plus\u00a0\u00bb button_alignment=\u00a0\u00bbcenter\u00a0\u00bb button_alignment_tablet=\u00a0\u00bbcenter\u00a0\u00bb button_alignment_phone=\u00a0\u00bbcenter\u00a0\u00bb button_alignment_last_edited=\u00a0\u00bbon|desktop\u00a0\u00bb disabled_on=\u00a0\u00bboff|off|off\u00a0\u00bb _builder_version=\u00a0\u00bb4.27.5&Prime; _module_preset=\u00a0\u00bbdefault\u00a0\u00bb custom_button=\u00a0\u00bbon\u00a0\u00bb button_text_color=\u00a0\u00bb#FFFFFF\u00a0\u00bb global_colors_info=\u00a0\u00bb{}\u00a0\u00bb][\/et_pb_button][\/et_pb_column][et_pb_column type=\u00a0\u00bb2_5&Prime; _builder_version=\u00a0\u00bb4.16&Prime; custom_padding=\u00a0\u00bb|||\u00a0\u00bb global_colors_info=\u00a0\u00bb{}\u00a0\u00bb custom_padding__hover=\u00a0\u00bb|||\u00a0\u00bb][et_pb_image src=\u00a0\u00bbhttps:\/\/islamische-bestattung.de\/wp-content\/uploads\/2025\/11\/al_wasila_0002.jpg\u00a0\u00bb title_text=\u00a0\u00bbal_wasila_0002&Prime; align_tablet=\u00a0\u00bb\u00a0\u00bb align_phone=\u00a0\u00bbcenter\u00a0\u00bb align_last_edited=\u00a0\u00bbon|phone\u00a0\u00bb _builder_version=\u00a0\u00bb4.27.5&Prime; _module_preset=\u00a0\u00bbdefault\u00a0\u00bb width=\u00a0\u00bb88%\u00a0\u00bb width_tablet=\u00a0\u00bb66%\u00a0\u00bb width_phone=\u00a0\u00bb66%\u00a0\u00bb width_last_edited=\u00a0\u00bbon|tablet\u00a0\u00bb animation_style=\u00a0\u00bbfade\u00a0\u00bb module_alignment_tablet=\u00a0\u00bbcenter\u00a0\u00bb module_alignment_phone=\u00a0\u00bbcenter\u00a0\u00bb module_alignment_last_edited=\u00a0\u00bbon|tablet\u00a0\u00bb global_colors_info=\u00a0\u00bb{}\u00a0\u00bb][\/et_pb_image][\/et_pb_column][\/et_pb_row][\/et_pb_section][et_pb_section fb_built=\u00a0\u00bb1&Prime; disabled_on=\u00a0\u00bboff|on|on\u00a0\u00bb _builder_version=\u00a0\u00bb4.27.5&Prime; _module_preset=\u00a0\u00bbdefault\u00a0\u00bb custom_padding=\u00a0\u00bb||0px|||\u00a0\u00bb global_colors_info=\u00a0\u00bb{}\u00a0\u00bb][et_pb_row _builder_version=\u00a0\u00bb4.27.5&Prime; _module_preset=\u00a0\u00bbdefault\u00a0\u00bb custom_padding=\u00a0\u00bb||3px|||\u00a0\u00bb global_colors_info=\u00a0\u00bb{}\u00a0\u00bb][et_pb_column type=\u00a0\u00bb4_4&Prime; _builder_version=\u00a0\u00bb4.27.5&Prime; _module_preset=\u00a0\u00bbdefault\u00a0\u00bb global_colors_info=\u00a0\u00bb{}\u00a0\u00bb][et_pb_text admin_label=\u00a0\u00bbTitle\u00a0\u00bb _builder_version=\u00a0\u00bb4.27.5&Prime; text_font=\u00a0\u00bb||||||||\u00a0\u00bb header_font=\u00a0\u00bb||||||||\u00a0\u00bb header_2_font=\u00a0\u00bbAlice||||||||\u00a0\u00bb header_2_text_align=\u00a0\u00bbcenter\u00a0\u00bb header_2_font_size=\u00a0\u00bb42px\u00a0\u00bb header_2_line_height=\u00a0\u00bb1.3em\u00a0\u00bb custom_margin=\u00a0\u00bb||20px|\u00a0\u00bb animation_direction=\u00a0\u00bbtop\u00a0\u00bb header_2_font_size_tablet=\u00a0\u00bb42px\u00a0\u00bb header_2_font_size_phone=\u00a0\u00bb27px\u00a0\u00bb header_2_font_size_last_edited=\u00a0\u00bbon|phone\u00a0\u00bb locked=\u00a0\u00bboff\u00a0\u00bb global_colors_info=\u00a0\u00bb{}\u00a0\u00bb]<\/p>\n<h2>Moments d&rsquo;accompagnement<\/h2>\n<p>[\/et_pb_text][\/et_pb_column][\/et_pb_row][\/et_pb_section][et_pb_section fb_built=\u00a0\u00bb1&Prime; custom_padding_last_edited=\u00a0\u00bbon|phone\u00a0\u00bb disabled_on=\u00a0\u00bboff|on|on\u00a0\u00bb _builder_version=\u00a0\u00bb4.27.5&Prime; _module_preset=\u00a0\u00bbdefault\u00a0\u00bb custom_margin=\u00a0\u00bb61px||61px||true|false\u00a0\u00bb custom_margin_tablet=\u00a0\u00bb61px||61px||true|false\u00a0\u00bb custom_margin_phone=\u00a0\u00bb0px||0px||false|false\u00a0\u00bb custom_margin_last_edited=\u00a0\u00bbon|phone\u00a0\u00bb custom_padding_tablet=\u00a0\u00bb\u00a0\u00bb custom_padding_phone=\u00a0\u00bb0px||0px||false|false\u00a0\u00bb animation_style=\u00a0\u00bbfade\u00a0\u00bb global_colors_info=\u00a0\u00bb{}\u00a0\u00bb][et_pb_row column_structure=\u00a0\u00bb1_2,1_2&Prime; use_custom_gutter=\u00a0\u00bbon\u00a0\u00bb gutter_width=\u00a0\u00bb1&Prime; custom_padding_last_edited=\u00a0\u00bbon|phone\u00a0\u00bb _builder_version=\u00a0\u00bb4.27.5&Prime; _module_preset=\u00a0\u00bbdefault\u00a0\u00bb max_width=\u00a0\u00bb100%\u00a0\u00bb module_alignment=\u00a0\u00bbcenter\u00a0\u00bb custom_padding=\u00a0\u00bb0px|77px|0px|77px|false|true\u00a0\u00bb custom_padding_tablet=\u00a0\u00bb0px|77px|0px|77px|false|true\u00a0\u00bb custom_padding_phone=\u00a0\u00bb0px|0px|0px|0px|false|true\u00a0\u00bb global_colors_info=\u00a0\u00bb{}\u00a0\u00bb][et_pb_column type=\u00a0\u00bb1_2&Prime; _builder_version=\u00a0\u00bb4.27.4&Prime; _module_preset=\u00a0\u00bbdefault\u00a0\u00bb global_colors_info=\u00a0\u00bb{}\u00a0\u00bb][et_pb_image src=\u00a0\u00bbhttps:\/\/islamische-bestattung.de\/wp-content\/uploads\/2025\/12\/alwasila_mobile_gallery01.jpg\u00a0\u00bb title_text=\u00a0\u00bbalwasila_gallery_mobile\u00a0\u00bb _builder_version=\u00a0\u00bb4.27.5&Prime; _module_preset=\u00a0\u00bbdefault\u00a0\u00bb global_colors_info=\u00a0\u00bb{}\u00a0\u00bb][\/et_pb_image][et_pb_image src=\u00a0\u00bbhttps:\/\/islamische-bestattung.de\/wp-content\/uploads\/2025\/12\/alwasila_mobile_gallery02.jpg\u00a0\u00bb title_text=\u00a0\u00bbalwasila_gallery_mobile\u00a0\u00bb _builder_version=\u00a0\u00bb4.27.5&Prime; _module_preset=\u00a0\u00bbdefault\u00a0\u00bb global_colors_info=\u00a0\u00bb{}\u00a0\u00bb][\/et_pb_image][\/et_pb_column][et_pb_column type=\u00a0\u00bb1_2&Prime; _builder_version=\u00a0\u00bb4.27.4&Prime; _module_preset=\u00a0\u00bbdefault\u00a0\u00bb global_colors_info=\u00a0\u00bb{}\u00a0\u00bb][\/et_pb_column][\/et_pb_row][\/et_pb_section][et_pb_section fb_built=\u00a0\u00bb1&Prime; disabled_on=\u00a0\u00bboff|on|on\u00a0\u00bb _builder_version=\u00a0\u00bb4.27.5&Prime; _module_preset=\u00a0\u00bbdefault\u00a0\u00bb custom_margin=\u00a0\u00bb||||false\u00a0\u00bb custom_padding=\u00a0\u00bb29px||71px||false|false\u00a0\u00bb global_colors_info=\u00a0\u00bb{}\u00a0\u00bb][et_pb_row _builder_version=\u00a0\u00bb4.27.5&Prime; _module_preset=\u00a0\u00bbdefault\u00a0\u00bb custom_padding=\u00a0\u00bb0px||0px||false|false\u00a0\u00bb global_colors_info=\u00a0\u00bb{}\u00a0\u00bb][et_pb_column type=\u00a0\u00bb4_4&Prime; _builder_version=\u00a0\u00bb4.27.5&Prime; _module_preset=\u00a0\u00bbdefault\u00a0\u00bb global_colors_info=\u00a0\u00bb{}\u00a0\u00bb][et_pb_text _builder_version=\u00a0\u00bb4.27.5&Prime; text_font=\u00a0\u00bb||||||||\u00a0\u00bb text_text_color=\u00a0\u00bb#333333&Prime; text_font_size=\u00a0\u00bb16px\u00a0\u00bb link_font=\u00a0\u00bb|600|||on||||\u00a0\u00bb link_text_color=\u00a0\u00bbrgba(12,12,12,0.59)\u00a0\u00bb header_font=\u00a0\u00bb||||||||\u00a0\u00bb header_2_font=\u00a0\u00bbAlice||||||||\u00a0\u00bb header_2_text_color=\u00a0\u00bb#333333&Prime; header_2_font_size=\u00a0\u00bb21px\u00a0\u00bb header_2_line_height=\u00a0\u00bb1.3em\u00a0\u00bb text_orientation=\u00a0\u00bbcenter\u00a0\u00bb background_layout=\u00a0\u00bbdark\u00a0\u00bb header_2_font_size_tablet=\u00a0\u00bb23px\u00a0\u00bb header_2_font_size_phone=\u00a0\u00bb18px\u00a0\u00bb header_2_font_size_last_edited=\u00a0\u00bbon|phone\u00a0\u00bb global_colors_info=\u00a0\u00bb{}\u00a0\u00bb]<\/p>\n<h2 style=\"text-align: center;\">\u00ab (&#8230;) Quiconque s&rsquo;occupe des affaires de son fr\u00e8re, Allah s&rsquo;occupe de ses affaires. (&#8230;) \u00bb<\/h2>\n<h2 style=\"text-align: center;\">&#8211; Proph\u00e8te Mu\u1e25ammed \ufdfa<\/h2>\n<p style=\"text-align: center;\">(Extrait du Hadith, n\u00b0 2442, \u1e62a\u1e25\u012b\u1e25 al-Bu\u1e2b\u0101r\u012b)<\/p>\n<p>[\/et_pb_text][\/et_pb_column][\/et_pb_row][\/et_pb_section][et_pb_section fb_built=\u00a0\u00bb1&Prime; disabled_on=\u00a0\u00bbon|off|off\u00a0\u00bb _builder_version=\u00a0\u00bb4.27.5&Prime; _module_preset=\u00a0\u00bbdefault\u00a0\u00bb custom_padding=\u00a0\u00bb||0px|||\u00a0\u00bb global_colors_info=\u00a0\u00bb{}\u00a0\u00bb][et_pb_row _builder_version=\u00a0\u00bb4.27.5&Prime; _module_preset=\u00a0\u00bbdefault\u00a0\u00bb custom_padding=\u00a0\u00bb||3px|||\u00a0\u00bb global_colors_info=\u00a0\u00bb{}\u00a0\u00bb][et_pb_column type=\u00a0\u00bb4_4&Prime; _builder_version=\u00a0\u00bb4.27.5&Prime; _module_preset=\u00a0\u00bbdefault\u00a0\u00bb global_colors_info=\u00a0\u00bb{}\u00a0\u00bb][et_pb_text admin_label=\u00a0\u00bbTitle\u00a0\u00bb _builder_version=\u00a0\u00bb4.27.5&Prime; text_font=\u00a0\u00bb||||||||\u00a0\u00bb header_font=\u00a0\u00bb||||||||\u00a0\u00bb header_2_font=\u00a0\u00bbAlice||||||||\u00a0\u00bb header_2_text_align=\u00a0\u00bbcenter\u00a0\u00bb header_2_font_size=\u00a0\u00bb42px\u00a0\u00bb header_2_line_height=\u00a0\u00bb1.3em\u00a0\u00bb custom_margin=\u00a0\u00bb||20px|\u00a0\u00bb animation_direction=\u00a0\u00bbtop\u00a0\u00bb header_2_font_size_tablet=\u00a0\u00bb42px\u00a0\u00bb header_2_font_size_phone=\u00a0\u00bb27px\u00a0\u00bb header_2_font_size_last_edited=\u00a0\u00bbon|phone\u00a0\u00bb locked=\u00a0\u00bboff\u00a0\u00bb global_colors_info=\u00a0\u00bb{}\u00a0\u00bb]<\/p>\n<h2>Moments d&rsquo;accompagnement<\/h2>\n<p>[\/et_pb_text][\/et_pb_column][\/et_pb_row][\/et_pb_section][et_pb_section fb_built=\u00a0\u00bb1&Prime; disabled_on=\u00a0\u00bbon|off|off\u00a0\u00bb _builder_version=\u00a0\u00bb4.27.5&Prime; _module_preset=\u00a0\u00bbdefault\u00a0\u00bb custom_margin=\u00a0\u00bb-1px||-1px||false|false\u00a0\u00bb custom_padding=\u00a0\u00bb3px||23px||false|false\u00a0\u00bb animation_style=\u00a0\u00bbfade\u00a0\u00bb global_colors_info=\u00a0\u00bb{}\u00a0\u00bb][et_pb_row column_structure=\u00a0\u00bb1_4,1_4,1_4,1_4&Prime; use_custom_gutter=\u00a0\u00bbon\u00a0\u00bb gutter_width=\u00a0\u00bb1&Prime; _builder_version=\u00a0\u00bb4.27.5&Prime; _module_preset=\u00a0\u00bbdefault\u00a0\u00bb width=\u00a0\u00bb100%\u00a0\u00bb module_alignment=\u00a0\u00bbcenter\u00a0\u00bb custom_padding=\u00a0\u00bb0px|77px|0px|77px|false|true\u00a0\u00bb global_colors_info=\u00a0\u00bb{}\u00a0\u00bb][et_pb_column type=\u00a0\u00bb1_4&Prime; _builder_version=\u00a0\u00bb4.27.4&Prime; _module_preset=\u00a0\u00bbdefault\u00a0\u00bb global_colors_info=\u00a0\u00bb{}\u00a0\u00bb][et_pb_image src=\u00a0\u00bbhttps:\/\/islamische-bestattung.de\/wp-content\/uploads\/2025\/12\/alwasila_mosqueA.jpg\u00a0\u00bb title_text=\u00a0\u00bbalwasila_mosqueA\u00a0\u00bb _builder_version=\u00a0\u00bb4.27.5&Prime; _module_preset=\u00a0\u00bbdefault\u00a0\u00bb global_colors_info=\u00a0\u00bb{}\u00a0\u00bb][\/et_pb_image][\/et_pb_column][et_pb_column type=\u00a0\u00bb1_4&Prime; _builder_version=\u00a0\u00bb4.27.4&Prime; _module_preset=\u00a0\u00bbdefault\u00a0\u00bb global_colors_info=\u00a0\u00bb{}\u00a0\u00bb][et_pb_image src=\u00a0\u00bbhttps:\/\/islamische-bestattung.de\/wp-content\/uploads\/2025\/11\/alwasila_005.jpg\u00a0\u00bb title_text=\u00a0\u00bbalwasila_005&Prime; _builder_version=\u00a0\u00bb4.27.4&Prime; _module_preset=\u00a0\u00bbdefault\u00a0\u00bb global_colors_info=\u00a0\u00bb{}\u00a0\u00bb][\/et_pb_image][\/et_pb_column][et_pb_column type=\u00a0\u00bb1_4&Prime; _builder_version=\u00a0\u00bb4.27.4&Prime; _module_preset=\u00a0\u00bbdefault\u00a0\u00bb global_colors_info=\u00a0\u00bb{}\u00a0\u00bb][et_pb_image src=\u00a0\u00bbhttps:\/\/islamische-bestattung.de\/wp-content\/uploads\/2025\/11\/alwasila_009.jpg\u00a0\u00bb title_text=\u00a0\u00bbalwasila_009&Prime; _builder_version=\u00a0\u00bb4.27.4&Prime; _module_preset=\u00a0\u00bbdefault\u00a0\u00bb global_colors_info=\u00a0\u00bb{}\u00a0\u00bb][\/et_pb_image][\/et_pb_column][et_pb_column type=\u00a0\u00bb1_4&Prime; _builder_version=\u00a0\u00bb4.27.4&Prime; _module_preset=\u00a0\u00bbdefault\u00a0\u00bb global_colors_info=\u00a0\u00bb{}\u00a0\u00bb][et_pb_image src=\u00a0\u00bbhttps:\/\/islamische-bestattung.de\/wp-content\/uploads\/2025\/11\/alwasila_003.jpg\u00a0\u00bb title_text=\u00a0\u00bbalwasila_003&Prime; _builder_version=\u00a0\u00bb4.27.4&Prime; _module_preset=\u00a0\u00bbdefault\u00a0\u00bb global_colors_info=\u00a0\u00bb{}\u00a0\u00bb][\/et_pb_image][\/et_pb_column][\/et_pb_row][et_pb_row column_structure=\u00a0\u00bb1_4,1_4,1_4,1_4&Prime; use_custom_gutter=\u00a0\u00bbon\u00a0\u00bb gutter_width=\u00a0\u00bb1&Prime; _builder_version=\u00a0\u00bb4.27.5&Prime; _module_preset=\u00a0\u00bbdefault\u00a0\u00bb width=\u00a0\u00bb100%\u00a0\u00bb module_alignment=\u00a0\u00bbcenter\u00a0\u00bb custom_padding=\u00a0\u00bb0px|77px|0px|77px|false|true\u00a0\u00bb global_colors_info=\u00a0\u00bb{}\u00a0\u00bb][et_pb_column type=\u00a0\u00bb1_4&Prime; _builder_version=\u00a0\u00bb4.27.4&Prime; _module_preset=\u00a0\u00bbdefault\u00a0\u00bb global_colors_info=\u00a0\u00bb{}\u00a0\u00bb][et_pb_image src=\u00a0\u00bbhttps:\/\/islamische-bestattung.de\/wp-content\/uploads\/2025\/12\/alwasila_mosqueB.jpg\u00a0\u00bb title_text=\u00a0\u00bbalwasila_mosqueB\u00a0\u00bb _builder_version=\u00a0\u00bb4.27.5&Prime; _module_preset=\u00a0\u00bbdefault\u00a0\u00bb global_colors_info=\u00a0\u00bb{}\u00a0\u00bb][\/et_pb_image][\/et_pb_column][et_pb_column type=\u00a0\u00bb1_4&Prime; _builder_version=\u00a0\u00bb4.27.4&Prime; _module_preset=\u00a0\u00bbdefault\u00a0\u00bb global_colors_info=\u00a0\u00bb{}\u00a0\u00bb][et_pb_image src=\u00a0\u00bbhttps:\/\/islamische-bestattung.de\/wp-content\/uploads\/2025\/11\/alwasila_008.jpg\u00a0\u00bb title_text=\u00a0\u00bbalwasila_008&Prime; _builder_version=\u00a0\u00bb4.27.4&Prime; _module_preset=\u00a0\u00bbdefault\u00a0\u00bb global_colors_info=\u00a0\u00bb{}\u00a0\u00bb][\/et_pb_image][\/et_pb_column][et_pb_column type=\u00a0\u00bb1_4&Prime; _builder_version=\u00a0\u00bb4.27.4&Prime; _module_preset=\u00a0\u00bbdefault\u00a0\u00bb global_colors_info=\u00a0\u00bb{}\u00a0\u00bb][et_pb_image src=\u00a0\u00bbhttps:\/\/islamische-bestattung.de\/wp-content\/uploads\/2025\/11\/alwasila_002.jpg\u00a0\u00bb title_text=\u00a0\u00bbalwasila_002&Prime; _builder_version=\u00a0\u00bb4.27.4&Prime; _module_preset=\u00a0\u00bbdefault\u00a0\u00bb global_colors_info=\u00a0\u00bb{}\u00a0\u00bb][\/et_pb_image][\/et_pb_column][et_pb_column type=\u00a0\u00bb1_4&Prime; _builder_version=\u00a0\u00bb4.27.4&Prime; _module_preset=\u00a0\u00bbdefault\u00a0\u00bb global_colors_info=\u00a0\u00bb{}\u00a0\u00bb][et_pb_image src=\u00a0\u00bbhttps:\/\/islamische-bestattung.de\/wp-content\/uploads\/2025\/11\/alwasila_006.jpg\u00a0\u00bb title_text=\u00a0\u00bbalwasila_006&Prime; _builder_version=\u00a0\u00bb4.27.4&Prime; _module_preset=\u00a0\u00bbdefault\u00a0\u00bb global_colors_info=\u00a0\u00bb{}\u00a0\u00bb][\/et_pb_image][\/et_pb_column][\/et_pb_row][\/et_pb_section][et_pb_section fb_built=\u00a0\u00bb1&Prime; disabled_on=\u00a0\u00bbon|off|off\u00a0\u00bb _builder_version=\u00a0\u00bb4.27.5&Prime; _module_preset=\u00a0\u00bbdefault\u00a0\u00bb custom_margin=\u00a0\u00bb||||false\u00a0\u00bb custom_padding=\u00a0\u00bb23px||71px||false|false\u00a0\u00bb global_colors_info=\u00a0\u00bb{}\u00a0\u00bb][et_pb_row _builder_version=\u00a0\u00bb4.27.5&Prime; _module_preset=\u00a0\u00bbdefault\u00a0\u00bb custom_padding=\u00a0\u00bb0px||0px||false|false\u00a0\u00bb global_colors_info=\u00a0\u00bb{}\u00a0\u00bb][et_pb_column type=\u00a0\u00bb4_4&Prime; _builder_version=\u00a0\u00bb4.27.5&Prime; _module_preset=\u00a0\u00bbdefault\u00a0\u00bb global_colors_info=\u00a0\u00bb{}\u00a0\u00bb][et_pb_text _builder_version=\u00a0\u00bb4.27.5&Prime; text_font=\u00a0\u00bb||||||||\u00a0\u00bb text_text_color=\u00a0\u00bb#333333&Prime; text_font_size=\u00a0\u00bb16px\u00a0\u00bb link_font=\u00a0\u00bb|600|||on||||\u00a0\u00bb link_text_color=\u00a0\u00bbrgba(12,12,12,0.59)\u00a0\u00bb header_font=\u00a0\u00bb||||||||\u00a0\u00bb header_2_font=\u00a0\u00bbAlice||||||||\u00a0\u00bb header_2_text_color=\u00a0\u00bb#333333&Prime; header_2_font_size=\u00a0\u00bb21px\u00a0\u00bb header_2_line_height=\u00a0\u00bb1.3em\u00a0\u00bb text_orientation=\u00a0\u00bbcenter\u00a0\u00bb background_layout=\u00a0\u00bbdark\u00a0\u00bb header_2_font_size_tablet=\u00a0\u00bb23px\u00a0\u00bb header_2_font_size_phone=\u00a0\u00bb18px\u00a0\u00bb header_2_font_size_last_edited=\u00a0\u00bbon|phone\u00a0\u00bb global_colors_info=\u00a0\u00bb{}\u00a0\u00bb]<\/p>\n<h2 style=\"text-align: center;\">\u00ab (&#8230;) Quiconque s&rsquo;occupe des affaires de son fr\u00e8re, Allah s&rsquo;occupe de ses affaires. (&#8230;) \u00bb<\/h2>\n<h2 style=\"text-align: center;\">&#8211; Proph\u00e8te Mu\u1e25ammed \ufdfa<\/h2>\n<p style=\"text-align: center;\">(Extrait du Hadith, n\u00b0 2442, \u1e62a\u1e25\u012b\u1e25 al-Bu\u1e2b\u0101r\u012b)<\/p>\n<p>[\/et_pb_text][\/et_pb_column][\/et_pb_row][\/et_pb_section][et_pb_section fb_built=\u00a0\u00bb1&Prime; custom_padding_last_edited=\u00a0\u00bbon|phone\u00a0\u00bb _builder_version=\u00a0\u00bb4.27.5&Prime; _module_preset=\u00a0\u00bbdefault\u00a0\u00bb background_color=\u00a0\u00bb#959d93&Prime; custom_padding=\u00a0\u00bb3px||64px|||\u00a0\u00bb custom_padding_tablet=\u00a0\u00bb3px||64px|||\u00a0\u00bb custom_padding_phone=\u00a0\u00bb3px||81px||false|false\u00a0\u00bb global_colors_info=\u00a0\u00bb{}\u00a0\u00bb][et_pb_row custom_padding_last_edited=\u00a0\u00bbon|phone\u00a0\u00bb admin_label=\u00a0\u00bbZone de titre\u00a0\u00bb _builder_version=\u00a0\u00bb4.27.5&Prime; custom_margin=\u00a0\u00bb60px||||false|false\u00a0\u00bb custom_margin_tablet=\u00a0\u00bb60px||||false|false\u00a0\u00bb custom_margin_phone=\u00a0\u00bb23px||||false|false\u00a0\u00bb custom_margin_last_edited=\u00a0\u00bbon|phone\u00a0\u00bb custom_padding=\u00a0\u00bb||11px|||\u00a0\u00bb custom_padding_tablet=\u00a0\u00bb||11px|||\u00a0\u00bb custom_padding_phone=\u00a0\u00bb||11px|||\u00a0\u00bb locked=\u00a0\u00bboff\u00a0\u00bb global_colors_info=\u00a0\u00bb{}\u00a0\u00bb][et_pb_column type=\u00a0\u00bb4_4&Prime; _builder_version=\u00a0\u00bb4.16&Prime; custom_padding=\u00a0\u00bb|||\u00a0\u00bb global_colors_info=\u00a0\u00bb{}\u00a0\u00bb custom_padding__hover=\u00a0\u00bb|||\u00a0\u00bb][et_pb_text _builder_version=\u00a0\u00bb4.27.5&Prime; text_font=\u00a0\u00bb|||on|||||\u00a0\u00bb text_text_color=\u00a0\u00bb#FFFFFF\u00a0\u00bb text_font_size=\u00a0\u00bb16px\u00a0\u00bb link_font=\u00a0\u00bb|600|||on||||\u00a0\u00bb link_text_color=\u00a0\u00bbrgba(12,12,12,0.59)\u00a0\u00bb header_font=\u00a0\u00bb||||||||\u00a0\u00bb header_2_font=\u00a0\u00bbAlice||||||||\u00a0\u00bb header_2_text_color=\u00a0\u00bb#333333&Prime; header_2_font_size=\u00a0\u00bb23px\u00a0\u00bb header_2_line_height=\u00a0\u00bb1.4em\u00a0\u00bb text_orientation=\u00a0\u00bbcenter\u00a0\u00bb background_layout=\u00a0\u00bbdark\u00a0\u00bb global_colors_info=\u00a0\u00bb{}\u00a0\u00bb]<\/p>\n<p style=\"text-align: center;\">Blog<\/p>\n<p>[\/et_pb_text][et_pb_text admin_label=\u00a0\u00bbTitle\u00a0\u00bb _builder_version=\u00a0\u00bb4.27.5&Prime; text_font=\u00a0\u00bb||||||||\u00a0\u00bb header_font=\u00a0\u00bb||||||||\u00a0\u00bb header_2_font=\u00a0\u00bbAlice||||||||\u00a0\u00bb header_2_text_align=\u00a0\u00bbcenter\u00a0\u00bb header_2_text_color=\u00a0\u00bb#FFFFFF\u00a0\u00bb header_2_font_size=\u00a0\u00bb42px\u00a0\u00bb header_2_line_height=\u00a0\u00bb1.3em\u00a0\u00bb custom_margin=\u00a0\u00bb||20px|\u00a0\u00bb animation_style=\u00a0\u00bbslide\u00a0\u00bb animation_direction=\u00a0\u00bbtop\u00a0\u00bb animation_intensity_slide=\u00a0\u00bb30%\u00a0\u00bb animation_starting_opacity=\u00a0\u00bb100%\u00a0\u00bb header_2_font_size_tablet=\u00a0\u00bb42px\u00a0\u00bb header_2_font_size_phone=\u00a0\u00bb27px\u00a0\u00bb header_2_font_size_last_edited=\u00a0\u00bbon|phone\u00a0\u00bb global_colors_info=\u00a0\u00bb{}\u00a0\u00bb]<\/p>\n<h2>Informations utiles sur les enterrements islamiques et les rituels de deuil<\/h2>\n<p>[\/et_pb_text][et_pb_text _builder_version=\u00a0\u00bb4.27.5&Prime; text_font=\u00a0\u00bb||||||||\u00a0\u00bb text_text_color=\u00a0\u00bb#FFFFFF\u00a0\u00bb text_font_size=\u00a0\u00bb16px\u00a0\u00bb text_line_height=\u00a0\u00bb1.8em\u00a0\u00bb custom_margin=\u00a0\u00bb||33px|||\u00a0\u00bb custom_padding=\u00a0\u00bb|||\u00a0\u00bb animation_style=\u00a0\u00bbslide\u00a0\u00bb animation_direction=\u00a0\u00bbleft\u00a0\u00bb animation_intensity_slide=\u00a0\u00bb5%\u00a0\u00bb animation_starting_opacity=\u00a0\u00bb100%\u00a0\u00bb global_colors_info=\u00a0\u00bb{}\u00a0\u00bb]<\/p>\n<p style=\"text-align: center;\">Articles et informations utiles pour tous<\/p>\n<p>[\/et_pb_text][et_pb_divider color=\u00a0\u00bb#FFFFFF\u00a0\u00bb divider_weight=\u00a0\u00bb3px\u00a0\u00bb _builder_version=\u00a0\u00bb4.27.5&Prime; max_width=\u00a0\u00bb50px\u00a0\u00bb module_alignment=\u00a0\u00bbcenter\u00a0\u00bb custom_margin=\u00a0\u00bb||10px|\u00a0\u00bb animation_style=\u00a0\u00bbslide\u00a0\u00bb animation_direction=\u00a0\u00bbtop\u00a0\u00bb animation_intensity_slide=\u00a0\u00bb30%\u00a0\u00bb animation_starting_opacity=\u00a0\u00bb100%\u00a0\u00bb global_colors_info=\u00a0\u00bb{}\u00a0\u00bb][\/et_pb_divider][\/et_pb_column][\/et_pb_row][et_pb_row custom_padding_last_edited=\u00a0\u00bbon|phone\u00a0\u00bb _builder_version=\u00a0\u00bb4.27.5&Prime; _module_preset=\u00a0\u00bbdefault\u00a0\u00bb custom_margin=\u00a0\u00bb-23px|auto||auto||\u00a0\u00bb custom_margin_tablet=\u00a0\u00bb-23px|auto||auto||\u00a0\u00bb custom_margin_phone=\u00a0\u00bb-32px||0px||false|false\u00a0\u00bb custom_margin_last_edited=\u00a0\u00bbon|phone\u00a0\u00bb custom_padding_tablet=\u00a0\u00bb\u00a0\u00bb custom_padding_phone=\u00a0\u00bb||0px||false|false\u00a0\u00bb global_colors_info=\u00a0\u00bb{}\u00a0\u00bb][et_pb_column type=\u00a0\u00bb4_4&Prime; _builder_version=\u00a0\u00bb4.27.4&Prime; _module_preset=\u00a0\u00bbdefault\u00a0\u00bb global_colors_info=\u00a0\u00bb{}\u00a0\u00bb][et_pb_blog fullwidth=\u00a0\u00bboff\u00a0\u00bb posts_number=\u00a0\u00bb3&Prime; include_categories=\u00a0\u00bb1&Prime; show_more=\u00a0\u00bbon\u00a0\u00bb show_author=\u00a0\u00bboff\u00a0\u00bb show_date=\u00a0\u00bboff\u00a0\u00bb show_categories=\u00a0\u00bboff\u00a0\u00bb show_pagination=\u00a0\u00bboff\u00a0\u00bb module_class=\u00a0\u00bbblog-gleich-hoch\u00a0\u00bb _builder_version=\u00a0\u00bb4.27.5&Prime; _module_preset=\u00a0\u00bbdefault\u00a0\u00bb header_font=\u00a0\u00bbAlice||||||||\u00a0\u00bb header_font_size=\u00a0\u00bb21px\u00a0\u00bb header_line_height=\u00a0\u00bb1.2em\u00a0\u00bb read_more_font=\u00a0\u00bb|600|||||||\u00a0\u00bb read_more_text_color=\u00a0\u00bb#c1a01d\u00a0\u00bb global_colors_info=\u00a0\u00bb{}\u00a0\u00bb][\/et_pb_blog][\/et_pb_column][\/et_pb_row][et_pb_row use_custom_gutter=\u00a0\u00bbon\u00a0\u00bb gutter_width=\u00a0\u00bb2&Prime; _builder_version=\u00a0\u00bb4.27.5&Prime; _module_preset=\u00a0\u00bbdefault\u00a0\u00bb custom_margin=\u00a0\u00bb0px||0px||false|false\u00a0\u00bb custom_padding=\u00a0\u00bb47px||0px||false|false\u00a0\u00bb global_colors_info=\u00a0\u00bb{}\u00a0\u00bb][et_pb_column type=\u00a0\u00bb4_4&Prime; _builder_version=\u00a0\u00bb4.27.4&Prime; _module_preset=\u00a0\u00bbdefault\u00a0\u00bb global_colors_info=\u00a0\u00bb{}\u00a0\u00bb][et_pb_button button_url=\u00a0\u00bbhttps:\/\/islamische-bestattung.de\/blog\/\u00a0\u00bb button_text=\u00a0\u00bbTous les articles de blog\u00a0\u00bb button_alignment=\u00a0\u00bbcenter\u00a0\u00bb button_alignment_tablet=\u00a0\u00bbcenter\u00a0\u00bb button_alignment_phone=\u00a0\u00bbcenter\u00a0\u00bb button_alignment_last_edited=\u00a0\u00bbon|phone\u00a0\u00bb _builder_version=\u00a0\u00bb4.27.5&Prime; _module_preset=\u00a0\u00bbdefault\u00a0\u00bb custom_button=\u00a0\u00bbon\u00a0\u00bb button_text_color=\u00a0\u00bb#FFFFFF\u00a0\u00bb custom_margin=\u00a0\u00bb-50px||-35px||false|false\u00a0\u00bb custom_margin_tablet=\u00a0\u00bb-50px||-35px||false|false\u00a0\u00bb custom_margin_phone=\u00a0\u00bb-23px||||false|false\u00a0\u00bb custom_margin_last_edited=\u00a0\u00bbon|desktop\u00a0\u00bb global_colors_info=\u00a0\u00bb{}\u00a0\u00bb][\/et_pb_button][\/et_pb_column][\/et_pb_row][\/et_pb_section][et_pb_section fb_built=\u00a0\u00bb1&Prime; custom_padding_last_edited=\u00a0\u00bbon|phone\u00a0\u00bb module_id=\u00a0\u00bbcontact\u00a0\u00bb _builder_version=\u00a0\u00bb4.27.5&Prime; _module_preset=\u00a0\u00bbdefault\u00a0\u00bb use_background_color_gradient=\u00a0\u00bbon\u00a0\u00bb background_color_gradient_stops=\u00a0\u00bb#ffffff 0%|rgba(255,255,255,0.87) 99%\u00a0\u00bb background_color_gradient_overlays_image=\u00a0\u00bbon\u00a0\u00bb background_image=\u00a0\u00bbhttps:\/\/islamische-bestattung.de\/wp-content\/uploads\/2025\/11\/tempImagewTo3tn-1-Medium.jpeg\u00a0\u00bb custom_margin=\u00a0\u00bb0px||||false|false\u00a0\u00bb custom_padding=\u00a0\u00bb119px||119px||true|false\u00a0\u00bb custom_padding_tablet=\u00a0\u00bb60px||60px||true|false\u00a0\u00bb custom_padding_phone=\u00a0\u00bb51px||14px||false|false\u00a0\u00bb global_colors_info=\u00a0\u00bb{}\u00a0\u00bb][et_pb_row admin_label=\u00a0\u00bbZone de titre\u00a0\u00bb _builder_version=\u00a0\u00bb4.27.5&Prime; background_enable_image=\u00a0\u00bboff\u00a0\u00bb parallax=\u00a0\u00bbon\u00a0\u00bb parallax_method=\u00a0\u00bboff\u00a0\u00bb max_width=\u00a0\u00bb100%\u00a0\u00bb custom_padding=\u00a0\u00bb1px||1px||true|false\u00a0\u00bb locked=\u00a0\u00bboff\u00a0\u00bb global_colors_info=\u00a0\u00bb{}\u00a0\u00bb][et_pb_column type=\u00a0\u00bb4_4&Prime; _builder_version=\u00a0\u00bb4.16&Prime; custom_padding=\u00a0\u00bb|||\u00a0\u00bb global_colors_info=\u00a0\u00bb{}\u00a0\u00bb custom_padding__hover=\u00a0\u00bb|||\u00a0\u00bb][et_pb_text _builder_version=\u00a0\u00bb4.27.5&Prime; text_font=\u00a0\u00bb|||on|||||\u00a0\u00bb text_text_color=\u00a0\u00bb#333333&Prime; text_font_size=\u00a0\u00bb16px\u00a0\u00bb link_font=\u00a0\u00bb|600|||on||||\u00a0\u00bb link_text_color=\u00a0\u00bbrgba(12,12,12,0.59)\u00a0\u00bb header_font=\u00a0\u00bb||||||||\u00a0\u00bb header_2_font=\u00a0\u00bbAlice||||||||\u00a0\u00bb header_2_text_color=\u00a0\u00bb#333333&Prime; header_2_font_size=\u00a0\u00bb23px\u00a0\u00bb header_2_line_height=\u00a0\u00bb1.4em\u00a0\u00bb text_orientation=\u00a0\u00bbcenter\u00a0\u00bb background_layout=\u00a0\u00bbdark\u00a0\u00bb custom_margin=\u00a0\u00bb||41px|||\u00a0\u00bb text_font_size_tablet=\u00a0\u00bb16px\u00a0\u00bb text_font_size_phone=\u00a0\u00bb15px\u00a0\u00bb text_font_size_last_edited=\u00a0\u00bbon|phone\u00a0\u00bb global_colors_info=\u00a0\u00bb{}\u00a0\u00bb]<\/p>\n<p style=\"text-align: center;\">Contactez-nous<\/p>\n<p>[\/et_pb_text][et_pb_text admin_label=\u00a0\u00bbTitle\u00a0\u00bb _builder_version=\u00a0\u00bb4.27.5&Prime; text_font=\u00a0\u00bb||||||||\u00a0\u00bb header_font=\u00a0\u00bb||||||||\u00a0\u00bb header_2_font=\u00a0\u00bbAlice||||||||\u00a0\u00bb header_2_text_align=\u00a0\u00bbcenter\u00a0\u00bb header_2_font_size=\u00a0\u00bb42px\u00a0\u00bb header_2_line_height=\u00a0\u00bb1.3em\u00a0\u00bb custom_margin=\u00a0\u00bb||20px|\u00a0\u00bb animation_direction=\u00a0\u00bbtop\u00a0\u00bb header_2_font_size_tablet=\u00a0\u00bb42px\u00a0\u00bb header_2_font_size_phone=\u00a0\u00bb27px\u00a0\u00bb header_2_font_size_last_edited=\u00a0\u00bbon|phone\u00a0\u00bb global_colors_info=\u00a0\u00bb{}\u00a0\u00bb]<\/p>\n<h2>Al-Wasila \u2013 Votre \u00ab moyen \u00bb pour les enterrements islamiques<\/h2>\n<p>[\/et_pb_text][et_pb_text disabled_on=\u00a0\u00bboff|off|off\u00a0\u00bb _builder_version=\u00a0\u00bb4.27.5&Prime; text_font=\u00a0\u00bb||||||||\u00a0\u00bb text_font_size=\u00a0\u00bb16px\u00a0\u00bb text_line_height=\u00a0\u00bb1.8em\u00a0\u00bb custom_margin=\u00a0\u00bb||34px|||\u00a0\u00bb custom_margin_tablet=\u00a0\u00bb||34px|||\u00a0\u00bb custom_margin_phone=\u00a0\u00bb||0px||false|false\u00a0\u00bb custom_margin_last_edited=\u00a0\u00bbon|phone\u00a0\u00bb custom_padding=\u00a0\u00bb|||\u00a0\u00bb animation_direction=\u00a0\u00bbleft\u00a0\u00bb global_colors_info=\u00a0\u00bb{}\u00a0\u00bb]<\/p>\n<p style=\"text-align: center;\">Nous vous offrons des conseils gratuits en 5 langues : allemand, anglais, kurde, italien et serbe, 24 heures sur 24.<\/p>\n<p style=\"text-align: center;\">[\/et_pb_text][\/et_pb_column][\/et_pb_row][et_pb_row use_custom_gutter=\u00a0\u00bbon\u00a0\u00bb gutter_width=\u00a0\u00bb2&Prime; _builder_version=\u00a0\u00bb4.27.5&Prime; _module_preset=\u00a0\u00bbdefault\u00a0\u00bb max_width=\u00a0\u00bb100%\u00a0\u00bb custom_padding=\u00a0\u00bb0px|0px|0px|0px|false|false\u00a0\u00bb global_colors_info=\u00a0\u00bb{}\u00a0\u00bb][et_pb_column type=\u00a0\u00bb4_4&Prime; _builder_version=\u00a0\u00bb4.27.4&Prime; _module_preset=\u00a0\u00bbdefault\u00a0\u00bb global_colors_info=\u00a0\u00bb{}\u00a0\u00bb][et_pb_contact_form email=\u00a0\u00bbinfo@al-wasila.de\u00a0\u00bb custom_message=\u00a0\u00bbNom :||et_pb_line_break_holder||&#8212;&#8212;&#8212;&#8212;&#8212;&#8212;&#8212;&#8212;&#8212;&#8212;&#8212;&#8212;&#8212;&#8212;&#8212;&#8212;&#8212;||et_pb_line_break_holder||%%Name%%||et_pb_line_break_holder||||et_pb_line_break_holder||Adresse e-mail :||et_pb_line_break_holder||&#8212;&#8212;&#8212;&#8212;&#8212;&#8212;&#8212;&#8212;&#8212;&#8212;&#8212;&#8212;&#8212;&#8212;&#8212;&#8212;&#8212;||et_pb_line_break_holder||%%Email%%||et_pb_line_break_holder||||et_pb_line_break_holder||Message :||et_pb_line_break_holder||&#8212;&#8212;&#8212;&#8212;&#8212;&#8212;&#8212;&#8212;&#8212;&#8212;&#8212;&#8212;&#8212;&#8212;&#8212;&#8212;&#8212;||et_pb_line_break_holder||%%Nachricht%%||et_pb_line_break_holder||||et_pb_line_break_holder||D\u00e9claration de confidentialit\u00e9 :||et_pb_line_break_holder||&#8212;&#8212;&#8212;&#8212;&#8212;&#8212;&#8212;&#8212;&#8212;&#8212;&#8212;&#8212;&#8212;&#8212;&#8212;&#8212;&#8212;||et_pb_line_break_holder||%%Datenschutz%%||et_pb_line_break_holder||\u00a0\u00bb submit_button_text=\u00a0\u00bbEnvoyer\u00a0\u00bb module_id=\u00a0\u00bbet_pb_contact_form_0&Prime; _builder_version=\u00a0\u00bb4.27.5&Prime; form_field_background_color=\u00a0\u00bb#959d93&Prime; form_field_text_color=\u00a0\u00bb#FFFFFF\u00a0\u00bb title_font=\u00a0\u00bbAbril Fatface||||||||\u00a0\u00bb title_font_size=\u00a0\u00bb24px\u00a0\u00bb captcha_text_color=\u00a0\u00bb#515151&Prime; captcha_font_size=\u00a0\u00bb15px\u00a0\u00bb captcha_letter_spacing=\u00a0\u00bb4px\u00a0\u00bb captcha_line_height=\u00a0\u00bb1.8em\u00a0\u00bb form_field_font=\u00a0\u00bb||||||||\u00a0\u00bb form_field_font_size=\u00a0\u00bb17px\u00a0\u00bb form_field_letter_spacing=\u00a0\u00bb1px\u00a0\u00bb custom_button=\u00a0\u00bbon\u00a0\u00bb button_text_size=\u00a0\u00bb19px\u00a0\u00bb button_text_color=\u00a0\u00bb#FFFFFF\u00a0\u00bb button_bg_color=\u00a0\u00bb#959d93&Prime; button_border_width=\u00a0\u00bb0px\u00a0\u00bb button_border_color=\u00a0\u00bb#000000&Prime; button_border_radius=\u00a0\u00bb3px\u00a0\u00bb button_letter_spacing=\u00a0\u00bb1px\u00a0\u00bb button_font=\u00a0\u00bb&#8211;et_global_body_font|500||on|||||\u00a0\u00bb module_alignment=\u00a0\u00bbcenter\u00a0\u00bb custom_padding=\u00a0\u00bb|172px||172px|false|true\u00a0\u00bb custom_padding_tablet=\u00a0\u00bb|0px||0px|false|true\u00a0\u00bb custom_padding_phone=\u00a0\u00bb|0px||0px|false|true\u00a0\u00bb custom_padding_last_edited=\u00a0\u00bbon|phone\u00a0\u00bb border_width_all=\u00a0\u00bb1px\u00a0\u00bb border_color_all=\u00a0\u00bbrgba(0,0,0,0.12)\u00a0\u00bb form_background_color=\u00a0\u00bbrgba(255,255,255,0)\u00a0\u00bb global_colors_info=\u00a0\u00bb{}\u00a0\u00bb][et_pb_contact_field field_id=\u00a0\u00bbName\u00a0\u00bb field_title=\u00a0\u00bbVotre nom\u00a0\u00bb _builder_version=\u00a0\u00bb4.27.5&Prime; global_colors_info=\u00a0\u00bb{}\u00a0\u00bb button_text_size__hover_enabled=\u00a0\u00bboff\u00a0\u00bb button_one_text_size__hover_enabled=\u00a0\u00bboff\u00a0\u00bb button_two_text_size__hover_enabled=\u00a0\u00bboff\u00a0\u00bb button_text_color__hover_enabled=\u00a0\u00bboff\u00a0\u00bb button_one_text_color__hover_enabled=\u00a0\u00bboff\u00a0\u00bb button_two_text_color__hover_enabled=\u00a0\u00bboff\u00a0\u00bb button_border_width__hover_enabled=\u00a0\u00bboff\u00a0\u00bb button_one_border_width__hover_enabled=\u00a0\u00bboff\u00a0\u00bb button_two_border_width__hover_enabled=\u00a0\u00bboff\u00a0\u00bb button_border_color__hover_enabled=\u00a0\u00bboff\u00a0\u00bb button_one_border_color__hover_enabled=\u00a0\u00bboff\u00a0\u00bb button_two_border_color__hover_enabled=\u00a0\u00bboff\u00a0\u00bb button_border_radius__hover_enabled=\u00a0\u00bboff\u00a0\u00bb button_one_border_radius__hover_enabled=\u00a0\u00bboff\u00a0\u00bb button_two_border_radius__hover_enabled=\u00a0\u00bboff\u00a0\u00bb button_letter_spacing__hover_enabled=\u00a0\u00bboff\u00a0\u00bb button_one_letter_spacing__hover_enabled=\u00a0\u00bboff\u00a0\u00bb button_two_letter_spacing__hover_enabled=\u00a0\u00bboff\u00a0\u00bb button_bg_color__hover_enabled=\u00a0\u00bboff\u00a0\u00bb button_one_bg_color__hover_enabled=\u00a0\u00bboff\u00a0\u00bb button_two_bg_color__hover_enabled=\u00a0\u00bboff\u00a0\u00bb][\/et_pb_contact_field][et_pb_contact_field field_id=\u00a0\u00bbEmail\u00a0\u00bb field_title=\u00a0\u00bbVotre adresse e-mail\u00a0\u00bb field_type=\u00a0\u00bbemail\u00a0\u00bb _builder_version=\u00a0\u00bb4.27.5&Prime; global_colors_info=\u00a0\u00bb{}\u00a0\u00bb button_text_size__hover_enabled=\u00a0\u00bboff\u00a0\u00bb button_one_text_size__hover_enabled=\u00a0\u00bboff\u00a0\u00bb button_two_text_size__hover_enabled=\u00a0\u00bboff\u00a0\u00bb button_text_color__hover_enabled=\u00a0\u00bboff\u00a0\u00bb button_one_text_color__hover_enabled=\u00a0\u00bboff\u00a0\u00bb button_two_text_color__hover_enabled=\u00a0\u00bboff\u00a0\u00bb button_border_width__hover_enabled=\u00a0\u00bboff\u00a0\u00bb button_one_border_width__hover_enabled=\u00a0\u00bboff\u00a0\u00bb button_two_border_width__hover_enabled=\u00a0\u00bboff\u00a0\u00bb button_border_color__hover_enabled=\u00a0\u00bboff\u00a0\u00bb button_one_border_color__hover_enabled=\u00a0\u00bboff\u00a0\u00bb button_two_border_color__hover_enabled=\u00a0\u00bboff\u00a0\u00bb button_border_radius__hover_enabled=\u00a0\u00bboff\u00a0\u00bb button_one_border_radius__hover_enabled=\u00a0\u00bboff\u00a0\u00bb button_two_border_radius__hover_enabled=\u00a0\u00bboff\u00a0\u00bb button_letter_spacing__hover_enabled=\u00a0\u00bboff\u00a0\u00bb button_one_letter_spacing__hover_enabled=\u00a0\u00bboff\u00a0\u00bb button_two_letter_spacing__hover_enabled=\u00a0\u00bboff\u00a0\u00bb button_bg_color__hover_enabled=\u00a0\u00bboff\u00a0\u00bb button_one_bg_color__hover_enabled=\u00a0\u00bboff\u00a0\u00bb button_two_bg_color__hover_enabled=\u00a0\u00bboff\u00a0\u00bb][\/et_pb_contact_field][et_pb_contact_field field_id=\u00a0\u00bbNachricht\u00a0\u00bb field_title=\u00a0\u00bbVotre message\u00a0\u00bb field_type=\u00a0\u00bbtext\u00a0\u00bb fullwidth_field=\u00a0\u00bbon\u00a0\u00bb _builder_version=\u00a0\u00bb4.27.5&Prime; _module_preset=\u00a0\u00bbdefault\u00a0\u00bb global_colors_info=\u00a0\u00bb{}\u00a0\u00bb][\/et_pb_contact_field][et_pb_contact_field field_id=\u00a0\u00bbDatenschutz\u00a0\u00bb field_title=\u00a0\u00bbConfidentialit\u00e9\u00a0\u00bb field_type=\u00a0\u00bbcheckbox\u00a0\u00bb checkbox_options=\u00a0\u00bb%91{%22value%22:%22J&rsquo;accepte que les informations que j&rsquo;ai soumises soient stock\u00e9es afin que ma demande puisse \u00eatre trait\u00e9e.%22,%22checked%22:0,%22dragID%22:-1}%93&Prime; fullwidth_field=\u00a0\u00bbon\u00a0\u00bb _builder_version=\u00a0\u00bb4.27.5&Prime; _module_preset=\u00a0\u00bbdefault\u00a0\u00bb form_field_text_color=\u00a0\u00bb#636363&Prime; global_colors_info=\u00a0\u00bb{}\u00a0\u00bb][\/et_pb_contact_field][\/et_pb_contact_form][\/et_pb_column][\/et_pb_row][et_pb_row column_structure=\u00a0\u00bb2_5,3_5&Prime; use_custom_gutter=\u00a0\u00bbon\u00a0\u00bb gutter_width=\u00a0\u00bb1&Prime; custom_padding_last_edited=\u00a0\u00bbon|phone\u00a0\u00bb _builder_version=\u00a0\u00bb4.27.5&Prime; _module_preset=\u00a0\u00bbdefault\u00a0\u00bb width=\u00a0\u00bb60%\u00a0\u00bb width_tablet=\u00a0\u00bb80%\u00a0\u00bb width_phone=\u00a0\u00bb80%\u00a0\u00bb width_last_edited=\u00a0\u00bbon|phone\u00a0\u00bb max_width=\u00a0\u00bb100%\u00a0\u00bb custom_margin=\u00a0\u00bb30px|auto|0px|auto|false|false\u00a0\u00bb custom_margin_tablet=\u00a0\u00bb30px|auto|0px|auto|false|false\u00a0\u00bb custom_margin_phone=\u00a0\u00bb44px||||false|false\u00a0\u00bb custom_margin_last_edited=\u00a0\u00bbon|phone\u00a0\u00bb custom_padding=\u00a0\u00bb0px|0px|0px|0px|false|false\u00a0\u00bb custom_padding_tablet=\u00a0\u00bb0px|0px|0px|0px|false|false\u00a0\u00bb custom_padding_phone=\u00a0\u00bb0px|0px|0px|0px|false|false\u00a0\u00bb global_colors_info=\u00a0\u00bb{}\u00a0\u00bb][et_pb_column type=\u00a0\u00bb2_5&Prime; _builder_version=\u00a0\u00bb4.27.4&Prime; _module_preset=\u00a0\u00bbdefault\u00a0\u00bb global_colors_info=\u00a0\u00bb{}\u00a0\u00bb][et_pb_text disabled_on=\u00a0\u00bboff|off|off\u00a0\u00bb _builder_version=\u00a0\u00bb4.27.6&Prime; text_font=\u00a0\u00bb||||||||\u00a0\u00bb text_font_size=\u00a0\u00bb16px\u00a0\u00bb text_letter_spacing=\u00a0\u00bb1px\u00a0\u00bb text_line_height=\u00a0\u00bb1.8em\u00a0\u00bb link_font=\u00a0\u00bb|600|||||||\u00a0\u00bb link_text_color=\u00a0\u00bb#c1a01d\u00a0\u00bb custom_margin=\u00a0\u00bb||34px|||\u00a0\u00bb custom_padding=\u00a0\u00bb|||\u00a0\u00bb animation_direction=\u00a0\u00bbleft\u00a0\u00bb global_colors_info=\u00a0\u00bb{}\u00a0\u00bb]<\/p>\n<p style=\"text-align: left;\"><strong>Coordonn\u00e9es :<\/strong><br \/>\nT\u00e9l\u00e9phone :<span> <\/span><a href=\"tel:+4945139733733\">0451 \/ 39 733 733<\/a><br \/>\nMobile : <a href=\"tel:+491602255225\">0160 \/ 22 55 22 5<\/a><br \/>\nFax :<span> <\/span><a href=\"fax:+4945158596500\">0451 \/ 58 59 65 00<\/a><\/p>\n<p>[\/et_pb_text][\/et_pb_column][et_pb_column type=\u00a0\u00bb3_5&Prime; _builder_version=\u00a0\u00bb4.27.4&Prime; _module_preset=\u00a0\u00bbdefault\u00a0\u00bb global_colors_info=\u00a0\u00bb{}\u00a0\u00bb][et_pb_text disabled_on=\u00a0\u00bboff|off|off\u00a0\u00bb _builder_version=\u00a0\u00bb4.27.5&Prime; text_font=\u00a0\u00bb||||||||\u00a0\u00bb text_font_size=\u00a0\u00bb16px\u00a0\u00bb text_letter_spacing=\u00a0\u00bb1px\u00a0\u00bb text_line_height=\u00a0\u00bb1.8em\u00a0\u00bb link_font=\u00a0\u00bb|600|||||||\u00a0\u00bb link_text_color=\u00a0\u00bb#c1a01d\u00a0\u00bb custom_margin=\u00a0\u00bb||34px|||\u00a0\u00bb custom_padding=\u00a0\u00bb|||\u00a0\u00bb animation_direction=\u00a0\u00bbleft\u00a0\u00bb global_colors_info=\u00a0\u00bb{}\u00a0\u00bb]<\/p>\n<p style=\"text-align: left;\"><strong>Adresse :<\/strong><br \/><a href=\"https:\/\/maps.app.goo.gl\/QYVLFHANyv7h4Ecm9\">Ratzeburger Allee 31<\/a><br \/><a href=\"https:\/\/maps.app.goo.gl\/QYVLFHANyv7h4Ecm9\">23562 L\u00fcbeck<\/a><br \/>Allemagne<\/p>\n<p>[\/et_pb_text][\/et_pb_column][\/et_pb_row][\/et_pb_section][et_pb_section fb_built=\u00a0\u00bb1&Prime; custom_padding_last_edited=\u00a0\u00bbon|phone\u00a0\u00bb module_id=\u00a0\u00bbmseelsorge\u00a0\u00bb _builder_version=\u00a0\u00bb4.27.5&Prime; _module_preset=\u00a0\u00bbdefault\u00a0\u00bb background_color=\u00a0\u00bb#959d93&Prime; background_enable_image=\u00a0\u00bboff\u00a0\u00bb custom_margin=\u00a0\u00bb0px||||false|false\u00a0\u00bb custom_margin_tablet=\u00a0\u00bb0px||0px||false|false\u00a0\u00bb custom_margin_phone=\u00a0\u00bb0px||||false|false\u00a0\u00bb custom_margin_last_edited=\u00a0\u00bbon|phone\u00a0\u00bb custom_padding=\u00a0\u00bb27px|100px|87px|100px|false|true\u00a0\u00bb custom_padding_tablet=\u00a0\u00bb4px|0px|50px|0px|false|true\u00a0\u00bb custom_padding_phone=\u00a0\u00bb4px|0px|65px|0px|false|true\u00a0\u00bb global_colors_info=\u00a0\u00bb{}\u00a0\u00bb][et_pb_row column_structure=\u00a0\u00bb1_2,1_2&Prime; use_custom_gutter=\u00a0\u00bbon\u00a0\u00bb gutter_width=\u00a0\u00bb2&Prime; admin_label=\u00a0\u00bbZone de titre\u00a0\u00bb module_id=\u00a0\u00bbmseelsorge\u00a0\u00bb _builder_version=\u00a0\u00bb4.27.5&Prime; background_enable_image=\u00a0\u00bboff\u00a0\u00bb parallax=\u00a0\u00bbon\u00a0\u00bb parallax_method=\u00a0\u00bboff\u00a0\u00bb max_width=\u00a0\u00bb100%\u00a0\u00bb custom_margin=\u00a0\u00bb10px|auto||auto|false|false\u00a0\u00bb custom_padding=\u00a0\u00bb46px||4px||false|false\u00a0\u00bb locked=\u00a0\u00bboff\u00a0\u00bb global_colors_info=\u00a0\u00bb{}\u00a0\u00bb][et_pb_column type=\u00a0\u00bb1_2&Prime; _builder_version=\u00a0\u00bb4.16&Prime; custom_padding=\u00a0\u00bb|||\u00a0\u00bb global_colors_info=\u00a0\u00bb{}\u00a0\u00bb custom_padding__hover=\u00a0\u00bb|||\u00a0\u00bb][et_pb_text _builder_version=\u00a0\u00bb4.27.5&Prime; text_font=\u00a0\u00bb|||on|||||\u00a0\u00bb text_text_color=\u00a0\u00bb#FFFFFF\u00a0\u00bb text_font_size=\u00a0\u00bb16px\u00a0\u00bb link_font=\u00a0\u00bb|600|||on||||\u00a0\u00bb link_text_color=\u00a0\u00bbrgba(12,12,12,0.59)\u00a0\u00bb header_font=\u00a0\u00bb||||||||\u00a0\u00bb header_2_font=\u00a0\u00bbAlice||||||||\u00a0\u00bb header_2_text_color=\u00a0\u00bb#333333&Prime; header_2_font_size=\u00a0\u00bb23px\u00a0\u00bb header_2_line_height=\u00a0\u00bb1.4em\u00a0\u00bb background_layout=\u00a0\u00bbdark\u00a0\u00bb global_colors_info=\u00a0\u00bb{}\u00a0\u00bb]<\/p>\n<p style=\"text-align: left;\">Aum\u00f4nerie musulmane<\/p>\n<p>[\/et_pb_text][et_pb_text admin_label=\u00a0\u00bbTitle\u00a0\u00bb _builder_version=\u00a0\u00bb4.27.5&Prime; text_font=\u00a0\u00bb||||||||\u00a0\u00bb text_text_color=\u00a0\u00bb#000000&Prime; header_font=\u00a0\u00bb||||||||\u00a0\u00bb header_2_font=\u00a0\u00bbAlice||||||||\u00a0\u00bb header_2_text_align=\u00a0\u00bbleft\u00a0\u00bb header_2_text_color=\u00a0\u00bb#FFFFFF\u00a0\u00bb header_2_font_size=\u00a0\u00bb27px\u00a0\u00bb header_2_line_height=\u00a0\u00bb1.3em\u00a0\u00bb custom_margin=\u00a0\u00bb||20px|\u00a0\u00bb animation_style=\u00a0\u00bbslide\u00a0\u00bb animation_direction=\u00a0\u00bbtop\u00a0\u00bb animation_intensity_slide=\u00a0\u00bb30%\u00a0\u00bb animation_starting_opacity=\u00a0\u00bb100%\u00a0\u00bb global_colors_info=\u00a0\u00bb{}\u00a0\u00bb]<\/p>\n<h2 style=\"text-align: left;\">Nous sommes l\u00e0 pour vous<\/h2>\n<p>[\/et_pb_text][et_pb_text _builder_version=\u00a0\u00bb4.27.5&Prime; text_font=\u00a0\u00bb||||||||\u00a0\u00bb text_text_color=\u00a0\u00bb#FFFFFF\u00a0\u00bb text_font_size=\u00a0\u00bb16px\u00a0\u00bb text_line_height=\u00a0\u00bb1.8em\u00a0\u00bb custom_margin=\u00a0\u00bb||33px|||\u00a0\u00bb custom_padding=\u00a0\u00bb|||\u00a0\u00bb animation_style=\u00a0\u00bbslide\u00a0\u00bb animation_direction=\u00a0\u00bbleft\u00a0\u00bb animation_intensity_slide=\u00a0\u00bb5%\u00a0\u00bb animation_starting_opacity=\u00a0\u00bb100%\u00a0\u00bb global_colors_info=\u00a0\u00bb{}\u00a0\u00bb]<\/p>\n<p style=\"text-align: left;\">Contactez-nous pour des conseils empreints de compassion et professionnels dans les moments difficiles.<\/p>\n<p>[\/et_pb_text][et_pb_text _builder_version=\u00a0\u00bb4.27.5&Prime; text_font=\u00a0\u00bb||||||||\u00a0\u00bb text_text_color=\u00a0\u00bb#FFFFFF\u00a0\u00bb text_font_size=\u00a0\u00bb16px\u00a0\u00bb text_line_height=\u00a0\u00bb2.1em\u00a0\u00bb ul_text_align=\u00a0\u00bbleft\u00a0\u00bb ul_line_height=\u00a0\u00bb2.1em\u00a0\u00bb custom_margin=\u00a0\u00bb||18px|||\u00a0\u00bb custom_padding=\u00a0\u00bb|||\u00a0\u00bb animation_style=\u00a0\u00bbslide\u00a0\u00bb animation_direction=\u00a0\u00bbleft\u00a0\u00bb animation_intensity_slide=\u00a0\u00bb5%\u00a0\u00bb animation_starting_opacity=\u00a0\u00bb100%\u00a0\u00bb global_colors_info=\u00a0\u00bb{}\u00a0\u00bb]<\/p>\n<ul>\n<li>Accompagnement de deuil et de crise<\/li>\n<li>Accompagnement spirituel et religieux<\/li>\n<li>Accompagnement en cas de maladie et de d\u00e9c\u00e8s<\/li>\n<li>Famille et d\u00e9fis sociaux<\/li>\n<\/ul>\n<p>[\/et_pb_text][et_pb_button button_url=\u00a0\u00bbhttps:\/\/islamische-bestattung.de\/fr\/accompagnement-de-deuil-et-assistance-spirituelle-musulmane\/\u00a0\u00bb button_text=\u00a0\u00bbEn savoir plus\u00a0\u00bb button_alignment=\u00a0\u00bbleft\u00a0\u00bb button_alignment_tablet=\u00a0\u00bbcenter\u00a0\u00bb button_alignment_phone=\u00a0\u00bbcenter\u00a0\u00bb button_alignment_last_edited=\u00a0\u00bbon|desktop\u00a0\u00bb disabled_on=\u00a0\u00bboff|off|off\u00a0\u00bb _builder_version=\u00a0\u00bb4.27.5&Prime; _module_preset=\u00a0\u00bbdefault\u00a0\u00bb custom_button=\u00a0\u00bbon\u00a0\u00bb button_text_color=\u00a0\u00bb#FFFFFF\u00a0\u00bb locked=\u00a0\u00bboff\u00a0\u00bb global_colors_info=\u00a0\u00bb{}\u00a0\u00bb][\/et_pb_button][\/et_pb_column][et_pb_column type=\u00a0\u00bb1_2&Prime; _builder_version=\u00a0\u00bb4.16&Prime; custom_padding=\u00a0\u00bb|||\u00a0\u00bb global_colors_info=\u00a0\u00bb{}\u00a0\u00bb custom_padding__hover=\u00a0\u00bb|||\u00a0\u00bb][et_pb_image src=\u00a0\u00bbhttps:\/\/islamische-bestattung.de\/wp-content\/uploads\/2025\/12\/wasila-img11.jpg\u00a0\u00bb title_text=\u00a0\u00bbwasila-img11&Prime; align_tablet=\u00a0\u00bb\u00a0\u00bb align_phone=\u00a0\u00bbcenter\u00a0\u00bb align_last_edited=\u00a0\u00bbon|phone\u00a0\u00bb _builder_version=\u00a0\u00bb4.27.5&Prime; _module_preset=\u00a0\u00bbdefault\u00a0\u00bb width=\u00a0\u00bb100%\u00a0\u00bb width_tablet=\u00a0\u00bb78%\u00a0\u00bb width_phone=\u00a0\u00bb78%\u00a0\u00bb width_last_edited=\u00a0\u00bbon|tablet\u00a0\u00bb module_alignment_tablet=\u00a0\u00bbcenter\u00a0\u00bb module_alignment_phone=\u00a0\u00bbcenter\u00a0\u00bb module_alignment_last_edited=\u00a0\u00bbon|tablet\u00a0\u00bb global_colors_info=\u00a0\u00bb{}\u00a0\u00bb][\/et_pb_image][\/et_pb_column][\/et_pb_row][et_pb_row column_structure=\u00a0\u00bb1_2,1_2&Prime; use_custom_gutter=\u00a0\u00bbon\u00a0\u00bb gutter_width=\u00a0\u00bb2&Prime; custom_padding_last_edited=\u00a0\u00bbon|tablet\u00a0\u00bb _builder_version=\u00a0\u00bb4.27.5&Prime; _module_preset=\u00a0\u00bbdefault\u00a0\u00bb custom_margin_tablet=\u00a0\u00bb\u00a0\u00bb custom_margin_phone=\u00a0\u00bb\u00a0\u00bb custom_margin_last_edited=\u00a0\u00bbon|tablet\u00a0\u00bb custom_padding=\u00a0\u00bb63px||0px||false|false\u00a0\u00bb custom_padding_tablet=\u00a0\u00bb42px||0px||false|false\u00a0\u00bb custom_padding_phone=\u00a0\u00bb47px||0px||false|false\u00a0\u00bb global_colors_info=\u00a0\u00bb{}\u00a0\u00bb][et_pb_column type=\u00a0\u00bb1_2&Prime; _builder_version=\u00a0\u00bb4.27.4&Prime; _module_preset=\u00a0\u00bbdefault\u00a0\u00bb global_colors_info=\u00a0\u00bb{}\u00a0\u00bb][et_pb_button button_url=\u00a0\u00bbtel:+4945139733733&Prime; button_text=\u00a0\u00bbAppeler\u00a0\u00bb button_alignment=\u00a0\u00bbright\u00a0\u00bb button_alignment_tablet=\u00a0\u00bbcenter\u00a0\u00bb button_alignment_phone=\u00a0\u00bbcenter\u00a0\u00bb button_alignment_last_edited=\u00a0\u00bbon|desktop\u00a0\u00bb _builder_version=\u00a0\u00bb4.27.5&Prime; _module_preset=\u00a0\u00bbdefault\u00a0\u00bb custom_button=\u00a0\u00bbon\u00a0\u00bb button_text_color=\u00a0\u00bb#FFFFFF\u00a0\u00bb global_colors_info=\u00a0\u00bb{}\u00a0\u00bb][\/et_pb_button][\/et_pb_column][et_pb_column type=\u00a0\u00bb1_2&Prime; _builder_version=\u00a0\u00bb4.27.4&Prime; _module_preset=\u00a0\u00bbdefault\u00a0\u00bb global_colors_info=\u00a0\u00bb{}\u00a0\u00bb][et_pb_button button_url=\u00a0\u00bbmailto:info@al-wasila.de\u00a0\u00bb button_text=\u00a0\u00bbE-mail\u00a0\u00bb button_alignment=\u00a0\u00bbleft\u00a0\u00bb button_alignment_tablet=\u00a0\u00bbcenter\u00a0\u00bb button_alignment_phone=\u00a0\u00bbcenter\u00a0\u00bb button_alignment_last_edited=\u00a0\u00bbon|desktop\u00a0\u00bb _builder_version=\u00a0\u00bb4.27.5&Prime; _module_preset=\u00a0\u00bbdefault\u00a0\u00bb custom_button=\u00a0\u00bbon\u00a0\u00bb button_text_color=\u00a0\u00bb#FFFFFF\u00a0\u00bb global_colors_info=\u00a0\u00bb{}\u00a0\u00bb][\/et_pb_button][\/et_pb_column][\/et_pb_row][\/et_pb_section][et_pb_section fb_built=\u00a0\u00bb1&Prime; custom_padding_last_edited=\u00a0\u00bbon|phone\u00a0\u00bb module_id=\u00a0\u00bbmseelsorge\u00a0\u00bb _builder_version=\u00a0\u00bb4.27.5&Prime; _module_preset=\u00a0\u00bbdefault\u00a0\u00bb background_enable_color=\u00a0\u00bboff\u00a0\u00bb background_enable_image=\u00a0\u00bboff\u00a0\u00bb custom_margin=\u00a0\u00bb0px||||false|false\u00a0\u00bb custom_margin_tablet=\u00a0\u00bb0px||0px||false|false\u00a0\u00bb custom_margin_phone=\u00a0\u00bb0px||||false|false\u00a0\u00bb custom_margin_last_edited=\u00a0\u00bbon|phone\u00a0\u00bb custom_padding=\u00a0\u00bb27px|100px|87px|100px|false|true\u00a0\u00bb custom_padding_tablet=\u00a0\u00bb4px|0px|50px|0px|false|true\u00a0\u00bb custom_padding_phone=\u00a0\u00bb4px|0px|65px|0px|false|true\u00a0\u00bb global_colors_info=\u00a0\u00bb{}\u00a0\u00bb][et_pb_row module_id=\u00a0\u00bbfaq\u00a0\u00bb _builder_version=\u00a0\u00bb4.27.5&Prime; _module_preset=\u00a0\u00bbdefault\u00a0\u00bb max_width=\u00a0\u00bb100%\u00a0\u00bb custom_padding=\u00a0\u00bb67px|||||\u00a0\u00bb global_colors_info=\u00a0\u00bb{}\u00a0\u00bb][et_pb_column type=\u00a0\u00bb4_4&Prime; _builder_version=\u00a0\u00bb4.27.5&Prime; _module_preset=\u00a0\u00bbdefault\u00a0\u00bb global_colors_info=\u00a0\u00bb{}\u00a0\u00bb][et_pb_text admin_label=\u00a0\u00bbTitle\u00a0\u00bb _builder_version=\u00a0\u00bb4.27.5&Prime; text_font=\u00a0\u00bb||||||||\u00a0\u00bb header_font=\u00a0\u00bb||||||||\u00a0\u00bb header_2_font=\u00a0\u00bbAlice||||||||\u00a0\u00bb header_2_text_align=\u00a0\u00bbcenter\u00a0\u00bb header_2_font_size=\u00a0\u00bb42px\u00a0\u00bb header_2_line_height=\u00a0\u00bb1.3em\u00a0\u00bb custom_margin=\u00a0\u00bb||30px|||\u00a0\u00bb animation_direction=\u00a0\u00bbtop\u00a0\u00bb header_2_font_size_tablet=\u00a0\u00bb42px\u00a0\u00bb header_2_font_size_phone=\u00a0\u00bb27px\u00a0\u00bb header_2_font_size_last_edited=\u00a0\u00bbon|phone\u00a0\u00bb global_colors_info=\u00a0\u00bb{}\u00a0\u00bb]<\/p>\n<h2>Foire aux questions \u2013 FAQ<\/h2>\n<p>[\/et_pb_text][et_pb_toggle title=\u00a0\u00bbQu&rsquo;est-ce qu&rsquo;un enterrement islamique en Allemagne ?\u00a0\u00bb closed_toggle_background_color=\u00a0\u00bb#f9f9f9&Prime; icon_color=\u00a0\u00bb#686868&Prime; use_icon_font_size=\u00a0\u00bbon\u00a0\u00bb icon_font_size=\u00a0\u00bb20px\u00a0\u00bb open_icon_color=\u00a0\u00bb#bababa\u00a0\u00bb _builder_version=\u00a0\u00bb4.27.5&Prime; _module_preset=\u00a0\u00bbdefault\u00a0\u00bb title_font=\u00a0\u00bb|600|||||||\u00a0\u00bb body_font_size=\u00a0\u00bb15px\u00a0\u00bb custom_margin=\u00a0\u00bb||0px||false|false\u00a0\u00bb global_colors_info=\u00a0\u00bb{}\u00a0\u00bb]<\/p>\n<p>Un enterrement islamique en Allemagne suit les rites religieux : ablution rituelle (Ghusl), linceul (Kaffan), pri\u00e8re mortuaire (Salat al-Dschanaza) et inhumation dans la tombe \u2013 en direction de La Mecque.<\/p>\n<p>[\/et_pb_toggle][et_pb_toggle title=\u00a0\u00bbUn enterrement islamique est-il autoris\u00e9 en Allemagne ?\u00a0\u00bb closed_toggle_background_color=\u00a0\u00bbRGBA(255,255,255,0)\u00a0\u00bb icon_color=\u00a0\u00bb#686868&Prime; use_icon_font_size=\u00a0\u00bbon\u00a0\u00bb icon_font_size=\u00a0\u00bb20px\u00a0\u00bb open_icon_color=\u00a0\u00bb#bababa\u00a0\u00bb _builder_version=\u00a0\u00bb4.27.5&Prime; _module_preset=\u00a0\u00bbdefault\u00a0\u00bb title_font=\u00a0\u00bb|600|||||||\u00a0\u00bb body_font_size=\u00a0\u00bb15px\u00a0\u00bb custom_margin=\u00a0\u00bb||0px||false|false\u00a0\u00bb global_colors_info=\u00a0\u00bb{}\u00a0\u00bb]<\/p>\n<p>Oui, les enterrements islamiques sont autoris\u00e9s en Allemagne. La mise en \u0153uvre concr\u00e8te d\u00e9pend des exigences de chaque \u00c9tat f\u00e9d\u00e9ral et des r\u00e8glements du cimeti\u00e8re. <\/p>\n<p>[\/et_pb_toggle][et_pb_toggle title=\u00a0\u00bbUn enterrement islamique sans cercueil (Kaffan) est-il possible ?\u00a0\u00bb closed_toggle_background_color=\u00a0\u00bb#f9f9f9&Prime; icon_color=\u00a0\u00bb#686868&Prime; use_icon_font_size=\u00a0\u00bbon\u00a0\u00bb icon_font_size=\u00a0\u00bb20px\u00a0\u00bb open_icon_color=\u00a0\u00bb#bababa\u00a0\u00bb _builder_version=\u00a0\u00bb4.27.5&Prime; _module_preset=\u00a0\u00bbdefault\u00a0\u00bb title_font=\u00a0\u00bb|600|||||||\u00a0\u00bb body_font_size=\u00a0\u00bb15px\u00a0\u00bb custom_margin=\u00a0\u00bb||0px||false|false\u00a0\u00bb global_colors_info=\u00a0\u00bb{}\u00a0\u00bb]<\/p>\n<div dir=\"auto\">Dans certaines r\u00e9gions d&rsquo;Allemagne, un enterrement islamique sans cercueil est possible si l&rsquo;\u00c9tat f\u00e9d\u00e9ral et les r\u00e8glements du cimeti\u00e8re le permettent. L&rsquo;inhumation se fait alors dans le linceul (Kaffan). <\/div>\n<p>[\/et_pb_toggle][et_pb_toggle title=\u00a0\u00bbDans quel d\u00e9lai un enterrement islamique doit-il avoir lieu ?\u00a0\u00bb closed_toggle_background_color=\u00a0\u00bbRGBA(255,255,255,0)\u00a0\u00bb icon_color=\u00a0\u00bb#686868&Prime; use_icon_font_size=\u00a0\u00bbon\u00a0\u00bb icon_font_size=\u00a0\u00bb20px\u00a0\u00bb open_icon_color=\u00a0\u00bb#bababa\u00a0\u00bb _builder_version=\u00a0\u00bb4.27.5&Prime; _module_preset=\u00a0\u00bbdefault\u00a0\u00bb title_font=\u00a0\u00bb|600|||||||\u00a0\u00bb body_font_size=\u00a0\u00bb15px\u00a0\u00bb custom_margin=\u00a0\u00bb||0px||false|false\u00a0\u00bb global_colors_info=\u00a0\u00bb{}\u00a0\u00bb]<\/p>\n<div dir=\"auto\"><span>Dans l&rsquo;islam, un enterrement rapide est pr\u00e9vu. En Allemagne, cependant, des d\u00e9lais l\u00e9gaux et des proc\u00e9dures organisationnelles d\u00e9terminent \u00e9galement le moment de l&rsquo;enterrement. <\/span><\/div>\n<p>[\/et_pb_toggle][et_pb_toggle title=\u00a0\u00bbComment se d\u00e9roule l&rsquo;ablution rituelle (Ghusl) ?\u00a0\u00bb closed_toggle_background_color=\u00a0\u00bb#f9f9f9&Prime; icon_color=\u00a0\u00bb#686868&Prime; use_icon_font_size=\u00a0\u00bbon\u00a0\u00bb icon_font_size=\u00a0\u00bb20px\u00a0\u00bb open_icon_color=\u00a0\u00bb#bababa\u00a0\u00bb _builder_version=\u00a0\u00bb4.27.5&Prime; _module_preset=\u00a0\u00bbdefault\u00a0\u00bb title_font=\u00a0\u00bb|600|||||||\u00a0\u00bb body_font_size=\u00a0\u00bb15px\u00a0\u00bb custom_margin=\u00a0\u00bb||0px||false|false\u00a0\u00bb global_colors_info=\u00a0\u00bb{}\u00a0\u00bb]<\/p>\n<div dir=\"auto\"><span>L&rsquo;ablution rituelle (Ghusl) est effectu\u00e9e selon les r\u00e8gles islamiques, g\u00e9n\u00e9ralement par des personnes du m\u00eame sexe. L&rsquo;objectif est la puret\u00e9 rituelle avant la pri\u00e8re mortuaire et l&rsquo;enterrement. <\/span><\/div>\n<p>[\/et_pb_toggle][et_pb_toggle title=\u00a0\u00bbQu&rsquo;est-ce que le Kaffan lors d&rsquo;un enterrement islamique ?\u00a0\u00bb closed_toggle_background_color=\u00a0\u00bbRGBA(255,255,255,0)\u00a0\u00bb icon_color=\u00a0\u00bb#686868&Prime; use_icon_font_size=\u00a0\u00bbon\u00a0\u00bb icon_font_size=\u00a0\u00bb20px\u00a0\u00bb open_icon_color=\u00a0\u00bb#bababa\u00a0\u00bb _builder_version=\u00a0\u00bb4.27.5&Prime; _module_preset=\u00a0\u00bbdefault\u00a0\u00bb title_font=\u00a0\u00bb|600|||||||\u00a0\u00bb body_font_size=\u00a0\u00bb15px\u00a0\u00bb custom_margin=\u00a0\u00bb||0px||false|false\u00a0\u00bb global_colors_info=\u00a0\u00bb{}\u00a0\u00bb]<\/p>\n<div dir=\"auto\"><span>Le Kaffan est le linceul islamique, g\u00e9n\u00e9ralement blanc et simple. Le d\u00e9funt y est envelopp\u00e9 apr\u00e8s l&rsquo;ablution, puis enterr\u00e9 \u2013 selon les r\u00e8gles locales, avec ou sans cercueil. <\/span><\/div>\n<p>[\/et_pb_toggle][et_pb_toggle title=\u00a0\u00bbQu&rsquo;est-ce que la pri\u00e8re mortuaire (Salat al-Dschanaza) ?\u00a0\u00bb closed_toggle_background_color=\u00a0\u00bb#f9f9f9&Prime; icon_color=\u00a0\u00bb#686868&Prime; use_icon_font_size=\u00a0\u00bbon\u00a0\u00bb icon_font_size=\u00a0\u00bb20px\u00a0\u00bb open_icon_color=\u00a0\u00bb#bababa\u00a0\u00bb _builder_version=\u00a0\u00bb4.27.5&Prime; _module_preset=\u00a0\u00bbdefault\u00a0\u00bb title_font=\u00a0\u00bb|600|||||||\u00a0\u00bb body_font_size=\u00a0\u00bb15px\u00a0\u00bb custom_margin=\u00a0\u00bb||0px||false|false\u00a0\u00bb global_colors_info=\u00a0\u00bb{}\u00a0\u00bb]<\/p>\n<div dir=\"auto\"><span>La pri\u00e8re mortuaire (Salat al-Dschanaza) est une pri\u00e8re de supplication collective pour le d\u00e9funt. Elle est effectu\u00e9e avant l&rsquo;enterrement et constitue un \u00e9l\u00e9ment central de l&rsquo;enterrement islamique. <\/span><\/div>\n<p>[\/et_pb_toggle][et_pb_toggle title=\u00a0\u00bbExiste-t-il des carr\u00e9s musulmans en Allemagne ?\u00a0\u00bb closed_toggle_background_color=\u00a0\u00bbRGBA(255,255,255,0)\u00a0\u00bb icon_color=\u00a0\u00bb#686868&Prime; use_icon_font_size=\u00a0\u00bbon\u00a0\u00bb icon_font_size=\u00a0\u00bb20px\u00a0\u00bb open_icon_color=\u00a0\u00bb#bababa\u00a0\u00bb _builder_version=\u00a0\u00bb4.27.5&Prime; _module_preset=\u00a0\u00bbdefault\u00a0\u00bb title_font=\u00a0\u00bb|600|||||||\u00a0\u00bb body_font_size=\u00a0\u00bb15px\u00a0\u00bb custom_margin=\u00a0\u00bb||0px||false|false\u00a0\u00bb global_colors_info=\u00a0\u00bb{}\u00a0\u00bb]<\/p>\n<div dir=\"auto\"><span>De nombreux cimeti\u00e8res en Allemagne proposent des carr\u00e9s musulmans. Les enterrements selon les rites islamiques y sont souvent plus faciles \u00e0 r\u00e9aliser, par exemple gr\u00e2ce \u00e0 une orientation et des r\u00e9glementations appropri\u00e9es. <\/span><\/div>\n<p>[\/et_pb_toggle][et_pb_toggle title=\u00a0\u00bbCombien co\u00fbte un enterrement islamique en Allemagne ?\u00a0\u00bb closed_toggle_background_color=\u00a0\u00bb#f9f9f9&Prime; icon_color=\u00a0\u00bb#686868&Prime; use_icon_font_size=\u00a0\u00bbon\u00a0\u00bb icon_font_size=\u00a0\u00bb20px\u00a0\u00bb open_icon_color=\u00a0\u00bb#bababa\u00a0\u00bb _builder_version=\u00a0\u00bb4.27.5&Prime; _module_preset=\u00a0\u00bbdefault\u00a0\u00bb title_font=\u00a0\u00bb|600|||||||\u00a0\u00bb body_font_size=\u00a0\u00bb15px\u00a0\u00bb custom_margin=\u00a0\u00bb||0px||false|false\u00a0\u00bb global_colors_info=\u00a0\u00bb{}\u00a0\u00bb]<\/p>\n<div dir=\"auto\"><span>Les co\u00fbts d&rsquo;un enterrement islamique d\u00e9pendent de services tels que le transfert, les soins, les frais de cimeti\u00e8re et le type de tombe. En termes de prix, il se situe souvent dans le cadre d&rsquo;un enterrement en pleine terre classique, mais peut varier selon le lieu. <\/span><\/div>\n<p>[\/et_pb_toggle][et_pb_toggle title=\u00a0\u00bbLes cr\u00e9mations sont-elles autoris\u00e9es dans l&rsquo;islam ?\u00a0\u00bb closed_toggle_background_color=\u00a0\u00bbRGBA(255,255,255,0)\u00a0\u00bb icon_color=\u00a0\u00bb#686868&Prime; use_icon_font_size=\u00a0\u00bbon\u00a0\u00bb icon_font_size=\u00a0\u00bb20px\u00a0\u00bb open_icon_color=\u00a0\u00bb#bababa\u00a0\u00bb _builder_version=\u00a0\u00bb4.27.5&Prime; _module_preset=\u00a0\u00bbdefault\u00a0\u00bb title_font=\u00a0\u00bb|600|||||||\u00a0\u00bb body_font_size=\u00a0\u00bb15px\u00a0\u00bb custom_margin=\u00a0\u00bb||0px||false|false\u00a0\u00bb global_colors_info=\u00a0\u00bb{}\u00a0\u00bb]<\/p>\n<div dir=\"auto\">\n<div dir=\"auto\">Non. La cr\u00e9mation est consid\u00e9r\u00e9e comme interdite (haram) dans l&rsquo;islam. Selon le droit islamique, seul l&rsquo;enterrement en pleine terre est pr\u00e9vu. Le d\u00e9funt est lav\u00e9, envelopp\u00e9 dans le linceul (Kaffan) et enterr\u00e9 dans la tombe.   <\/div>\n<div dir=\"auto\"><\/div>\n<\/div>\n<p>[\/et_pb_toggle][et_pb_toggle title=\u00a0\u00bbUn transfert vers le pays d&rsquo;origine est-il possible apr\u00e8s un d\u00e9c\u00e8s ?\u00a0\u00bb closed_toggle_background_color=\u00a0\u00bb#f9f9f9&Prime; icon_color=\u00a0\u00bb#686868&Prime; use_icon_font_size=\u00a0\u00bbon\u00a0\u00bb icon_font_size=\u00a0\u00bb20px\u00a0\u00bb open_icon_color=\u00a0\u00bb#bababa\u00a0\u00bb _builder_version=\u00a0\u00bb4.27.5&Prime; _module_preset=\u00a0\u00bbdefault\u00a0\u00bb title_font=\u00a0\u00bb|600|||||||\u00a0\u00bb body_font_size=\u00a0\u00bb15px\u00a0\u00bb custom_margin=\u00a0\u00bb||0px||false|false\u00a0\u00bb global_colors_info=\u00a0\u00bb{}\u00a0\u00bb]<\/p>\n<div dir=\"auto\"><span>Oui, un transfert vers le pays d&rsquo;origine est fondamentalement possible. Cependant, il n\u00e9cessite des autorisations officielles, des documents sp\u00e9ciaux et une organisation professionnelle. <\/span><\/div>\n<p>[\/et_pb_toggle][et_pb_toggle title=\u00a0\u00bbComment se d\u00e9roule un transfert islamique vers le pays d&rsquo;origine ?\u00a0\u00bb closed_toggle_background_color=\u00a0\u00bbRGBA(255,255,255,0)\u00a0\u00bb icon_color=\u00a0\u00bb#686868&Prime; use_icon_font_size=\u00a0\u00bbon\u00a0\u00bb icon_font_size=\u00a0\u00bb20px\u00a0\u00bb open_icon_color=\u00a0\u00bb#bababa\u00a0\u00bb _builder_version=\u00a0\u00bb4.27.5&Prime; _module_preset=\u00a0\u00bbdefault\u00a0\u00bb title_font=\u00a0\u00bb|600|||||||\u00a0\u00bb body_font_size=\u00a0\u00bb15px\u00a0\u00bb custom_margin=\u00a0\u00bb||0px||false|false\u00a0\u00bb global_colors_info=\u00a0\u00bb{}\u00a0\u00bb]<\/p>\n<div dir=\"auto\"><span>Apr\u00e8s le d\u00e9c\u00e8s, les documents n\u00e9cessaires sont obtenus, le d\u00e9funt est pris en charge, puis transf\u00e9r\u00e9 par avion ou par v\u00e9hicule vers le pays d&rsquo;origine, o\u00f9 l&rsquo;enterrement a lieu.<\/span><\/div>\n<p>[\/et_pb_toggle][et_pb_toggle title=\u00a0\u00bbCombien co\u00fbte un transfert vers l&rsquo;\u00e9tranger ?\u00a0\u00bb closed_toggle_background_color=\u00a0\u00bb#f9f9f9&Prime; icon_color=\u00a0\u00bb#686868&Prime; use_icon_font_size=\u00a0\u00bbon\u00a0\u00bb icon_font_size=\u00a0\u00bb20px\u00a0\u00bb open_icon_color=\u00a0\u00bb#bababa\u00a0\u00bb _builder_version=\u00a0\u00bb4.27.5&Prime; _module_preset=\u00a0\u00bbdefault\u00a0\u00bb title_font=\u00a0\u00bb|600|||||||\u00a0\u00bb body_font_size=\u00a0\u00bb15px\u00a0\u00bb custom_margin=\u00a0\u00bb||0px||false|false\u00a0\u00bb global_colors_info=\u00a0\u00bb{}\u00a0\u00bb]<\/p>\n<div dir=\"auto\">\n<div dir=\"auto\">Les co\u00fbts d&rsquo;un transfert vers le pays d&rsquo;origine d\u00e9pendent du pays de destination, du mode de transport et des efforts organisationnels. Ils sont g\u00e9n\u00e9ralement nettement sup\u00e9rieurs aux co\u00fbts d&rsquo;un enterrement en Allemagne. <\/div>\n<\/div>\n<p>[\/et_pb_toggle][et_pb_toggle title=\u00a0\u00bbQu&rsquo;est-ce qu&rsquo;un enterrement social en Allemagne ?\u00a0\u00bb closed_toggle_background_color=\u00a0\u00bbRGBA(255,255,255,0)\u00a0\u00bb icon_color=\u00a0\u00bb#686868&Prime; use_icon_font_size=\u00a0\u00bbon\u00a0\u00bb icon_font_size=\u00a0\u00bb20px\u00a0\u00bb open_icon_color=\u00a0\u00bb#bababa\u00a0\u00bb _builder_version=\u00a0\u00bb4.27.5&Prime; _module_preset=\u00a0\u00bbdefault\u00a0\u00bb title_font=\u00a0\u00bb|600|||||||\u00a0\u00bb body_font_size=\u00a0\u00bb15px\u00a0\u00bb custom_margin=\u00a0\u00bb||0px||false|false\u00a0\u00bb global_colors_info=\u00a0\u00bb{}\u00a0\u00bb]<\/p>\n<div dir=\"auto\">\n<div dir=\"auto\">Un enterrement social a lieu lorsque les services sociaux prennent en charge les frais d&rsquo;enterrement n\u00e9cessaires parce que les proches n&rsquo;ont pas les moyens financiers.<\/div>\n<\/div>\n<p>[\/et_pb_toggle][et_pb_toggle title=\u00a0\u00bbQui a droit \u00e0 un enterrement social ?\u00a0\u00bb closed_toggle_background_color=\u00a0\u00bb#f9f9f9&Prime; icon_color=\u00a0\u00bb#686868&Prime; use_icon_font_size=\u00a0\u00bbon\u00a0\u00bb icon_font_size=\u00a0\u00bb20px\u00a0\u00bb open_icon_color=\u00a0\u00bb#bababa\u00a0\u00bb _builder_version=\u00a0\u00bb4.27.5&Prime; _module_preset=\u00a0\u00bbdefault\u00a0\u00bb title_font=\u00a0\u00bb|600|||||||\u00a0\u00bb body_font_size=\u00a0\u00bb15px\u00a0\u00bb custom_margin=\u00a0\u00bb||0px||false|false\u00a0\u00bb global_colors_info=\u00a0\u00bb{}\u00a0\u00bb]<\/p>\n<div dir=\"auto\"><span>Le droit existe si les proches l\u00e9galement oblig\u00e9s ne peuvent manifestement pas supporter les co\u00fbts de l&rsquo;enterrement.<\/span><\/div>\n<p>[\/et_pb_toggle][et_pb_toggle title=\u00a0\u00bbLes services sociaux prennent-ils en charge un enterrement islamique ?\u00a0\u00bb closed_toggle_background_color=\u00a0\u00bbRGBA(255,255,255,0)\u00a0\u00bb icon_color=\u00a0\u00bb#686868&Prime; use_icon_font_size=\u00a0\u00bbon\u00a0\u00bb icon_font_size=\u00a0\u00bb20px\u00a0\u00bb open_icon_color=\u00a0\u00bb#bababa\u00a0\u00bb _builder_version=\u00a0\u00bb4.27.5&Prime; _module_preset=\u00a0\u00bbdefault\u00a0\u00bb title_font=\u00a0\u00bb|600|||||||\u00a0\u00bb body_font_size=\u00a0\u00bb15px\u00a0\u00bb custom_margin=\u00a0\u00bb||0px||false|false\u00a0\u00bb global_colors_info=\u00a0\u00bb{}\u00a0\u00bb]<\/p>\n<div dir=\"auto\">\n<div dir=\"auto\">Oui, les services sociaux peuvent \u00e9galement prendre en charge les co\u00fbts d&rsquo;un enterrement islamique, \u00e0 condition qu&rsquo;il reste dans le cadre des prestations n\u00e9cessaires et appropri\u00e9es.<\/div>\n<\/div>\n<p>[\/et_pb_toggle][et_pb_toggle title=\u00a0\u00bbUn enterrement islamique digne est-il possible malgr\u00e9 un enterrement social ?\u00a0\u00bb closed_toggle_background_color=\u00a0\u00bb#f9f9f9&Prime; icon_color=\u00a0\u00bb#686868&Prime; use_icon_font_size=\u00a0\u00bbon\u00a0\u00bb icon_font_size=\u00a0\u00bb20px\u00a0\u00bb open_icon_color=\u00a0\u00bb#bababa\u00a0\u00bb _builder_version=\u00a0\u00bb4.27.5&Prime; _module_preset=\u00a0\u00bbdefault\u00a0\u00bb title_font=\u00a0\u00bb|600|||||||\u00a0\u00bb body_font_size=\u00a0\u00bb15px\u00a0\u00bb custom_margin=\u00a0\u00bb||0px||false|false\u00a0\u00bb global_colors_info=\u00a0\u00bb{}\u00a0\u00bb]<\/p>\n<div dir=\"auto\">\n<div dir=\"auto\">Oui. M\u00eame dans le cadre d&rsquo;un enterrement social, une ablution rituelle, la pri\u00e8re mortuaire et un enterrement conforme \u00e0 l&rsquo;islam sont fondamentalement possibles. <\/div>\n<\/div>\n<p>[\/et_pb_toggle][et_pb_toggle title=\u00a0\u00bbQuels co\u00fbts les services sociaux prennent-ils en charge lors d&rsquo;un enterrement ?\u00a0\u00bb closed_toggle_background_color=\u00a0\u00bbRGBA(255,255,255,0)\u00a0\u00bb icon_color=\u00a0\u00bb#686868&Prime; use_icon_font_size=\u00a0\u00bbon\u00a0\u00bb icon_font_size=\u00a0\u00bb20px\u00a0\u00bb open_icon_color=\u00a0\u00bb#bababa\u00a0\u00bb _builder_version=\u00a0\u00bb4.27.5&Prime; _module_preset=\u00a0\u00bbdefault\u00a0\u00bb title_font=\u00a0\u00bb|600|||||||\u00a0\u00bb body_font_size=\u00a0\u00bb15px\u00a0\u00bb custom_margin=\u00a0\u00bb||0px||false|false\u00a0\u00bb global_colors_info=\u00a0\u00bb{}\u00a0\u00bb]<\/p>\n<div dir=\"auto\">\n<div dir=\"auto\">Les services sociaux prennent en charge les co\u00fbts n\u00e9cessaires pour un enterrement simple et digne. Les souhaits particuliers ou les prestations suppl\u00e9mentaires ne sont g\u00e9n\u00e9ralement pas couverts. <\/div>\n<\/div>\n<p>[\/et_pb_toggle][\/et_pb_column][\/et_pb_row][\/et_pb_section]<\/p>\n","protected":false},"excerpt":{"rendered":"<p>Al-Wasila Pompes fun\u00e8bres islamiques En tant que premi\u00e8re entreprise islamique certifi\u00e9e dans le secteur fun\u00e9raire en Allemagne, nous vous accompagnons avec fiabilit\u00e9 dans les moments difficiles. Qu&rsquo;il s&rsquo;agisse d&rsquo;un enterrement musulman en Allemagne ou d&rsquo;un transfert \u00e0 l&rsquo;\u00e9tranger, nous sommes \u00e0 vos c\u00f4t\u00e9s 24 heures sur 24 et veillons \u00e0 ce que toutes les \u00e9tapes [&hellip;]<\/p>\n","protected":false},"author":1,"featured_media":0,"parent":0,"menu_order":0,"comment_status":"closed","ping_status":"closed","template":"","meta":{"_et_pb_use_builder":"on","_et_pb_old_content":"","_et_gb_content_width":"","footnotes":""},"class_list":["post-874","page","type-page","status-publish","hentry"],"yoast_head":"<!-- This site is optimized with the Yoast SEO plugin v27.5 - https:\/\/yoast.com\/product\/yoast-seo-wordpress\/ -->\n<title>Fun\u00e9railles islamiques en Allemagne \u2022 Selon la tradition islamique<\/title>\n<meta name=\"description\" content=\"Nous vous accompagnons avec compassion lors des fun\u00e9railles islamiques en Allemagne \u2013 ablution rituelle, pri\u00e8re mortuaire, inhumation selon la Sunna.\" \/>\n<meta name=\"robots\" content=\"index, follow, max-snippet:-1, max-image-preview:large, max-video-preview:-1\" \/>\n<link rel=\"canonical\" href=\"https:\/\/islamische-bestattung.de\/fr\/\" \/>\n<meta property=\"og:locale\" content=\"fr_FR\" \/>\n<meta property=\"og:type\" content=\"article\" \/>\n<meta property=\"og:title\" content=\"Fun\u00e9railles islamiques en Allemagne \u2022 Selon la tradition islamique\" \/>\n<meta property=\"og:description\" content=\"Nous vous accompagnons avec compassion lors des fun\u00e9railles islamiques en Allemagne \u2013 ablution rituelle, pri\u00e8re mortuaire, inhumation selon la Sunna.\" \/>\n<meta property=\"og:url\" content=\"https:\/\/islamische-bestattung.de\/fr\/\" \/>\n<meta property=\"og:site_name\" content=\"Al-Wasila - Islamische Bestattung\" \/>\n<meta property=\"article:publisher\" content=\"https:\/\/www.facebook.com\/share\/1GHnfgAohf\/?mibextid=wwXIfr\" \/>\n<meta property=\"article:modified_time\" content=\"2026-04-28T17:31:55+00:00\" \/>\n<meta name=\"twitter:card\" content=\"summary_large_image\" \/>\n<meta name=\"twitter:label1\" content=\"Dur\u00e9e de lecture estim\u00e9e\" \/>\n\t<meta name=\"twitter:data1\" content=\"43 minutes\" \/>\n<script type=\"application\/ld+json\" class=\"yoast-schema-graph\">{\"@context\":\"https:\\\/\\\/schema.org\",\"@graph\":[{\"@type\":\"WebPage\",\"@id\":\"https:\\\/\\\/islamische-bestattung.de\\\/fr\\\/\",\"url\":\"https:\\\/\\\/islamische-bestattung.de\\\/fr\\\/\",\"name\":\"Fun\u00e9railles islamiques en Allemagne \u2022 Selon la tradition islamique\",\"isPartOf\":{\"@id\":\"https:\\\/\\\/islamische-bestattung.de\\\/fr\\\/#website\"},\"datePublished\":\"2025-11-04T18:44:15+00:00\",\"dateModified\":\"2026-04-28T17:31:55+00:00\",\"description\":\"Nous vous accompagnons avec compassion lors des fun\u00e9railles islamiques en Allemagne \u2013 ablution rituelle, pri\u00e8re mortuaire, inhumation selon la Sunna.\",\"breadcrumb\":{\"@id\":\"https:\\\/\\\/islamische-bestattung.de\\\/fr\\\/#breadcrumb\"},\"inLanguage\":\"fr-FR\",\"potentialAction\":[{\"@type\":\"ReadAction\",\"target\":[\"https:\\\/\\\/islamische-bestattung.de\\\/fr\\\/\"]}]},{\"@type\":\"BreadcrumbList\",\"@id\":\"https:\\\/\\\/islamische-bestattung.de\\\/fr\\\/#breadcrumb\",\"itemListElement\":[{\"@type\":\"ListItem\",\"position\":1,\"name\":\"Start\",\"item\":\"https:\\\/\\\/islamische-bestattung.de\\\/fr\\\/\"},{\"@type\":\"ListItem\",\"position\":2,\"name\":\"Al-Wasila &#8211; Pompes fun\u00e8bres islamiques\"}]},{\"@type\":\"WebSite\",\"@id\":\"https:\\\/\\\/islamische-bestattung.de\\\/fr\\\/#website\",\"url\":\"https:\\\/\\\/islamische-bestattung.de\\\/fr\\\/\",\"name\":\"Al-Wasila - Islamische Bestattung\",\"description\":\"Erster islamischer Meisterbetrieb im Bestattungswesen in Deutschland\",\"publisher\":{\"@id\":\"https:\\\/\\\/islamische-bestattung.de\\\/fr\\\/#organization\"},\"potentialAction\":[{\"@type\":\"SearchAction\",\"target\":{\"@type\":\"EntryPoint\",\"urlTemplate\":\"https:\\\/\\\/islamische-bestattung.de\\\/fr\\\/?s={search_term_string}\"},\"query-input\":{\"@type\":\"PropertyValueSpecification\",\"valueRequired\":true,\"valueName\":\"search_term_string\"}}],\"inLanguage\":\"fr-FR\"},{\"@type\":\"Organization\",\"@id\":\"https:\\\/\\\/islamische-bestattung.de\\\/fr\\\/#organization\",\"name\":\"Al-Wasila - Islamische Bestattung\",\"url\":\"https:\\\/\\\/islamische-bestattung.de\\\/fr\\\/\",\"logo\":{\"@type\":\"ImageObject\",\"inLanguage\":\"fr-FR\",\"@id\":\"https:\\\/\\\/islamische-bestattung.de\\\/fr\\\/#\\\/schema\\\/logo\\\/image\\\/\",\"url\":\"https:\\\/\\\/islamische-bestattung.de\\\/wp-content\\\/uploads\\\/2025\\\/11\\\/Al_Wasila_Logo_Vertikal.png\",\"contentUrl\":\"https:\\\/\\\/islamische-bestattung.de\\\/wp-content\\\/uploads\\\/2025\\\/11\\\/Al_Wasila_Logo_Vertikal.png\",\"width\":714,\"height\":576,\"caption\":\"Al-Wasila - Islamische Bestattung\"},\"image\":{\"@id\":\"https:\\\/\\\/islamische-bestattung.de\\\/fr\\\/#\\\/schema\\\/logo\\\/image\\\/\"},\"sameAs\":[\"https:\\\/\\\/www.facebook.com\\\/share\\\/1GHnfgAohf\\\/?mibextid=wwXIfr\",\"https:\\\/\\\/www.tiktok.com\\\/@alwasila.bestattung?_r=1&_t=ZG-92WkouZ6T8y\",\"https:\\\/\\\/www.instagram.com\\\/islamischebestattung.alwasila?igsh=bnI1OHE5MTNydHBk&utm_source=qr\"]}]}<\/script>\n<!-- \/ Yoast SEO plugin. -->","yoast_head_json":{"title":"Fun\u00e9railles islamiques en Allemagne \u2022 Selon la tradition islamique","description":"Nous vous accompagnons avec compassion lors des fun\u00e9railles islamiques en Allemagne \u2013 ablution rituelle, pri\u00e8re mortuaire, inhumation selon la Sunna.","robots":{"index":"index","follow":"follow","max-snippet":"max-snippet:-1","max-image-preview":"max-image-preview:large","max-video-preview":"max-video-preview:-1"},"canonical":"https:\/\/islamische-bestattung.de\/fr\/","og_locale":"fr_FR","og_type":"article","og_title":"Fun\u00e9railles islamiques en Allemagne \u2022 Selon la tradition islamique","og_description":"Nous vous accompagnons avec compassion lors des fun\u00e9railles islamiques en Allemagne \u2013 ablution rituelle, pri\u00e8re mortuaire, inhumation selon la Sunna.","og_url":"https:\/\/islamische-bestattung.de\/fr\/","og_site_name":"Al-Wasila - Islamische Bestattung","article_publisher":"https:\/\/www.facebook.com\/share\/1GHnfgAohf\/?mibextid=wwXIfr","article_modified_time":"2026-04-28T17:31:55+00:00","twitter_card":"summary_large_image","twitter_misc":{"Dur\u00e9e de lecture estim\u00e9e":"43 minutes"},"schema":{"@context":"https:\/\/schema.org","@graph":[{"@type":"WebPage","@id":"https:\/\/islamische-bestattung.de\/fr\/","url":"https:\/\/islamische-bestattung.de\/fr\/","name":"Fun\u00e9railles islamiques en Allemagne \u2022 Selon la tradition islamique","isPartOf":{"@id":"https:\/\/islamische-bestattung.de\/fr\/#website"},"datePublished":"2025-11-04T18:44:15+00:00","dateModified":"2026-04-28T17:31:55+00:00","description":"Nous vous accompagnons avec compassion lors des fun\u00e9railles islamiques en Allemagne \u2013 ablution rituelle, pri\u00e8re mortuaire, inhumation selon la Sunna.","breadcrumb":{"@id":"https:\/\/islamische-bestattung.de\/fr\/#breadcrumb"},"inLanguage":"fr-FR","potentialAction":[{"@type":"ReadAction","target":["https:\/\/islamische-bestattung.de\/fr\/"]}]},{"@type":"BreadcrumbList","@id":"https:\/\/islamische-bestattung.de\/fr\/#breadcrumb","itemListElement":[{"@type":"ListItem","position":1,"name":"Start","item":"https:\/\/islamische-bestattung.de\/fr\/"},{"@type":"ListItem","position":2,"name":"Al-Wasila &#8211; Pompes fun\u00e8bres islamiques"}]},{"@type":"WebSite","@id":"https:\/\/islamische-bestattung.de\/fr\/#website","url":"https:\/\/islamische-bestattung.de\/fr\/","name":"Al-Wasila - Islamische Bestattung","description":"Erster islamischer Meisterbetrieb im Bestattungswesen in Deutschland","publisher":{"@id":"https:\/\/islamische-bestattung.de\/fr\/#organization"},"potentialAction":[{"@type":"SearchAction","target":{"@type":"EntryPoint","urlTemplate":"https:\/\/islamische-bestattung.de\/fr\/?s={search_term_string}"},"query-input":{"@type":"PropertyValueSpecification","valueRequired":true,"valueName":"search_term_string"}}],"inLanguage":"fr-FR"},{"@type":"Organization","@id":"https:\/\/islamische-bestattung.de\/fr\/#organization","name":"Al-Wasila - Islamische Bestattung","url":"https:\/\/islamische-bestattung.de\/fr\/","logo":{"@type":"ImageObject","inLanguage":"fr-FR","@id":"https:\/\/islamische-bestattung.de\/fr\/#\/schema\/logo\/image\/","url":"https:\/\/islamische-bestattung.de\/wp-content\/uploads\/2025\/11\/Al_Wasila_Logo_Vertikal.png","contentUrl":"https:\/\/islamische-bestattung.de\/wp-content\/uploads\/2025\/11\/Al_Wasila_Logo_Vertikal.png","width":714,"height":576,"caption":"Al-Wasila - Islamische Bestattung"},"image":{"@id":"https:\/\/islamische-bestattung.de\/fr\/#\/schema\/logo\/image\/"},"sameAs":["https:\/\/www.facebook.com\/share\/1GHnfgAohf\/?mibextid=wwXIfr","https:\/\/www.tiktok.com\/@alwasila.bestattung?_r=1&_t=ZG-92WkouZ6T8y","https:\/\/www.instagram.com\/islamischebestattung.alwasila?igsh=bnI1OHE5MTNydHBk&utm_source=qr"]}]}},"_links":{"self":[{"href":"https:\/\/islamische-bestattung.de\/fr\/wp-json\/wp\/v2\/pages\/874","targetHints":{"allow":["GET"]}}],"collection":[{"href":"https:\/\/islamische-bestattung.de\/fr\/wp-json\/wp\/v2\/pages"}],"about":[{"href":"https:\/\/islamische-bestattung.de\/fr\/wp-json\/wp\/v2\/types\/page"}],"author":[{"embeddable":true,"href":"https:\/\/islamische-bestattung.de\/fr\/wp-json\/wp\/v2\/users\/1"}],"replies":[{"embeddable":true,"href":"https:\/\/islamische-bestattung.de\/fr\/wp-json\/wp\/v2\/comments?post=874"}],"version-history":[{"count":8,"href":"https:\/\/islamische-bestattung.de\/fr\/wp-json\/wp\/v2\/pages\/874\/revisions"}],"predecessor-version":[{"id":2859,"href":"https:\/\/islamische-bestattung.de\/fr\/wp-json\/wp\/v2\/pages\/874\/revisions\/2859"}],"wp:attachment":[{"href":"https:\/\/islamische-bestattung.de\/fr\/wp-json\/wp\/v2\/media?parent=874"}],"curies":[{"name":"wp","href":"https:\/\/api.w.org\/{rel}","templated":true}]}}