{"id":947,"date":"2025-12-19T07:55:29","date_gmt":"2025-12-19T07:55:29","guid":{"rendered":"https:\/\/islamische-bestattung.de\/enterrement-en-pleine-terre\/"},"modified":"2026-02-01T13:46:56","modified_gmt":"2026-02-01T13:46:56","slug":"enterrement-en-pleine-terre","status":"publish","type":"page","link":"https:\/\/islamische-bestattung.de\/fr\/enterrement-en-pleine-terre\/","title":{"rendered":"Enterrement en pleine terre"},"content":{"rendered":"<p>[et_pb_section fb_built=\u00a0\u00bb1&Prime; _builder_version=\u00a0\u00bb4.27.4&Prime; _module_preset=\u00a0\u00bbdefault\u00a0\u00bb background_color=\u00a0\u00bb#959d93&Prime; custom_margin=\u00a0\u00bb0px||||false|false\u00a0\u00bb custom_padding=\u00a0\u00bb8px||8px||true|false\u00a0\u00bb hover_enabled=\u00a0\u00bb0&Prime; locked=\u00a0\u00bboff\u00a0\u00bb global_colors_info=\u00a0\u00bb{}\u00a0\u00bb sticky_enabled=\u00a0\u00bb0&Prime;][et_pb_row _builder_version=\u00a0\u00bb4.27.4&Prime; _module_preset=\u00a0\u00bbdefault\u00a0\u00bb global_colors_info=\u00a0\u00bb{}\u00a0\u00bb][et_pb_column type=\u00a0\u00bb4_4&Prime; _builder_version=\u00a0\u00bb4.27.4&Prime; _module_preset=\u00a0\u00bbdefault\u00a0\u00bb global_colors_info=\u00a0\u00bb{}\u00a0\u00bb][et_pb_text admin_label=\u00a0\u00bbHero Title\u00a0\u00bb _builder_version=\u00a0\u00bb4.27.5&Prime; text_font=\u00a0\u00bbPlayfair Display||||||||\u00a0\u00bb header_font=\u00a0\u00bbAlice||||||||\u00a0\u00bb header_text_color=\u00a0\u00bb#FFFFFF\u00a0\u00bb header_font_size=\u00a0\u00bb53px\u00a0\u00bb header_letter_spacing=\u00a0\u00bb-1px\u00a0\u00bb header_line_height=\u00a0\u00bb1.1em\u00a0\u00bb width=\u00a0\u00bb75%\u00a0\u00bb custom_margin=\u00a0\u00bb||0px|\u00a0\u00bb custom_padding=\u00a0\u00bb|||\u00a0\u00bb animation_style=\u00a0\u00bbslide\u00a0\u00bb animation_direction=\u00a0\u00bbleft\u00a0\u00bb animation_intensity_slide=\u00a0\u00bb5%\u00a0\u00bb animation_starting_opacity=\u00a0\u00bb100%\u00a0\u00bb hover_enabled=\u00a0\u00bb0&Prime; text_font_size_last_edited=\u00a0\u00bboff|desktop\u00a0\u00bb header_font_size_tablet=\u00a0\u00bb\u00a0\u00bb header_font_size_phone=\u00a0\u00bb36px\u00a0\u00bb header_font_size_last_edited=\u00a0\u00bbon|phone\u00a0\u00bb locked=\u00a0\u00bboff\u00a0\u00bb global_colors_info=\u00a0\u00bb{}\u00a0\u00bb sticky_enabled=\u00a0\u00bb0&Prime;]<\/p>\n<h1>Enterrement en pleine terre<\/h1>\n<p>[\/et_pb_text][\/et_pb_column][\/et_pb_row][\/et_pb_section][et_pb_section fb_built=\u00a0\u00bb1&Prime; custom_padding_last_edited=\u00a0\u00bbon|phone\u00a0\u00bb _builder_version=\u00a0\u00bb4.27.5&Prime; _module_preset=\u00a0\u00bbdefault\u00a0\u00bb custom_margin=\u00a0\u00bb50px||||false|false\u00a0\u00bb custom_margin_tablet=\u00a0\u00bb50px||||false|false\u00a0\u00bb custom_margin_phone=\u00a0\u00bb0px||||false|false\u00a0\u00bb custom_margin_last_edited=\u00a0\u00bbon|phone\u00a0\u00bb custom_padding=\u00a0\u00bb24px||105px|||\u00a0\u00bb custom_padding_tablet=\u00a0\u00bb24px||105px|||\u00a0\u00bb custom_padding_phone=\u00a0\u00bb||71px||false|false\u00a0\u00bb global_colors_info=\u00a0\u00bb{}\u00a0\u00bb][et_pb_row _builder_version=\u00a0\u00bb4.27.4&Prime; _module_preset=\u00a0\u00bbdefault\u00a0\u00bb max_width=\u00a0\u00bb100%\u00a0\u00bb custom_padding=\u00a0\u00bb||0px|||\u00a0\u00bb global_colors_info=\u00a0\u00bb{}\u00a0\u00bb][et_pb_column type=\u00a0\u00bb4_4&Prime; _builder_version=\u00a0\u00bb4.27.4&Prime; _module_preset=\u00a0\u00bbdefault\u00a0\u00bb global_colors_info=\u00a0\u00bb{}\u00a0\u00bb][et_pb_text admin_label=\u00a0\u00bbTitle\u00a0\u00bb _builder_version=\u00a0\u00bb4.27.5&Prime; text_font=\u00a0\u00bb||||||||\u00a0\u00bb header_font=\u00a0\u00bb||||||||\u00a0\u00bb header_2_font=\u00a0\u00bbAlice||||||||\u00a0\u00bb header_2_text_align=\u00a0\u00bbcenter\u00a0\u00bb header_2_font_size=\u00a0\u00bb42px\u00a0\u00bb header_2_line_height=\u00a0\u00bb1.3em\u00a0\u00bb custom_margin=\u00a0\u00bb||20px|\u00a0\u00bb animation_style=\u00a0\u00bbslide\u00a0\u00bb animation_direction=\u00a0\u00bbtop\u00a0\u00bb animation_intensity_slide=\u00a0\u00bb30%\u00a0\u00bb animation_starting_opacity=\u00a0\u00bb100%\u00a0\u00bb header_2_font_size_tablet=\u00a0\u00bb42px\u00a0\u00bb header_2_font_size_phone=\u00a0\u00bb27px\u00a0\u00bb header_2_font_size_last_edited=\u00a0\u00bbon|phone\u00a0\u00bb locked=\u00a0\u00bboff\u00a0\u00bb global_colors_info=\u00a0\u00bb{}\u00a0\u00bb]<\/p>\n<h2>Enterrement en pleine terre \u2013 Notre service pour vous<\/h2>\n<p>[\/et_pb_text][et_pb_text disabled_on=\u00a0\u00bboff|off|off\u00a0\u00bb _builder_version=\u00a0\u00bb4.27.5&Prime; text_font=\u00a0\u00bb||||||||\u00a0\u00bb text_font_size=\u00a0\u00bb16px\u00a0\u00bb text_line_height=\u00a0\u00bb1.8em\u00a0\u00bb custom_margin=\u00a0\u00bb||19px|||\u00a0\u00bb custom_padding=\u00a0\u00bb|||\u00a0\u00bb animation_style=\u00a0\u00bbslide\u00a0\u00bb animation_direction=\u00a0\u00bbleft\u00a0\u00bb animation_intensity_slide=\u00a0\u00bb5%\u00a0\u00bb animation_starting_opacity=\u00a0\u00bb100%\u00a0\u00bb locked=\u00a0\u00bboff\u00a0\u00bb global_colors_info=\u00a0\u00bb{}\u00a0\u00bb]<\/p>\n<p>Nous vous d\u00e9chargeons de tout souci \u2013 de A \u00e0 Z.<br \/>Nous sommes disponibles 24 heures sur 24 pour vous et organisons l\u2019enterrement islamique complet \u00e0 l\u2019endroit de votre choix, dans toute l\u2019Allemagne.<br \/>De nombreux cimeti\u00e8res ont d\u00e9j\u00e0 adapt\u00e9 leurs statuts, de sorte que les enterrements sans cercueil sont \u00e9galement possibles.<br \/>Nous prenons en charge tous les \u00e9l\u00e9ments essentiels :<\/p>\n<p>\u2022 Enl\u00e8vement et transfert<br \/>\u2022 Prise en charge de toutes les formalit\u00e9s et d\u00e9marches administratives<br \/>\u2022 Choix du lieu de s\u00e9pulture et planification des dates<br \/>\u2022 Accomplissement des obligations religieuses<br \/>Cela comprend la toilette rituelle, l\u2019enveloppement dans les linceuls, la pri\u00e8re mortuaire et l\u2019accompagnement lors de l\u2019inhumation.<br \/>La personne d\u00e9c\u00e9d\u00e9e est au centre de nos pr\u00e9occupations : nous assumons la responsabilit\u00e9 de remplir les obligations religieuses envers la personne d\u00e9c\u00e9d\u00e9e et Allah.<\/p>\n<p>[\/et_pb_text][et_pb_text disabled_on=\u00a0\u00bboff|off|off\u00a0\u00bb _builder_version=\u00a0\u00bb4.27.5&Prime; text_font=\u00a0\u00bb||||||||\u00a0\u00bb text_font_size=\u00a0\u00bb16px\u00a0\u00bb text_line_height=\u00a0\u00bb1.8em\u00a0\u00bb custom_margin=\u00a0\u00bb||32px|||\u00a0\u00bb custom_padding=\u00a0\u00bb|||\u00a0\u00bb animation_style=\u00a0\u00bbslide\u00a0\u00bb animation_direction=\u00a0\u00bbleft\u00a0\u00bb animation_intensity_slide=\u00a0\u00bb5%\u00a0\u00bb animation_starting_opacity=\u00a0\u00bb100%\u00a0\u00bb locked=\u00a0\u00bboff\u00a0\u00bb global_colors_info=\u00a0\u00bb{}\u00a0\u00bb]<\/p>\n<p><strong>Votre prochaine \u00e9tape<\/strong><br \/>Contactez-nous \u2013 par t\u00e9l\u00e9phone ou par message.<br \/>Nous clarifions avec vous ce qui est important maintenant et prenons en charge l\u2019ensemble du processus.<br \/>Nous nous occupons de tout et vous accompagnons avec empathie \u00e0 chaque \u00e9tape.<br \/><strong>Contactez-nous simplement \u2013 nous sommes disponibles \u00e0 tout moment.<\/strong><\/p>\n<p>[\/et_pb_text][et_pb_text disabled_on=\u00a0\u00bboff|off|off\u00a0\u00bb _builder_version=\u00a0\u00bb4.27.5&Prime; text_font=\u00a0\u00bb||||||||\u00a0\u00bb text_font_size=\u00a0\u00bb16px\u00a0\u00bb text_line_height=\u00a0\u00bb1.8em\u00a0\u00bb link_font=\u00a0\u00bb|600|||||||\u00a0\u00bb link_text_color=\u00a0\u00bb#c1a01d\u00a0\u00bb custom_margin=\u00a0\u00bb||19px|||\u00a0\u00bb custom_padding=\u00a0\u00bb|||\u00a0\u00bb animation_style=\u00a0\u00bbslide\u00a0\u00bb animation_direction=\u00a0\u00bbleft\u00a0\u00bb animation_intensity_slide=\u00a0\u00bb5%\u00a0\u00bb animation_starting_opacity=\u00a0\u00bb100%\u00a0\u00bb locked=\u00a0\u00bboff\u00a0\u00bb global_colors_info=\u00a0\u00bb{}\u00a0\u00bb]<\/p>\n<p><a href=\"\/wp-content\/uploads\/2025\/12\/Vorzulegende-Urkunden-Al-Wasila.pdf\" target=\"_blank\" rel=\"noopener\">Veuillez cliquer ici pour voir quels documents doivent \u00eatre pr\u00e9sent\u00e9s en cas de d\u00e9c\u00e8s.<\/a><\/p>\n<p>[\/et_pb_text][\/et_pb_column][\/et_pb_row][et_pb_row column_structure=\u00a0\u00bb1_3,1_3,1_3&Prime; use_custom_gutter=\u00a0\u00bbon\u00a0\u00bb gutter_width=\u00a0\u00bb2&Prime; _builder_version=\u00a0\u00bb4.27.4&Prime; _module_preset=\u00a0\u00bbdefault\u00a0\u00bb custom_padding=\u00a0\u00bb33px||0px||false|false\u00a0\u00bb locked=\u00a0\u00bboff\u00a0\u00bb global_colors_info=\u00a0\u00bb{}\u00a0\u00bb][et_pb_column type=\u00a0\u00bb1_3&Prime; _builder_version=\u00a0\u00bb4.27.4&Prime; _module_preset=\u00a0\u00bbdefault\u00a0\u00bb global_colors_info=\u00a0\u00bb{}\u00a0\u00bb][et_pb_button button_url=\u00a0\u00bbtel:+4945139733733&Prime; button_text=\u00a0\u00bbAppeler\u00a0\u00bb button_alignment=\u00a0\u00bbright\u00a0\u00bb button_alignment_tablet=\u00a0\u00bbright\u00a0\u00bb button_alignment_phone=\u00a0\u00bbcenter\u00a0\u00bb button_alignment_last_edited=\u00a0\u00bbon|desktop\u00a0\u00bb _builder_version=\u00a0\u00bb4.27.5&Prime; _module_preset=\u00a0\u00bbdefault\u00a0\u00bb custom_button=\u00a0\u00bbon\u00a0\u00bb button_text_color=\u00a0\u00bb#000000&Prime; global_colors_info=\u00a0\u00bb{}\u00a0\u00bb][\/et_pb_button][\/et_pb_column][et_pb_column type=\u00a0\u00bb1_3&Prime; _builder_version=\u00a0\u00bb4.27.4&Prime; _module_preset=\u00a0\u00bbdefault\u00a0\u00bb global_colors_info=\u00a0\u00bb{}\u00a0\u00bb][et_pb_button button_url=\u00a0\u00bbmailto:info@al-wasila.de\u00a0\u00bb button_text=\u00a0\u00bbE-mail\u00a0\u00bb button_alignment=\u00a0\u00bbcenter\u00a0\u00bb button_alignment_tablet=\u00a0\u00bbright\u00a0\u00bb button_alignment_phone=\u00a0\u00bbcenter\u00a0\u00bb button_alignment_last_edited=\u00a0\u00bbon|desktop\u00a0\u00bb _builder_version=\u00a0\u00bb4.27.5&Prime; _module_preset=\u00a0\u00bbdefault\u00a0\u00bb custom_button=\u00a0\u00bbon\u00a0\u00bb button_text_color=\u00a0\u00bb#000000&Prime; global_colors_info=\u00a0\u00bb{}\u00a0\u00bb][\/et_pb_button][\/et_pb_column][et_pb_column type=\u00a0\u00bb1_3&Prime; _builder_version=\u00a0\u00bb4.27.4&Prime; _module_preset=\u00a0\u00bbdefault\u00a0\u00bb global_colors_info=\u00a0\u00bb{}\u00a0\u00bb][et_pb_button button_url=\u00a0\u00bbhttps:\/\/wa.me\/1602255225&Prime; url_new_window=\u00a0\u00bbon\u00a0\u00bb button_text=\u00a0\u00bbWhatsApp\u00a0\u00bb button_alignment=\u00a0\u00bbleft\u00a0\u00bb button_alignment_tablet=\u00a0\u00bbright\u00a0\u00bb button_alignment_phone=\u00a0\u00bbcenter\u00a0\u00bb button_alignment_last_edited=\u00a0\u00bbon|desktop\u00a0\u00bb _builder_version=\u00a0\u00bb4.27.5&Prime; _module_preset=\u00a0\u00bbdefault\u00a0\u00bb custom_button=\u00a0\u00bbon\u00a0\u00bb button_text_color=\u00a0\u00bb#000000&Prime; global_colors_info=\u00a0\u00bb{}\u00a0\u00bb][\/et_pb_button][\/et_pb_column][\/et_pb_row][\/et_pb_section]<\/p>\n","protected":false},"excerpt":{"rendered":"<p>Enterrement en pleine terreEnterrement en pleine terre \u2013 Notre service pour vousNous vous d\u00e9chargeons de tout souci \u2013 de A \u00e0 Z.Nous sommes disponibles 24 heures sur 24 pour vous et organisons l\u2019enterrement islamique complet \u00e0 l\u2019endroit de votre choix, dans toute l\u2019Allemagne.De nombreux cimeti\u00e8res ont d\u00e9j\u00e0 adapt\u00e9 leurs statuts, de sorte que les enterrements [&hellip;]<\/p>\n","protected":false},"author":1,"featured_media":0,"parent":0,"menu_order":0,"comment_status":"closed","ping_status":"closed","template":"","meta":{"_et_pb_use_builder":"on","_et_pb_old_content":"","_et_gb_content_width":"","footnotes":""},"class_list":["post-947","page","type-page","status-publish","hentry"],"yoast_head":"<!-- This site is optimized with the Yoast SEO plugin v27.5 - https:\/\/yoast.com\/product\/yoast-seo-wordpress\/ -->\n<title>Enterrement en pleine terre - Al-Wasila - Islamische Bestattung<\/title>\n<meta name=\"robots\" content=\"index, follow, max-snippet:-1, max-image-preview:large, max-video-preview:-1\" \/>\n<link rel=\"canonical\" href=\"https:\/\/islamische-bestattung.de\/fr\/enterrement-en-pleine-terre\/\" \/>\n<meta property=\"og:locale\" content=\"fr_FR\" \/>\n<meta property=\"og:type\" content=\"article\" \/>\n<meta property=\"og:title\" content=\"Enterrement en pleine terre - Al-Wasila - Islamische Bestattung\" \/>\n<meta property=\"og:description\" content=\"Enterrement en pleine terreEnterrement en pleine terre \u2013 Notre service pour vousNous vous d\u00e9chargeons de tout souci \u2013 de A \u00e0 Z.Nous sommes disponibles 24 heures sur 24 pour vous et organisons l\u2019enterrement islamique complet \u00e0 l\u2019endroit de votre choix, dans toute l\u2019Allemagne.De nombreux cimeti\u00e8res ont d\u00e9j\u00e0 adapt\u00e9 leurs statuts, de sorte que les enterrements [&hellip;]\" \/>\n<meta property=\"og:url\" content=\"https:\/\/islamische-bestattung.de\/fr\/enterrement-en-pleine-terre\/\" \/>\n<meta property=\"og:site_name\" content=\"Al-Wasila - Islamische Bestattung\" \/>\n<meta property=\"article:publisher\" content=\"https:\/\/www.facebook.com\/share\/1GHnfgAohf\/?mibextid=wwXIfr\" \/>\n<meta property=\"article:modified_time\" content=\"2026-02-01T13:46:56+00:00\" \/>\n<meta name=\"twitter:card\" content=\"summary_large_image\" \/>\n<meta name=\"twitter:label1\" content=\"Dur\u00e9e de lecture estim\u00e9e\" \/>\n\t<meta name=\"twitter:data1\" content=\"4 minutes\" \/>\n<script type=\"application\/ld+json\" class=\"yoast-schema-graph\">{\"@context\":\"https:\\\/\\\/schema.org\",\"@graph\":[{\"@type\":\"WebPage\",\"@id\":\"https:\\\/\\\/islamische-bestattung.de\\\/fr\\\/enterrement-en-pleine-terre\\\/\",\"url\":\"https:\\\/\\\/islamische-bestattung.de\\\/fr\\\/enterrement-en-pleine-terre\\\/\",\"name\":\"Enterrement en pleine terre - Al-Wasila - Islamische Bestattung\",\"isPartOf\":{\"@id\":\"https:\\\/\\\/islamische-bestattung.de\\\/fr\\\/#website\"},\"datePublished\":\"2025-12-19T07:55:29+00:00\",\"dateModified\":\"2026-02-01T13:46:56+00:00\",\"breadcrumb\":{\"@id\":\"https:\\\/\\\/islamische-bestattung.de\\\/fr\\\/enterrement-en-pleine-terre\\\/#breadcrumb\"},\"inLanguage\":\"fr-FR\",\"potentialAction\":[{\"@type\":\"ReadAction\",\"target\":[\"https:\\\/\\\/islamische-bestattung.de\\\/fr\\\/enterrement-en-pleine-terre\\\/\"]}]},{\"@type\":\"BreadcrumbList\",\"@id\":\"https:\\\/\\\/islamische-bestattung.de\\\/fr\\\/enterrement-en-pleine-terre\\\/#breadcrumb\",\"itemListElement\":[{\"@type\":\"ListItem\",\"position\":1,\"name\":\"Start\",\"item\":\"https:\\\/\\\/islamische-bestattung.de\\\/fr\\\/\"},{\"@type\":\"ListItem\",\"position\":2,\"name\":\"Enterrement en pleine terre\"}]},{\"@type\":\"WebSite\",\"@id\":\"https:\\\/\\\/islamische-bestattung.de\\\/fr\\\/#website\",\"url\":\"https:\\\/\\\/islamische-bestattung.de\\\/fr\\\/\",\"name\":\"Al-Wasila - Islamische Bestattung\",\"description\":\"Erster islamischer Meisterbetrieb im Bestattungswesen in Deutschland\",\"publisher\":{\"@id\":\"https:\\\/\\\/islamische-bestattung.de\\\/fr\\\/#organization\"},\"potentialAction\":[{\"@type\":\"SearchAction\",\"target\":{\"@type\":\"EntryPoint\",\"urlTemplate\":\"https:\\\/\\\/islamische-bestattung.de\\\/fr\\\/?s={search_term_string}\"},\"query-input\":{\"@type\":\"PropertyValueSpecification\",\"valueRequired\":true,\"valueName\":\"search_term_string\"}}],\"inLanguage\":\"fr-FR\"},{\"@type\":\"Organization\",\"@id\":\"https:\\\/\\\/islamische-bestattung.de\\\/fr\\\/#organization\",\"name\":\"Al-Wasila - Islamische Bestattung\",\"url\":\"https:\\\/\\\/islamische-bestattung.de\\\/fr\\\/\",\"logo\":{\"@type\":\"ImageObject\",\"inLanguage\":\"fr-FR\",\"@id\":\"https:\\\/\\\/islamische-bestattung.de\\\/fr\\\/#\\\/schema\\\/logo\\\/image\\\/\",\"url\":\"https:\\\/\\\/islamische-bestattung.de\\\/wp-content\\\/uploads\\\/2025\\\/11\\\/Al_Wasila_Logo_Vertikal.png\",\"contentUrl\":\"https:\\\/\\\/islamische-bestattung.de\\\/wp-content\\\/uploads\\\/2025\\\/11\\\/Al_Wasila_Logo_Vertikal.png\",\"width\":714,\"height\":576,\"caption\":\"Al-Wasila - Islamische Bestattung\"},\"image\":{\"@id\":\"https:\\\/\\\/islamische-bestattung.de\\\/fr\\\/#\\\/schema\\\/logo\\\/image\\\/\"},\"sameAs\":[\"https:\\\/\\\/www.facebook.com\\\/share\\\/1GHnfgAohf\\\/?mibextid=wwXIfr\",\"https:\\\/\\\/www.tiktok.com\\\/@alwasila.bestattung?_r=1&_t=ZG-92WkouZ6T8y\",\"https:\\\/\\\/www.instagram.com\\\/islamischebestattung.alwasila?igsh=bnI1OHE5MTNydHBk&utm_source=qr\"]}]}<\/script>\n<!-- \/ Yoast SEO plugin. -->","yoast_head_json":{"title":"Enterrement en pleine terre - Al-Wasila - Islamische Bestattung","robots":{"index":"index","follow":"follow","max-snippet":"max-snippet:-1","max-image-preview":"max-image-preview:large","max-video-preview":"max-video-preview:-1"},"canonical":"https:\/\/islamische-bestattung.de\/fr\/enterrement-en-pleine-terre\/","og_locale":"fr_FR","og_type":"article","og_title":"Enterrement en pleine terre - Al-Wasila - Islamische Bestattung","og_description":"Enterrement en pleine terreEnterrement en pleine terre \u2013 Notre service pour vousNous vous d\u00e9chargeons de tout souci \u2013 de A \u00e0 Z.Nous sommes disponibles 24 heures sur 24 pour vous et organisons l\u2019enterrement islamique complet \u00e0 l\u2019endroit de votre choix, dans toute l\u2019Allemagne.De nombreux cimeti\u00e8res ont d\u00e9j\u00e0 adapt\u00e9 leurs statuts, de sorte que les enterrements [&hellip;]","og_url":"https:\/\/islamische-bestattung.de\/fr\/enterrement-en-pleine-terre\/","og_site_name":"Al-Wasila - Islamische Bestattung","article_publisher":"https:\/\/www.facebook.com\/share\/1GHnfgAohf\/?mibextid=wwXIfr","article_modified_time":"2026-02-01T13:46:56+00:00","twitter_card":"summary_large_image","twitter_misc":{"Dur\u00e9e de lecture estim\u00e9e":"4 minutes"},"schema":{"@context":"https:\/\/schema.org","@graph":[{"@type":"WebPage","@id":"https:\/\/islamische-bestattung.de\/fr\/enterrement-en-pleine-terre\/","url":"https:\/\/islamische-bestattung.de\/fr\/enterrement-en-pleine-terre\/","name":"Enterrement en pleine terre - Al-Wasila - Islamische Bestattung","isPartOf":{"@id":"https:\/\/islamische-bestattung.de\/fr\/#website"},"datePublished":"2025-12-19T07:55:29+00:00","dateModified":"2026-02-01T13:46:56+00:00","breadcrumb":{"@id":"https:\/\/islamische-bestattung.de\/fr\/enterrement-en-pleine-terre\/#breadcrumb"},"inLanguage":"fr-FR","potentialAction":[{"@type":"ReadAction","target":["https:\/\/islamische-bestattung.de\/fr\/enterrement-en-pleine-terre\/"]}]},{"@type":"BreadcrumbList","@id":"https:\/\/islamische-bestattung.de\/fr\/enterrement-en-pleine-terre\/#breadcrumb","itemListElement":[{"@type":"ListItem","position":1,"name":"Start","item":"https:\/\/islamische-bestattung.de\/fr\/"},{"@type":"ListItem","position":2,"name":"Enterrement en pleine terre"}]},{"@type":"WebSite","@id":"https:\/\/islamische-bestattung.de\/fr\/#website","url":"https:\/\/islamische-bestattung.de\/fr\/","name":"Al-Wasila - Islamische Bestattung","description":"Erster islamischer Meisterbetrieb im Bestattungswesen in Deutschland","publisher":{"@id":"https:\/\/islamische-bestattung.de\/fr\/#organization"},"potentialAction":[{"@type":"SearchAction","target":{"@type":"EntryPoint","urlTemplate":"https:\/\/islamische-bestattung.de\/fr\/?s={search_term_string}"},"query-input":{"@type":"PropertyValueSpecification","valueRequired":true,"valueName":"search_term_string"}}],"inLanguage":"fr-FR"},{"@type":"Organization","@id":"https:\/\/islamische-bestattung.de\/fr\/#organization","name":"Al-Wasila - Islamische Bestattung","url":"https:\/\/islamische-bestattung.de\/fr\/","logo":{"@type":"ImageObject","inLanguage":"fr-FR","@id":"https:\/\/islamische-bestattung.de\/fr\/#\/schema\/logo\/image\/","url":"https:\/\/islamische-bestattung.de\/wp-content\/uploads\/2025\/11\/Al_Wasila_Logo_Vertikal.png","contentUrl":"https:\/\/islamische-bestattung.de\/wp-content\/uploads\/2025\/11\/Al_Wasila_Logo_Vertikal.png","width":714,"height":576,"caption":"Al-Wasila - Islamische Bestattung"},"image":{"@id":"https:\/\/islamische-bestattung.de\/fr\/#\/schema\/logo\/image\/"},"sameAs":["https:\/\/www.facebook.com\/share\/1GHnfgAohf\/?mibextid=wwXIfr","https:\/\/www.tiktok.com\/@alwasila.bestattung?_r=1&_t=ZG-92WkouZ6T8y","https:\/\/www.instagram.com\/islamischebestattung.alwasila?igsh=bnI1OHE5MTNydHBk&utm_source=qr"]}]}},"_links":{"self":[{"href":"https:\/\/islamische-bestattung.de\/fr\/wp-json\/wp\/v2\/pages\/947","targetHints":{"allow":["GET"]}}],"collection":[{"href":"https:\/\/islamische-bestattung.de\/fr\/wp-json\/wp\/v2\/pages"}],"about":[{"href":"https:\/\/islamische-bestattung.de\/fr\/wp-json\/wp\/v2\/types\/page"}],"author":[{"embeddable":true,"href":"https:\/\/islamische-bestattung.de\/fr\/wp-json\/wp\/v2\/users\/1"}],"replies":[{"embeddable":true,"href":"https:\/\/islamische-bestattung.de\/fr\/wp-json\/wp\/v2\/comments?post=947"}],"version-history":[{"count":2,"href":"https:\/\/islamische-bestattung.de\/fr\/wp-json\/wp\/v2\/pages\/947\/revisions"}],"predecessor-version":[{"id":949,"href":"https:\/\/islamische-bestattung.de\/fr\/wp-json\/wp\/v2\/pages\/947\/revisions\/949"}],"wp:attachment":[{"href":"https:\/\/islamische-bestattung.de\/fr\/wp-json\/wp\/v2\/media?parent=947"}],"curies":[{"name":"wp","href":"https:\/\/api.w.org\/{rel}","templated":true}]}}