{"id":1030,"date":"2025-12-19T07:57:39","date_gmt":"2025-12-19T07:57:39","guid":{"rendered":"https:\/\/islamische-bestattung.de\/sewirmendiya-xemginiye-u-lenerina-sivani-ya-misilmanan\/"},"modified":"2026-02-01T14:07:19","modified_gmt":"2026-02-01T14:07:19","slug":"sewirmendiya-xemginiye-u-lenerina-sivani-ya-misilmanan","status":"publish","type":"page","link":"https:\/\/islamische-bestattung.de\/ku\/sewirmendiya-xemginiye-u-lenerina-sivani-ya-misilmanan\/","title":{"rendered":"\u015e\u00eawirmendiya xemg\u00eeniy\u00ea \u00fb l\u00ean\u00ear\u00eena \u015fivan\u00ee ya Misilmanan"},"content":{"rendered":"<p>[et_pb_section fb_built=&#8221;1&#8243; _builder_version=&#8221;4.27.4&#8243; _module_preset=&#8221;default&#8221; background_color=&#8221;#959d93&#8243; custom_margin=&#8221;0px||||false|false&#8221; custom_padding=&#8221;8px||8px||true|false&#8221; locked=&#8221;off&#8221; global_colors_info=&#8221;{}&#8221;][et_pb_row _builder_version=&#8221;4.27.4&#8243; _module_preset=&#8221;default&#8221; global_colors_info=&#8221;{}&#8221;][et_pb_column type=&#8221;4_4&#8243; _builder_version=&#8221;4.27.4&#8243; _module_preset=&#8221;default&#8221; global_colors_info=&#8221;{}&#8221;][et_pb_text admin_label=&#8221;Hero Title&#8221; _builder_version=&#8221;4.27.5&#8243; text_font=&#8221;Playfair Display||||||||&#8221; header_font=&#8221;Alice||||||||&#8221; header_text_color=&#8221;#FFFFFF&#8221; header_font_size=&#8221;53px&#8221; header_letter_spacing=&#8221;-1px&#8221; header_line_height=&#8221;1.1em&#8221; width=&#8221;75%&#8221; custom_margin=&#8221;||0px|&#8221; custom_padding=&#8221;|||&#8221; animation_style=&#8221;slide&#8221; animation_direction=&#8221;left&#8221; animation_intensity_slide=&#8221;5%&#8221; animation_starting_opacity=&#8221;100%&#8221; header_font_size_tablet=&#8221;&#8221; header_font_size_phone=&#8221;33px&#8221; header_font_size_last_edited=&#8221;on|phone&#8221; locked=&#8221;off&#8221; global_colors_info=&#8221;{}&#8221; hover_enabled=&#8221;0&#8243; sticky_enabled=&#8221;0&#8243;]<\/p>\n<h1>\u015e\u00eawirmendiya xemg\u00eeniy\u00ea \u00fb l\u00ean\u00ear\u00eena \u015fivan\u00ee ya Misilmanan<\/h1>\n<p>[\/et_pb_text][\/et_pb_column][\/et_pb_row][\/et_pb_section][et_pb_section fb_built=&#8221;1&#8243; custom_padding_last_edited=&#8221;on|phone&#8221; _builder_version=&#8221;4.27.5&#8243; _module_preset=&#8221;default&#8221; custom_margin=&#8221;50px||||false|false&#8221; custom_margin_tablet=&#8221;50px||||false|false&#8221; custom_margin_phone=&#8221;0px||||false|false&#8221; custom_margin_last_edited=&#8221;on|phone&#8221; custom_padding=&#8221;24px||105px|||&#8221; custom_padding_tablet=&#8221;24px||105px|||&#8221; custom_padding_phone=&#8221;24px||74px||false|false&#8221; global_colors_info=&#8221;{}&#8221;][et_pb_row _builder_version=&#8221;4.27.4&#8243; _module_preset=&#8221;default&#8221; max_width=&#8221;100%&#8221; custom_padding=&#8221;||0px|||&#8221; global_colors_info=&#8221;{}&#8221;][et_pb_column type=&#8221;4_4&#8243; _builder_version=&#8221;4.27.4&#8243; _module_preset=&#8221;default&#8221; global_colors_info=&#8221;{}&#8221;][et_pb_text admin_label=&#8221;Title&#8221; _builder_version=&#8221;4.27.5&#8243; text_font=&#8221;||||||||&#8221; header_font=&#8221;||||||||&#8221; header_2_font=&#8221;Alice||||||||&#8221; header_2_text_align=&#8221;center&#8221; header_2_font_size=&#8221;42px&#8221; header_2_line_height=&#8221;1.3em&#8221; custom_margin=&#8221;||20px|&#8221; animation_style=&#8221;slide&#8221; animation_direction=&#8221;top&#8221; animation_intensity_slide=&#8221;30%&#8221; animation_starting_opacity=&#8221;100%&#8221; header_2_font_size_tablet=&#8221;42px&#8221; header_2_font_size_phone=&#8221;27px&#8221; header_2_font_size_last_edited=&#8221;on|phone&#8221; locked=&#8221;off&#8221; global_colors_info=&#8221;{}&#8221;]<\/p>\n<h2>Xizmeta \u015fivantiy\u00ea ya Misilmanan &#8211; Guhdar\u00eekirin. Hevalbend\u00ee. Day\u00eena h\u00eaviy\u00ea.  <\/h2>\n<p>[\/et_pb_text][et_pb_text disabled_on=&#8221;off|off|off&#8221; _builder_version=&#8221;4.27.5&#8243; text_font=&#8221;||||||||&#8221; text_font_size=&#8221;16px&#8221; text_line_height=&#8221;1.8em&#8221; custom_margin=&#8221;||19px|||&#8221; custom_padding=&#8221;|||&#8221; animation_style=&#8221;slide&#8221; animation_direction=&#8221;left&#8221; animation_intensity_slide=&#8221;5%&#8221; animation_starting_opacity=&#8221;100%&#8221; locked=&#8221;off&#8221; global_colors_info=&#8221;{}&#8221;]<\/p>\n<p>Xizmeta \u015fivantiy\u00ea ya Misilmanan t\u00ea wateya hevd\u00eetina bi mirovan re li cih\u00ea ku ew l\u00ea ne &#8211; di xem, pirs, kr\u00eez \u00fb k\u00ealiy\u00ean l\u00eager\u00eena wan a watey\u00ea de.<br \/> Ew ne tab\u00fbyek e, l\u00ea cihek\u00ee rihetiy\u00ea, bawer\u00ee \u00fb h\u00eazday\u00een\u00ea ye.<br \/><strong><\/strong><\/p>\n<p><strong>Em bi hev re ne:<\/strong><br \/> <strong>\u2022 di mijar\u00ean bawer\u00ee \u00fb r\u00eaberiya giyan\u00ee de<\/strong><br \/> <strong>\u2022 di xemg\u00een\u00ee, nexwe\u015f\u00ee, mirin \u00fb xatirxwestin\u00ea de<\/strong><br \/> <strong>\u2022 di nakok\u00ee, stres\u00ean malbat\u00ee an j\u00ee guhertin\u00ean jiyan\u00ea de<\/strong><br \/> <strong>\u2022 di ten\u00eat\u00ee, tirs, b\u00eah\u00eav\u00eeb\u00fbn an j\u00ee hesta serdestiy\u00ea de<\/strong><br \/> <strong>\u2022 di kr\u00eez\u00ean ku bandor\u00ea li ciwanan, mezinan \u00fb welatiy\u00ean extiyar dikin de<\/strong><\/p>\n<p>Xizmeta \u015fivantiy\u00ea ya Misilmanan ji sohbetek\u00ea pir z\u00eadetir e.<br \/> Ew van ti\u015ftan dihew\u00eene: guhdar\u00eekirin, hizirkirin, Tezkiya (paqijkirina hundir\u00een), hevalt\u00ee di r\u00ea\u00fbresman de, pi\u015ftgiriya ps\u00eekososyal, \u015f\u00eawirmendiya xemg\u00eeniy\u00ea \u00fb al\u00eekariya prat\u00eek\u00ee &#8211; \u00e7i li nexwe\u015fxaneyan, mizgeftan, zindanan, xizmet\u00ean ac\u00eel, malbatan an serh\u00eal.<\/p>\n<p><strong>Erka me ev e:<\/strong><br \/> <strong>Ji bo te\u015fw\u00eeqkirina y\u00ean din &#8211; li \u015f\u00fbna b\u00eadeng bim\u00eenin.<\/strong><br \/> <strong>Ji bo vekirina h\u00eaviy\u00ea &#8211; li \u015f\u00fbna \u015fermezarkirin\u00ea.<\/strong><br \/> <strong>Ji bo r\u00eaberiy\u00ea peyda bikin &#8211; li \u015f\u00fbna ku wan bi ten\u00ea bih\u00ealin.<\/strong><\/p>\n<p>Pirs pirs\u00een h\u00eaz\u00ea n\u00ee\u015fan dide.<br \/> Y\u00ean ku dib\u00eajin, r\u00eayek\u00ea dib\u00eenin.<br \/> Ew kes\u00ean ku bi wan re ne, deriy\u00ean n\u00fb vedib\u00eenin.<\/p>\n<p>Ji bo p\u00eakan\u00eena p\u00eadiviy\u00ean hem\u00fb kesan, <strong>hem ke\u015f\u00ee\u015fek jin \u00fb hem j\u00ee ke\u015f\u00ee\u015fek m\u00ear \u00ea Misilman<\/strong> heye.<br \/> Ev yek dih\u00eale ku jin, m\u00ear, ciwan \u00fb malbat hevj\u00eenek hilbij\u00earin ku ji wan re ewle, guncaw \u00fb p\u00eabawer be.<\/p>\n<p>Em di nav civatek netewey\u00ee ya bih\u00eaz \u00fb bi tor\u00ean netewey\u00ee de dixebitin.<br \/> Eger k\u00earhat\u00ee be, em dikarin <strong>ji pa\u015fxaneya \u00e7and\u00ee ya we an j\u00ee bi ziman\u00ea we y\u00ea zikmak\u00ee kah\u00eenan an dab\u00eenker\u00ean l\u00ean\u00ear\u00eena \u015fivan\u00ee peyda bikin<\/strong> &#8211; ji ber ku ragihandin bi t\u00eagih\u00ee\u015ftin\u00ea ge\u015f dibe, ne ten\u00ea bi axaftin\u00ea.<\/p>\n<p>R\u00eaberiya giyan\u00ee \u015fexs\u00ee ye. Ji ber v\u00ea yek\u00ea, em r\u00eaz\u00ea li nepen\u00eetiy\u00ea, r\u00eay\u00ean jiyana takekes\u00ee \u00fb pa\u015fxaney\u00ean \u00e7and\u00ee digirin.<br \/> \u00c7i di axaftin\u00ea de, \u00e7i di dem\u00ean kr\u00eez\u00ea, xemg\u00eeniy\u00ea, nexwe\u015fiy\u00ea, l\u00eager\u00eena r\u00eaberiy\u00ea, an j\u00ee pirs\u00ean ol\u00ee de: <br \/><strong>H\u00fbn biryar didin ka k\u00ee bi we re dibe.<\/strong><\/p>\n<p>Em we vedixw\u00eenin: Bi me re biaxivin &#8211; bi awayek\u00ee ve\u015fart\u00ee, nepen\u00ee \u00fb b\u00eay\u00ee dadbarkirin\u00ea.<\/p>\n<p>[\/et_pb_text][\/et_pb_column][\/et_pb_row][et_pb_row custom_padding_last_edited=&#8221;on|phone&#8221; _builder_version=&#8221;4.27.5&#8243; _module_preset=&#8221;default&#8221; max_width=&#8221;100%&#8221; custom_margin_tablet=&#8221;&#8221; custom_margin_phone=&#8221;&#8221; custom_margin_last_edited=&#8221;on|phone&#8221; custom_padding=&#8221;48px||0px|||&#8221; custom_padding_tablet=&#8221;48px||0px|||&#8221; custom_padding_phone=&#8221;9px||||false|false&#8221; global_colors_info=&#8221;{}&#8221;][et_pb_column type=&#8221;4_4&#8243; _builder_version=&#8221;4.27.5&#8243; _module_preset=&#8221;default&#8221; background_enable_color=&#8221;off&#8221; global_colors_info=&#8221;{}&#8221;][et_pb_text disabled_on=&#8221;off|off|off&#8221; _builder_version=&#8221;4.27.5&#8243; _module_preset=&#8221;default&#8221; text_font=&#8221;||||||||&#8221; text_font_size=&#8221;16px&#8221; text_line_height=&#8221;1.8em&#8221; link_text_color=&#8221;#c1a01d&#8221; custom_margin=&#8221;||19px|||&#8221; custom_padding=&#8221;|||&#8221; animation_style=&#8221;slide&#8221; animation_direction=&#8221;left&#8221; animation_intensity_slide=&#8221;5%&#8221; animation_starting_opacity=&#8221;100%&#8221; global_colors_info=&#8221;{}&#8221;]<\/p>\n<p style=\"text-align: center;\"><strong>Agahiy\u00ean derbar\u00ea kal\u00eef\u00eekasyon\u00ea de<\/strong><\/p>\n<p><a href=\"https:\/\/www.muslimische-seelsorge.de\/\"><img loading=\"lazy\" decoding=\"async\" src=\"https:\/\/islamische-bestattung.de\/wp-content\/uploads\/2025\/12\/Bunt_AfmS_Logo-242x300.png\" width=\"100\" height=\"124\" alt=\"\" class=\"wp-image-481 alignnone size-medium\" style=\"display: block; margin-left: auto; margin-right: auto;\"><\/a><\/p>\n<p style=\"text-align: justify;\">Xizmeta me ya \u015fivantiya Misilmanan ji aliy\u00ea ke\u015f\u00ee\u015f\u00ean j\u00eahat\u00ee ve t\u00ea p\u00ea\u015fk\u00ea\u015f kirin ku ji aliy\u00ea <a href=\"https:\/\/www.muslimische-seelsorge.de\/\" target=\"_blank\" rel=\"noopener\">Akademiya Xizmeta \u015eivantiya Misilmanan (Akademie f\u00fcr muslimische Seelsorge e.V.)<\/a> ve hatine perwerdekirin. Ev yek dih\u00eale ku em j\u00eahat\u00eeb\u00fbna p\u00ee\u015fey\u00ee bi empat\u00ee \u00fb bingehek \u00ceslam\u00ee ya bih\u00eaz re bikin yek, \u00fb dih\u00eale ku em di dem\u00ean dijwar de bi berpirsiyar\u00ee pi\u015ftgiriy\u00ea bidin kes\u00ean bandordar. <\/p>\n<p>&nbsp;<\/p>\n<p>[\/et_pb_text][\/et_pb_column][\/et_pb_row][et_pb_row column_structure=&#8221;1_2,1_2&#8243; use_custom_gutter=&#8221;on&#8221; gutter_width=&#8221;2&#8243; _builder_version=&#8221;4.27.4&#8243; _module_preset=&#8221;default&#8221; custom_padding=&#8221;1px||0px||false|false&#8221; locked=&#8221;off&#8221; global_colors_info=&#8221;{}&#8221;][et_pb_column type=&#8221;1_2&#8243; _builder_version=&#8221;4.27.4&#8243; _module_preset=&#8221;default&#8221; global_colors_info=&#8221;{}&#8221;][et_pb_button button_url=&#8221;tel:+4945139733733&#8243; button_text=&#8221;Bang&#8221; button_alignment=&#8221;right&#8221; button_alignment_tablet=&#8221;right&#8221; button_alignment_phone=&#8221;center&#8221; button_alignment_last_edited=&#8221;on|desktop&#8221; _builder_version=&#8221;4.27.5&#8243; _module_preset=&#8221;default&#8221; custom_button=&#8221;on&#8221; button_text_color=&#8221;#000000&#8243; global_colors_info=&#8221;{}&#8221;][\/et_pb_button][\/et_pb_column][et_pb_column type=&#8221;1_2&#8243; _builder_version=&#8221;4.27.4&#8243; _module_preset=&#8221;default&#8221; global_colors_info=&#8221;{}&#8221;][et_pb_button button_url=&#8221;mailto:info@al-wasila.de&#8221; button_text=&#8221;e-name&#8221; button_alignment=&#8221;left&#8221; button_alignment_tablet=&#8221;right&#8221; button_alignment_phone=&#8221;center&#8221; button_alignment_last_edited=&#8221;on|desktop&#8221; _builder_version=&#8221;4.27.5&#8243; _module_preset=&#8221;default&#8221; custom_button=&#8221;on&#8221; button_text_color=&#8221;#000000&#8243; global_colors_info=&#8221;{}&#8221;][\/et_pb_button][\/et_pb_column][\/et_pb_row][\/et_pb_section]<\/p>\n","protected":false},"excerpt":{"rendered":"<p>\u015e\u00eawirmendiya xemg\u00eeniy\u00ea \u00fb l\u00ean\u00ear\u00eena \u015fivan\u00ee ya MisilmananXizmeta \u015fivantiy\u00ea ya Misilmanan &#8211; Guhdar\u00eekirin. Hevalbend\u00ee. Day\u00eena h\u00eaviy\u00ea. Xizmeta \u015fivantiy\u00ea ya Misilmanan t\u00ea wateya hevd\u00eetina bi mirovan re li cih\u00ea ku ew l\u00ea ne &#8211; di xem, pirs, kr\u00eez \u00fb k\u00ealiy\u00ean l\u00eager\u00eena wan a watey\u00ea de. Ew ne tab\u00fbyek e, l\u00ea cihek\u00ee rihetiy\u00ea, bawer\u00ee \u00fb h\u00eazday\u00een\u00ea ye. Em [&hellip;]<\/p>\n","protected":false},"author":1,"featured_media":0,"parent":0,"menu_order":0,"comment_status":"closed","ping_status":"closed","template":"","meta":{"_et_pb_use_builder":"on","_et_pb_old_content":"","_et_gb_content_width":"","footnotes":""},"class_list":["post-1030","page","type-page","status-publish","hentry"],"yoast_head":"<!-- This site is optimized with the Yoast SEO plugin v27.5 - https:\/\/yoast.com\/product\/yoast-seo-wordpress\/ -->\n<title>\u015e\u00eawirmendiya xemg\u00eeniy\u00ea \u00fb l\u00ean\u00ear\u00eena \u015fivan\u00ee ya Misilmanan - Al-Wasila - Islamische Bestattung<\/title>\n<meta name=\"robots\" content=\"index, follow, max-snippet:-1, max-image-preview:large, max-video-preview:-1\" \/>\n<link rel=\"canonical\" href=\"https:\/\/islamische-bestattung.de\/ku\/sewirmendiya-xemginiye-u-lenerina-sivani-ya-misilmanan\/\" \/>\n<meta property=\"og:locale\" content=\"en_US\" \/>\n<meta property=\"og:type\" content=\"article\" \/>\n<meta property=\"og:title\" content=\"\u015e\u00eawirmendiya xemg\u00eeniy\u00ea \u00fb l\u00ean\u00ear\u00eena \u015fivan\u00ee ya Misilmanan - Al-Wasila - Islamische Bestattung\" \/>\n<meta property=\"og:description\" content=\"\u015e\u00eawirmendiya xemg\u00eeniy\u00ea \u00fb l\u00ean\u00ear\u00eena \u015fivan\u00ee ya MisilmananXizmeta \u015fivantiy\u00ea ya Misilmanan - Guhdar\u00eekirin. Hevalbend\u00ee. Day\u00eena h\u00eaviy\u00ea. Xizmeta \u015fivantiy\u00ea ya Misilmanan t\u00ea wateya hevd\u00eetina bi mirovan re li cih\u00ea ku ew l\u00ea ne - di xem, pirs, kr\u00eez \u00fb k\u00ealiy\u00ean l\u00eager\u00eena wan a watey\u00ea de. Ew ne tab\u00fbyek e, l\u00ea cihek\u00ee rihetiy\u00ea, bawer\u00ee \u00fb h\u00eazday\u00een\u00ea ye. Em [&hellip;]\" \/>\n<meta property=\"og:url\" content=\"https:\/\/islamische-bestattung.de\/ku\/sewirmendiya-xemginiye-u-lenerina-sivani-ya-misilmanan\/\" \/>\n<meta property=\"og:site_name\" content=\"Al-Wasila - Islamische Bestattung\" \/>\n<meta property=\"article:publisher\" content=\"https:\/\/www.facebook.com\/share\/1GHnfgAohf\/?mibextid=wwXIfr\" \/>\n<meta property=\"article:modified_time\" content=\"2026-02-01T14:07:19+00:00\" \/>\n<meta property=\"og:image\" content=\"https:\/\/islamische-bestattung.de\/wp-content\/uploads\/2025\/12\/Bunt_AfmS_Logo.png\" \/>\n\t<meta property=\"og:image:width\" content=\"670\" \/>\n\t<meta property=\"og:image:height\" content=\"830\" \/>\n\t<meta property=\"og:image:type\" content=\"image\/png\" \/>\n<meta name=\"twitter:card\" content=\"summary_large_image\" \/>\n<meta name=\"twitter:label1\" content=\"Est. reading time\" \/>\n\t<meta name=\"twitter:data1\" content=\"6 \u062e\u0648\u0644\u06d5\u06a9\" \/>\n<script type=\"application\/ld+json\" class=\"yoast-schema-graph\">{\"@context\":\"https:\\\/\\\/schema.org\",\"@graph\":[{\"@type\":\"WebPage\",\"@id\":\"https:\\\/\\\/islamische-bestattung.de\\\/ku\\\/sewirmendiya-xemginiye-u-lenerina-sivani-ya-misilmanan\\\/\",\"url\":\"https:\\\/\\\/islamische-bestattung.de\\\/ku\\\/sewirmendiya-xemginiye-u-lenerina-sivani-ya-misilmanan\\\/\",\"name\":\"\u015e\u00eawirmendiya xemg\u00eeniy\u00ea \u00fb l\u00ean\u00ear\u00eena \u015fivan\u00ee ya Misilmanan - Al-Wasila - Islamische Bestattung\",\"isPartOf\":{\"@id\":\"https:\\\/\\\/islamische-bestattung.de\\\/ku\\\/#website\"},\"primaryImageOfPage\":{\"@id\":\"https:\\\/\\\/islamische-bestattung.de\\\/ku\\\/sewirmendiya-xemginiye-u-lenerina-sivani-ya-misilmanan\\\/#primaryimage\"},\"image\":{\"@id\":\"https:\\\/\\\/islamische-bestattung.de\\\/ku\\\/sewirmendiya-xemginiye-u-lenerina-sivani-ya-misilmanan\\\/#primaryimage\"},\"thumbnailUrl\":\"https:\\\/\\\/islamische-bestattung.de\\\/wp-content\\\/uploads\\\/2025\\\/12\\\/Bunt_AfmS_Logo-242x300.png\",\"datePublished\":\"2025-12-19T07:57:39+00:00\",\"dateModified\":\"2026-02-01T14:07:19+00:00\",\"breadcrumb\":{\"@id\":\"https:\\\/\\\/islamische-bestattung.de\\\/ku\\\/sewirmendiya-xemginiye-u-lenerina-sivani-ya-misilmanan\\\/#breadcrumb\"},\"inLanguage\":\"ckb\",\"potentialAction\":[{\"@type\":\"ReadAction\",\"target\":[\"https:\\\/\\\/islamische-bestattung.de\\\/ku\\\/sewirmendiya-xemginiye-u-lenerina-sivani-ya-misilmanan\\\/\"]}]},{\"@type\":\"ImageObject\",\"inLanguage\":\"ckb\",\"@id\":\"https:\\\/\\\/islamische-bestattung.de\\\/ku\\\/sewirmendiya-xemginiye-u-lenerina-sivani-ya-misilmanan\\\/#primaryimage\",\"url\":\"https:\\\/\\\/islamische-bestattung.de\\\/wp-content\\\/uploads\\\/2025\\\/12\\\/Bunt_AfmS_Logo-242x300.png\",\"contentUrl\":\"https:\\\/\\\/islamische-bestattung.de\\\/wp-content\\\/uploads\\\/2025\\\/12\\\/Bunt_AfmS_Logo-242x300.png\"},{\"@type\":\"BreadcrumbList\",\"@id\":\"https:\\\/\\\/islamische-bestattung.de\\\/ku\\\/sewirmendiya-xemginiye-u-lenerina-sivani-ya-misilmanan\\\/#breadcrumb\",\"itemListElement\":[{\"@type\":\"ListItem\",\"position\":1,\"name\":\"Start\",\"item\":\"https:\\\/\\\/islamische-bestattung.de\\\/ku\\\/\"},{\"@type\":\"ListItem\",\"position\":2,\"name\":\"\u015e\u00eawirmendiya xemg\u00eeniy\u00ea \u00fb l\u00ean\u00ear\u00eena \u015fivan\u00ee ya Misilmanan\"}]},{\"@type\":\"WebSite\",\"@id\":\"https:\\\/\\\/islamische-bestattung.de\\\/ku\\\/#website\",\"url\":\"https:\\\/\\\/islamische-bestattung.de\\\/ku\\\/\",\"name\":\"Al-Wasila - Islamische Bestattung\",\"description\":\"Erster islamischer Meisterbetrieb im Bestattungswesen in Deutschland\",\"publisher\":{\"@id\":\"https:\\\/\\\/islamische-bestattung.de\\\/ku\\\/#organization\"},\"potentialAction\":[{\"@type\":\"SearchAction\",\"target\":{\"@type\":\"EntryPoint\",\"urlTemplate\":\"https:\\\/\\\/islamische-bestattung.de\\\/ku\\\/?s={search_term_string}\"},\"query-input\":{\"@type\":\"PropertyValueSpecification\",\"valueRequired\":true,\"valueName\":\"search_term_string\"}}],\"inLanguage\":\"ckb\"},{\"@type\":\"Organization\",\"@id\":\"https:\\\/\\\/islamische-bestattung.de\\\/ku\\\/#organization\",\"name\":\"Al-Wasila - Islamische Bestattung\",\"url\":\"https:\\\/\\\/islamische-bestattung.de\\\/ku\\\/\",\"logo\":{\"@type\":\"ImageObject\",\"inLanguage\":\"ckb\",\"@id\":\"https:\\\/\\\/islamische-bestattung.de\\\/ku\\\/#\\\/schema\\\/logo\\\/image\\\/\",\"url\":\"https:\\\/\\\/islamische-bestattung.de\\\/wp-content\\\/uploads\\\/2025\\\/11\\\/Al_Wasila_Logo_Vertikal.png\",\"contentUrl\":\"https:\\\/\\\/islamische-bestattung.de\\\/wp-content\\\/uploads\\\/2025\\\/11\\\/Al_Wasila_Logo_Vertikal.png\",\"width\":714,\"height\":576,\"caption\":\"Al-Wasila - Islamische Bestattung\"},\"image\":{\"@id\":\"https:\\\/\\\/islamische-bestattung.de\\\/ku\\\/#\\\/schema\\\/logo\\\/image\\\/\"},\"sameAs\":[\"https:\\\/\\\/www.facebook.com\\\/share\\\/1GHnfgAohf\\\/?mibextid=wwXIfr\",\"https:\\\/\\\/www.tiktok.com\\\/@alwasila.bestattung?_r=1&_t=ZG-92WkouZ6T8y\",\"https:\\\/\\\/www.instagram.com\\\/islamischebestattung.alwasila?igsh=bnI1OHE5MTNydHBk&utm_source=qr\"]}]}<\/script>\n<!-- \/ Yoast SEO plugin. -->","yoast_head_json":{"title":"\u015e\u00eawirmendiya xemg\u00eeniy\u00ea \u00fb l\u00ean\u00ear\u00eena \u015fivan\u00ee ya Misilmanan - Al-Wasila - Islamische Bestattung","robots":{"index":"index","follow":"follow","max-snippet":"max-snippet:-1","max-image-preview":"max-image-preview:large","max-video-preview":"max-video-preview:-1"},"canonical":"https:\/\/islamische-bestattung.de\/ku\/sewirmendiya-xemginiye-u-lenerina-sivani-ya-misilmanan\/","og_locale":"en_US","og_type":"article","og_title":"\u015e\u00eawirmendiya xemg\u00eeniy\u00ea \u00fb l\u00ean\u00ear\u00eena \u015fivan\u00ee ya Misilmanan - Al-Wasila - Islamische Bestattung","og_description":"\u015e\u00eawirmendiya xemg\u00eeniy\u00ea \u00fb l\u00ean\u00ear\u00eena \u015fivan\u00ee ya MisilmananXizmeta \u015fivantiy\u00ea ya Misilmanan - Guhdar\u00eekirin. Hevalbend\u00ee. Day\u00eena h\u00eaviy\u00ea. Xizmeta \u015fivantiy\u00ea ya Misilmanan t\u00ea wateya hevd\u00eetina bi mirovan re li cih\u00ea ku ew l\u00ea ne - di xem, pirs, kr\u00eez \u00fb k\u00ealiy\u00ean l\u00eager\u00eena wan a watey\u00ea de. Ew ne tab\u00fbyek e, l\u00ea cihek\u00ee rihetiy\u00ea, bawer\u00ee \u00fb h\u00eazday\u00een\u00ea ye. Em [&hellip;]","og_url":"https:\/\/islamische-bestattung.de\/ku\/sewirmendiya-xemginiye-u-lenerina-sivani-ya-misilmanan\/","og_site_name":"Al-Wasila - Islamische Bestattung","article_publisher":"https:\/\/www.facebook.com\/share\/1GHnfgAohf\/?mibextid=wwXIfr","article_modified_time":"2026-02-01T14:07:19+00:00","og_image":[{"width":670,"height":830,"url":"https:\/\/islamische-bestattung.de\/wp-content\/uploads\/2025\/12\/Bunt_AfmS_Logo.png","type":"image\/png"}],"twitter_card":"summary_large_image","twitter_misc":{"Est. reading time":"6 \u062e\u0648\u0644\u06d5\u06a9"},"schema":{"@context":"https:\/\/schema.org","@graph":[{"@type":"WebPage","@id":"https:\/\/islamische-bestattung.de\/ku\/sewirmendiya-xemginiye-u-lenerina-sivani-ya-misilmanan\/","url":"https:\/\/islamische-bestattung.de\/ku\/sewirmendiya-xemginiye-u-lenerina-sivani-ya-misilmanan\/","name":"\u015e\u00eawirmendiya xemg\u00eeniy\u00ea \u00fb l\u00ean\u00ear\u00eena \u015fivan\u00ee ya Misilmanan - Al-Wasila - Islamische Bestattung","isPartOf":{"@id":"https:\/\/islamische-bestattung.de\/ku\/#website"},"primaryImageOfPage":{"@id":"https:\/\/islamische-bestattung.de\/ku\/sewirmendiya-xemginiye-u-lenerina-sivani-ya-misilmanan\/#primaryimage"},"image":{"@id":"https:\/\/islamische-bestattung.de\/ku\/sewirmendiya-xemginiye-u-lenerina-sivani-ya-misilmanan\/#primaryimage"},"thumbnailUrl":"https:\/\/islamische-bestattung.de\/wp-content\/uploads\/2025\/12\/Bunt_AfmS_Logo-242x300.png","datePublished":"2025-12-19T07:57:39+00:00","dateModified":"2026-02-01T14:07:19+00:00","breadcrumb":{"@id":"https:\/\/islamische-bestattung.de\/ku\/sewirmendiya-xemginiye-u-lenerina-sivani-ya-misilmanan\/#breadcrumb"},"inLanguage":"ckb","potentialAction":[{"@type":"ReadAction","target":["https:\/\/islamische-bestattung.de\/ku\/sewirmendiya-xemginiye-u-lenerina-sivani-ya-misilmanan\/"]}]},{"@type":"ImageObject","inLanguage":"ckb","@id":"https:\/\/islamische-bestattung.de\/ku\/sewirmendiya-xemginiye-u-lenerina-sivani-ya-misilmanan\/#primaryimage","url":"https:\/\/islamische-bestattung.de\/wp-content\/uploads\/2025\/12\/Bunt_AfmS_Logo-242x300.png","contentUrl":"https:\/\/islamische-bestattung.de\/wp-content\/uploads\/2025\/12\/Bunt_AfmS_Logo-242x300.png"},{"@type":"BreadcrumbList","@id":"https:\/\/islamische-bestattung.de\/ku\/sewirmendiya-xemginiye-u-lenerina-sivani-ya-misilmanan\/#breadcrumb","itemListElement":[{"@type":"ListItem","position":1,"name":"Start","item":"https:\/\/islamische-bestattung.de\/ku\/"},{"@type":"ListItem","position":2,"name":"\u015e\u00eawirmendiya xemg\u00eeniy\u00ea \u00fb l\u00ean\u00ear\u00eena \u015fivan\u00ee ya Misilmanan"}]},{"@type":"WebSite","@id":"https:\/\/islamische-bestattung.de\/ku\/#website","url":"https:\/\/islamische-bestattung.de\/ku\/","name":"Al-Wasila - Islamische Bestattung","description":"Erster islamischer Meisterbetrieb im Bestattungswesen in Deutschland","publisher":{"@id":"https:\/\/islamische-bestattung.de\/ku\/#organization"},"potentialAction":[{"@type":"SearchAction","target":{"@type":"EntryPoint","urlTemplate":"https:\/\/islamische-bestattung.de\/ku\/?s={search_term_string}"},"query-input":{"@type":"PropertyValueSpecification","valueRequired":true,"valueName":"search_term_string"}}],"inLanguage":"ckb"},{"@type":"Organization","@id":"https:\/\/islamische-bestattung.de\/ku\/#organization","name":"Al-Wasila - Islamische Bestattung","url":"https:\/\/islamische-bestattung.de\/ku\/","logo":{"@type":"ImageObject","inLanguage":"ckb","@id":"https:\/\/islamische-bestattung.de\/ku\/#\/schema\/logo\/image\/","url":"https:\/\/islamische-bestattung.de\/wp-content\/uploads\/2025\/11\/Al_Wasila_Logo_Vertikal.png","contentUrl":"https:\/\/islamische-bestattung.de\/wp-content\/uploads\/2025\/11\/Al_Wasila_Logo_Vertikal.png","width":714,"height":576,"caption":"Al-Wasila - Islamische Bestattung"},"image":{"@id":"https:\/\/islamische-bestattung.de\/ku\/#\/schema\/logo\/image\/"},"sameAs":["https:\/\/www.facebook.com\/share\/1GHnfgAohf\/?mibextid=wwXIfr","https:\/\/www.tiktok.com\/@alwasila.bestattung?_r=1&_t=ZG-92WkouZ6T8y","https:\/\/www.instagram.com\/islamischebestattung.alwasila?igsh=bnI1OHE5MTNydHBk&utm_source=qr"]}]}},"_links":{"self":[{"href":"https:\/\/islamische-bestattung.de\/ku\/wp-json\/wp\/v2\/pages\/1030","targetHints":{"allow":["GET"]}}],"collection":[{"href":"https:\/\/islamische-bestattung.de\/ku\/wp-json\/wp\/v2\/pages"}],"about":[{"href":"https:\/\/islamische-bestattung.de\/ku\/wp-json\/wp\/v2\/types\/page"}],"author":[{"embeddable":true,"href":"https:\/\/islamische-bestattung.de\/ku\/wp-json\/wp\/v2\/users\/1"}],"replies":[{"embeddable":true,"href":"https:\/\/islamische-bestattung.de\/ku\/wp-json\/wp\/v2\/comments?post=1030"}],"version-history":[{"count":2,"href":"https:\/\/islamische-bestattung.de\/ku\/wp-json\/wp\/v2\/pages\/1030\/revisions"}],"predecessor-version":[{"id":1032,"href":"https:\/\/islamische-bestattung.de\/ku\/wp-json\/wp\/v2\/pages\/1030\/revisions\/1032"}],"wp:attachment":[{"href":"https:\/\/islamische-bestattung.de\/ku\/wp-json\/wp\/v2\/media?parent=1030"}],"curies":[{"name":"wp","href":"https:\/\/api.w.org\/{rel}","templated":true}]}}