{"id":824,"date":"2025-11-04T18:44:15","date_gmt":"2025-11-04T18:44:15","guid":{"rendered":"https:\/\/islamische-bestattung.de\/el-wasile-definkirina-islami\/"},"modified":"2026-04-28T17:34:46","modified_gmt":"2026-04-28T17:34:46","slug":"el-wasile-definkirina-islami","status":"publish","type":"page","link":"https:\/\/islamische-bestattung.de\/ku\/","title":{"rendered":"El-Was\u00eele &#8211; Definkirina \u00ceslam\u00ee"},"content":{"rendered":"<p>[et_pb_section fb_built=&#8221;1&#8243; custom_padding_last_edited=&#8221;on|phone&#8221; admin_label=&#8221;Hero Section&#8221; _builder_version=&#8221;4.27.5&#8243; use_background_color_gradient=&#8221;on&#8221; background_color_gradient_direction=&#8221;90deg&#8221; background_color_gradient_stops=&#8221;rgba(244,240,233,0.9) 30%|rgba(244,240,233,0) 100%&#8221; background_color_gradient_overlays_image=&#8221;on&#8221; background_color_gradient_start=&#8221;rgba(244,240,233,0.9)&#8221; background_color_gradient_start_position=&#8221;30%&#8221; background_color_gradient_end=&#8221;rgba(244,240,233,0)&#8221; background_image=&#8221;https:\/\/islamische-bestattung.de\/wp-content\/uploads\/2025\/12\/alwasila_HG.jpg&#8221; custom_margin=&#8221;|||&#8221; custom_padding=&#8221;63px|0px|59px|0px|false|false&#8221; custom_padding_tablet=&#8221;63px|0px|59px|0px|false|false&#8221; custom_padding_phone=&#8221;30px||40px||false|false&#8221; background_last_edited=&#8221;on|phone&#8221; use_background_color_gradient_phone=&#8221;on&#8221; background_color_gradient_stops_phone=&#8221;rgba(244,240,233,0.9) 36%|rgba(244,240,233,0.73) 79%|rgba(244,240,233,0.6) 92%&#8221; global_colors_info=&#8221;{}&#8221;][et_pb_row custom_padding_last_edited=&#8221;off|desktop&#8221; admin_label=&#8221;Qada Qehremanan&#8221; _builder_version=&#8221;4.27.5&#8243; width_tablet=&#8221;91%&#8221; width_phone=&#8221;85%&#8221; width_last_edited=&#8221;on|desktop&#8221; max_width=&#8221;100%&#8221; custom_padding=&#8221;27px|0px|0px|0px&#8221; global_colors_info=&#8221;{}&#8221;][et_pb_column type=&#8221;4_4&#8243; _builder_version=&#8221;4.16&#8243; custom_padding=&#8221;|||&#8221; global_colors_info=&#8221;{}&#8221; custom_padding__hover=&#8221;|||&#8221;][et_pb_text admin_label=&#8221;Hero Title&#8221; _builder_version=&#8221;4.27.5&#8243; text_font=&#8221;Playfair Display||||||||&#8221; header_font=&#8221;Alice||||||||&#8221; header_font_size=&#8221;74px&#8221; header_letter_spacing=&#8221;-3px&#8221; header_line_height=&#8221;1.1em&#8221; width=&#8221;75%&#8221; custom_margin=&#8221;||0px|&#8221; custom_padding=&#8221;|||&#8221; animation_style=&#8221;slide&#8221; animation_direction=&#8221;left&#8221; animation_intensity_slide=&#8221;5%&#8221; animation_starting_opacity=&#8221;100%&#8221; text_font_size_last_edited=&#8221;off|desktop&#8221; header_font_size_tablet=&#8221;&#8221; header_font_size_phone=&#8221;45px&#8221; header_font_size_last_edited=&#8221;on|phone&#8221; header_letter_spacing_tablet=&#8221;-3px&#8221; header_letter_spacing_phone=&#8221;-3px&#8221; header_letter_spacing_last_edited=&#8221;on|phone&#8221; header_line_height_tablet=&#8221;1.1em&#8221; header_line_height_phone=&#8221;1em&#8221; header_line_height_last_edited=&#8221;on|phone&#8221; global_colors_info=&#8221;{}&#8221;]<\/p>\n<h1>El-Was\u00eele<\/h1>\n<h1>Definkirina \u00eeslam\u00ee<\/h1>\n<p>[\/et_pb_text][et_pb_text _builder_version=&#8221;4.27.5&#8243; text_font=&#8221;||||||||&#8221; text_font_size=&#8221;17px&#8221; text_line_height=&#8221;1.8em&#8221; header_font=&#8221;||||||||&#8221; max_width=&#8221;550px&#8221; custom_margin=&#8221;|||&#8221; custom_padding=&#8221;10px||10px||false|false&#8221; animation_style=&#8221;slide&#8221; animation_direction=&#8221;left&#8221; animation_intensity_slide=&#8221;5%&#8221; animation_starting_opacity=&#8221;100%&#8221; text_font_size_tablet=&#8221;17px&#8221; text_font_size_phone=&#8221;16px&#8221; text_font_size_last_edited=&#8221;on|phone&#8221; global_colors_info=&#8221;{}&#8221;]<\/p>\n<div>\n<div dir=\"auto\">Wek\u00ee yekem mala cenazey\u00ea \u00ceslam\u00ee li Almanya, em di dem\u00ean dijwar de bi p\u00eabawer\u00ee pi\u015ftgiriy\u00ea didin we.<\/div>\n<div dir=\"auto\"><\/div>\n<div dir=\"auto\">\u00c7i definkirina misilmanan li Almanya be, \u00e7i j\u00ee vegerandina wan li dervey\u00ee wel\u00eat be &#8211; em 24 saetan li k\u00ealeka we ne \u00fb pi\u015ftrast dikin ku hem\u00ee gav\u00ean p\u00eaw\u00eest bi awayek\u00ee r\u00fbmetdar \u00fb ol\u00ee rast t\u00eane kirin.<\/div>\n<\/div>\n<p>[\/et_pb_text][\/et_pb_column][\/et_pb_row][\/et_pb_section][et_pb_section fb_built=&#8221;1&#8243; admin_label=&#8221;Promo Banner&#8221; _builder_version=&#8221;4.27.4&#8243; background_color=&#8221;#959d93&#8243; custom_padding=&#8221;6px|0px|6px|0px|true|false&#8221; locked=&#8221;off&#8221; global_colors_info=&#8221;{}&#8221;][et_pb_row custom_padding_last_edited=&#8221;on|phone&#8221; _builder_version=&#8221;4.27.5&#8243; width_tablet=&#8221;&#8221; width_phone=&#8221;85%&#8221; width_last_edited=&#8221;on|phone&#8221; max_width=&#8221;100%&#8221; max_width_last_edited=&#8221;off|phone&#8221; custom_margin_tablet=&#8221;&#8221; custom_margin_phone=&#8221;0px||0px||true|false&#8221; custom_margin_last_edited=&#8221;on|phone&#8221; custom_padding_tablet=&#8221;&#8221; custom_padding_phone=&#8221;25px|0px|25px||true|false&#8221; global_colors_info=&#8221;{}&#8221;][et_pb_column type=&#8221;4_4&#8243; _builder_version=&#8221;4.16&#8243; custom_padding=&#8221;|||&#8221; global_colors_info=&#8221;{}&#8221; custom_padding__hover=&#8221;|||&#8221;][et_pb_text _builder_version=&#8221;4.27.5&#8243; text_font=&#8221;||||||||&#8221; text_font_size=&#8221;16px&#8221; link_font=&#8221;|600|||on||||&#8221; link_text_color=&#8221;rgba(12,12,12,0.59)&#8221; header_font=&#8221;||||||||&#8221; header_2_font=&#8221;Alice||||||||&#8221; header_2_font_size=&#8221;21px&#8221; header_2_line_height=&#8221;1.3em&#8221; text_orientation=&#8221;center&#8221; background_layout=&#8221;dark&#8221; header_2_font_size_tablet=&#8221;23px&#8221; header_2_font_size_phone=&#8221;18px&#8221; header_2_font_size_last_edited=&#8221;on|phone&#8221; global_colors_info=&#8221;{}&#8221;]<\/p>\n<h2 style=\"text-align: center;\"><em>Ev ji ber w\u00ea yek\u00ea ye ku Xwed\u00ea rast\u00ee ye, \u00fb ji ber ku ew miriyan vedij\u00eene, \u00fb ji ber ku ew li ser her ti\u015ft\u00ee xwed\u00ee h\u00eaz e, \u00fb ji ber ku qiyamet t\u00ea ku guman t\u00ea de tune ye, \u00fb ji ber ku Xwed\u00ea d\u00ea hem\u00ee kes\u00ean ku di goran de ne vej\u00eene.<\/em><\/h2>\n<p style=\"text-align: center;\"><em>Qur&#8217;an, S\u00fbreta el-\u1e24a\u01e7\u01e7 22:6-7<\/em><\/p>\n<p>[\/et_pb_text][\/et_pb_column][\/et_pb_row][\/et_pb_section][et_pb_section fb_built=&#8221;1&#8243; _builder_version=&#8221;4.27.4&#8243; _module_preset=&#8221;default&#8221; custom_padding=&#8221;2px||2px||true|&#8221; global_colors_info=&#8221;{}&#8221;][et_pb_row custom_padding_last_edited=&#8221;on|phone&#8221; admin_label=&#8221;Qada Sernav\u00ea&#8221; module_id=&#8221;dienstleistungen&#8221; _builder_version=&#8221;4.27.5&#8243; custom_margin=&#8221;56px|auto|16px|auto|false|false&#8221; custom_margin_tablet=&#8221;56px|auto|16px|auto|false|false&#8221; custom_margin_phone=&#8221;15px||16px||false|false&#8221; custom_margin_last_edited=&#8221;on|phone&#8221; custom_padding=&#8221;||4px|||&#8221; custom_padding_tablet=&#8221;||4px|||&#8221; custom_padding_phone=&#8221;||4px|||&#8221; locked=&#8221;off&#8221; global_colors_info=&#8221;{}&#8221;][et_pb_column type=&#8221;4_4&#8243; _builder_version=&#8221;4.16&#8243; custom_padding=&#8221;|||&#8221; global_colors_info=&#8221;{}&#8221; custom_padding__hover=&#8221;|||&#8221;][et_pb_text _builder_version=&#8221;4.27.4&#8243; text_font=&#8221;|||on|||||&#8221; text_text_color=&#8221;#333333&#8243; text_font_size=&#8221;16px&#8221; link_font=&#8221;|600|||on||||&#8221; link_text_color=&#8221;rgba(12,12,12,0.59)&#8221; header_font=&#8221;||||||||&#8221; header_2_font=&#8221;Alice||||||||&#8221; header_2_text_color=&#8221;#333333&#8243; header_2_font_size=&#8221;23px&#8221; header_2_line_height=&#8221;1.4em&#8221; text_orientation=&#8221;center&#8221; background_layout=&#8221;dark&#8221; text_font_size_tablet=&#8221;16px&#8221; text_font_size_phone=&#8221;15px&#8221; text_font_size_last_edited=&#8221;on|phone&#8221; global_colors_info=&#8221;{}&#8221;]<\/p>\n<p style=\"text-align: center;\">Xizmet\u00ean me<\/p>\n<p>[\/et_pb_text][et_pb_text admin_label=&#8221;Title&#8221; _builder_version=&#8221;4.27.5&#8243; text_font=&#8221;||||||||&#8221; header_font=&#8221;||||||||&#8221; header_2_font=&#8221;Alice||||||||&#8221; header_2_text_align=&#8221;center&#8221; header_2_font_size=&#8221;42px&#8221; header_2_line_height=&#8221;1.3em&#8221; custom_margin=&#8221;||20px|&#8221; animation_style=&#8221;slide&#8221; animation_direction=&#8221;top&#8221; animation_intensity_slide=&#8221;30%&#8221; animation_starting_opacity=&#8221;100%&#8221; header_2_font_size_tablet=&#8221;42px&#8221; header_2_font_size_phone=&#8221;27px&#8221; header_2_font_size_last_edited=&#8221;on|phone&#8221; global_colors_info=&#8221;{}&#8221;]<\/p>\n<h2><span>Em \u00ea bi ezm\u00fbn, r\u00eazgirtin \u00fb p\u00eavajoy\u00ean zelal di k\u00ealiya we de r\u00eaberiya we bikin.<\/span><\/h2>\n<p>[\/et_pb_text][et_pb_text disabled_on=&#8221;off|off|off&#8221; _builder_version=&#8221;4.27.5&#8243; text_font=&#8221;||||||||&#8221; text_font_size=&#8221;16px&#8221; text_line_height=&#8221;1.8em&#8221; custom_margin=&#8221;||34px|||&#8221; custom_margin_tablet=&#8221;||34px|||&#8221; custom_margin_phone=&#8221;||0px||false|false&#8221; custom_margin_last_edited=&#8221;on|phone&#8221; custom_padding=&#8221;|||&#8221; animation_style=&#8221;slide&#8221; animation_direction=&#8221;left&#8221; animation_intensity_slide=&#8221;5%&#8221; animation_starting_opacity=&#8221;100%&#8221; text_font_size_tablet=&#8221;16px&#8221; text_font_size_phone=&#8221;16px&#8221; text_font_size_last_edited=&#8221;on|phone&#8221; text_orientation_tablet=&#8221;&#8221; text_orientation_phone=&#8221;justified&#8221; text_orientation_last_edited=&#8221;on|phone&#8221; global_colors_info=&#8221;{}&#8221;]<\/p>\n<p style=\"text-align: center;\"><span>Di rew\u015feke hestyar\u00ee ya dijwar de, pi\u015ftgiriyeke p\u00eabawer pir gir\u00eeng e. Em al\u00eekariya r\u00eaxistin\u00ee \u00fb kesane p\u00ea\u015fk\u00ea\u015f\u00ee we dikin, di her qonax\u00ea de \u015fefafiyet\u00ea misoger dikin, \u00fb bi berpirsiyar\u00ee di tevahiya p\u00eavajoy\u00ea de r\u00eaberiya we dikin. <\/span><\/p>\n<p>[\/et_pb_text][\/et_pb_column][\/et_pb_row][et_pb_row column_structure=&#8221;1_3,1_3,1_3&#8243; use_custom_gutter=&#8221;on&#8221; make_equal=&#8221;on&#8221; custom_padding_last_edited=&#8221;on|phone&#8221; _builder_version=&#8221;4.27.5&#8243; _module_preset=&#8221;default&#8221; custom_margin=&#8221;3px|auto||auto||&#8221; custom_margin_tablet=&#8221;3px|auto||auto||&#8221; custom_margin_phone=&#8221;3px|auto||auto|false|false&#8221; custom_margin_last_edited=&#8221;on|phone&#8221; custom_padding=&#8221;||0px||false|false&#8221; custom_padding_tablet=&#8221;||77px||false|false&#8221; custom_padding_phone=&#8221;19px||||false|false&#8221; global_colors_info=&#8221;{}&#8221;][et_pb_column type=&#8221;1_3&#8243; _builder_version=&#8221;4.27.4&#8243; _module_preset=&#8221;default&#8221; global_colors_info=&#8221;{}&#8221;][et_pb_text _builder_version=&#8221;4.27.5&#8243; text_font=&#8221;Alice||||||||&#8221; text_font_size=&#8221;20px&#8221; header_font=&#8221;||||||||&#8221; header_2_font=&#8221;Alice||||||||&#8221; header_2_text_align=&#8221;center&#8221; header_2_font_size=&#8221;42px&#8221; header_2_line_height=&#8221;1.3em&#8221; custom_margin=&#8221;||20px|&#8221; animation_style=&#8221;slide&#8221; animation_direction=&#8221;top&#8221; animation_intensity_slide=&#8221;30%&#8221; animation_starting_opacity=&#8221;100%&#8221; header_2_font_size_tablet=&#8221;42px&#8221; header_2_font_size_phone=&#8221;32px&#8221; header_2_font_size_last_edited=&#8221;on|phone&#8221; global_colors_info=&#8221;{}&#8221;]<\/p>\n<p style=\"text-align: center;\"><strong>Ve\u015fartina ax\u00ea<\/strong><\/p>\n<p>[\/et_pb_text][et_pb_text disabled_on=&#8221;off|off|off&#8221; _builder_version=&#8221;4.27.5&#8243; text_font=&#8221;||||||||&#8221; text_font_size=&#8221;15px&#8221; text_line_height=&#8221;1.8em&#8221; custom_margin=&#8221;||19px|||&#8221; custom_padding=&#8221;|||&#8221; animation_style=&#8221;slide&#8221; animation_direction=&#8221;left&#8221; animation_intensity_slide=&#8221;5%&#8221; animation_starting_opacity=&#8221;100%&#8221; global_colors_info=&#8221;{}&#8221;]<\/p>\n<p style=\"text-align: center;\"><span>Definkirin\u00ean \u00eeslam\u00ee li seranser\u00ea Almanya &#8211; di kefen an tab\u00fbt\u00ea de. Organ\u00eezasyoneke b\u00eak\u00eamas\u00ee \u00fb meras\u00eemeke bi r\u00fbmet li gor\u00ee r\u00eabernamey\u00ean ol\u00ee. <\/span><\/p>\n<p>[\/et_pb_text][et_pb_button button_url=&#8221;https:\/\/islamische-bestattung.de\/ku\/vesartina-axe\/&#8221; button_text=&#8221;Z\u00eadetir agah\u00ee&#8221; button_alignment=&#8221;center&#8221; button_alignment_tablet=&#8221;center&#8221; button_alignment_phone=&#8221;center&#8221; button_alignment_last_edited=&#8221;on|desktop&#8221; disabled_on=&#8221;off|off|on&#8221; _builder_version=&#8221;4.27.5&#8243; _module_preset=&#8221;default&#8221; custom_button=&#8221;on&#8221; button_text_color=&#8221;#000000&#8243; custom_margin_tablet=&#8221;&#8221; custom_margin_phone=&#8221;||12px||false|false&#8221; custom_margin_last_edited=&#8221;on|phone&#8221; global_colors_info=&#8221;{}&#8221;][\/et_pb_button][\/et_pb_column][et_pb_column type=&#8221;1_3&#8243; _builder_version=&#8221;4.27.4&#8243; _module_preset=&#8221;default&#8221; global_colors_info=&#8221;{}&#8221;][et_pb_text _builder_version=&#8221;4.27.4&#8243; text_font=&#8221;Alice||||||||&#8221; text_font_size=&#8221;20px&#8221; header_font=&#8221;||||||||&#8221; header_2_font=&#8221;Alice||||||||&#8221; header_2_text_align=&#8221;center&#8221; header_2_font_size=&#8221;42px&#8221; header_2_line_height=&#8221;1.3em&#8221; custom_margin=&#8221;||20px|&#8221; animation_style=&#8221;slide&#8221; animation_direction=&#8221;top&#8221; animation_intensity_slide=&#8221;30%&#8221; animation_starting_opacity=&#8221;100%&#8221; header_2_font_size_tablet=&#8221;42px&#8221; header_2_font_size_phone=&#8221;32px&#8221; header_2_font_size_last_edited=&#8221;on|phone&#8221; global_colors_info=&#8221;{}&#8221;]<\/p>\n<p style=\"text-align: center;\"><strong>Vegerandina navnetewey\u00ee<\/strong><\/p>\n<p>[\/et_pb_text][et_pb_text disabled_on=&#8221;off|off|off&#8221; _builder_version=&#8221;4.27.4&#8243; text_font=&#8221;||||||||&#8221; text_font_size=&#8221;15px&#8221; text_line_height=&#8221;1.8em&#8221; custom_margin=&#8221;||19px|||&#8221; custom_padding=&#8221;|||&#8221; animation_style=&#8221;slide&#8221; animation_direction=&#8221;left&#8221; animation_intensity_slide=&#8221;5%&#8221; animation_starting_opacity=&#8221;100%&#8221; global_colors_info=&#8221;{}&#8221;]<\/p>\n<p style=\"text-align: center;\"><span>Vegerandina kes\u00ean mir\u00ee bo welat\u00ea wan an bo Almanya, tev\u00ee hem\u00ee prosedur \u00fb ferm\u00eey\u00ean r\u00eaxistin\u00ee.<\/span><\/p>\n<p>[\/et_pb_text][et_pb_button button_url=&#8221;https:\/\/islamische-bestattung.de\/ku\/vegerandina-navneteweyi\/&#8221; button_text=&#8221;Z\u00eadetir agah\u00ee&#8221; button_alignment=&#8221;center&#8221; button_alignment_tablet=&#8221;center&#8221; button_alignment_phone=&#8221;center&#8221; button_alignment_last_edited=&#8221;on|desktop&#8221; disabled_on=&#8221;off|off|on&#8221; _builder_version=&#8221;4.27.5&#8243; _module_preset=&#8221;default&#8221; custom_button=&#8221;on&#8221; button_text_color=&#8221;#000000&#8243; custom_margin_tablet=&#8221;&#8221; custom_margin_phone=&#8221;||12px||false|false&#8221; custom_margin_last_edited=&#8221;on|phone&#8221; global_colors_info=&#8221;{}&#8221;][\/et_pb_button][\/et_pb_column][et_pb_column type=&#8221;1_3&#8243; _builder_version=&#8221;4.27.4&#8243; _module_preset=&#8221;default&#8221; global_colors_info=&#8221;{}&#8221;][et_pb_text _builder_version=&#8221;4.27.5&#8243; text_font=&#8221;Alice||||||||&#8221; text_font_size=&#8221;20px&#8221; header_font=&#8221;||||||||&#8221; header_2_font=&#8221;Alice||||||||&#8221; header_2_text_align=&#8221;center&#8221; header_2_font_size=&#8221;42px&#8221; header_2_line_height=&#8221;1.3em&#8221; custom_margin=&#8221;||20px|&#8221; animation_style=&#8221;slide&#8221; animation_direction=&#8221;top&#8221; animation_intensity_slide=&#8221;30%&#8221; animation_starting_opacity=&#8221;100%&#8221; header_2_font_size_tablet=&#8221;42px&#8221; header_2_font_size_phone=&#8221;32px&#8221; header_2_font_size_last_edited=&#8221;on|phone&#8221; global_colors_info=&#8221;{}&#8221;]<\/p>\n<p style=\"text-align: center;\"><strong>\u015e\u00eawirmendiya xemg\u00eeniy\u00ea<\/strong><\/p>\n<p>[\/et_pb_text][et_pb_text disabled_on=&#8221;off|off|off&#8221; _builder_version=&#8221;4.27.4&#8243; text_font=&#8221;||||||||&#8221; text_font_size=&#8221;15px&#8221; text_line_height=&#8221;1.8em&#8221; custom_margin=&#8221;||19px|||&#8221; custom_padding=&#8221;|||&#8221; animation_style=&#8221;slide&#8221; animation_direction=&#8221;left&#8221; animation_intensity_slide=&#8221;5%&#8221; animation_starting_opacity=&#8221;100%&#8221; global_colors_info=&#8221;{}&#8221;]<\/p>\n<div dir=\"auto\" style=\"text-align: center;\">Pi\u015ftgir\u00ee di dem\u00ean xemg\u00een\u00ee, tengahiya hestyar\u00ee \u00fb kr\u00eez\u00ean kesane de. R\u00eaber\u00ee \u00fb axaftin\u00ean r\u00eakxist\u00ee ji bo ku ji we re bibin al\u00eekar ku h\u00fbn bi windakirin \u00fb \u015f\u00een\u00ea re mij\u00fbl bibin. <\/div>\n<div dir=\"auto\" style=\"text-align: center;\">Her wiha serbixwe ji meras\u00eema cenazey\u00ea j\u00ee mimkun e.<\/div>\n<p>[\/et_pb_text][et_pb_button button_url=&#8221;https:\/\/islamische-bestattung.de\/ku\/sewirmendiya-xemginiye-u-lenerina-sivani-ya-misilmanan\/&#8221; button_text=&#8221;Z\u00eadetir agah\u00ee&#8221; button_alignment=&#8221;center&#8221; button_alignment_tablet=&#8221;center&#8221; button_alignment_phone=&#8221;center&#8221; button_alignment_last_edited=&#8221;on|desktop&#8221; disabled_on=&#8221;off|off|on&#8221; _builder_version=&#8221;4.27.5&#8243; _module_preset=&#8221;default&#8221; custom_button=&#8221;on&#8221; button_text_color=&#8221;#000000&#8243; global_colors_info=&#8221;{}&#8221;][\/et_pb_button][\/et_pb_column][\/et_pb_row][et_pb_row column_structure=&#8221;1_3,1_3,1_3&#8243; use_custom_gutter=&#8221;on&#8221; make_equal=&#8221;on&#8221; custom_padding_last_edited=&#8221;on|phone&#8221; disabled_on=&#8221;on|on|off&#8221; _builder_version=&#8221;4.27.5&#8243; _module_preset=&#8221;default&#8221; custom_margin=&#8221;3px|auto||auto||&#8221; custom_margin_tablet=&#8221;3px|auto||auto||&#8221; custom_margin_phone=&#8221;3px|auto||auto|false|false&#8221; custom_margin_last_edited=&#8221;on|phone&#8221; custom_padding=&#8221;1px||77px||false|false&#8221; custom_padding_tablet=&#8221;||77px||false|false&#8221; custom_padding_phone=&#8221;19px||||false|false&#8221; global_colors_info=&#8221;{}&#8221;][et_pb_column type=&#8221;1_3&#8243; _builder_version=&#8221;4.27.4&#8243; _module_preset=&#8221;default&#8221; global_colors_info=&#8221;{}&#8221;][et_pb_button button_url=&#8221;https:\/\/islamische-bestattung.de\/ku\/vesartina-axe\/&#8221; button_text=&#8221;Z\u00eadetir agah\u00ee&#8221; button_alignment=&#8221;center&#8221; button_alignment_tablet=&#8221;right&#8221; button_alignment_phone=&#8221;center&#8221; button_alignment_last_edited=&#8221;on|desktop&#8221; disabled_on=&#8221;off|off|off&#8221; _builder_version=&#8221;4.27.5&#8243; _module_preset=&#8221;default&#8221; custom_button=&#8221;on&#8221; button_text_color=&#8221;#000000&#8243; custom_margin_tablet=&#8221;&#8221; custom_margin_phone=&#8221;||12px||false|false&#8221; custom_margin_last_edited=&#8221;on|phone&#8221; global_colors_info=&#8221;{}&#8221;][\/et_pb_button][\/et_pb_column][et_pb_column type=&#8221;1_3&#8243; _builder_version=&#8221;4.27.4&#8243; _module_preset=&#8221;default&#8221; global_colors_info=&#8221;{}&#8221;][et_pb_button button_url=&#8221;https:\/\/islamische-bestattung.de\/ku\/vegerandina-navneteweyi\/&#8221; button_text=&#8221;Z\u00eadetir agah\u00ee&#8221; button_alignment=&#8221;center&#8221; button_alignment_tablet=&#8221;right&#8221; button_alignment_phone=&#8221;center&#8221; button_alignment_last_edited=&#8221;on|desktop&#8221; disabled_on=&#8221;off|off|off&#8221; _builder_version=&#8221;4.27.5&#8243; _module_preset=&#8221;default&#8221; custom_button=&#8221;on&#8221; button_text_color=&#8221;#000000&#8243; custom_margin_tablet=&#8221;&#8221; custom_margin_phone=&#8221;||12px||false|false&#8221; custom_margin_last_edited=&#8221;on|phone&#8221; global_colors_info=&#8221;{}&#8221;][\/et_pb_button][\/et_pb_column][et_pb_column type=&#8221;1_3&#8243; _builder_version=&#8221;4.27.4&#8243; _module_preset=&#8221;default&#8221; global_colors_info=&#8221;{}&#8221;][et_pb_button button_url=&#8221;https:\/\/islamische-bestattung.de\/ku\/sewirmendiya-xemginiye-u-lenerina-sivani-ya-misilmanan\/&#8221; button_text=&#8221;Z\u00eadetir agah\u00ee&#8221; button_alignment=&#8221;center&#8221; button_alignment_tablet=&#8221;right&#8221; button_alignment_phone=&#8221;center&#8221; button_alignment_last_edited=&#8221;on|desktop&#8221; disabled_on=&#8221;off|off|off&#8221; _builder_version=&#8221;4.27.5&#8243; _module_preset=&#8221;default&#8221; custom_button=&#8221;on&#8221; button_text_color=&#8221;#000000&#8243; global_colors_info=&#8221;{}&#8221;][\/et_pb_button][\/et_pb_column][\/et_pb_row][\/et_pb_section][et_pb_section fb_built=&#8221;1&#8243; _builder_version=&#8221;4.27.6&#8243; _module_preset=&#8221;default&#8221; background_color=&#8221;#212121&#8243; global_colors_info=&#8221;{}&#8221;][et_pb_row module_id=&#8221;ueberuns&#8221; _builder_version=&#8221;4.27.6&#8243; _module_preset=&#8221;default&#8221; width_tablet=&#8221;80%&#8221; width_phone=&#8221;85%&#8221; width_last_edited=&#8221;on|tablet&#8221; max_width=&#8221;100%&#8221; custom_padding=&#8221;7px||25px||false|false&#8221; global_colors_info=&#8221;{}&#8221;][et_pb_column type=&#8221;4_4&#8243; _builder_version=&#8221;4.27.6&#8243; _module_preset=&#8221;default&#8221; global_colors_info=&#8221;{}&#8221;][et_pb_text admin_label=&#8221;Title&#8221; _builder_version=&#8221;4.27.6&#8243; text_font=&#8221;||||||||&#8221; header_font=&#8221;||||||||&#8221; header_2_font=&#8221;Alice||||||||&#8221; header_2_text_align=&#8221;center&#8221; header_2_text_color=&#8221;#FFFFFF&#8221; header_2_font_size=&#8221;42px&#8221; header_2_line_height=&#8221;1.3em&#8221; custom_margin=&#8221;||13px|||&#8221; custom_margin_tablet=&#8221;||20px|&#8221; custom_margin_phone=&#8221;||0px||false|false&#8221; custom_margin_last_edited=&#8221;on|phone&#8221; animation_style=&#8221;slide&#8221; animation_direction=&#8221;top&#8221; animation_intensity_slide=&#8221;30%&#8221; animation_starting_opacity=&#8221;100%&#8221; header_2_font_size_tablet=&#8221;42px&#8221; header_2_font_size_phone=&#8221;27px&#8221; header_2_font_size_last_edited=&#8221;on|phone&#8221; global_colors_info=&#8221;{}&#8221;]<\/p>\n<h2>Ma h\u00fbn ne ewle ne ku h\u00fbn dixwazin li vir li Almanya an li welat\u00ea xwe werin definkirin?<\/h2>\n<p>[\/et_pb_text][et_pb_text disabled_on=&#8221;off|off|off&#8221; _builder_version=&#8221;4.27.6&#8243; text_font=&#8221;||||||||&#8221; text_text_color=&#8221;#FFFFFF&#8221; text_font_size=&#8221;17px&#8221; text_line_height=&#8221;1.8em&#8221; custom_margin=&#8221;||34px|||&#8221; custom_margin_tablet=&#8221;||34px|||&#8221; custom_margin_phone=&#8221;9px||0px||false|false&#8221; custom_margin_last_edited=&#8221;on|phone&#8221; custom_padding=&#8221;|||&#8221; animation_style=&#8221;slide&#8221; animation_direction=&#8221;left&#8221; animation_intensity_slide=&#8221;5%&#8221; animation_starting_opacity=&#8221;100%&#8221; text_font_size_tablet=&#8221;16px&#8221; text_font_size_phone=&#8221;16px&#8221; text_font_size_last_edited=&#8221;on|phone&#8221; text_orientation_tablet=&#8221;&#8221; text_orientation_phone=&#8221;justified&#8221; text_orientation_last_edited=&#8221;on|phone&#8221; global_colors_info=&#8221;{}&#8221;]<\/p>\n<p style=\"text-align: center;\">Kontrol bikin ka li bajar\u00ea we definkirinek \u00ceslam\u00ee gengaz e.<\/p>\n<p>[\/et_pb_text][et_pb_button button_url=&#8221;https:\/\/islamische-bestattung.de\/islamische-bestattung-in-deutschland\/&#8221; button_text=&#8221;Goristana xwe bib\u00eenin&#8221; button_alignment=&#8221;center&#8221; button_alignment_tablet=&#8221;right&#8221; button_alignment_phone=&#8221;center&#8221; button_alignment_last_edited=&#8221;on|desktop&#8221; _builder_version=&#8221;4.27.6&#8243; _module_preset=&#8221;default&#8221; custom_button=&#8221;on&#8221; button_text_color=&#8221;#FFFFFF&#8221; custom_margin_tablet=&#8221;&#8221; custom_margin_phone=&#8221;28px||||false|false&#8221; custom_margin_last_edited=&#8221;on|phone&#8221; custom_padding_tablet=&#8221;&#8221; custom_padding_phone=&#8221;&#8221; custom_padding_last_edited=&#8221;on|phone&#8221; locked=&#8221;off&#8221; global_colors_info=&#8221;{}&#8221;][\/et_pb_button][\/et_pb_column][\/et_pb_row][\/et_pb_section][et_pb_section fb_built=&#8221;1&#8243; custom_padding_last_edited=&#8221;on|phone&#8221; admin_label=&#8221;Shop Section&#8221; _builder_version=&#8221;4.27.5&#8243; background_color=&#8221;#959d93&#8243; custom_padding=&#8221;67px||67px||true|false&#8221; custom_padding_tablet=&#8221;67px||67px||true|false&#8221; custom_padding_phone=&#8221;40px||48px||false|false&#8221; global_colors_info=&#8221;{}&#8221;][et_pb_row admin_label=&#8221;Qada Sernav\u00ea&#8221; module_id=&#8221;ueberuns&#8221; _builder_version=&#8221;4.27.5&#8243; width_tablet=&#8221;80%&#8221; width_phone=&#8221;85%&#8221; width_last_edited=&#8221;on|tablet&#8221; max_width=&#8221;100%&#8221; custom_padding=&#8221;7px||25px||false|false&#8221; locked=&#8221;off&#8221; global_colors_info=&#8221;{}&#8221;][et_pb_column type=&#8221;4_4&#8243; _builder_version=&#8221;4.16&#8243; custom_padding=&#8221;|||&#8221; global_colors_info=&#8221;{}&#8221; custom_padding__hover=&#8221;|||&#8221;][et_pb_text _builder_version=&#8221;4.27.5&#8243; text_font=&#8221;|||on|||||&#8221; text_text_color=&#8221;#FFFFFF&#8221; text_font_size=&#8221;16px&#8221; link_font=&#8221;|600|||on||||&#8221; link_text_color=&#8221;rgba(12,12,12,0.59)&#8221; header_font=&#8221;||||||||&#8221; header_2_font=&#8221;Alice||||||||&#8221; header_2_text_color=&#8221;#333333&#8243; header_2_font_size=&#8221;23px&#8221; header_2_line_height=&#8221;1.4em&#8221; text_orientation=&#8221;center&#8221; background_layout=&#8221;dark&#8221; text_font_size_tablet=&#8221;16px&#8221; text_font_size_phone=&#8221;15px&#8221; text_font_size_last_edited=&#8221;on|phone&#8221; global_colors_info=&#8221;{}&#8221;]<\/p>\n<p style=\"text-align: center;\">\u00c7\u00fbna nava<\/p>\n<p>[\/et_pb_text][et_pb_text admin_label=&#8221;Title&#8221; _builder_version=&#8221;4.27.5&#8243; text_font=&#8221;||||||||&#8221; header_font=&#8221;||||||||&#8221; header_2_font=&#8221;Alice||||||||&#8221; header_2_text_align=&#8221;center&#8221; header_2_text_color=&#8221;#FFFFFF&#8221; header_2_font_size=&#8221;42px&#8221; header_2_line_height=&#8221;1.3em&#8221; custom_margin=&#8221;||20px|&#8221; custom_margin_tablet=&#8221;||20px|&#8221; custom_margin_phone=&#8221;||0px||false|false&#8221; custom_margin_last_edited=&#8221;on|phone&#8221; animation_style=&#8221;slide&#8221; animation_direction=&#8221;top&#8221; animation_intensity_slide=&#8221;30%&#8221; animation_starting_opacity=&#8221;100%&#8221; header_2_font_size_tablet=&#8221;42px&#8221; header_2_font_size_phone=&#8221;27px&#8221; header_2_font_size_last_edited=&#8221;on|phone&#8221; global_colors_info=&#8221;{}&#8221;]<\/p>\n<h2>Em li wir in dema ku hezkiriyek\u00ee me dimire &#8211; bi dil, rehet\u00ee \u00fb kevne\u015fopiya \u00ceslam\u00ee.<\/h2>\n<p>[\/et_pb_text][\/et_pb_column][\/et_pb_row][et_pb_row column_structure=&#8221;3_5,2_5&#8243; use_custom_gutter=&#8221;on&#8221; gutter_width=&#8221;4&#8243; admin_label=&#8221;Qada Dikana&#8221; _builder_version=&#8221;4.27.5&#8243; custom_padding=&#8221;4px||3px|||&#8221; global_colors_info=&#8221;{}&#8221;][et_pb_column type=&#8221;3_5&#8243; _builder_version=&#8221;4.16&#8243; custom_padding=&#8221;|||&#8221; global_colors_info=&#8221;{}&#8221; custom_padding__hover=&#8221;|||&#8221;][et_pb_text disabled_on=&#8221;off|off|off&#8221; _builder_version=&#8221;4.27.5&#8243; text_font=&#8221;||||||||&#8221; text_text_color=&#8221;#FFFFFF&#8221; text_font_size=&#8221;16px&#8221; text_line_height=&#8221;1.8em&#8221; custom_margin=&#8221;||33px|||&#8221; custom_margin_tablet=&#8221;||33px|||&#8221; custom_margin_phone=&#8221;||13px||false|false&#8221; custom_margin_last_edited=&#8221;on|phone&#8221; custom_padding=&#8221;|||&#8221; animation_style=&#8221;slide&#8221; animation_direction=&#8221;left&#8221; animation_intensity_slide=&#8221;5%&#8221; animation_starting_opacity=&#8221;100%&#8221; global_colors_info=&#8221;{}&#8221;]<\/p>\n<p style=\"text-align: justify;\">Wek\u00ee yekem mala cenazey\u00ea \u00ceslam\u00ee li Almanya, em z\u00eadetir\u00ee deh salan ezm\u00fbna xwe bi t\u00eagih\u00ee\u015ftineke k\u00fbr a erk\u00ean ol\u00ee re dikin yek. Em berpirsiyariya hem\u00ee gav\u00ean ol\u00ee \u00fb r\u00eaxistin\u00ee digirin ser xwe, ev yek dih\u00eale h\u00fbn bi tevah\u00ee li ser ti\u015ft\u00ea her\u00ee gir\u00eeng bisekinin.<br \/> xatirxwestin \u00fb b\u00eeran\u00een. <\/p>\n<p style=\"text-align: justify;\">[\/et_pb_text][et_pb_text admin_label=&#8221;Title&#8221; _builder_version=&#8221;4.27.5&#8243; text_font=&#8221;||||||||&#8221; header_font=&#8221;||||||||&#8221; header_2_font=&#8221;Alice||||||||&#8221; header_2_text_align=&#8221;center&#8221; header_2_text_color=&#8221;#FFFFFF&#8221; header_2_font_size=&#8221;42px&#8221; header_2_line_height=&#8221;1.3em&#8221; custom_margin=&#8221;||59px|||&#8221; custom_margin_tablet=&#8221;||59px|||&#8221; custom_margin_phone=&#8221;0px||23px||false|false&#8221; custom_margin_last_edited=&#8221;on|phone&#8221; animation_style=&#8221;slide&#8221; animation_direction=&#8221;top&#8221; animation_intensity_slide=&#8221;30%&#8221; animation_starting_opacity=&#8221;100%&#8221; header_2_font_size_tablet=&#8221;42px&#8221; header_2_font_size_phone=&#8221;30px&#8221; header_2_font_size_last_edited=&#8221;on|phone&#8221; global_colors_info=&#8221;{}&#8221;]<\/p>\n<h2>Em li vir ji bo te ne<\/h2>\n<p>[\/et_pb_text][et_pb_button button_url=&#8221;https:\/\/islamische-bestattung.de\/ku\/cuna-nava\/&#8221; button_text=&#8221;B\u00eatir h\u00een bibin&#8221; button_alignment=&#8221;center&#8221; button_alignment_tablet=&#8221;center&#8221; button_alignment_phone=&#8221;center&#8221; button_alignment_last_edited=&#8221;on|desktop&#8221; disabled_on=&#8221;off|off|off&#8221; _builder_version=&#8221;4.27.5&#8243; _module_preset=&#8221;default&#8221; custom_button=&#8221;on&#8221; button_text_color=&#8221;#FFFFFF&#8221; global_colors_info=&#8221;{}&#8221;][\/et_pb_button][\/et_pb_column][et_pb_column type=&#8221;2_5&#8243; _builder_version=&#8221;4.16&#8243; custom_padding=&#8221;|||&#8221; global_colors_info=&#8221;{}&#8221; custom_padding__hover=&#8221;|||&#8221;][et_pb_image src=&#8221;https:\/\/islamische-bestattung.de\/wp-content\/uploads\/2025\/11\/al_wasila_0002.jpg&#8221; title_text=&#8221;al_wasila_0002&#8243; align_tablet=&#8221;&#8221; align_phone=&#8221;center&#8221; align_last_edited=&#8221;on|phone&#8221; _builder_version=&#8221;4.27.5&#8243; _module_preset=&#8221;default&#8221; width=&#8221;88%&#8221; width_tablet=&#8221;66%&#8221; width_phone=&#8221;66%&#8221; width_last_edited=&#8221;on|tablet&#8221; animation_style=&#8221;fade&#8221; module_alignment_tablet=&#8221;center&#8221; module_alignment_phone=&#8221;center&#8221; module_alignment_last_edited=&#8221;on|tablet&#8221; global_colors_info=&#8221;{}&#8221;][\/et_pb_image][\/et_pb_column][\/et_pb_row][\/et_pb_section][et_pb_section fb_built=&#8221;1&#8243; disabled_on=&#8221;off|on|on&#8221; _builder_version=&#8221;4.27.5&#8243; _module_preset=&#8221;default&#8221; custom_padding=&#8221;||0px|||&#8221; global_colors_info=&#8221;{}&#8221;][et_pb_row _builder_version=&#8221;4.27.5&#8243; _module_preset=&#8221;default&#8221; custom_padding=&#8221;||3px|||&#8221; global_colors_info=&#8221;{}&#8221;][et_pb_column type=&#8221;4_4&#8243; _builder_version=&#8221;4.27.5&#8243; _module_preset=&#8221;default&#8221; global_colors_info=&#8221;{}&#8221;][et_pb_text admin_label=&#8221;Title&#8221; _builder_version=&#8221;4.27.5&#8243; text_font=&#8221;||||||||&#8221; header_font=&#8221;||||||||&#8221; header_2_font=&#8221;Alice||||||||&#8221; header_2_text_align=&#8221;center&#8221; header_2_font_size=&#8221;42px&#8221; header_2_line_height=&#8221;1.3em&#8221; custom_margin=&#8221;||20px|&#8221; animation_direction=&#8221;top&#8221; header_2_font_size_tablet=&#8221;42px&#8221; header_2_font_size_phone=&#8221;27px&#8221; header_2_font_size_last_edited=&#8221;on|phone&#8221; locked=&#8221;off&#8221; global_colors_info=&#8221;{}&#8221;]<\/p>\n<h2>Dem\u00ean hevr\u00eatiy\u00ea<\/h2>\n<p>[\/et_pb_text][\/et_pb_column][\/et_pb_row][\/et_pb_section][et_pb_section fb_built=&#8221;1&#8243; custom_padding_last_edited=&#8221;on|phone&#8221; disabled_on=&#8221;off|on|on&#8221; _builder_version=&#8221;4.27.5&#8243; _module_preset=&#8221;default&#8221; custom_margin=&#8221;61px||61px||true|false&#8221; custom_margin_tablet=&#8221;61px||61px||true|false&#8221; custom_margin_phone=&#8221;0px||0px||false|false&#8221; custom_margin_last_edited=&#8221;on|phone&#8221; custom_padding_tablet=&#8221;&#8221; custom_padding_phone=&#8221;0px||0px||false|false&#8221; animation_style=&#8221;fade&#8221; global_colors_info=&#8221;{}&#8221;][et_pb_row column_structure=&#8221;1_2,1_2&#8243; use_custom_gutter=&#8221;on&#8221; gutter_width=&#8221;1&#8243; custom_padding_last_edited=&#8221;on|phone&#8221; _builder_version=&#8221;4.27.5&#8243; _module_preset=&#8221;default&#8221; max_width=&#8221;100%&#8221; module_alignment=&#8221;center&#8221; custom_padding=&#8221;0px|77px|0px|77px|false|true&#8221; custom_padding_tablet=&#8221;0px|77px|0px|77px|false|true&#8221; custom_padding_phone=&#8221;0px|0px|0px|0px|false|true&#8221; global_colors_info=&#8221;{}&#8221;][et_pb_column type=&#8221;1_2&#8243; _builder_version=&#8221;4.27.4&#8243; _module_preset=&#8221;default&#8221; global_colors_info=&#8221;{}&#8221;][et_pb_image src=&#8221;https:\/\/islamische-bestattung.de\/wp-content\/uploads\/2025\/12\/alwasila_mobile_gallery01.jpg&#8221; title_text=&#8221;alwasila_gallery_mobile&#8221; _builder_version=&#8221;4.27.5&#8243; _module_preset=&#8221;default&#8221; global_colors_info=&#8221;{}&#8221;][\/et_pb_image][et_pb_image src=&#8221;https:\/\/islamische-bestattung.de\/wp-content\/uploads\/2025\/12\/alwasila_mobile_gallery02.jpg&#8221; title_text=&#8221;alwasila_gallery_mobile&#8221; _builder_version=&#8221;4.27.5&#8243; _module_preset=&#8221;default&#8221; global_colors_info=&#8221;{}&#8221;][\/et_pb_image][\/et_pb_column][et_pb_column type=&#8221;1_2&#8243; _builder_version=&#8221;4.27.4&#8243; _module_preset=&#8221;default&#8221; global_colors_info=&#8221;{}&#8221;][\/et_pb_column][\/et_pb_row][\/et_pb_section][et_pb_section fb_built=&#8221;1&#8243; disabled_on=&#8221;off|on|on&#8221; _builder_version=&#8221;4.27.5&#8243; _module_preset=&#8221;default&#8221; custom_margin=&#8221;||||false&#8221; custom_padding=&#8221;29px||71px||false|false&#8221; global_colors_info=&#8221;{}&#8221;][et_pb_row _builder_version=&#8221;4.27.5&#8243; _module_preset=&#8221;default&#8221; custom_padding=&#8221;0px||0px||false|false&#8221; global_colors_info=&#8221;{}&#8221;][et_pb_column type=&#8221;4_4&#8243; _builder_version=&#8221;4.27.5&#8243; _module_preset=&#8221;default&#8221; global_colors_info=&#8221;{}&#8221;][et_pb_text _builder_version=&#8221;4.27.5&#8243; text_font=&#8221;||||||||&#8221; text_text_color=&#8221;#333333&#8243; text_font_size=&#8221;16px&#8221; link_font=&#8221;|600|||on||||&#8221; link_text_color=&#8221;rgba(12,12,12,0.59)&#8221; header_font=&#8221;||||||||&#8221; header_2_font=&#8221;Alice||||||||&#8221; header_2_text_color=&#8221;#333333&#8243; header_2_font_size=&#8221;21px&#8221; header_2_line_height=&#8221;1.3em&#8221; text_orientation=&#8221;center&#8221; background_layout=&#8221;dark&#8221; header_2_font_size_tablet=&#8221;23px&#8221; header_2_font_size_phone=&#8221;18px&#8221; header_2_font_size_last_edited=&#8221;on|phone&#8221; global_colors_info=&#8221;{}&#8221;]<\/p>\n<h2 style=\"text-align: center;\">&#8220;(&#8230;) Her kes\u00ea ku p\u00eadiviy\u00ean biray\u00ea xwe bic\u00eeh b\u00eene, Xwed\u00ea j\u00ee d\u00ea p\u00eadiviy\u00ean w\u00ee bic\u00eeh b\u00eene. (&#8230;)&#8221;<\/h2>\n<h2 style=\"text-align: center;\">&#8211; P\u00eaxember Muhemmed (s.a.w)<\/h2>\n<p style=\"text-align: center;\">(Par\u00e7eyek ji Hed\u00ees\u00ea, hejmar 2442, \u1e62ax\u00eeh el-Buhar\u00ee)<\/p>\n<p>[\/et_pb_text][\/et_pb_column][\/et_pb_row][\/et_pb_section][et_pb_section fb_built=&#8221;1&#8243; disabled_on=&#8221;on|off|off&#8221; _builder_version=&#8221;4.27.5&#8243; _module_preset=&#8221;default&#8221; custom_padding=&#8221;||0px|||&#8221; global_colors_info=&#8221;{}&#8221;][et_pb_row _builder_version=&#8221;4.27.5&#8243; _module_preset=&#8221;default&#8221; custom_padding=&#8221;||3px|||&#8221; global_colors_info=&#8221;{}&#8221;][et_pb_column type=&#8221;4_4&#8243; _builder_version=&#8221;4.27.5&#8243; _module_preset=&#8221;default&#8221; global_colors_info=&#8221;{}&#8221;][et_pb_text admin_label=&#8221;Title&#8221; _builder_version=&#8221;4.27.5&#8243; text_font=&#8221;||||||||&#8221; header_font=&#8221;||||||||&#8221; header_2_font=&#8221;Alice||||||||&#8221; header_2_text_align=&#8221;center&#8221; header_2_font_size=&#8221;42px&#8221; header_2_line_height=&#8221;1.3em&#8221; custom_margin=&#8221;||20px|&#8221; animation_direction=&#8221;top&#8221; header_2_font_size_tablet=&#8221;42px&#8221; header_2_font_size_phone=&#8221;27px&#8221; header_2_font_size_last_edited=&#8221;on|phone&#8221; locked=&#8221;off&#8221; global_colors_info=&#8221;{}&#8221;]<\/p>\n<h2>Dem\u00ean hevr\u00eatiy\u00ea<\/h2>\n<p>[\/et_pb_text][\/et_pb_column][\/et_pb_row][\/et_pb_section][et_pb_section fb_built=&#8221;1&#8243; disabled_on=&#8221;on|off|off&#8221; _builder_version=&#8221;4.27.5&#8243; _module_preset=&#8221;default&#8221; custom_margin=&#8221;-1px||-1px||false|false&#8221; custom_padding=&#8221;3px||23px||false|false&#8221; animation_style=&#8221;fade&#8221; global_colors_info=&#8221;{}&#8221;][et_pb_row column_structure=&#8221;1_4,1_4,1_4,1_4&#8243; use_custom_gutter=&#8221;on&#8221; gutter_width=&#8221;1&#8243; _builder_version=&#8221;4.27.5&#8243; _module_preset=&#8221;default&#8221; width=&#8221;100%&#8221; module_alignment=&#8221;center&#8221; custom_padding=&#8221;0px|77px|0px|77px|false|true&#8221; global_colors_info=&#8221;{}&#8221;][et_pb_column type=&#8221;1_4&#8243; _builder_version=&#8221;4.27.4&#8243; _module_preset=&#8221;default&#8221; global_colors_info=&#8221;{}&#8221;][et_pb_image src=&#8221;https:\/\/islamische-bestattung.de\/wp-content\/uploads\/2025\/12\/alwasila_mosqueA.jpg&#8221; title_text=&#8221;alwasila_mizgeftA&#8221; _builder_version=&#8221;4.27.5&#8243; _module_preset=&#8221;default&#8221; global_colors_info=&#8221;{}&#8221;][\/et_pb_image][\/et_pb_column][et_pb_column type=&#8221;1_4&#8243; _builder_version=&#8221;4.27.4&#8243; _module_preset=&#8221;default&#8221; global_colors_info=&#8221;{}&#8221;][et_pb_image src=&#8221;https:\/\/islamische-bestattung.de\/wp-content\/uploads\/2025\/11\/alwasila_005.jpg&#8221; title_text=&#8221;alwasila_005&#8243; _builder_version=&#8221;4.27.4&#8243; _module_preset=&#8221;default&#8221; global_colors_info=&#8221;{}&#8221;][\/et_pb_image][\/et_pb_column][et_pb_column type=&#8221;1_4&#8243; _builder_version=&#8221;4.27.4&#8243; _module_preset=&#8221;default&#8221; global_colors_info=&#8221;{}&#8221;][et_pb_image src=&#8221;https:\/\/islamische-bestattung.de\/wp-content\/uploads\/2025\/11\/alwasila_009.jpg&#8221; title_text=&#8221;alwasila_009&#8243; _builder_version=&#8221;4.27.4&#8243; _module_preset=&#8221;default&#8221; global_colors_info=&#8221;{}&#8221;][\/et_pb_image][\/et_pb_column][et_pb_column type=&#8221;1_4&#8243; _builder_version=&#8221;4.27.4&#8243; _module_preset=&#8221;default&#8221; global_colors_info=&#8221;{}&#8221;][et_pb_image src=&#8221;https:\/\/islamische-bestattung.de\/wp-content\/uploads\/2025\/11\/alwasila_003.jpg&#8221; title_text=&#8221;alwasila_003&#8243; _builder_version=&#8221;4.27.4&#8243; _module_preset=&#8221;default&#8221; global_colors_info=&#8221;{}&#8221;][\/et_pb_image][\/et_pb_column][\/et_pb_row][et_pb_row column_structure=&#8221;1_4,1_4,1_4,1_4&#8243; use_custom_gutter=&#8221;on&#8221; gutter_width=&#8221;1&#8243; _builder_version=&#8221;4.27.5&#8243; _module_preset=&#8221;default&#8221; width=&#8221;100%&#8221; module_alignment=&#8221;center&#8221; custom_padding=&#8221;0px|77px|0px|77px|false|true&#8221; global_colors_info=&#8221;{}&#8221;][et_pb_column type=&#8221;1_4&#8243; _builder_version=&#8221;4.27.4&#8243; _module_preset=&#8221;default&#8221; global_colors_info=&#8221;{}&#8221;][et_pb_image src=&#8221;https:\/\/islamische-bestattung.de\/wp-content\/uploads\/2025\/12\/alwasila_mosqueB.jpg&#8221; title_text=&#8221;alwasila_mosqueB&#8221; _builder_version=&#8221;4.27.5&#8243; _module_preset=&#8221;default&#8221; global_colors_info=&#8221;{}&#8221;][\/et_pb_image][\/et_pb_column][et_pb_column type=&#8221;1_4&#8243; _builder_version=&#8221;4.27.4&#8243; _module_preset=&#8221;default&#8221; global_colors_info=&#8221;{}&#8221;][et_pb_image src=&#8221;https:\/\/islamische-bestattung.de\/wp-content\/uploads\/2025\/11\/alwasila_008.jpg&#8221; title_text=&#8221;alwasila_008&#8243; _builder_version=&#8221;4.27.4&#8243; _module_preset=&#8221;default&#8221; global_colors_info=&#8221;{}&#8221;][\/et_pb_image][\/et_pb_column][et_pb_column type=&#8221;1_4&#8243; _builder_version=&#8221;4.27.4&#8243; _module_preset=&#8221;default&#8221; global_colors_info=&#8221;{}&#8221;][et_pb_image src=&#8221;https:\/\/islamische-bestattung.de\/wp-content\/uploads\/2025\/11\/alwasila_002.jpg&#8221; title_text=&#8221;alwasila_002&#8243; _builder_version=&#8221;4.27.4&#8243; _module_preset=&#8221;default&#8221; global_colors_info=&#8221;{}&#8221;][\/et_pb_image][\/et_pb_column][et_pb_column type=&#8221;1_4&#8243; _builder_version=&#8221;4.27.4&#8243; _module_preset=&#8221;default&#8221; global_colors_info=&#8221;{}&#8221;][et_pb_image src=&#8221;https:\/\/islamische-bestattung.de\/wp-content\/uploads\/2025\/11\/alwasila_006.jpg&#8221; title_text=&#8221;alwasila_006&#8243; _builder_version=&#8221;4.27.4&#8243; _module_preset=&#8221;default&#8221; global_colors_info=&#8221;{}&#8221;][\/et_pb_image][\/et_pb_column][\/et_pb_row][\/et_pb_section][et_pb_section fb_built=&#8221;1&#8243; disabled_on=&#8221;on|off|off&#8221; _builder_version=&#8221;4.27.5&#8243; _module_preset=&#8221;default&#8221; custom_margin=&#8221;||||false&#8221; custom_padding=&#8221;23px||71px||false|false&#8221; global_colors_info=&#8221;{}&#8221;][et_pb_row _builder_version=&#8221;4.27.5&#8243; _module_preset=&#8221;default&#8221; custom_padding=&#8221;0px||0px||false|false&#8221; global_colors_info=&#8221;{}&#8221;][et_pb_column type=&#8221;4_4&#8243; _builder_version=&#8221;4.27.5&#8243; _module_preset=&#8221;default&#8221; global_colors_info=&#8221;{}&#8221;][et_pb_text _builder_version=&#8221;4.27.5&#8243; text_font=&#8221;||||||||&#8221; text_text_color=&#8221;#333333&#8243; text_font_size=&#8221;16px&#8221; link_font=&#8221;|600|||on||||&#8221; link_text_color=&#8221;rgba(12,12,12,0.59)&#8221; header_font=&#8221;||||||||&#8221; header_2_font=&#8221;Alice||||||||&#8221; header_2_text_color=&#8221;#333333&#8243; header_2_font_size=&#8221;21px&#8221; header_2_line_height=&#8221;1.3em&#8221; text_orientation=&#8221;center&#8221; background_layout=&#8221;dark&#8221; header_2_font_size_tablet=&#8221;23px&#8221; header_2_font_size_phone=&#8221;18px&#8221; header_2_font_size_last_edited=&#8221;on|phone&#8221; global_colors_info=&#8221;{}&#8221;]<\/p>\n<h2 style=\"text-align: center;\">&#8220;(&#8230;) Her kes\u00ea ku p\u00eadiviy\u00ean biray\u00ea xwe bic\u00eeh b\u00eene, Xwed\u00ea j\u00ee d\u00ea p\u00eadiviy\u00ean w\u00ee bic\u00eeh b\u00eene. (&#8230;)&#8221;<\/h2>\n<h2 style=\"text-align: center;\">&#8211; P\u00eaxember Muhemmed (s.a.w)<\/h2>\n<p style=\"text-align: center;\">(Par\u00e7eyek ji Hed\u00ees\u00ea, hejmar 2442, \u1e62ax\u00eeh el-Buhar\u00ee)<\/p>\n<p>[\/et_pb_text][\/et_pb_column][\/et_pb_row][\/et_pb_section][et_pb_section fb_built=&#8221;1&#8243; custom_padding_last_edited=&#8221;on|phone&#8221; _builder_version=&#8221;4.27.5&#8243; _module_preset=&#8221;default&#8221; background_color=&#8221;#959d93&#8243; custom_padding=&#8221;3px||64px|||&#8221; custom_padding_tablet=&#8221;3px||64px|||&#8221; custom_padding_phone=&#8221;3px||81px||false|false&#8221; global_colors_info=&#8221;{}&#8221;][et_pb_row custom_padding_last_edited=&#8221;on|phone&#8221; admin_label=&#8221;Qada Sernav\u00ea&#8221; _builder_version=&#8221;4.27.5&#8243; custom_margin=&#8221;60px||||false|false&#8221; custom_margin_tablet=&#8221;60px||||false|false&#8221; custom_margin_phone=&#8221;23px||||false|false&#8221; custom_margin_last_edited=&#8221;on|phone&#8221; custom_padding=&#8221;||11px|||&#8221; custom_padding_tablet=&#8221;||11px|||&#8221; custom_padding_phone=&#8221;||11px|||&#8221; locked=&#8221;off&#8221; global_colors_info=&#8221;{}&#8221;][et_pb_column type=&#8221;4_4&#8243; _builder_version=&#8221;4.16&#8243; custom_padding=&#8221;|||&#8221; global_colors_info=&#8221;{}&#8221; custom_padding__hover=&#8221;|||&#8221;][et_pb_text _builder_version=&#8221;4.27.5&#8243; text_font=&#8221;|||on|||||&#8221; text_text_color=&#8221;#FFFFFF&#8221; text_font_size=&#8221;16px&#8221; link_font=&#8221;|600|||on||||&#8221; link_text_color=&#8221;rgba(12,12,12,0.59)&#8221; header_font=&#8221;||||||||&#8221; header_2_font=&#8221;Alice||||||||&#8221; header_2_text_color=&#8221;#333333&#8243; header_2_font_size=&#8221;23px&#8221; header_2_line_height=&#8221;1.4em&#8221; text_orientation=&#8221;center&#8221; background_layout=&#8221;dark&#8221; global_colors_info=&#8221;{}&#8221;]<\/p>\n<p style=\"text-align: center;\">Blog<\/p>\n<p>[\/et_pb_text][et_pb_text admin_label=&#8221;Title&#8221; _builder_version=&#8221;4.27.5&#8243; text_font=&#8221;||||||||&#8221; header_font=&#8221;||||||||&#8221; header_2_font=&#8221;Alice||||||||&#8221; header_2_text_align=&#8221;center&#8221; header_2_text_color=&#8221;#FFFFFF&#8221; header_2_font_size=&#8221;42px&#8221; header_2_line_height=&#8221;1.3em&#8221; custom_margin=&#8221;||20px|&#8221; animation_style=&#8221;slide&#8221; animation_direction=&#8221;top&#8221; animation_intensity_slide=&#8221;30%&#8221; animation_starting_opacity=&#8221;100%&#8221; header_2_font_size_tablet=&#8221;42px&#8221; header_2_font_size_phone=&#8221;27px&#8221; header_2_font_size_last_edited=&#8221;on|phone&#8221; global_colors_info=&#8221;{}&#8221;]<\/p>\n<h2>Rastiy\u00ean balk\u00ea\u015f derbar\u00ea definkirin \u00fb r\u00eetuel\u00ean \u015f\u00een\u00ea y\u00ean \u00eeslam\u00ee de<\/h2>\n<p>[\/et_pb_text][et_pb_text _builder_version=&#8221;4.27.5&#8243; text_font=&#8221;||||||||&#8221; text_text_color=&#8221;#FFFFFF&#8221; text_font_size=&#8221;16px&#8221; text_line_height=&#8221;1.8em&#8221; custom_margin=&#8221;||33px|||&#8221; custom_padding=&#8221;|||&#8221; animation_style=&#8221;slide&#8221; animation_direction=&#8221;left&#8221; animation_intensity_slide=&#8221;5%&#8221; animation_starting_opacity=&#8221;100%&#8221; global_colors_info=&#8221;{}&#8221;]<\/p>\n<p style=\"text-align: center;\">Agahdar\u00ee \u00fb gotar\u00ean k\u00earhat\u00ee ji bo her kes\u00ee<\/p>\n<p>[\/et_pb_text][et_pb_divider color=&#8221;#FFFFFF&#8221; divider_weight=&#8221;3px&#8221; _builder_version=&#8221;4.27.5&#8243; max_width=&#8221;50px&#8221; module_alignment=&#8221;center&#8221; custom_margin=&#8221;||10px|&#8221; animation_style=&#8221;slide&#8221; animation_direction=&#8221;top&#8221; animation_intensity_slide=&#8221;30%&#8221; animation_starting_opacity=&#8221;100%&#8221; global_colors_info=&#8221;{}&#8221;][\/et_pb_divider][\/et_pb_column][\/et_pb_row][et_pb_row custom_padding_last_edited=&#8221;on|phone&#8221; _builder_version=&#8221;4.27.5&#8243; _module_preset=&#8221;default&#8221; custom_margin=&#8221;-23px|auto||auto||&#8221; custom_margin_tablet=&#8221;-23px|auto||auto||&#8221; custom_margin_phone=&#8221;-32px||0px||false|false&#8221; custom_margin_last_edited=&#8221;on|phone&#8221; custom_padding_tablet=&#8221;&#8221; custom_padding_phone=&#8221;||0px||false|false&#8221; global_colors_info=&#8221;{}&#8221;][et_pb_column type=&#8221;4_4&#8243; _builder_version=&#8221;4.27.4&#8243; _module_preset=&#8221;default&#8221; global_colors_info=&#8221;{}&#8221;][et_pb_blog fullwidth=&#8221;off&#8221; posts_number=&#8221;3&#8243; include_categories=&#8221;1&#8243; show_more=&#8221;on&#8221; show_author=&#8221;off&#8221; show_date=&#8221;off&#8221; show_categories=&#8221;off&#8221; show_pagination=&#8221;off&#8221; module_class=&#8221;blog-gleich-hoch&#8221; _builder_version=&#8221;4.27.5&#8243; _module_preset=&#8221;default&#8221; header_font=&#8221;Alice||||||||&#8221; header_font_size=&#8221;21px&#8221; header_line_height=&#8221;1.2em&#8221; read_more_font=&#8221;|600|||||||&#8221; read_more_text_color=&#8221;#c1a01d&#8221; global_colors_info=&#8221;{}&#8221;][\/et_pb_blog][\/et_pb_column][\/et_pb_row][et_pb_row use_custom_gutter=&#8221;on&#8221; gutter_width=&#8221;2&#8243; _builder_version=&#8221;4.27.5&#8243; _module_preset=&#8221;default&#8221; custom_margin=&#8221;0px||0px||false|false&#8221; custom_padding=&#8221;47px||0px||false|false&#8221; global_colors_info=&#8221;{}&#8221;][et_pb_column type=&#8221;4_4&#8243; _builder_version=&#8221;4.27.4&#8243; _module_preset=&#8221;default&#8221; global_colors_info=&#8221;{}&#8221;][et_pb_button button_url=&#8221;https:\/\/islamische-bestattung.de\/blog\/&#8221; button_text=&#8221;Hem\u00fb niv\u00ees\u00ean blog\u00ea&#8221; button_alignment=&#8221;center&#8221; button_alignment_tablet=&#8221;center&#8221; button_alignment_phone=&#8221;center&#8221; button_alignment_last_edited=&#8221;on|phone&#8221; _builder_version=&#8221;4.27.5&#8243; _module_preset=&#8221;default&#8221; custom_button=&#8221;on&#8221; button_text_color=&#8221;#FFFFFF&#8221; custom_margin=&#8221;-50px||-35px||false|false&#8221; custom_margin_tablet=&#8221;-50px||-35px||false|false&#8221; custom_margin_phone=&#8221;-23px||||false|false&#8221; custom_margin_last_edited=&#8221;on|desktop&#8221; global_colors_info=&#8221;{}&#8221;][\/et_pb_button][\/et_pb_column][\/et_pb_row][\/et_pb_section][et_pb_section fb_built=&#8221;1&#8243; custom_padding_last_edited=&#8221;on|phone&#8221; module_id=&#8221;t\u00eakel\u00ee&#8221; _builder_version=&#8221;4.27.5&#8243; _module_preset=&#8221;default&#8221; use_background_color_gradient=&#8221;on&#8221; background_color_gradient_stops=&#8221;#ffffff 0%|rgba(255,255,255,0.87) 99%&#8221; background_color_gradient_overlays_image=&#8221;on&#8221; background_image=&#8221;https:\/\/islamische-bestattung.de\/wp-content\/uploads\/2025\/11\/tempImagewTo3tn-1-Medium.jpeg&#8221; custom_margin=&#8221;0px||||false|false&#8221; custom_padding=&#8221;119px||119px||true|false&#8221; custom_padding_tablet=&#8221;60px||60px||true|false&#8221; custom_padding_phone=&#8221;51px||14px||false|false&#8221; global_colors_info=&#8221;{}&#8221;][et_pb_row admin_label=&#8221;Qada Sernav\u00ea&#8221; _builder_version=&#8221;4.27.5&#8243; background_enable_image=&#8221;off&#8221; parallax=&#8221;on&#8221; parallax_method=&#8221;off&#8221; max_width=&#8221;100%&#8221; custom_padding=&#8221;1px||1px||true|false&#8221; locked=&#8221;off&#8221; global_colors_info=&#8221;{}&#8221;][et_pb_column type=&#8221;4_4&#8243; _builder_version=&#8221;4.16&#8243; custom_padding=&#8221;|||&#8221; global_colors_info=&#8221;{}&#8221; custom_padding__hover=&#8221;|||&#8221;][et_pb_text _builder_version=&#8221;4.27.5&#8243; text_font=&#8221;|||on|||||&#8221; text_text_color=&#8221;#333333&#8243; text_font_size=&#8221;16px&#8221; link_font=&#8221;|600|||on||||&#8221; link_text_color=&#8221;rgba(12,12,12,0.59)&#8221; header_font=&#8221;||||||||&#8221; header_2_font=&#8221;Alice||||||||&#8221; header_2_text_color=&#8221;#333333&#8243; header_2_font_size=&#8221;23px&#8221; header_2_line_height=&#8221;1.4em&#8221; text_orientation=&#8221;center&#8221; background_layout=&#8221;dark&#8221; custom_margin=&#8221;||41px|||&#8221; text_font_size_tablet=&#8221;16px&#8221; text_font_size_phone=&#8221;15px&#8221; text_font_size_last_edited=&#8221;on|phone&#8221; global_colors_info=&#8221;{}&#8221;]<\/p>\n<p style=\"text-align: center;\">Paqij b\u00fbn<\/p>\n<p>[\/et_pb_text][et_pb_text admin_label=&#8221;Title&#8221; _builder_version=&#8221;4.27.5&#8243; text_font=&#8221;||||||||&#8221; header_font=&#8221;||||||||&#8221; header_2_font=&#8221;Alice||||||||&#8221; header_2_text_align=&#8221;center&#8221; header_2_font_size=&#8221;42px&#8221; header_2_line_height=&#8221;1.3em&#8221; custom_margin=&#8221;||20px|&#8221; animation_direction=&#8221;top&#8221; header_2_font_size_tablet=&#8221;42px&#8221; header_2_font_size_phone=&#8221;27px&#8221; header_2_font_size_last_edited=&#8221;on|phone&#8221; global_colors_info=&#8221;{}&#8221;]<\/p>\n<h2>El-Was\u00eele &#8211; &#8220;Am\u00fbra&#8221; we ji bo ve\u015fartina \u00eeslam\u00ee<\/h2>\n<p>[\/et_pb_text][et_pb_text disabled_on=&#8221;off|off|off&#8221; _builder_version=&#8221;4.27.5&#8243; text_font=&#8221;||||||||&#8221; text_font_size=&#8221;16px&#8221; text_line_height=&#8221;1.8em&#8221; custom_margin=&#8221;||34px|||&#8221; custom_margin_tablet=&#8221;||34px|||&#8221; custom_margin_phone=&#8221;||0px||false|false&#8221; custom_margin_last_edited=&#8221;on|phone&#8221; custom_padding=&#8221;|||&#8221; animation_direction=&#8221;left&#8221; global_colors_info=&#8221;{}&#8221;]<\/p>\n<p style=\"text-align: center;\">Em bi 5 zimanan: Alman\u00ee, \u00cengil\u00eez\u00ee, Kurd\u00ee, \u00cetal\u00ee \u00fb Sirb\u00ee, 24 saetan \u015f\u00eawirmendiya bela\u015f p\u00ea\u015fk\u00ea\u015f dikin.<\/p>\n<p style=\"text-align: center;\">[\/et_pb_text][\/et_pb_column][\/et_pb_row][et_pb_row use_custom_gutter=&#8221;on&#8221; gutter_width=&#8221;2&#8243; _builder_version=&#8221;4.27.5&#8243; _module_preset=&#8221;default&#8221; max_width=&#8221;100%&#8221; custom_padding=&#8221;0px|0px|0px|0px|false|false&#8221; global_colors_info=&#8221;{}&#8221;][et_pb_column type=&#8221;4_4&#8243; _builder_version=&#8221;4.27.4&#8243; _module_preset=&#8221;default&#8221; global_colors_info=&#8221;{}&#8221;][et_pb_contact_form email=&#8221;info@al-wasila.de&#8221; custom_message=&#8221;Nav:||et_pb_line_break_holder||&#8212;&#8212;&#8212;&#8212;&#8212;&#8212;&#8212;&#8212;&#8212;&#8212;&#8212;&#8212;&#8212;&#8212;&#8212;&#8212;&#8212;&#8212;&#8212;&#8212;&#8211;||et_pb_line_break_holder||%%Nav%%||et_pb_line_break_holder||||et_pb_line_break_holder||Navn\u00ee\u015fana e-namey\u00ea:||et_pb_line_break_holder||&#8212;&#8212;&#8212;&#8212;&#8212;&#8212;&#8212;&#8212;&#8212;&#8212;&#8212;&#8212;&#8212;&#8212;&#8212;&#8212;&#8212;&#8212;&#8212;||et_pb_line_break_holder||%%E-name%%||et_pb_line_break_holder||||et_pb_line_break_holder t\u00ea \u015fandin||Peyam:||et_pb_line_break_holder||&#8212;&#8212;&#8212;&#8212;&#8212;&#8212;&#8212;&#8212;&#8212;&#8212;&#8212;&#8212;&#8212;&#8212;&#8212;&#8212;&#8212;&#8212;&#8212;&#8212;&#8212;&#8211;||et_pb_line_break_holder||%%Peyam%%||et_pb_line_break_holder||||et_pb_line_break_holder||Taybetmend\u00ee Siyaset:||et_pb_line_break_holder||&#8212;&#8212;&#8212;&#8212;&#8212;&#8212;&#8212;&#8212;&#8212;&#8212;&#8212;&#8212;&#8212;&#8212;&#8212;&#8212;&#8212;&#8212;&#8212;&#8211;||et_pb_line_break_holder||%%Taybetmend\u00ee%%||et_pb_line_break_holder||&#8221; submit_button_text=&#8221;\u015eandin&#8221; module_id=&#8221;et_pb_contact_form_0&#8243; _builder_version=&#8221;4.27.5&#8243; form_field_background_color=&#8221;#959d93&#8243; form_field_text_color=&#8221;#FFFFFF&#8221; title_font=&#8221;Abril Fatface||||||||&#8221; title_font_size=&#8221;24px&#8221; captcha_text_color=&#8221;#515151&#8243; captcha_font_size=&#8221;15px&#8221; captcha_letter_spacing=&#8221;4px&#8221; captcha_line_height=&#8221;1.8em&#8221; form_field_font=&#8221;||||||||&#8221; form_field_font_size=&#8221;17px&#8221; form_field_letter_spacing=&#8221;1px&#8221; custom_button=&#8221;on&#8221; button_text_size=&#8221;19px&#8221; button_text_color=&#8221;#FFFFFF&#8221; button_bg_color=&#8221;#959d93&#8243; button_border_width=&#8221;0px&#8221; button_border_color=&#8221;#000000&#8243; button_border_radius=&#8221;3px&#8221; button_letter_spacing=&#8221;1px&#8221; button_font=&#8221;&#8211;et_global_body_font|500||on|||||&#8221; module_alignment=&#8221;center&#8221; custom_padding=&#8221;|172px||172px|false|true&#8221; custom_padding_tablet=&#8221;|0px||0px|false|true&#8221; custom_padding_phone=&#8221;|0px||0px|false|true&#8221; custom_padding_last_edited=&#8221;on|phone&#8221; border_width_all=&#8221;1px&#8221; border_color_all=&#8221;rgba(0,0,0,0.12)&#8221; form_background_color=&#8221;rgba(255,255,255,0)&#8221; global_colors_info=&#8221;{}&#8221;][et_pb_contact_field field_id=&#8221;Name&#8221; field_title=&#8221;Nav\u00ea te&#8221; _builder_version=&#8221;4.27.5&#8243; global_colors_info=&#8221;{}&#8221; button_text_size__hover_enabled=&#8221;off&#8221; button_one_text_size__hover_enabled=&#8221;off&#8221; button_two_text_size__hover_enabled=&#8221;off&#8221; button_text_color__hover_enabled=&#8221;off&#8221; button_one_text_color__hover_enabled=&#8221;off&#8221; button_two_text_color__hover_enabled=&#8221;off&#8221; button_border_width__hover_enabled=&#8221;off&#8221; button_one_border_width__hover_enabled=&#8221;off&#8221; button_two_border_width__hover_enabled=&#8221;off&#8221; button_border_color__hover_enabled=&#8221;off&#8221; button_one_border_color__hover_enabled=&#8221;off&#8221; button_two_border_color__hover_enabled=&#8221;off&#8221; button_border_radius__hover_enabled=&#8221;off&#8221; button_one_border_radius__hover_enabled=&#8221;off&#8221; button_two_border_radius__hover_enabled=&#8221;off&#8221; button_letter_spacing__hover_enabled=&#8221;off&#8221; button_one_letter_spacing__hover_enabled=&#8221;off&#8221; button_two_letter_spacing__hover_enabled=&#8221;off&#8221; button_bg_color__hover_enabled=&#8221;off&#8221; button_one_bg_color__hover_enabled=&#8221;off&#8221; button_two_bg_color__hover_enabled=&#8221;off&#8221;][\/et_pb_contact_field][et_pb_contact_field field_id=&#8221;Email&#8221; field_title=&#8221;Navn\u00ee\u015fana e-nameya we&#8221; field_type=&#8221;email&#8221; _builder_version=&#8221;4.27.5&#8243; global_colors_info=&#8221;{}&#8221; button_text_size__hover_enabled=&#8221;off&#8221; button_one_text_size__hover_enabled=&#8221;off&#8221; button_two_text_size__hover_enabled=&#8221;off&#8221; button_text_color__hover_enabled=&#8221;off&#8221; button_one_text_color__hover_enabled=&#8221;off&#8221; button_two_text_color__hover_enabled=&#8221;off&#8221; button_border_width__hover_enabled=&#8221;off&#8221; button_one_border_width__hover_enabled=&#8221;off&#8221; button_two_border_width__hover_enabled=&#8221;off&#8221; button_border_color__hover_enabled=&#8221;off&#8221; button_one_border_color__hover_enabled=&#8221;off&#8221; button_two_border_color__hover_enabled=&#8221;off&#8221; button_border_radius__hover_enabled=&#8221;off&#8221; button_one_border_radius__hover_enabled=&#8221;off&#8221; button_two_border_radius__hover_enabled=&#8221;off&#8221; button_letter_spacing__hover_enabled=&#8221;off&#8221; button_one_letter_spacing__hover_enabled=&#8221;off&#8221; button_two_letter_spacing__hover_enabled=&#8221;off&#8221; button_bg_color__hover_enabled=&#8221;off&#8221; button_one_bg_color__hover_enabled=&#8221;off&#8221; button_two_bg_color__hover_enabled=&#8221;off&#8221;][\/et_pb_contact_field][et_pb_contact_field field_id=&#8221;Nachricht&#8221; field_title=&#8221;peyama te&#8221; field_type=&#8221;text&#8221; fullwidth_field=&#8221;on&#8221; _builder_version=&#8221;4.27.5&#8243; _module_preset=&#8221;default&#8221; global_colors_info=&#8221;{}&#8221;][\/et_pb_contact_field][et_pb_contact_field field_id=&#8221;Datenschutz&#8221; field_title=&#8221;Parastina daneyan&#8221; field_type=&#8221;checkbox&#8221; checkbox_options=&#8221;%91{%22value%22:%22Ez qeb\u00fbl dikim ku agahiy\u00ean ku min \u015fandine werin hilan\u00een da ku daxwaza min were bersivandin.%22,%22checked%22:0,%22dragID%22:-1}%93&#8243; fullwidth_field=&#8221;on&#8221; _builder_version=&#8221;4.27.5&#8243; _module_preset=&#8221;default&#8221; form_field_text_color=&#8221;#636363&#8243; global_colors_info=&#8221;{}&#8221;][\/et_pb_contact_field][\/et_pb_contact_form][\/et_pb_column][\/et_pb_row][et_pb_row column_structure=&#8221;2_5,3_5&#8243; use_custom_gutter=&#8221;on&#8221; gutter_width=&#8221;1&#8243; custom_padding_last_edited=&#8221;on|phone&#8221; _builder_version=&#8221;4.27.5&#8243; _module_preset=&#8221;default&#8221; width=&#8221;60%&#8221; width_tablet=&#8221;80%&#8221; width_phone=&#8221;80%&#8221; width_last_edited=&#8221;on|phone&#8221; max_width=&#8221;100%&#8221; custom_margin=&#8221;30px|auto|0px|auto|false|false&#8221; custom_margin_tablet=&#8221;30px|auto|0px|auto|false|false&#8221; custom_margin_phone=&#8221;44px||||false|false&#8221; custom_margin_last_edited=&#8221;on|phone&#8221; custom_padding=&#8221;0px|0px|0px|0px|false|false&#8221; custom_padding_tablet=&#8221;0px|0px|0px|0px|false|false&#8221; custom_padding_phone=&#8221;0px|0px|0px|0px|false|false&#8221; global_colors_info=&#8221;{}&#8221;][et_pb_column type=&#8221;2_5&#8243; _builder_version=&#8221;4.27.4&#8243; _module_preset=&#8221;default&#8221; global_colors_info=&#8221;{}&#8221;][et_pb_text disabled_on=&#8221;off|off|off&#8221; _builder_version=&#8221;4.27.6&#8243; text_font=&#8221;||||||||&#8221; text_font_size=&#8221;16px&#8221; text_letter_spacing=&#8221;1px&#8221; text_line_height=&#8221;1.8em&#8221; link_font=&#8221;|600|||||||&#8221; link_text_color=&#8221;#c1a01d&#8221; custom_margin=&#8221;||34px|||&#8221; custom_padding=&#8221;|||&#8221; animation_direction=&#8221;left&#8221; global_colors_info=&#8221;{}&#8221;]<\/p>\n<p style=\"text-align: left;\"><strong>Agahiy\u00ean t\u00eakiliy\u00ea:<\/strong><br \/>\nTelefon:<span> <\/span><a href=\"tel:+4945139733733\">0451 \/ 39 733 733<\/a><br \/>\nMob\u00eel: <a href=\"tel:+491602255225\">0160 \/ 22 55 22 5<\/a><br \/>\nFaks:<span> <\/span><a href=\"faks: +4945158596500\">0451 \/ 58 59 65 00<\/a><\/p>\n<p>[\/et_pb_text][\/et_pb_column][et_pb_column type=&#8221;3_5&#8243; _builder_version=&#8221;4.27.4&#8243; _module_preset=&#8221;default&#8221; global_colors_info=&#8221;{}&#8221;][et_pb_text disabled_on=&#8221;off|off|off&#8221; _builder_version=&#8221;4.27.5&#8243; text_font=&#8221;||||||||&#8221; text_font_size=&#8221;16px&#8221; text_letter_spacing=&#8221;1px&#8221; text_line_height=&#8221;1.8em&#8221; link_font=&#8221;|600|||||||&#8221; link_text_color=&#8221;#c1a01d&#8221; custom_margin=&#8221;||34px|||&#8221; custom_padding=&#8221;|||&#8221; animation_direction=&#8221;left&#8221; global_colors_info=&#8221;{}&#8221;]<\/p>\n<p style=\"text-align: left;\"><strong>Navn\u00ee\u015fan:<\/strong><br \/> <a href=\"https:\/\/maps.app.goo.gl\/QYVLFHANyv7h4Ecm9\">Ratzeburger Allee 31<\/a><br \/> <a href=\"https:\/\/maps.app.goo.gl\/QYVLFHANyv7h4Ecm9\">23562 L\u00fcbeck<\/a><br \/> Almanya<\/p>\n<p>[\/et_pb_text][\/et_pb_column][\/et_pb_row][\/et_pb_section][et_pb_section fb_built=&#8221;1&#8243; custom_padding_last_edited=&#8221;on|phone&#8221; module_id=&#8221;L\u00ean\u00ear\u00eena \u015fivan\u00ee&#8221; _builder_version=&#8221;4.27.5&#8243; _module_preset=&#8221;default&#8221; background_color=&#8221;#959d93&#8243; background_enable_image=&#8221;off&#8221; custom_margin=&#8221;0px||||false|false&#8221; custom_margin_tablet=&#8221;0px||0px||false|false&#8221; custom_margin_phone=&#8221;0px||||false|false&#8221; custom_margin_last_edited=&#8221;on|phone&#8221; custom_padding=&#8221;27px|100px|87px|100px|false|true&#8221; custom_padding_tablet=&#8221;4px|0px|50px|0px|false|true&#8221; custom_padding_phone=&#8221;4px|0px|65px|0px|false|true&#8221; global_colors_info=&#8221;{}&#8221;][et_pb_row column_structure=&#8221;1_2,1_2&#8243; use_custom_gutter=&#8221;on&#8221; gutter_width=&#8221;2&#8243; admin_label=&#8221;Qada Sernav\u00ea&#8221; module_id=&#8221;mseelsorge&#8221; _builder_version=&#8221;4.27.5&#8243; background_enable_image=&#8221;off&#8221; parallax=&#8221;on&#8221; parallax_method=&#8221;off&#8221; max_width=&#8221;100%&#8221; custom_margin=&#8221;10px|auto||auto|false|false&#8221; custom_padding=&#8221;46px||4px||false|false&#8221; locked=&#8221;off&#8221; global_colors_info=&#8221;{}&#8221;][et_pb_column type=&#8221;1_2&#8243; _builder_version=&#8221;4.16&#8243; custom_padding=&#8221;|||&#8221; global_colors_info=&#8221;{}&#8221; custom_padding__hover=&#8221;|||&#8221;][et_pb_text _builder_version=&#8221;4.27.5&#8243; text_font=&#8221;|||on|||||&#8221; text_text_color=&#8221;#FFFFFF&#8221; text_font_size=&#8221;16px&#8221; link_font=&#8221;|600|||on||||&#8221; link_text_color=&#8221;rgba(12,12,12,0.59)&#8221; header_font=&#8221;||||||||&#8221; header_2_font=&#8221;Alice||||||||&#8221; header_2_text_color=&#8221;#333333&#8243; header_2_font_size=&#8221;23px&#8221; header_2_line_height=&#8221;1.4em&#8221; background_layout=&#8221;dark&#8221; global_colors_info=&#8221;{}&#8221;]<\/p>\n<p style=\"text-align: left;\">L\u00eanih\u00ear\u00eena \u015fivantiy\u00ea ya Misilmanan<\/p>\n<p>[\/et_pb_text][et_pb_text admin_label=&#8221;Title&#8221; _builder_version=&#8221;4.27.5&#8243; text_font=&#8221;||||||||&#8221; text_text_color=&#8221;#000000&#8243; header_font=&#8221;||||||||&#8221; header_2_font=&#8221;Alice||||||||&#8221; header_2_text_align=&#8221;left&#8221; header_2_text_color=&#8221;#FFFFFF&#8221; header_2_font_size=&#8221;27px&#8221; header_2_line_height=&#8221;1.3em&#8221; custom_margin=&#8221;||20px|&#8221; animation_style=&#8221;slide&#8221; animation_direction=&#8221;top&#8221; animation_intensity_slide=&#8221;30%&#8221; animation_starting_opacity=&#8221;100%&#8221; global_colors_info=&#8221;{}&#8221;]<\/p>\n<h2 style=\"text-align: left;\">Em li vir ji bo te ne<\/h2>\n<p>[\/et_pb_text][et_pb_text _builder_version=&#8221;4.27.5&#8243; text_font=&#8221;||||||||&#8221; text_text_color=&#8221;#FFFFFF&#8221; text_font_size=&#8221;16px&#8221; text_line_height=&#8221;1.8em&#8221; custom_margin=&#8221;||33px|||&#8221; custom_padding=&#8221;|||&#8221; animation_style=&#8221;slide&#8221; animation_direction=&#8221;left&#8221; animation_intensity_slide=&#8221;5%&#8221; animation_starting_opacity=&#8221;100%&#8221; global_colors_info=&#8221;{}&#8221;]<\/p>\n<p style=\"text-align: left;\">Ji bo \u015f\u00eereta empat\u00eek \u00fb profesyonel di dem\u00ean dijwar de bi me re t\u00eakil\u00ee daynin.<\/p>\n<p>[\/et_pb_text][et_pb_text _builder_version=&#8221;4.27.5&#8243; text_font=&#8221;||||||||&#8221; text_text_color=&#8221;#FFFFFF&#8221; text_font_size=&#8221;16px&#8221; text_line_height=&#8221;2.1em&#8221; ul_text_align=&#8221;left&#8221; ul_line_height=&#8221;2.1em&#8221; custom_margin=&#8221;||18px|||&#8221; custom_padding=&#8221;|||&#8221; animation_style=&#8221;slide&#8221; animation_direction=&#8221;left&#8221; animation_intensity_slide=&#8221;5%&#8221; animation_starting_opacity=&#8221;100%&#8221; global_colors_info=&#8221;{}&#8221;]<\/p>\n<ul>\n<li>Pi\u015ftgiriya ji bo kr\u00eez \u00fb xemg\u00eeniy\u00ea<\/li>\n<li>R\u00eaberiya ruhan\u00ee \u00fb ol\u00ee<\/li>\n<li>Nexwe\u015f\u00ee \u00fb L\u00eanih\u00ear\u00eena Dawiya Jiyan\u00ea<\/li>\n<li>Pirsgir\u00eak\u00ean malbat\u00ee \u00fb civak\u00ee<\/li>\n<\/ul>\n<p>[\/et_pb_text][et_pb_button button_url=&#8221;https:\/\/islamische-bestattung.de\/ku\/sewirmendiya-xemginiye-u-lenerina-sivani-ya-misilmanan\/&#8221; button_text=&#8221;B\u00eatir h\u00een bibin&#8221; button_alignment=&#8221;left&#8221; button_alignment_tablet=&#8221;center&#8221; button_alignment_phone=&#8221;center&#8221; button_alignment_last_edited=&#8221;on|desktop&#8221; disabled_on=&#8221;off|off|off&#8221; _builder_version=&#8221;4.27.5&#8243; _module_preset=&#8221;default&#8221; custom_button=&#8221;on&#8221; button_text_color=&#8221;#FFFFFF&#8221; locked=&#8221;off&#8221; global_colors_info=&#8221;{}&#8221;][\/et_pb_button][\/et_pb_column][et_pb_column type=&#8221;1_2&#8243; _builder_version=&#8221;4.16&#8243; custom_padding=&#8221;|||&#8221; global_colors_info=&#8221;{}&#8221; custom_padding__hover=&#8221;|||&#8221;][et_pb_image src=&#8221;https:\/\/islamische-bestattung.de\/wp-content\/uploads\/2025\/12\/wasila-img11.jpg&#8221; title_text=&#8221;wasila-img11&#8243; align_tablet=&#8221;&#8221; align_phone=&#8221;center&#8221; align_last_edited=&#8221;on|phone&#8221; _builder_version=&#8221;4.27.5&#8243; _module_preset=&#8221;default&#8221; width=&#8221;100%&#8221; width_tablet=&#8221;78%&#8221; width_phone=&#8221;78%&#8221; width_last_edited=&#8221;on|tablet&#8221; module_alignment_tablet=&#8221;center&#8221; module_alignment_phone=&#8221;center&#8221; module_alignment_last_edited=&#8221;on|tablet&#8221; global_colors_info=&#8221;{}&#8221;][\/et_pb_image][\/et_pb_column][\/et_pb_row][et_pb_row column_structure=&#8221;1_2,1_2&#8243; use_custom_gutter=&#8221;on&#8221; gutter_width=&#8221;2&#8243; custom_padding_last_edited=&#8221;on|tablet&#8221; _builder_version=&#8221;4.27.5&#8243; _module_preset=&#8221;default&#8221; custom_margin_tablet=&#8221;&#8221; custom_margin_phone=&#8221;&#8221; custom_margin_last_edited=&#8221;on|tablet&#8221; custom_padding=&#8221;63px||0px||false|false&#8221; custom_padding_tablet=&#8221;42px||0px||false|false&#8221; custom_padding_phone=&#8221;47px||0px||false|false&#8221; global_colors_info=&#8221;{}&#8221;][et_pb_column type=&#8221;1_2&#8243; _builder_version=&#8221;4.27.4&#8243; _module_preset=&#8221;default&#8221; global_colors_info=&#8221;{}&#8221;][et_pb_button button_url=&#8221;tel:+4945139733733&#8243; button_text=&#8221;Bang&#8221; button_alignment=&#8221;right&#8221; button_alignment_tablet=&#8221;center&#8221; button_alignment_phone=&#8221;center&#8221; button_alignment_last_edited=&#8221;on|desktop&#8221; _builder_version=&#8221;4.27.5&#8243; _module_preset=&#8221;default&#8221; custom_button=&#8221;on&#8221; button_text_color=&#8221;#FFFFFF&#8221; global_colors_info=&#8221;{}&#8221;][\/et_pb_button][\/et_pb_column][et_pb_column type=&#8221;1_2&#8243; _builder_version=&#8221;4.27.4&#8243; _module_preset=&#8221;default&#8221; global_colors_info=&#8221;{}&#8221;][et_pb_button button_url=&#8221;mailto:info@al-wasila.de&#8221; button_text=&#8221;e-name&#8221; button_alignment=&#8221;left&#8221; button_alignment_tablet=&#8221;center&#8221; button_alignment_phone=&#8221;center&#8221; button_alignment_last_edited=&#8221;on|desktop&#8221; _builder_version=&#8221;4.27.5&#8243; _module_preset=&#8221;default&#8221; custom_button=&#8221;on&#8221; button_text_color=&#8221;#FFFFFF&#8221; global_colors_info=&#8221;{}&#8221;][\/et_pb_button][\/et_pb_column][\/et_pb_row][\/et_pb_section][et_pb_section fb_built=&#8221;1&#8243; custom_padding_last_edited=&#8221;on|phone&#8221; module_id=&#8221;L\u00ean\u00ear\u00eena \u015fivan\u00ee&#8221; _builder_version=&#8221;4.27.5&#8243; _module_preset=&#8221;default&#8221; background_enable_color=&#8221;off&#8221; background_enable_image=&#8221;off&#8221; custom_margin=&#8221;0px||||false|false&#8221; custom_margin_tablet=&#8221;0px||0px||false|false&#8221; custom_margin_phone=&#8221;0px||||false|false&#8221; custom_margin_last_edited=&#8221;on|phone&#8221; custom_padding=&#8221;27px|100px|87px|100px|false|true&#8221; custom_padding_tablet=&#8221;4px|0px|50px|0px|false|true&#8221; custom_padding_phone=&#8221;4px|0px|65px|0px|false|true&#8221; global_colors_info=&#8221;{}&#8221;][et_pb_row module_id=&#8221;faq&#8221; _builder_version=&#8221;4.27.5&#8243; _module_preset=&#8221;default&#8221; max_width=&#8221;100%&#8221; custom_padding=&#8221;67px|||||&#8221; global_colors_info=&#8221;{}&#8221;][et_pb_column type=&#8221;4_4&#8243; _builder_version=&#8221;4.27.5&#8243; _module_preset=&#8221;default&#8221; global_colors_info=&#8221;{}&#8221;][et_pb_text admin_label=&#8221;Title&#8221; _builder_version=&#8221;4.27.5&#8243; text_font=&#8221;||||||||&#8221; header_font=&#8221;||||||||&#8221; header_2_font=&#8221;Alice||||||||&#8221; header_2_text_align=&#8221;center&#8221; header_2_font_size=&#8221;42px&#8221; header_2_line_height=&#8221;1.3em&#8221; custom_margin=&#8221;||30px|||&#8221; animation_direction=&#8221;top&#8221; header_2_font_size_tablet=&#8221;42px&#8221; header_2_font_size_phone=&#8221;27px&#8221; header_2_font_size_last_edited=&#8221;on|phone&#8221; global_colors_info=&#8221;{}&#8221;]<\/p>\n<h2>Pirs\u00ean Pir t\u00ean Pirs\u00een (FAQ)<\/h2>\n<p>[\/et_pb_text][et_pb_toggle title=&#8221;Definkirina \u00eeslam\u00ee li Almanya \u00e7i ye?&#8221; closed_toggle_background_color=&#8221;#f9f9f9&#8243; icon_color=&#8221;#686868&#8243; use_icon_font_size=&#8221;on&#8221; icon_font_size=&#8221;20px&#8221; open_icon_color=&#8221;#bababa&#8221; _builder_version=&#8221;4.27.5&#8243; _module_preset=&#8221;default&#8221; title_font=&#8221;|600|||||||&#8221; body_font_size=&#8221;15px&#8221; custom_margin=&#8221;||0px||false|false&#8221; global_colors_info=&#8221;{}&#8221;]<\/p>\n<p>Definkirina cenazey\u00ea li Almanya li gor\u00ee r\u00ea\u00fbresm\u00ean ol\u00ee ye: \u015fu\u015ftina ay\u00een\u00ee (gusl), kefen (keffan), nim\u00eaja cenaze (salat al-Cenaza) \u00fb pi\u015ftre ve\u015fartina di gor\u00ea de &#8211; r\u00fby\u00ea Mekkey\u00ea.<\/p>\n<p>[\/et_pb_toggle][et_pb_toggle title=&#8221;Ma li Almanya dest\u00fbr e ku meriv bi awayek\u00ee \u00eeslam\u00ee cenaze bisp\u00eare?&#8221; closed_toggle_background_color=&#8221;RGBA(255,255,255,0)&#8221; icon_color=&#8221;#686868&#8243; use_icon_font_size=&#8221;on&#8221; icon_font_size=&#8221;20px&#8221; open_icon_color=&#8221;#bababa&#8221; _builder_version=&#8221;4.27.5&#8243; _module_preset=&#8221;default&#8221; title_font=&#8221;|600|||||||&#8221; body_font_size=&#8221;15px&#8221; custom_margin=&#8221;||0px||false|false&#8221; global_colors_info=&#8221;{}&#8221;]<\/p>\n<p>Bel\u00ea, definkirina cenazeyan bi away\u00ea \u00eeslam\u00ee li Almanya dest\u00fbr e. Bic\u00eehan\u00eena taybet\u00ee bi r\u00eaziknamey\u00ean dewleta federal a t\u00eakildar \u00fb r\u00eaziknamey\u00ean goristanan ve gir\u00eaday\u00ee ye. <\/p>\n<p>[\/et_pb_toggle][et_pb_toggle title=&#8221;Gelo ve\u015fartina \u00eeslam\u00ee b\u00ea tab\u00fbt (qefan) mimkun e?&#8221; closed_toggle_background_color=&#8221;#f9f9f9&#8243; icon_color=&#8221;#686868&#8243; use_icon_font_size=&#8221;on&#8221; icon_font_size=&#8221;20px&#8221; open_icon_color=&#8221;#bababa&#8221; _builder_version=&#8221;4.27.5&#8243; _module_preset=&#8221;default&#8221; title_font=&#8221;|600|||||||&#8221; body_font_size=&#8221;15px&#8221; custom_margin=&#8221;||0px||false|false&#8221; global_colors_info=&#8221;{}&#8221;]<\/p>\n<div dir=\"auto\">Li hin dever\u00ean Almanya, eger r\u00eaziknamey\u00ean dewleta federal \u00fb goristanan dest\u00fbr\u00ea bidin, ve\u015fartina \u00eeslam\u00ee b\u00ea tab\u00fbt mimkun e. Di rew\u015f\u00ean weha de, mir\u00ee di kefenek\u00ea (qefan) de t\u00ea ve\u015fartin. <\/div>\n<p>[\/et_pb_toggle][et_pb_toggle title=&#8221;Div\u00ea definkirina \u00eeslam\u00ee \u00e7iqas z\u00fb p\u00eak were?&#8221; closed_toggle_background_color=&#8221;RGBA(255,255,255,0)&#8221; icon_color=&#8221;#686868&#8243; use_icon_font_size=&#8221;on&#8221; icon_font_size=&#8221;20px&#8221; open_icon_color=&#8221;#bababa&#8221; _builder_version=&#8221;4.27.5&#8243; _module_preset=&#8221;default&#8221; title_font=&#8221;|600|||||||&#8221; body_font_size=&#8221;15px&#8221; custom_margin=&#8221;||0px||false|false&#8221; global_colors_info=&#8221;{}&#8221;]<\/p>\n<div dir=\"auto\"><span>Di \u00ceslam\u00ea de, definkirin di wext\u00ea xwe de hatiye ferzkirin. L\u00ea li Almanya, dem\u00ean daw\u00ee y\u00ean qan\u00fbn\u00ee \u00fb prosedur\u00ean r\u00eaxistin\u00ee hene ku dema definkirin\u00ea j\u00ee diyar dikin. <\/span><\/div>\n<p>[\/et_pb_toggle][et_pb_toggle title=&#8221;\u015eu\u015ftina r\u00ea\u00fbresm\u00ee (Gusl) \u00e7awa p\u00eak t\u00ea?&#8221; closed_toggle_background_color=&#8221;#f9f9f9&#8243; icon_color=&#8221;#686868&#8243; use_icon_font_size=&#8221;on&#8221; icon_font_size=&#8221;20px&#8221; open_icon_color=&#8221;#bababa&#8221; _builder_version=&#8221;4.27.5&#8243; _module_preset=&#8221;default&#8221; title_font=&#8221;|600|||||||&#8221; body_font_size=&#8221;15px&#8221; custom_margin=&#8221;||0px||false|false&#8221; global_colors_info=&#8221;{}&#8221;]<\/p>\n<div dir=\"auto\"><span>\u015eu\u015ftina meras\u00eem\u00ee (Gusl) li gor\u00ee qa\u00eedey\u00ean \u00eeslam\u00ee, bi gelemper\u00ee ji h\u00eala kes\u00ean ji heman zayend\u00ea ve t\u00ea kirin. Armanc paqijiya meras\u00eem\u00ee beriya nim\u00eaja cenaze \u00fb definkirin\u00ea ye. <\/span><\/div>\n<p>[\/et_pb_toggle][et_pb_toggle title=&#8221;Kaffan di meras\u00eemek cenazey\u00ea \u00eeslam\u00ee de \u00e7i ye?&#8221; closed_toggle_background_color=&#8221;RGBA(255,255,255,0)&#8221; icon_color=&#8221;#686868&#8243; use_icon_font_size=&#8221;on&#8221; icon_font_size=&#8221;20px&#8221; open_icon_color=&#8221;#bababa&#8221; _builder_version=&#8221;4.27.5&#8243; _module_preset=&#8221;default&#8221; title_font=&#8221;|600|||||||&#8221; body_font_size=&#8221;15px&#8221; custom_margin=&#8221;||0px||false|false&#8221; global_colors_info=&#8221;{}&#8221;]<\/p>\n<div dir=\"auto\"><span>Kafan kefeneke \u00eeslam\u00ee ye, bi gelemper\u00ee sp\u00ee \u00fb sade ye. Pi\u015ft\u00ee \u015fu\u015ftin\u00ea, mir\u00ee t\u00ea p\u00ea\u00e7an \u00fb d\u00fbv re &#8211; bi tab\u00fbt an b\u00ea tab\u00fbt, li gor\u00ee adet\u00ean her\u00eam\u00ee. <\/span><\/div>\n<p>[\/et_pb_toggle][et_pb_toggle title=&#8221;Nim\u00eaja cenazey\u00ea (Salat al-Cenaza) \u00e7i ye?&#8221; closed_toggle_background_color=&#8221;#f9f9f9&#8243; icon_color=&#8221;#686868&#8243; use_icon_font_size=&#8221;on&#8221; icon_font_size=&#8221;20px&#8221; open_icon_color=&#8221;#bababa&#8221; _builder_version=&#8221;4.27.5&#8243; _module_preset=&#8221;default&#8221; title_font=&#8221;|600|||||||&#8221; body_font_size=&#8221;15px&#8221; custom_margin=&#8221;||0px||false|false&#8221; global_colors_info=&#8221;{}&#8221;]<\/p>\n<div dir=\"auto\"><span>Nim\u00eaja cenazey\u00ea (Salat al-Cenaza) duayek hevbe\u015f e ji bo miriyan. Ew ber\u00ee ve\u015fartin\u00ea t\u00ea kirin \u00fb be\u015fek navend\u00ee ya r\u00ea\u00fbresma cenazey\u00ea ya \u00eeslam\u00ee ye. <\/span><\/div>\n<p>[\/et_pb_toggle][et_pb_toggle title=&#8221;Ma li Almanya goristan\u00ean misilmanan hene?&#8221; closed_toggle_background_color=&#8221;RGBA(255,255,255,0)&#8221; icon_color=&#8221;#686868&#8243; use_icon_font_size=&#8221;on&#8221; icon_font_size=&#8221;20px&#8221; open_icon_color=&#8221;#bababa&#8221; _builder_version=&#8221;4.27.5&#8243; _module_preset=&#8221;default&#8221; title_font=&#8221;|600|||||||&#8221; body_font_size=&#8221;15px&#8221; custom_margin=&#8221;||0px||false|false&#8221; global_colors_info=&#8221;{}&#8221;]<\/p>\n<div dir=\"auto\"><span>Gelek goristan\u00ean li Almanya cih\u00ean ve\u015fartina Misilmanan p\u00ea\u015fk\u00ea\u015f dikin. Ve\u015fartin li gor\u00ee r\u00ea\u00fbresm\u00ean \u00ceslam\u00ee li wir pir caran h\u00easantir e ku were kirin, m\u00eenak\u00ee bi r\u00eaya r\u00eabername \u00fb r\u00eaziknamey\u00ean guncaw. <\/span><\/div>\n<p>[\/et_pb_toggle][et_pb_toggle title=&#8221;Mesrefa meras\u00eema cenazey\u00ea \u00eeslam\u00ee li Almanya \u00e7iqas e?&#8221; closed_toggle_background_color=&#8221;#f9f9f9&#8243; icon_color=&#8221;#686868&#8243; use_icon_font_size=&#8221;on&#8221; icon_font_size=&#8221;20px&#8221; open_icon_color=&#8221;#bababa&#8221; _builder_version=&#8221;4.27.5&#8243; _module_preset=&#8221;default&#8221; title_font=&#8221;|600|||||||&#8221; body_font_size=&#8221;15px&#8221; custom_margin=&#8221;||0px||false|false&#8221; global_colors_info=&#8221;{}&#8221;]<\/p>\n<div dir=\"auto\"><span>Mesrefa definkirineke \u00eeslam\u00ee bi xizmet\u00ean wek\u00ee veguhastin, amadekar\u00ee, xerca goristan\u00ea \u00fb celeb\u00ea gor\u00ea ve gir\u00eaday\u00ee ye. Bi gelemper\u00ee bihay\u00ea w\u00ea bi definkirineke kevne\u015fop\u00ee re di\u015fibihe, l\u00ea dikare li gor\u00ee cih\u00ea w\u00ea biguhere. <\/span><\/div>\n<p>[\/et_pb_toggle][et_pb_toggle title=&#8221;Ma \u015fewitandina cenaze di \u00ceslam\u00ea de dest\u00fbr e?&#8221; closed_toggle_background_color=&#8221;RGBA(255,255,255,0)&#8221; icon_color=&#8221;#686868&#8243; use_icon_font_size=&#8221;on&#8221; icon_font_size=&#8221;20px&#8221; open_icon_color=&#8221;#bababa&#8221; _builder_version=&#8221;4.27.5&#8243; _module_preset=&#8221;default&#8221; title_font=&#8221;|600|||||||&#8221; body_font_size=&#8221;15px&#8221; custom_margin=&#8221;||0px||false|false&#8221; global_colors_info=&#8221;{}&#8221;]<\/p>\n<div dir=\"auto\">\n<div dir=\"auto\">Na. Di \u00ceslam\u00ea de \u015fewitandin qedexe ye (heram). \u015eer\u00eeeta \u00ceslam\u00ea ten\u00ea dest\u00fbr\u00ea dide ve\u015fartina di ax\u00ea de. Mir\u00ee t\u00ea \u015fu\u015ftin, di kefen\u00ea (qefan) de t\u00ea p\u00ea\u00e7andin \u00fb di gorek\u00ea de t\u00ea ve\u015fartin.   <\/div>\n<div dir=\"auto\"><\/div>\n<\/div>\n<p>[\/et_pb_toggle][et_pb_toggle title=&#8221;Gelo pi\u015ft\u00ee mirin\u00ea vegerandina kesek\u00ee bo welat\u00ea xwe mimkun e?&#8221; closed_toggle_background_color=&#8221;#f9f9f9&#8243; icon_color=&#8221;#686868&#8243; use_icon_font_size=&#8221;on&#8221; icon_font_size=&#8221;20px&#8221; open_icon_color=&#8221;#bababa&#8221; _builder_version=&#8221;4.27.5&#8243; _module_preset=&#8221;default&#8221; title_font=&#8221;|600|||||||&#8221; body_font_size=&#8221;15px&#8221; custom_margin=&#8221;||0px||false|false&#8221; global_colors_info=&#8221;{}&#8221;]<\/p>\n<div dir=\"auto\"><span>Bel\u00ea, vegerandina bo welat\u00ea xwe bi gelemper\u00ee mimkun e. L\u00eabel\u00ea, ew dest\u00fbr\u00ean ferm\u00ee, belgey\u00ean taybet\u00ee \u00fb r\u00eaxistina p\u00ee\u015fey\u00ee hewce dike. <\/span><\/div>\n<p>[\/et_pb_toggle][et_pb_toggle title=&#8221;P\u00eavajoya vegerandina \u00eeslam\u00ee \u00e7awa dixebite?&#8221; closed_toggle_background_color=&#8221;RGBA(255,255,255,0)&#8221; icon_color=&#8221;#686868&#8243; use_icon_font_size=&#8221;on&#8221; icon_font_size=&#8221;20px&#8221; open_icon_color=&#8221;#bababa&#8221; _builder_version=&#8221;4.27.5&#8243; _module_preset=&#8221;default&#8221; title_font=&#8221;|600|||||||&#8221; body_font_size=&#8221;15px&#8221; custom_margin=&#8221;||0px||false|false&#8221; global_colors_info=&#8221;{}&#8221;]<\/p>\n<div dir=\"auto\"><span>Pi\u015ft\u00ee mirin\u00ea, belgey\u00ean p\u00eaw\u00eest t\u00eane wergirtin, l\u00ean\u00ear\u00eena mir\u00ee t\u00ea kirin, \u00fb d\u00fb re bi balafir an wesay\u00eet\u00ea t\u00ea veguhastin welat\u00ea ku li wir definkirin t\u00ea kirin.<\/span><\/div>\n<p>[\/et_pb_toggle][et_pb_toggle title=&#8221;Mesrefa vegerandina mala kesek\u00ee bo dervey\u00ee welat \u00e7iqas e?&#8221; closed_toggle_background_color=&#8221;#f9f9f9&#8243; icon_color=&#8221;#686868&#8243; use_icon_font_size=&#8221;on&#8221; icon_font_size=&#8221;20px&#8221; open_icon_color=&#8221;#bababa&#8221; _builder_version=&#8221;4.27.5&#8243; _module_preset=&#8221;default&#8221; title_font=&#8221;|600|||||||&#8221; body_font_size=&#8221;15px&#8221; custom_margin=&#8221;||0px||false|false&#8221; global_colors_info=&#8221;{}&#8221;]<\/p>\n<div dir=\"auto\">\n<div dir=\"auto\">Mesref\u00ean veguheztina cenazeyek li welat\u00ea armanc, r\u00eaya veguhastin\u00ea \u00fb hewldana r\u00eaxistin\u00ee ya t\u00eakildar diguherin. Ew bi gelemper\u00ee ji mesref\u00ean ve\u015fartina cenazeyek li Almanya pir z\u00eadetir in. <\/div>\n<\/div>\n<p>[\/et_pb_toggle][et_pb_toggle title=&#8221;Meras\u00eemeke cenazey\u00ea civak\u00ee li Almanya \u00e7i ye?&#8221; closed_toggle_background_color=&#8221;RGBA(255,255,255,0)&#8221; icon_color=&#8221;#686868&#8243; use_icon_font_size=&#8221;on&#8221; icon_font_size=&#8221;20px&#8221; open_icon_color=&#8221;#bababa&#8221; _builder_version=&#8221;4.27.5&#8243; _module_preset=&#8221;default&#8221; title_font=&#8221;|600|||||||&#8221; body_font_size=&#8221;15px&#8221; custom_margin=&#8221;||0px||false|false&#8221; global_colors_info=&#8221;{}&#8221;]<\/p>\n<div dir=\"auto\">\n<div dir=\"auto\">Cenazeyek\u00ee civak\u00ee w\u00ea dem\u00ea p\u00eak t\u00ea ku niv\u00eesgeha xizmetguzariya civak\u00ee l\u00ea\u00e7\u00fbn\u00ean cenazey\u00ea y\u00ean p\u00eaw\u00eest dide ji ber ku xizm\u00ean malbat\u00ea nikarin wiya bikin.<\/div>\n<\/div>\n<p>[\/et_pb_toggle][et_pb_toggle title=&#8221;K\u00ee maf\u00ea w\u00ee\/w\u00ea y\u00ea meras\u00eema cenazey\u00ea civak\u00ee heye?&#8221; closed_toggle_background_color=&#8221;#f9f9f9&#8243; icon_color=&#8221;#686868&#8243; use_icon_font_size=&#8221;on&#8221; icon_font_size=&#8221;20px&#8221; open_icon_color=&#8221;#bababa&#8221; _builder_version=&#8221;4.27.5&#8243; _module_preset=&#8221;default&#8221; title_font=&#8221;|600|||||||&#8221; body_font_size=&#8221;15px&#8221; custom_margin=&#8221;||0px||false|false&#8221; global_colors_info=&#8221;{}&#8221;]<\/p>\n<div dir=\"auto\"><span>Ger xizm\u00ean ku ji h\u00eala qan\u00fbn\u00ee ve mecb\u00fbr in bi awayek\u00ee e\u015fkere nikaribin l\u00ea\u00e7\u00fbn\u00ean meras\u00eema cenaze bidin, dozek heye.<\/span><\/div>\n<p>[\/et_pb_toggle][et_pb_toggle title=&#8221;Ma niv\u00eesgeha xizmetguzariya civak\u00ee l\u00ea\u00e7\u00fbn\u00ean meras\u00eemek cenazey\u00ea \u00eeslam\u00ee digire ser xwe?&#8221; closed_toggle_background_color=&#8221;RGBA(255,255,255,0)&#8221; icon_color=&#8221;#686868&#8243; use_icon_font_size=&#8221;on&#8221; icon_font_size=&#8221;20px&#8221; open_icon_color=&#8221;#bababa&#8221; _builder_version=&#8221;4.27.5&#8243; _module_preset=&#8221;default&#8221; title_font=&#8221;|600|||||||&#8221; body_font_size=&#8221;15px&#8221; custom_margin=&#8221;||0px||false|false&#8221; global_colors_info=&#8221;{}&#8221;]<\/p>\n<div dir=\"auto\">\n<div dir=\"auto\">Bel\u00ea, niv\u00eesgeha xizmetguzariya civak\u00ee dikare l\u00ea\u00e7\u00fbn\u00ean meras\u00eemeke cenazey\u00ea ya \u00eeslam\u00ee j\u00ee bigire ser xwe, bi \u015fert\u00ea ku ew di \u00e7ar\u00e7oveya xizmet\u00ean p\u00eaw\u00eest \u00fb guncaw de be.<\/div>\n<\/div>\n<p>[\/et_pb_toggle][et_pb_toggle title=&#8221;Tev\u00ee meras\u00eema cenazey\u00ea bi xizmeta civak\u00ee, gelo definkirineke bi r\u00fbmet a \u00eeslam\u00ee mimkun e?&#8221; closed_toggle_background_color=&#8221;#f9f9f9&#8243; icon_color=&#8221;#686868&#8243; use_icon_font_size=&#8221;on&#8221; icon_font_size=&#8221;20px&#8221; open_icon_color=&#8221;#bababa&#8221; _builder_version=&#8221;4.27.5&#8243; _module_preset=&#8221;default&#8221; title_font=&#8221;|600|||||||&#8221; body_font_size=&#8221;15px&#8221; custom_margin=&#8221;||0px||false|false&#8221; global_colors_info=&#8221;{}&#8221;]<\/p>\n<div dir=\"auto\">\n<div dir=\"auto\">Bel\u00ea. Tew di \u00e7ar\u00e7oveya meras\u00eemeke cenazey\u00ea ya civak\u00ee de j\u00ee, bi gelemper\u00ee \u015fu\u015ftina r\u00ea\u00fbresm\u00ee, nim\u00eaja cenaze \u00fb definkirineke li gor ola \u00ceslam\u00ea mimkun e. <\/div>\n<\/div>\n<p>[\/et_pb_toggle][et_pb_toggle title=&#8221;Of\u00eesa xizmetguzariya civak\u00ee \u00e7i l\u00ea\u00e7\u00fbn\u00ean meras\u00eema cenaze dide?&#8221; closed_toggle_background_color=&#8221;RGBA(255,255,255,0)&#8221; icon_color=&#8221;#686868&#8243; use_icon_font_size=&#8221;on&#8221; icon_font_size=&#8221;20px&#8221; open_icon_color=&#8221;#bababa&#8221; _builder_version=&#8221;4.27.5&#8243; _module_preset=&#8221;default&#8221; title_font=&#8221;|600|||||||&#8221; body_font_size=&#8221;15px&#8221; custom_margin=&#8221;||0px||false|false&#8221; global_colors_info=&#8221;{}&#8221;]<\/p>\n<div dir=\"auto\">\n<div dir=\"auto\">Niv\u00eesgeha xizmetguzariya civak\u00ee l\u00ea\u00e7\u00fbn\u00ean p\u00eaw\u00eest ji bo meras\u00eemek cenazey\u00ea sade \u00fb bi r\u00fbmet digire ser xwe. Daxwaz\u00ean taybet\u00ee an xizmet\u00ean z\u00eade bi gelemper\u00ee nay\u00ean day\u00een ser xwe. <\/div>\n<\/div>\n<p>[\/et_pb_toggle][\/et_pb_column][\/et_pb_row][\/et_pb_section]<\/p>\n","protected":false},"excerpt":{"rendered":"<p>El-Was\u00eele Definkirina \u00eeslam\u00ee Wek\u00ee yekem mala cenazey\u00ea \u00ceslam\u00ee li Almanya, em di dem\u00ean dijwar de bi p\u00eabawer\u00ee pi\u015ftgiriy\u00ea didin we. \u00c7i definkirina misilmanan li Almanya be, \u00e7i j\u00ee vegerandina wan li dervey\u00ee wel\u00eat be &#8211; em 24 saetan li k\u00ealeka we ne \u00fb pi\u015ftrast dikin ku hem\u00ee gav\u00ean p\u00eaw\u00eest bi awayek\u00ee r\u00fbmetdar \u00fb ol\u00ee rast [&hellip;]<\/p>\n","protected":false},"author":1,"featured_media":0,"parent":0,"menu_order":0,"comment_status":"closed","ping_status":"closed","template":"","meta":{"_et_pb_use_builder":"on","_et_pb_old_content":"","_et_gb_content_width":"","footnotes":""},"class_list":["post-824","page","type-page","status-publish","hentry"],"yoast_head":"<!-- This site is optimized with the Yoast SEO plugin v27.5 - https:\/\/yoast.com\/product\/yoast-seo-wordpress\/ -->\n<title>Cenazeya \u00ceslam\u00ee li Almanya \u2022 Li gor kevne\u015fopiya \u00ceslam\u00ee<\/title>\n<meta name=\"description\" content=\"Em bi hestiyar\u00ee di definkirina \u00ceslam\u00ee ya li Almanya de bi we re ne \u2013 gusl, nim\u00eaja cenazey\u00ea, definkirin li gor Sunnet\u00ea.\" \/>\n<meta name=\"robots\" content=\"index, follow, max-snippet:-1, max-image-preview:large, max-video-preview:-1\" \/>\n<link rel=\"canonical\" href=\"https:\/\/islamische-bestattung.de\/ku\/\" \/>\n<meta property=\"og:locale\" content=\"en_US\" \/>\n<meta property=\"og:type\" content=\"article\" \/>\n<meta property=\"og:title\" content=\"Cenazeya \u00ceslam\u00ee li Almanya \u2022 Li gor kevne\u015fopiya \u00ceslam\u00ee\" \/>\n<meta property=\"og:description\" content=\"Em bi hestiyar\u00ee di definkirina \u00ceslam\u00ee ya li Almanya de bi we re ne \u2013 gusl, nim\u00eaja cenazey\u00ea, definkirin li gor Sunnet\u00ea.\" \/>\n<meta property=\"og:url\" content=\"https:\/\/islamische-bestattung.de\/ku\/\" \/>\n<meta property=\"og:site_name\" content=\"Al-Wasila - Islamische Bestattung\" \/>\n<meta property=\"article:publisher\" content=\"https:\/\/www.facebook.com\/share\/1GHnfgAohf\/?mibextid=wwXIfr\" \/>\n<meta property=\"article:modified_time\" content=\"2026-04-28T17:34:46+00:00\" \/>\n<meta name=\"twitter:card\" content=\"summary_large_image\" \/>\n<meta name=\"twitter:label1\" content=\"Est. reading time\" \/>\n\t<meta name=\"twitter:data1\" content=\"44 \u062e\u0648\u0644\u06d5\u06a9\" \/>\n<script type=\"application\/ld+json\" class=\"yoast-schema-graph\">{\"@context\":\"https:\\\/\\\/schema.org\",\"@graph\":[{\"@type\":\"WebPage\",\"@id\":\"https:\\\/\\\/islamische-bestattung.de\\\/ku\\\/\",\"url\":\"https:\\\/\\\/islamische-bestattung.de\\\/ku\\\/\",\"name\":\"Cenazeya \u00ceslam\u00ee li Almanya \u2022 Li gor kevne\u015fopiya \u00ceslam\u00ee\",\"isPartOf\":{\"@id\":\"https:\\\/\\\/islamische-bestattung.de\\\/ku\\\/#website\"},\"datePublished\":\"2025-11-04T18:44:15+00:00\",\"dateModified\":\"2026-04-28T17:34:46+00:00\",\"description\":\"Em bi hestiyar\u00ee di definkirina \u00ceslam\u00ee ya li Almanya de bi we re ne \u2013 gusl, nim\u00eaja cenazey\u00ea, definkirin li gor Sunnet\u00ea.\",\"breadcrumb\":{\"@id\":\"https:\\\/\\\/islamische-bestattung.de\\\/ku\\\/#breadcrumb\"},\"inLanguage\":\"ckb\",\"potentialAction\":[{\"@type\":\"ReadAction\",\"target\":[\"https:\\\/\\\/islamische-bestattung.de\\\/ku\\\/\"]}]},{\"@type\":\"BreadcrumbList\",\"@id\":\"https:\\\/\\\/islamische-bestattung.de\\\/ku\\\/#breadcrumb\",\"itemListElement\":[{\"@type\":\"ListItem\",\"position\":1,\"name\":\"Start\",\"item\":\"https:\\\/\\\/islamische-bestattung.de\\\/ku\\\/\"},{\"@type\":\"ListItem\",\"position\":2,\"name\":\"El-Was\u00eele &#8211; Definkirina \u00ceslam\u00ee\"}]},{\"@type\":\"WebSite\",\"@id\":\"https:\\\/\\\/islamische-bestattung.de\\\/ku\\\/#website\",\"url\":\"https:\\\/\\\/islamische-bestattung.de\\\/ku\\\/\",\"name\":\"Al-Wasila - Islamische Bestattung\",\"description\":\"Erster islamischer Meisterbetrieb im Bestattungswesen in Deutschland\",\"publisher\":{\"@id\":\"https:\\\/\\\/islamische-bestattung.de\\\/ku\\\/#organization\"},\"potentialAction\":[{\"@type\":\"SearchAction\",\"target\":{\"@type\":\"EntryPoint\",\"urlTemplate\":\"https:\\\/\\\/islamische-bestattung.de\\\/ku\\\/?s={search_term_string}\"},\"query-input\":{\"@type\":\"PropertyValueSpecification\",\"valueRequired\":true,\"valueName\":\"search_term_string\"}}],\"inLanguage\":\"ckb\"},{\"@type\":\"Organization\",\"@id\":\"https:\\\/\\\/islamische-bestattung.de\\\/ku\\\/#organization\",\"name\":\"Al-Wasila - Islamische Bestattung\",\"url\":\"https:\\\/\\\/islamische-bestattung.de\\\/ku\\\/\",\"logo\":{\"@type\":\"ImageObject\",\"inLanguage\":\"ckb\",\"@id\":\"https:\\\/\\\/islamische-bestattung.de\\\/ku\\\/#\\\/schema\\\/logo\\\/image\\\/\",\"url\":\"https:\\\/\\\/islamische-bestattung.de\\\/wp-content\\\/uploads\\\/2025\\\/11\\\/Al_Wasila_Logo_Vertikal.png\",\"contentUrl\":\"https:\\\/\\\/islamische-bestattung.de\\\/wp-content\\\/uploads\\\/2025\\\/11\\\/Al_Wasila_Logo_Vertikal.png\",\"width\":714,\"height\":576,\"caption\":\"Al-Wasila - Islamische Bestattung\"},\"image\":{\"@id\":\"https:\\\/\\\/islamische-bestattung.de\\\/ku\\\/#\\\/schema\\\/logo\\\/image\\\/\"},\"sameAs\":[\"https:\\\/\\\/www.facebook.com\\\/share\\\/1GHnfgAohf\\\/?mibextid=wwXIfr\",\"https:\\\/\\\/www.tiktok.com\\\/@alwasila.bestattung?_r=1&_t=ZG-92WkouZ6T8y\",\"https:\\\/\\\/www.instagram.com\\\/islamischebestattung.alwasila?igsh=bnI1OHE5MTNydHBk&utm_source=qr\"]}]}<\/script>\n<!-- \/ Yoast SEO plugin. -->","yoast_head_json":{"title":"Cenazeya \u00ceslam\u00ee li Almanya \u2022 Li gor kevne\u015fopiya \u00ceslam\u00ee","description":"Em bi hestiyar\u00ee di definkirina \u00ceslam\u00ee ya li Almanya de bi we re ne \u2013 gusl, nim\u00eaja cenazey\u00ea, definkirin li gor Sunnet\u00ea.","robots":{"index":"index","follow":"follow","max-snippet":"max-snippet:-1","max-image-preview":"max-image-preview:large","max-video-preview":"max-video-preview:-1"},"canonical":"https:\/\/islamische-bestattung.de\/ku\/","og_locale":"en_US","og_type":"article","og_title":"Cenazeya \u00ceslam\u00ee li Almanya \u2022 Li gor kevne\u015fopiya \u00ceslam\u00ee","og_description":"Em bi hestiyar\u00ee di definkirina \u00ceslam\u00ee ya li Almanya de bi we re ne \u2013 gusl, nim\u00eaja cenazey\u00ea, definkirin li gor Sunnet\u00ea.","og_url":"https:\/\/islamische-bestattung.de\/ku\/","og_site_name":"Al-Wasila - Islamische Bestattung","article_publisher":"https:\/\/www.facebook.com\/share\/1GHnfgAohf\/?mibextid=wwXIfr","article_modified_time":"2026-04-28T17:34:46+00:00","twitter_card":"summary_large_image","twitter_misc":{"Est. reading time":"44 \u062e\u0648\u0644\u06d5\u06a9"},"schema":{"@context":"https:\/\/schema.org","@graph":[{"@type":"WebPage","@id":"https:\/\/islamische-bestattung.de\/ku\/","url":"https:\/\/islamische-bestattung.de\/ku\/","name":"Cenazeya \u00ceslam\u00ee li Almanya \u2022 Li gor kevne\u015fopiya \u00ceslam\u00ee","isPartOf":{"@id":"https:\/\/islamische-bestattung.de\/ku\/#website"},"datePublished":"2025-11-04T18:44:15+00:00","dateModified":"2026-04-28T17:34:46+00:00","description":"Em bi hestiyar\u00ee di definkirina \u00ceslam\u00ee ya li Almanya de bi we re ne \u2013 gusl, nim\u00eaja cenazey\u00ea, definkirin li gor Sunnet\u00ea.","breadcrumb":{"@id":"https:\/\/islamische-bestattung.de\/ku\/#breadcrumb"},"inLanguage":"ckb","potentialAction":[{"@type":"ReadAction","target":["https:\/\/islamische-bestattung.de\/ku\/"]}]},{"@type":"BreadcrumbList","@id":"https:\/\/islamische-bestattung.de\/ku\/#breadcrumb","itemListElement":[{"@type":"ListItem","position":1,"name":"Start","item":"https:\/\/islamische-bestattung.de\/ku\/"},{"@type":"ListItem","position":2,"name":"El-Was\u00eele &#8211; Definkirina \u00ceslam\u00ee"}]},{"@type":"WebSite","@id":"https:\/\/islamische-bestattung.de\/ku\/#website","url":"https:\/\/islamische-bestattung.de\/ku\/","name":"Al-Wasila - Islamische Bestattung","description":"Erster islamischer Meisterbetrieb im Bestattungswesen in Deutschland","publisher":{"@id":"https:\/\/islamische-bestattung.de\/ku\/#organization"},"potentialAction":[{"@type":"SearchAction","target":{"@type":"EntryPoint","urlTemplate":"https:\/\/islamische-bestattung.de\/ku\/?s={search_term_string}"},"query-input":{"@type":"PropertyValueSpecification","valueRequired":true,"valueName":"search_term_string"}}],"inLanguage":"ckb"},{"@type":"Organization","@id":"https:\/\/islamische-bestattung.de\/ku\/#organization","name":"Al-Wasila - Islamische Bestattung","url":"https:\/\/islamische-bestattung.de\/ku\/","logo":{"@type":"ImageObject","inLanguage":"ckb","@id":"https:\/\/islamische-bestattung.de\/ku\/#\/schema\/logo\/image\/","url":"https:\/\/islamische-bestattung.de\/wp-content\/uploads\/2025\/11\/Al_Wasila_Logo_Vertikal.png","contentUrl":"https:\/\/islamische-bestattung.de\/wp-content\/uploads\/2025\/11\/Al_Wasila_Logo_Vertikal.png","width":714,"height":576,"caption":"Al-Wasila - Islamische Bestattung"},"image":{"@id":"https:\/\/islamische-bestattung.de\/ku\/#\/schema\/logo\/image\/"},"sameAs":["https:\/\/www.facebook.com\/share\/1GHnfgAohf\/?mibextid=wwXIfr","https:\/\/www.tiktok.com\/@alwasila.bestattung?_r=1&_t=ZG-92WkouZ6T8y","https:\/\/www.instagram.com\/islamischebestattung.alwasila?igsh=bnI1OHE5MTNydHBk&utm_source=qr"]}]}},"_links":{"self":[{"href":"https:\/\/islamische-bestattung.de\/ku\/wp-json\/wp\/v2\/pages\/824","targetHints":{"allow":["GET"]}}],"collection":[{"href":"https:\/\/islamische-bestattung.de\/ku\/wp-json\/wp\/v2\/pages"}],"about":[{"href":"https:\/\/islamische-bestattung.de\/ku\/wp-json\/wp\/v2\/types\/page"}],"author":[{"embeddable":true,"href":"https:\/\/islamische-bestattung.de\/ku\/wp-json\/wp\/v2\/users\/1"}],"replies":[{"embeddable":true,"href":"https:\/\/islamische-bestattung.de\/ku\/wp-json\/wp\/v2\/comments?post=824"}],"version-history":[{"count":10,"href":"https:\/\/islamische-bestattung.de\/ku\/wp-json\/wp\/v2\/pages\/824\/revisions"}],"predecessor-version":[{"id":2862,"href":"https:\/\/islamische-bestattung.de\/ku\/wp-json\/wp\/v2\/pages\/824\/revisions\/2862"}],"wp:attachment":[{"href":"https:\/\/islamische-bestattung.de\/ku\/wp-json\/wp\/v2\/media?parent=824"}],"curies":[{"name":"wp","href":"https:\/\/api.w.org\/{rel}","templated":true}]}}