{"id":923,"date":"2025-12-19T07:17:19","date_gmt":"2025-12-19T07:17:19","guid":{"rendered":"https:\/\/islamische-bestattung.de\/vegerandina-navneteweyi\/"},"modified":"2026-02-01T13:42:16","modified_gmt":"2026-02-01T13:42:16","slug":"vegerandina-navneteweyi","status":"publish","type":"page","link":"https:\/\/islamische-bestattung.de\/ku\/vegerandina-navneteweyi\/","title":{"rendered":"Vegerandina navnetewey\u00ee"},"content":{"rendered":"<p>[et_pb_section fb_built=&#8221;1&#8243; _builder_version=&#8221;4.27.4&#8243; _module_preset=&#8221;default&#8221; background_color=&#8221;#959d93&#8243; custom_margin=&#8221;0px||||false|false&#8221; custom_padding=&#8221;8px||8px||true|false&#8221; locked=&#8221;off&#8221; global_colors_info=&#8221;{}&#8221;][et_pb_row _builder_version=&#8221;4.27.4&#8243; _module_preset=&#8221;default&#8221; global_colors_info=&#8221;{}&#8221;][et_pb_column type=&#8221;4_4&#8243; _builder_version=&#8221;4.27.4&#8243; _module_preset=&#8221;default&#8221; global_colors_info=&#8221;{}&#8221;][et_pb_text admin_label=&#8221;Hero Title&#8221; _builder_version=&#8221;4.27.5&#8243; text_font=&#8221;Playfair Display||||||||&#8221; header_font=&#8221;Alice||||||||&#8221; header_text_color=&#8221;#FFFFFF&#8221; header_font_size=&#8221;53px&#8221; header_letter_spacing=&#8221;-1px&#8221; header_line_height=&#8221;1.1em&#8221; width=&#8221;75%&#8221; custom_margin=&#8221;||0px|&#8221; custom_padding=&#8221;|||&#8221; animation_style=&#8221;slide&#8221; animation_direction=&#8221;left&#8221; animation_intensity_slide=&#8221;5%&#8221; animation_starting_opacity=&#8221;100%&#8221; header_font_size_tablet=&#8221;&#8221; header_font_size_phone=&#8221;31px&#8221; header_font_size_last_edited=&#8221;on|phone&#8221; locked=&#8221;off&#8221; global_colors_info=&#8221;{}&#8221; hover_enabled=&#8221;0&#8243; sticky_enabled=&#8221;0&#8243;]<\/p>\n<h1><span>Vegerandina navnetewey\u00ee<\/span><\/h1>\n<p>[\/et_pb_text][\/et_pb_column][\/et_pb_row][\/et_pb_section][et_pb_section fb_built=&#8221;1&#8243; custom_padding_last_edited=&#8221;on|phone&#8221; _builder_version=&#8221;4.27.5&#8243; _module_preset=&#8221;default&#8221; custom_margin=&#8221;50px||||false|false&#8221; custom_margin_tablet=&#8221;50px||||false|false&#8221; custom_margin_phone=&#8221;0px||||false|false&#8221; custom_margin_last_edited=&#8221;on|phone&#8221; custom_padding=&#8221;24px||105px|||&#8221; custom_padding_tablet=&#8221;24px||105px|||&#8221; custom_padding_phone=&#8221;||66px||false|false&#8221; global_colors_info=&#8221;{}&#8221;][et_pb_row _builder_version=&#8221;4.27.5&#8243; _module_preset=&#8221;default&#8221; max_width=&#8221;100%&#8221; custom_padding=&#8221;||0px|||&#8221; global_colors_info=&#8221;{}&#8221;][et_pb_column type=&#8221;4_4&#8243; _builder_version=&#8221;4.27.4&#8243; _module_preset=&#8221;default&#8221; global_colors_info=&#8221;{}&#8221;][et_pb_text admin_label=&#8221;Title&#8221; _builder_version=&#8221;4.27.5&#8243; text_font=&#8221;||||||||&#8221; header_font=&#8221;||||||||&#8221; header_2_font=&#8221;Alice||||||||&#8221; header_2_text_align=&#8221;center&#8221; header_2_font_size=&#8221;42px&#8221; header_2_line_height=&#8221;1.3em&#8221; custom_margin=&#8221;||20px|&#8221; animation_style=&#8221;slide&#8221; animation_direction=&#8221;top&#8221; animation_intensity_slide=&#8221;30%&#8221; animation_starting_opacity=&#8221;100%&#8221; header_2_font_size_tablet=&#8221;42px&#8221; header_2_font_size_phone=&#8221;27px&#8221; header_2_font_size_last_edited=&#8221;on|phone&#8221; locked=&#8221;off&#8221; global_colors_info=&#8221;{}&#8221;]<\/p>\n<h2>Vegerandin\u00ean Navnetewey\u00ee &#8211; Em ji A heta Z li k\u00ealeka we ne<\/h2>\n<p>[\/et_pb_text][et_pb_text disabled_on=&#8221;off|off|off&#8221; _builder_version=&#8221;4.27.5&#8243; text_font=&#8221;||||||||&#8221; text_font_size=&#8221;16px&#8221; text_line_height=&#8221;1.8em&#8221; custom_margin=&#8221;||19px|||&#8221; custom_padding=&#8221;|||&#8221; animation_style=&#8221;slide&#8221; animation_direction=&#8221;left&#8221; animation_intensity_slide=&#8221;5%&#8221; animation_starting_opacity=&#8221;100%&#8221; locked=&#8221;off&#8221; global_colors_info=&#8221;{}&#8221;]<\/p>\n<p>Di dem\u00ean dijwar de, malbat pir caran dixwazin ku hezkiriy\u00ean wan \u00ean mir\u00ee li welat\u00ea wan \u00ea resen werin ve\u015fartin. Em <strong>hem\u00fb gav\u00ean vegerandina navnetewey\u00ee ji bo we &#8211; ji destp\u00eak\u00ea heta dawiy\u00ea<\/strong> &#8211; bir\u00eave dibin da ku h\u00fbn ji v\u00ea bar\u00ea sivik bibin. <br \/><strong>Xizmeta me ji bo we:<\/strong><\/p>\n<ul>\n<li><strong>24 demjim\u00earan peyda ye<\/strong> &#8211; Ji bo hem\u00ee pirsan kes\u00ea t\u00eakiliy\u00ea 24\/7 heye<\/li>\n<li><strong>Nirxandinek l\u00ea\u00e7\u00fbn\u00ean zelal b\u00eay\u00ee xerc\u00ean ve\u015fart\u00ee<\/strong><\/li>\n<li><strong>Ji banga yekem heta gih\u00ee\u015ftina welat\u00ea armanc<\/strong> &#8211; em wergirtin, veguhastin, hevr\u00eazkirin bi kl\u00een\u00eekan, rayedaran, balafirgehan \u00fb hem\u00ee aliy\u00ean t\u00eakildar re hevr\u00eaz dikin.<\/li>\n<li><strong>Burokrasiya temam<\/strong> &#8211; belge, rayedar, konsulxane, r\u00eaxistina fir\u00een \u00fb veguhastin\u00ea<\/li>\n<li><strong>L\u00ean\u00ear\u00eena ol\u00ee<\/strong> &#8211; tev\u00ee amadekar\u00ee, l\u00ean\u00ear\u00eena ay\u00een\u00ee \u00fb nim\u00eaj\u00ea li gor\u00ee kevne\u015fopiya \u00ceslam\u00ee<\/li>\n<li><b>Veguhestin\u00ean c\u00eehan\u00ee<\/b><\/li>\n<\/ul>\n<p>Her welatek ji bo \u00eetxalkirina kes\u00ean mir\u00ee \u015fert \u00fb merc\u00ean xwe hene. Em bi van prosedur\u00ean ba\u015f dizanin \u00fb bi awayek\u00ee p\u00eabawer bi wan ve gir\u00eaday\u00ee ne.<br \/> Li hin welatan, em veguhastin\u00ea ji balafirgeha armanc heta cih\u00ea ve\u015fartina daw\u00een j\u00ee organ\u00eeze dikin, da ku her ti\u015ft ji h\u00eala yek dab\u00eenker ve were bir\u00eavebirin. <\/p>\n<p>Me ber\u00ea di war\u00ea vegerandina navnetewey\u00ee de bi <strong>91 welat\u00ean<\/strong> j\u00ear\u00een re ezm\u00fbna prat\u00eek\u00ee bi dest xistiye &#8211;<br \/> <strong>Veguhestina ji bo her welatek\u00ee din j\u00ee mimkun e.<\/strong><br \/> Bala me her tim <strong>li ser miriyan \u00fb r\u00fbmeta r\u00eaw\u00eetiya wan a daw\u00ee ye.<\/strong><br \/> T\u00eakil\u00ee bi me re bikin &#8211; <strong>em 24\/7 hene.<\/strong><\/p>\n<p>[\/et_pb_text][et_pb_text disabled_on=&#8221;off|off|off&#8221; _builder_version=&#8221;4.27.5&#8243; text_font=&#8221;||||||||&#8221; text_font_size=&#8221;16px&#8221; text_line_height=&#8221;1.8em&#8221; link_font=&#8221;|600|||||||&#8221; link_text_color=&#8221;#c1a01d&#8221; custom_margin=&#8221;||19px|||&#8221; custom_padding=&#8221;|||&#8221; animation_style=&#8221;slide&#8221; animation_direction=&#8221;left&#8221; animation_intensity_slide=&#8221;5%&#8221; animation_starting_opacity=&#8221;100%&#8221; locked=&#8221;off&#8221; global_colors_info=&#8221;{}&#8221;]<\/p>\n<p><a href=\"\/wp-content\/uploads\/2025\/12\/Laenderliste_Al_Wasila.pdf\">Ji bo d\u00eetina l\u00eesteya welat\u00ean ku me ber\u00ea tecr\u00fbbeya wan bi wan re heye li vir bikirt\u00eenin.<\/a><\/p>\n<p>[\/et_pb_text][et_pb_divider _builder_version=&#8221;4.27.5&#8243; _module_preset=&#8221;default&#8221; custom_margin=&#8221;||7px|||&#8221; global_colors_info=&#8221;{}&#8221;][\/et_pb_divider][et_pb_text disabled_on=&#8221;off|off|off&#8221; _builder_version=&#8221;4.27.5&#8243; text_font=&#8221;||||||||&#8221; text_font_size=&#8221;16px&#8221; text_line_height=&#8221;1.8em&#8221; link_font=&#8221;|600|||||||&#8221; link_text_color=&#8221;#c1a01d&#8221; custom_margin=&#8221;||19px|||&#8221; custom_padding=&#8221;|||&#8221; animation_style=&#8221;slide&#8221; animation_direction=&#8221;left&#8221; animation_intensity_slide=&#8221;5%&#8221; animation_starting_opacity=&#8221;100%&#8221; locked=&#8221;off&#8221; global_colors_info=&#8221;{}&#8221;]<\/p>\n<p><a href=\"\/wp-content\/uploads\/2025\/12\/Vorzulegende-Urkunden-Al-Wasila.pdf\" target=\"_blank\" rel=\"noopener\">Ji kerema xwe li vir bikirt\u00eenin da ku bib\u00eenin ka di rew\u015fa mirin\u00ea de k\u00eejan belge div\u00ea werin p\u00ea\u015fk\u00ea\u015f kirin.<\/a><\/p>\n<p>[\/et_pb_text][\/et_pb_column][\/et_pb_row][et_pb_row column_structure=&#8221;1_3,1_3,1_3&#8243; use_custom_gutter=&#8221;on&#8221; gutter_width=&#8221;2&#8243; _builder_version=&#8221;4.27.4&#8243; _module_preset=&#8221;default&#8221; custom_padding=&#8221;33px||0px||false|false&#8221; locked=&#8221;off&#8221; global_colors_info=&#8221;{}&#8221;][et_pb_column type=&#8221;1_3&#8243; _builder_version=&#8221;4.27.4&#8243; _module_preset=&#8221;default&#8221; global_colors_info=&#8221;{}&#8221;][et_pb_button button_url=&#8221;tel:+4945139733733&#8243; button_text=&#8221;Bang&#8221; button_alignment=&#8221;right&#8221; button_alignment_tablet=&#8221;right&#8221; button_alignment_phone=&#8221;center&#8221; button_alignment_last_edited=&#8221;on|desktop&#8221; _builder_version=&#8221;4.27.5&#8243; _module_preset=&#8221;default&#8221; custom_button=&#8221;on&#8221; button_text_color=&#8221;#000000&#8243; global_colors_info=&#8221;{}&#8221;][\/et_pb_button][\/et_pb_column][et_pb_column type=&#8221;1_3&#8243; _builder_version=&#8221;4.27.4&#8243; _module_preset=&#8221;default&#8221; global_colors_info=&#8221;{}&#8221;][et_pb_button button_url=&#8221;mailto:info@al-wasila.de&#8221; button_text=&#8221;e-name&#8221; button_alignment=&#8221;center&#8221; button_alignment_tablet=&#8221;right&#8221; button_alignment_phone=&#8221;center&#8221; button_alignment_last_edited=&#8221;on|desktop&#8221; _builder_version=&#8221;4.27.5&#8243; _module_preset=&#8221;default&#8221; custom_button=&#8221;on&#8221; button_text_color=&#8221;#000000&#8243; global_colors_info=&#8221;{}&#8221;][\/et_pb_button][\/et_pb_column][et_pb_column type=&#8221;1_3&#8243; _builder_version=&#8221;4.27.4&#8243; _module_preset=&#8221;default&#8221; global_colors_info=&#8221;{}&#8221;][et_pb_button button_url=&#8221;https:\/\/wa.me\/1602255225&#8243; url_new_window=&#8221;on&#8221; button_text=&#8221;WhatsApp&#8221; button_alignment=&#8221;left&#8221; button_alignment_tablet=&#8221;right&#8221; button_alignment_phone=&#8221;center&#8221; button_alignment_last_edited=&#8221;on|phone&#8221; _builder_version=&#8221;4.27.5&#8243; _module_preset=&#8221;default&#8221; custom_button=&#8221;on&#8221; button_text_color=&#8221;#000000&#8243; global_colors_info=&#8221;{}&#8221;][\/et_pb_button][\/et_pb_column][\/et_pb_row][\/et_pb_section]<\/p>\n","protected":false},"excerpt":{"rendered":"<p>Vegerandina navnetewey\u00eeVegerandin\u00ean Navnetewey\u00ee &#8211; Em ji A heta Z li k\u00ealeka we neDi dem\u00ean dijwar de, malbat pir caran dixwazin ku hezkiriy\u00ean wan \u00ean mir\u00ee li welat\u00ea wan \u00ea resen werin ve\u015fartin. Em hem\u00fb gav\u00ean vegerandina navnetewey\u00ee ji bo we &#8211; ji destp\u00eak\u00ea heta dawiy\u00ea &#8211; bir\u00eave dibin da ku h\u00fbn ji v\u00ea bar\u00ea sivik [&hellip;]<\/p>\n","protected":false},"author":1,"featured_media":0,"parent":0,"menu_order":0,"comment_status":"closed","ping_status":"closed","template":"","meta":{"_et_pb_use_builder":"on","_et_pb_old_content":"","_et_gb_content_width":"","footnotes":""},"class_list":["post-923","page","type-page","status-publish","hentry"],"yoast_head":"<!-- This site is optimized with the Yoast SEO plugin v27.5 - https:\/\/yoast.com\/product\/yoast-seo-wordpress\/ -->\n<title>Vegerandina navnetewey\u00ee - Al-Wasila - Islamische Bestattung<\/title>\n<meta name=\"robots\" content=\"index, follow, max-snippet:-1, max-image-preview:large, max-video-preview:-1\" \/>\n<link rel=\"canonical\" href=\"https:\/\/islamische-bestattung.de\/ku\/vegerandina-navneteweyi\/\" \/>\n<meta property=\"og:locale\" content=\"en_US\" \/>\n<meta property=\"og:type\" content=\"article\" \/>\n<meta property=\"og:title\" content=\"Vegerandina navnetewey\u00ee - Al-Wasila - Islamische Bestattung\" \/>\n<meta property=\"og:description\" content=\"Vegerandina navnetewey\u00eeVegerandin\u00ean Navnetewey\u00ee - Em ji A heta Z li k\u00ealeka we neDi dem\u00ean dijwar de, malbat pir caran dixwazin ku hezkiriy\u00ean wan \u00ean mir\u00ee li welat\u00ea wan \u00ea resen werin ve\u015fartin. Em hem\u00fb gav\u00ean vegerandina navnetewey\u00ee ji bo we - ji destp\u00eak\u00ea heta dawiy\u00ea - bir\u00eave dibin da ku h\u00fbn ji v\u00ea bar\u00ea sivik [&hellip;]\" \/>\n<meta property=\"og:url\" content=\"https:\/\/islamische-bestattung.de\/ku\/vegerandina-navneteweyi\/\" \/>\n<meta property=\"og:site_name\" content=\"Al-Wasila - Islamische Bestattung\" \/>\n<meta property=\"article:publisher\" content=\"https:\/\/www.facebook.com\/share\/1GHnfgAohf\/?mibextid=wwXIfr\" \/>\n<meta property=\"article:modified_time\" content=\"2026-02-01T13:42:16+00:00\" \/>\n<meta name=\"twitter:card\" content=\"summary_large_image\" \/>\n<meta name=\"twitter:label1\" content=\"Est. reading time\" \/>\n\t<meta name=\"twitter:data1\" content=\"5 \u062e\u0648\u0644\u06d5\u06a9\" \/>\n<script type=\"application\/ld+json\" class=\"yoast-schema-graph\">{\"@context\":\"https:\\\/\\\/schema.org\",\"@graph\":[{\"@type\":\"WebPage\",\"@id\":\"https:\\\/\\\/islamische-bestattung.de\\\/ku\\\/vegerandina-navneteweyi\\\/\",\"url\":\"https:\\\/\\\/islamische-bestattung.de\\\/ku\\\/vegerandina-navneteweyi\\\/\",\"name\":\"Vegerandina navnetewey\u00ee - Al-Wasila - Islamische Bestattung\",\"isPartOf\":{\"@id\":\"https:\\\/\\\/islamische-bestattung.de\\\/ku\\\/#website\"},\"datePublished\":\"2025-12-19T07:17:19+00:00\",\"dateModified\":\"2026-02-01T13:42:16+00:00\",\"breadcrumb\":{\"@id\":\"https:\\\/\\\/islamische-bestattung.de\\\/ku\\\/vegerandina-navneteweyi\\\/#breadcrumb\"},\"inLanguage\":\"ckb\",\"potentialAction\":[{\"@type\":\"ReadAction\",\"target\":[\"https:\\\/\\\/islamische-bestattung.de\\\/ku\\\/vegerandina-navneteweyi\\\/\"]}]},{\"@type\":\"BreadcrumbList\",\"@id\":\"https:\\\/\\\/islamische-bestattung.de\\\/ku\\\/vegerandina-navneteweyi\\\/#breadcrumb\",\"itemListElement\":[{\"@type\":\"ListItem\",\"position\":1,\"name\":\"Start\",\"item\":\"https:\\\/\\\/islamische-bestattung.de\\\/ku\\\/\"},{\"@type\":\"ListItem\",\"position\":2,\"name\":\"Vegerandina navnetewey\u00ee\"}]},{\"@type\":\"WebSite\",\"@id\":\"https:\\\/\\\/islamische-bestattung.de\\\/ku\\\/#website\",\"url\":\"https:\\\/\\\/islamische-bestattung.de\\\/ku\\\/\",\"name\":\"Al-Wasila - Islamische Bestattung\",\"description\":\"Erster islamischer Meisterbetrieb im Bestattungswesen in Deutschland\",\"publisher\":{\"@id\":\"https:\\\/\\\/islamische-bestattung.de\\\/ku\\\/#organization\"},\"potentialAction\":[{\"@type\":\"SearchAction\",\"target\":{\"@type\":\"EntryPoint\",\"urlTemplate\":\"https:\\\/\\\/islamische-bestattung.de\\\/ku\\\/?s={search_term_string}\"},\"query-input\":{\"@type\":\"PropertyValueSpecification\",\"valueRequired\":true,\"valueName\":\"search_term_string\"}}],\"inLanguage\":\"ckb\"},{\"@type\":\"Organization\",\"@id\":\"https:\\\/\\\/islamische-bestattung.de\\\/ku\\\/#organization\",\"name\":\"Al-Wasila - Islamische Bestattung\",\"url\":\"https:\\\/\\\/islamische-bestattung.de\\\/ku\\\/\",\"logo\":{\"@type\":\"ImageObject\",\"inLanguage\":\"ckb\",\"@id\":\"https:\\\/\\\/islamische-bestattung.de\\\/ku\\\/#\\\/schema\\\/logo\\\/image\\\/\",\"url\":\"https:\\\/\\\/islamische-bestattung.de\\\/wp-content\\\/uploads\\\/2025\\\/11\\\/Al_Wasila_Logo_Vertikal.png\",\"contentUrl\":\"https:\\\/\\\/islamische-bestattung.de\\\/wp-content\\\/uploads\\\/2025\\\/11\\\/Al_Wasila_Logo_Vertikal.png\",\"width\":714,\"height\":576,\"caption\":\"Al-Wasila - Islamische Bestattung\"},\"image\":{\"@id\":\"https:\\\/\\\/islamische-bestattung.de\\\/ku\\\/#\\\/schema\\\/logo\\\/image\\\/\"},\"sameAs\":[\"https:\\\/\\\/www.facebook.com\\\/share\\\/1GHnfgAohf\\\/?mibextid=wwXIfr\",\"https:\\\/\\\/www.tiktok.com\\\/@alwasila.bestattung?_r=1&_t=ZG-92WkouZ6T8y\",\"https:\\\/\\\/www.instagram.com\\\/islamischebestattung.alwasila?igsh=bnI1OHE5MTNydHBk&utm_source=qr\"]}]}<\/script>\n<!-- \/ Yoast SEO plugin. -->","yoast_head_json":{"title":"Vegerandina navnetewey\u00ee - Al-Wasila - Islamische Bestattung","robots":{"index":"index","follow":"follow","max-snippet":"max-snippet:-1","max-image-preview":"max-image-preview:large","max-video-preview":"max-video-preview:-1"},"canonical":"https:\/\/islamische-bestattung.de\/ku\/vegerandina-navneteweyi\/","og_locale":"en_US","og_type":"article","og_title":"Vegerandina navnetewey\u00ee - Al-Wasila - Islamische Bestattung","og_description":"Vegerandina navnetewey\u00eeVegerandin\u00ean Navnetewey\u00ee - Em ji A heta Z li k\u00ealeka we neDi dem\u00ean dijwar de, malbat pir caran dixwazin ku hezkiriy\u00ean wan \u00ean mir\u00ee li welat\u00ea wan \u00ea resen werin ve\u015fartin. Em hem\u00fb gav\u00ean vegerandina navnetewey\u00ee ji bo we - ji destp\u00eak\u00ea heta dawiy\u00ea - bir\u00eave dibin da ku h\u00fbn ji v\u00ea bar\u00ea sivik [&hellip;]","og_url":"https:\/\/islamische-bestattung.de\/ku\/vegerandina-navneteweyi\/","og_site_name":"Al-Wasila - Islamische Bestattung","article_publisher":"https:\/\/www.facebook.com\/share\/1GHnfgAohf\/?mibextid=wwXIfr","article_modified_time":"2026-02-01T13:42:16+00:00","twitter_card":"summary_large_image","twitter_misc":{"Est. reading time":"5 \u062e\u0648\u0644\u06d5\u06a9"},"schema":{"@context":"https:\/\/schema.org","@graph":[{"@type":"WebPage","@id":"https:\/\/islamische-bestattung.de\/ku\/vegerandina-navneteweyi\/","url":"https:\/\/islamische-bestattung.de\/ku\/vegerandina-navneteweyi\/","name":"Vegerandina navnetewey\u00ee - Al-Wasila - Islamische Bestattung","isPartOf":{"@id":"https:\/\/islamische-bestattung.de\/ku\/#website"},"datePublished":"2025-12-19T07:17:19+00:00","dateModified":"2026-02-01T13:42:16+00:00","breadcrumb":{"@id":"https:\/\/islamische-bestattung.de\/ku\/vegerandina-navneteweyi\/#breadcrumb"},"inLanguage":"ckb","potentialAction":[{"@type":"ReadAction","target":["https:\/\/islamische-bestattung.de\/ku\/vegerandina-navneteweyi\/"]}]},{"@type":"BreadcrumbList","@id":"https:\/\/islamische-bestattung.de\/ku\/vegerandina-navneteweyi\/#breadcrumb","itemListElement":[{"@type":"ListItem","position":1,"name":"Start","item":"https:\/\/islamische-bestattung.de\/ku\/"},{"@type":"ListItem","position":2,"name":"Vegerandina navnetewey\u00ee"}]},{"@type":"WebSite","@id":"https:\/\/islamische-bestattung.de\/ku\/#website","url":"https:\/\/islamische-bestattung.de\/ku\/","name":"Al-Wasila - Islamische Bestattung","description":"Erster islamischer Meisterbetrieb im Bestattungswesen in Deutschland","publisher":{"@id":"https:\/\/islamische-bestattung.de\/ku\/#organization"},"potentialAction":[{"@type":"SearchAction","target":{"@type":"EntryPoint","urlTemplate":"https:\/\/islamische-bestattung.de\/ku\/?s={search_term_string}"},"query-input":{"@type":"PropertyValueSpecification","valueRequired":true,"valueName":"search_term_string"}}],"inLanguage":"ckb"},{"@type":"Organization","@id":"https:\/\/islamische-bestattung.de\/ku\/#organization","name":"Al-Wasila - Islamische Bestattung","url":"https:\/\/islamische-bestattung.de\/ku\/","logo":{"@type":"ImageObject","inLanguage":"ckb","@id":"https:\/\/islamische-bestattung.de\/ku\/#\/schema\/logo\/image\/","url":"https:\/\/islamische-bestattung.de\/wp-content\/uploads\/2025\/11\/Al_Wasila_Logo_Vertikal.png","contentUrl":"https:\/\/islamische-bestattung.de\/wp-content\/uploads\/2025\/11\/Al_Wasila_Logo_Vertikal.png","width":714,"height":576,"caption":"Al-Wasila - Islamische Bestattung"},"image":{"@id":"https:\/\/islamische-bestattung.de\/ku\/#\/schema\/logo\/image\/"},"sameAs":["https:\/\/www.facebook.com\/share\/1GHnfgAohf\/?mibextid=wwXIfr","https:\/\/www.tiktok.com\/@alwasila.bestattung?_r=1&_t=ZG-92WkouZ6T8y","https:\/\/www.instagram.com\/islamischebestattung.alwasila?igsh=bnI1OHE5MTNydHBk&utm_source=qr"]}]}},"_links":{"self":[{"href":"https:\/\/islamische-bestattung.de\/ku\/wp-json\/wp\/v2\/pages\/923","targetHints":{"allow":["GET"]}}],"collection":[{"href":"https:\/\/islamische-bestattung.de\/ku\/wp-json\/wp\/v2\/pages"}],"about":[{"href":"https:\/\/islamische-bestattung.de\/ku\/wp-json\/wp\/v2\/types\/page"}],"author":[{"embeddable":true,"href":"https:\/\/islamische-bestattung.de\/ku\/wp-json\/wp\/v2\/users\/1"}],"replies":[{"embeddable":true,"href":"https:\/\/islamische-bestattung.de\/ku\/wp-json\/wp\/v2\/comments?post=923"}],"version-history":[{"count":2,"href":"https:\/\/islamische-bestattung.de\/ku\/wp-json\/wp\/v2\/pages\/923\/revisions"}],"predecessor-version":[{"id":925,"href":"https:\/\/islamische-bestattung.de\/ku\/wp-json\/wp\/v2\/pages\/923\/revisions\/925"}],"wp:attachment":[{"href":"https:\/\/islamische-bestattung.de\/ku\/wp-json\/wp\/v2\/media?parent=923"}],"curies":[{"name":"wp","href":"https:\/\/api.w.org\/{rel}","templated":true}]}}