{"id":950,"date":"2025-12-19T07:55:29","date_gmt":"2025-12-19T07:55:29","guid":{"rendered":"https:\/\/islamische-bestattung.de\/vesartina-axe\/"},"modified":"2026-02-01T13:47:11","modified_gmt":"2026-02-01T13:47:11","slug":"vesartina-axe","status":"publish","type":"page","link":"https:\/\/islamische-bestattung.de\/ku\/vesartina-axe\/","title":{"rendered":"Ve\u015fartina ax\u00ea"},"content":{"rendered":"<p>[et_pb_section fb_built=&#8221;1&#8243; _builder_version=&#8221;4.27.4&#8243; _module_preset=&#8221;default&#8221; background_color=&#8221;#959d93&#8243; custom_margin=&#8221;0px||||false|false&#8221; custom_padding=&#8221;8px||8px||true|false&#8221; hover_enabled=&#8221;0&#8243; locked=&#8221;off&#8221; global_colors_info=&#8221;{}&#8221; sticky_enabled=&#8221;0&#8243;][et_pb_row _builder_version=&#8221;4.27.4&#8243; _module_preset=&#8221;default&#8221; global_colors_info=&#8221;{}&#8221;][et_pb_column type=&#8221;4_4&#8243; _builder_version=&#8221;4.27.4&#8243; _module_preset=&#8221;default&#8221; global_colors_info=&#8221;{}&#8221;][et_pb_text admin_label=&#8221;Hero Title&#8221; _builder_version=&#8221;4.27.5&#8243; text_font=&#8221;Playfair Display||||||||&#8221; header_font=&#8221;Alice||||||||&#8221; header_text_color=&#8221;#FFFFFF&#8221; header_font_size=&#8221;53px&#8221; header_letter_spacing=&#8221;-1px&#8221; header_line_height=&#8221;1.1em&#8221; width=&#8221;75%&#8221; custom_margin=&#8221;||0px|&#8221; custom_padding=&#8221;|||&#8221; animation_style=&#8221;slide&#8221; animation_direction=&#8221;left&#8221; animation_intensity_slide=&#8221;5%&#8221; animation_starting_opacity=&#8221;100%&#8221; hover_enabled=&#8221;0&#8243; text_font_size_last_edited=&#8221;off|desktop&#8221; header_font_size_tablet=&#8221;&#8221; header_font_size_phone=&#8221;36px&#8221; header_font_size_last_edited=&#8221;on|phone&#8221; locked=&#8221;off&#8221; global_colors_info=&#8221;{}&#8221; sticky_enabled=&#8221;0&#8243;]<\/p>\n<h1>Ve\u015fartina ax\u00ea<\/h1>\n<p>[\/et_pb_text][\/et_pb_column][\/et_pb_row][\/et_pb_section][et_pb_section fb_built=&#8221;1&#8243; custom_padding_last_edited=&#8221;on|phone&#8221; _builder_version=&#8221;4.27.5&#8243; _module_preset=&#8221;default&#8221; custom_margin=&#8221;50px||||false|false&#8221; custom_margin_tablet=&#8221;50px||||false|false&#8221; custom_margin_phone=&#8221;0px||||false|false&#8221; custom_margin_last_edited=&#8221;on|phone&#8221; custom_padding=&#8221;24px||105px|||&#8221; custom_padding_tablet=&#8221;24px||105px|||&#8221; custom_padding_phone=&#8221;||71px||false|false&#8221; global_colors_info=&#8221;{}&#8221;][et_pb_row _builder_version=&#8221;4.27.4&#8243; _module_preset=&#8221;default&#8221; max_width=&#8221;100%&#8221; custom_padding=&#8221;||0px|||&#8221; global_colors_info=&#8221;{}&#8221;][et_pb_column type=&#8221;4_4&#8243; _builder_version=&#8221;4.27.4&#8243; _module_preset=&#8221;default&#8221; global_colors_info=&#8221;{}&#8221;][et_pb_text admin_label=&#8221;Title&#8221; _builder_version=&#8221;4.27.5&#8243; text_font=&#8221;||||||||&#8221; header_font=&#8221;||||||||&#8221; header_2_font=&#8221;Alice||||||||&#8221; header_2_text_align=&#8221;center&#8221; header_2_font_size=&#8221;42px&#8221; header_2_line_height=&#8221;1.3em&#8221; custom_margin=&#8221;||20px|&#8221; animation_style=&#8221;slide&#8221; animation_direction=&#8221;top&#8221; animation_intensity_slide=&#8221;30%&#8221; animation_starting_opacity=&#8221;100%&#8221; header_2_font_size_tablet=&#8221;42px&#8221; header_2_font_size_phone=&#8221;27px&#8221; header_2_font_size_last_edited=&#8221;on|phone&#8221; locked=&#8221;off&#8221; global_colors_info=&#8221;{}&#8221;]<\/p>\n<h2>Ve\u015fartin di ax\u00ea de &#8211; Xizmeta me ji bo we<\/h2>\n<p>[\/et_pb_text][et_pb_text disabled_on=&#8221;off|off|off&#8221; _builder_version=&#8221;4.27.5&#8243; text_font=&#8221;||||||||&#8221; text_font_size=&#8221;16px&#8221; text_line_height=&#8221;1.8em&#8221; custom_margin=&#8221;||19px|||&#8221; custom_padding=&#8221;|||&#8221; animation_style=&#8221;slide&#8221; animation_direction=&#8221;left&#8221; animation_intensity_slide=&#8221;5%&#8221; animation_starting_opacity=&#8221;100%&#8221; locked=&#8221;off&#8221; global_colors_info=&#8221;{}&#8221;]<\/p>\n<p>Em bar\u00ea ji ser mil\u00ean we radikin &#8211; ji A heta Z.<br \/> Em 24 demjim\u00earan amade ne \u00fb em \u00ea li c\u00eeh\u00ea ku h\u00fbn dixwazin, li seranser\u00ea Almanya, definkirina \u00eeslam\u00ee ya tevah\u00ee organ\u00eeze bikin.<br \/> Gelek goristanan r\u00eaziknamey\u00ean xwe guherandine da ku dest\u00fbr\u00ea bidin definkirin b\u00ea tab\u00fbt.<br \/> Hem\u00ee p\u00eakhatey\u00ean gir\u00eeng d\u00ea werin parastin:<\/p>\n<p>\u2022 Berhevkirin \u00fb veguhastin<br \/> \u2022 Zelalkirina hem\u00fb formal \u00fb prosedur\u00ean ferm\u00ee<br \/> \u2022 Hilbijartina cih\u00ea ve\u015fartin\u00ea \u00fb plansazkirin<br \/> \u2022 Bic\u00eehan\u00eena erk\u00ean ol\u00ee<br \/> Ev \u015fu\u015ftina r\u00ea\u00fbresm\u00ee, p\u00ea\u00e7andina di kefenan de, nim\u00eaja cenazey\u00ea \u00fb birina miriy\u00ea bo definkirin\u00ea dihew\u00eene.<br \/> Bala xwe bidin ser miriyan: Em berpirsiyariya bicihan\u00eena erk\u00ean xwe y\u00ean ol\u00ee li hember miriyan \u00fb Xwed\u00ea hildigirin ser xwe.<\/p>\n<p>[\/et_pb_text][et_pb_text disabled_on=&#8221;off|off|off&#8221; _builder_version=&#8221;4.27.5&#8243; text_font=&#8221;||||||||&#8221; text_font_size=&#8221;16px&#8221; text_line_height=&#8221;1.8em&#8221; custom_margin=&#8221;||32px|||&#8221; custom_padding=&#8221;|||&#8221; animation_style=&#8221;slide&#8221; animation_direction=&#8221;left&#8221; animation_intensity_slide=&#8221;5%&#8221; animation_starting_opacity=&#8221;100%&#8221; locked=&#8221;off&#8221; global_colors_info=&#8221;{}&#8221;]<\/p>\n<p><strong>Gava te ya din<\/strong><br \/> T\u00eakil\u00ee bi me re bigirin &#8211; bi telefon an peyam\u00ea.<br \/> Em \u00ea niha \u00e7i gir\u00eeng e bi we re zelal bikin \u00fb tevahiya p\u00eavajoy\u00ea bir\u00eave bibin.<br \/> Em l\u00ean\u00ear\u00eena her ti\u015ft\u00ee dikin \u00fb bi hesasiyet di her gav\u00ea de r\u00eaberiya we dikin.<br \/> <strong>Ten\u00ea bi me re t\u00eakil\u00ee daynin &#8211; em her gav peyda ne.<\/strong><\/p>\n<p>[\/et_pb_text][et_pb_text disabled_on=&#8221;off|off|off&#8221; _builder_version=&#8221;4.27.5&#8243; text_font=&#8221;||||||||&#8221; text_font_size=&#8221;16px&#8221; text_line_height=&#8221;1.8em&#8221; link_font=&#8221;|600|||||||&#8221; link_text_color=&#8221;#c1a01d&#8221; custom_margin=&#8221;||19px|||&#8221; custom_padding=&#8221;|||&#8221; animation_style=&#8221;slide&#8221; animation_direction=&#8221;left&#8221; animation_intensity_slide=&#8221;5%&#8221; animation_starting_opacity=&#8221;100%&#8221; locked=&#8221;off&#8221; global_colors_info=&#8221;{}&#8221;]<\/p>\n<p><a href=\"\/wp-content\/uploads\/2025\/12\/Vorzulegende-Urkunden-Al-Wasila.pdf\" target=\"_blank\" rel=\"noopener\">Ji kerema xwe li vir bikirt\u00eenin da ku bib\u00eenin ka di rew\u015fa mirin\u00ea de k\u00eejan belge div\u00ea werin p\u00ea\u015fk\u00ea\u015f kirin.<\/a><\/p>\n<p>[\/et_pb_text][\/et_pb_column][\/et_pb_row][et_pb_row column_structure=&#8221;1_3,1_3,1_3&#8243; use_custom_gutter=&#8221;on&#8221; gutter_width=&#8221;2&#8243; _builder_version=&#8221;4.27.4&#8243; _module_preset=&#8221;default&#8221; custom_padding=&#8221;33px||0px||false|false&#8221; locked=&#8221;off&#8221; global_colors_info=&#8221;{}&#8221;][et_pb_column type=&#8221;1_3&#8243; _builder_version=&#8221;4.27.4&#8243; _module_preset=&#8221;default&#8221; global_colors_info=&#8221;{}&#8221;][et_pb_button button_url=&#8221;tel:+4945139733733&#8243; button_text=&#8221;Bang&#8221; button_alignment=&#8221;right&#8221; button_alignment_tablet=&#8221;right&#8221; button_alignment_phone=&#8221;center&#8221; button_alignment_last_edited=&#8221;on|desktop&#8221; _builder_version=&#8221;4.27.5&#8243; _module_preset=&#8221;default&#8221; custom_button=&#8221;on&#8221; button_text_color=&#8221;#000000&#8243; global_colors_info=&#8221;{}&#8221;][\/et_pb_button][\/et_pb_column][et_pb_column type=&#8221;1_3&#8243; _builder_version=&#8221;4.27.4&#8243; _module_preset=&#8221;default&#8221; global_colors_info=&#8221;{}&#8221;][et_pb_button button_url=&#8221;mailto:info@al-wasila.de&#8221; button_text=&#8221;e-name&#8221; button_alignment=&#8221;center&#8221; button_alignment_tablet=&#8221;right&#8221; button_alignment_phone=&#8221;center&#8221; button_alignment_last_edited=&#8221;on|desktop&#8221; _builder_version=&#8221;4.27.5&#8243; _module_preset=&#8221;default&#8221; custom_button=&#8221;on&#8221; button_text_color=&#8221;#000000&#8243; global_colors_info=&#8221;{}&#8221;][\/et_pb_button][\/et_pb_column][et_pb_column type=&#8221;1_3&#8243; _builder_version=&#8221;4.27.4&#8243; _module_preset=&#8221;default&#8221; global_colors_info=&#8221;{}&#8221;][et_pb_button button_url=&#8221;https:\/\/wa.me\/1602255225&#8243; url_new_window=&#8221;on&#8221; button_text=&#8221;WhatsApp&#8221; button_alignment=&#8221;left&#8221; button_alignment_tablet=&#8221;right&#8221; button_alignment_phone=&#8221;center&#8221; button_alignment_last_edited=&#8221;on|desktop&#8221; _builder_version=&#8221;4.27.5&#8243; _module_preset=&#8221;default&#8221; custom_button=&#8221;on&#8221; button_text_color=&#8221;#000000&#8243; global_colors_info=&#8221;{}&#8221;][\/et_pb_button][\/et_pb_column][\/et_pb_row][\/et_pb_section]<\/p>\n","protected":false},"excerpt":{"rendered":"<p>Ve\u015fartina ax\u00eaVe\u015fartin di ax\u00ea de &#8211; Xizmeta me ji bo weEm bar\u00ea ji ser mil\u00ean we radikin &#8211; ji A heta Z. Em 24 demjim\u00earan amade ne \u00fb em \u00ea li c\u00eeh\u00ea ku h\u00fbn dixwazin, li seranser\u00ea Almanya, definkirina \u00eeslam\u00ee ya tevah\u00ee organ\u00eeze bikin. Gelek goristanan r\u00eaziknamey\u00ean xwe guherandine da ku dest\u00fbr\u00ea bidin definkirin b\u00ea [&hellip;]<\/p>\n","protected":false},"author":1,"featured_media":0,"parent":0,"menu_order":0,"comment_status":"closed","ping_status":"closed","template":"","meta":{"_et_pb_use_builder":"on","_et_pb_old_content":"","_et_gb_content_width":"","footnotes":""},"class_list":["post-950","page","type-page","status-publish","hentry"],"yoast_head":"<!-- This site is optimized with the Yoast SEO plugin v27.5 - https:\/\/yoast.com\/product\/yoast-seo-wordpress\/ -->\n<title>Ve\u015fartina ax\u00ea - Al-Wasila - Islamische Bestattung<\/title>\n<meta name=\"robots\" content=\"index, follow, max-snippet:-1, max-image-preview:large, max-video-preview:-1\" \/>\n<link rel=\"canonical\" href=\"https:\/\/islamische-bestattung.de\/ku\/vesartina-axe\/\" \/>\n<meta property=\"og:locale\" content=\"en_US\" \/>\n<meta property=\"og:type\" content=\"article\" \/>\n<meta property=\"og:title\" content=\"Ve\u015fartina ax\u00ea - Al-Wasila - Islamische Bestattung\" \/>\n<meta property=\"og:description\" content=\"Ve\u015fartina ax\u00eaVe\u015fartin di ax\u00ea de - Xizmeta me ji bo weEm bar\u00ea ji ser mil\u00ean we radikin - ji A heta Z. Em 24 demjim\u00earan amade ne \u00fb em \u00ea li c\u00eeh\u00ea ku h\u00fbn dixwazin, li seranser\u00ea Almanya, definkirina \u00eeslam\u00ee ya tevah\u00ee organ\u00eeze bikin. Gelek goristanan r\u00eaziknamey\u00ean xwe guherandine da ku dest\u00fbr\u00ea bidin definkirin b\u00ea [&hellip;]\" \/>\n<meta property=\"og:url\" content=\"https:\/\/islamische-bestattung.de\/ku\/vesartina-axe\/\" \/>\n<meta property=\"og:site_name\" content=\"Al-Wasila - Islamische Bestattung\" \/>\n<meta property=\"article:publisher\" content=\"https:\/\/www.facebook.com\/share\/1GHnfgAohf\/?mibextid=wwXIfr\" \/>\n<meta property=\"article:modified_time\" content=\"2026-02-01T13:47:11+00:00\" \/>\n<meta name=\"twitter:card\" content=\"summary_large_image\" \/>\n<meta name=\"twitter:label1\" content=\"Est. reading time\" \/>\n\t<meta name=\"twitter:data1\" content=\"4 \u062e\u0648\u0644\u06d5\u06a9\" \/>\n<script type=\"application\/ld+json\" class=\"yoast-schema-graph\">{\"@context\":\"https:\\\/\\\/schema.org\",\"@graph\":[{\"@type\":\"WebPage\",\"@id\":\"https:\\\/\\\/islamische-bestattung.de\\\/ku\\\/vesartina-axe\\\/\",\"url\":\"https:\\\/\\\/islamische-bestattung.de\\\/ku\\\/vesartina-axe\\\/\",\"name\":\"Ve\u015fartina ax\u00ea - Al-Wasila - Islamische Bestattung\",\"isPartOf\":{\"@id\":\"https:\\\/\\\/islamische-bestattung.de\\\/ku\\\/#website\"},\"datePublished\":\"2025-12-19T07:55:29+00:00\",\"dateModified\":\"2026-02-01T13:47:11+00:00\",\"breadcrumb\":{\"@id\":\"https:\\\/\\\/islamische-bestattung.de\\\/ku\\\/vesartina-axe\\\/#breadcrumb\"},\"inLanguage\":\"ckb\",\"potentialAction\":[{\"@type\":\"ReadAction\",\"target\":[\"https:\\\/\\\/islamische-bestattung.de\\\/ku\\\/vesartina-axe\\\/\"]}]},{\"@type\":\"BreadcrumbList\",\"@id\":\"https:\\\/\\\/islamische-bestattung.de\\\/ku\\\/vesartina-axe\\\/#breadcrumb\",\"itemListElement\":[{\"@type\":\"ListItem\",\"position\":1,\"name\":\"Start\",\"item\":\"https:\\\/\\\/islamische-bestattung.de\\\/ku\\\/\"},{\"@type\":\"ListItem\",\"position\":2,\"name\":\"Ve\u015fartina ax\u00ea\"}]},{\"@type\":\"WebSite\",\"@id\":\"https:\\\/\\\/islamische-bestattung.de\\\/ku\\\/#website\",\"url\":\"https:\\\/\\\/islamische-bestattung.de\\\/ku\\\/\",\"name\":\"Al-Wasila - Islamische Bestattung\",\"description\":\"Erster islamischer Meisterbetrieb im Bestattungswesen in Deutschland\",\"publisher\":{\"@id\":\"https:\\\/\\\/islamische-bestattung.de\\\/ku\\\/#organization\"},\"potentialAction\":[{\"@type\":\"SearchAction\",\"target\":{\"@type\":\"EntryPoint\",\"urlTemplate\":\"https:\\\/\\\/islamische-bestattung.de\\\/ku\\\/?s={search_term_string}\"},\"query-input\":{\"@type\":\"PropertyValueSpecification\",\"valueRequired\":true,\"valueName\":\"search_term_string\"}}],\"inLanguage\":\"ckb\"},{\"@type\":\"Organization\",\"@id\":\"https:\\\/\\\/islamische-bestattung.de\\\/ku\\\/#organization\",\"name\":\"Al-Wasila - Islamische Bestattung\",\"url\":\"https:\\\/\\\/islamische-bestattung.de\\\/ku\\\/\",\"logo\":{\"@type\":\"ImageObject\",\"inLanguage\":\"ckb\",\"@id\":\"https:\\\/\\\/islamische-bestattung.de\\\/ku\\\/#\\\/schema\\\/logo\\\/image\\\/\",\"url\":\"https:\\\/\\\/islamische-bestattung.de\\\/wp-content\\\/uploads\\\/2025\\\/11\\\/Al_Wasila_Logo_Vertikal.png\",\"contentUrl\":\"https:\\\/\\\/islamische-bestattung.de\\\/wp-content\\\/uploads\\\/2025\\\/11\\\/Al_Wasila_Logo_Vertikal.png\",\"width\":714,\"height\":576,\"caption\":\"Al-Wasila - Islamische Bestattung\"},\"image\":{\"@id\":\"https:\\\/\\\/islamische-bestattung.de\\\/ku\\\/#\\\/schema\\\/logo\\\/image\\\/\"},\"sameAs\":[\"https:\\\/\\\/www.facebook.com\\\/share\\\/1GHnfgAohf\\\/?mibextid=wwXIfr\",\"https:\\\/\\\/www.tiktok.com\\\/@alwasila.bestattung?_r=1&_t=ZG-92WkouZ6T8y\",\"https:\\\/\\\/www.instagram.com\\\/islamischebestattung.alwasila?igsh=bnI1OHE5MTNydHBk&utm_source=qr\"]}]}<\/script>\n<!-- \/ Yoast SEO plugin. -->","yoast_head_json":{"title":"Ve\u015fartina ax\u00ea - Al-Wasila - Islamische Bestattung","robots":{"index":"index","follow":"follow","max-snippet":"max-snippet:-1","max-image-preview":"max-image-preview:large","max-video-preview":"max-video-preview:-1"},"canonical":"https:\/\/islamische-bestattung.de\/ku\/vesartina-axe\/","og_locale":"en_US","og_type":"article","og_title":"Ve\u015fartina ax\u00ea - Al-Wasila - Islamische Bestattung","og_description":"Ve\u015fartina ax\u00eaVe\u015fartin di ax\u00ea de - Xizmeta me ji bo weEm bar\u00ea ji ser mil\u00ean we radikin - ji A heta Z. Em 24 demjim\u00earan amade ne \u00fb em \u00ea li c\u00eeh\u00ea ku h\u00fbn dixwazin, li seranser\u00ea Almanya, definkirina \u00eeslam\u00ee ya tevah\u00ee organ\u00eeze bikin. Gelek goristanan r\u00eaziknamey\u00ean xwe guherandine da ku dest\u00fbr\u00ea bidin definkirin b\u00ea [&hellip;]","og_url":"https:\/\/islamische-bestattung.de\/ku\/vesartina-axe\/","og_site_name":"Al-Wasila - Islamische Bestattung","article_publisher":"https:\/\/www.facebook.com\/share\/1GHnfgAohf\/?mibextid=wwXIfr","article_modified_time":"2026-02-01T13:47:11+00:00","twitter_card":"summary_large_image","twitter_misc":{"Est. reading time":"4 \u062e\u0648\u0644\u06d5\u06a9"},"schema":{"@context":"https:\/\/schema.org","@graph":[{"@type":"WebPage","@id":"https:\/\/islamische-bestattung.de\/ku\/vesartina-axe\/","url":"https:\/\/islamische-bestattung.de\/ku\/vesartina-axe\/","name":"Ve\u015fartina ax\u00ea - Al-Wasila - Islamische Bestattung","isPartOf":{"@id":"https:\/\/islamische-bestattung.de\/ku\/#website"},"datePublished":"2025-12-19T07:55:29+00:00","dateModified":"2026-02-01T13:47:11+00:00","breadcrumb":{"@id":"https:\/\/islamische-bestattung.de\/ku\/vesartina-axe\/#breadcrumb"},"inLanguage":"ckb","potentialAction":[{"@type":"ReadAction","target":["https:\/\/islamische-bestattung.de\/ku\/vesartina-axe\/"]}]},{"@type":"BreadcrumbList","@id":"https:\/\/islamische-bestattung.de\/ku\/vesartina-axe\/#breadcrumb","itemListElement":[{"@type":"ListItem","position":1,"name":"Start","item":"https:\/\/islamische-bestattung.de\/ku\/"},{"@type":"ListItem","position":2,"name":"Ve\u015fartina ax\u00ea"}]},{"@type":"WebSite","@id":"https:\/\/islamische-bestattung.de\/ku\/#website","url":"https:\/\/islamische-bestattung.de\/ku\/","name":"Al-Wasila - Islamische Bestattung","description":"Erster islamischer Meisterbetrieb im Bestattungswesen in Deutschland","publisher":{"@id":"https:\/\/islamische-bestattung.de\/ku\/#organization"},"potentialAction":[{"@type":"SearchAction","target":{"@type":"EntryPoint","urlTemplate":"https:\/\/islamische-bestattung.de\/ku\/?s={search_term_string}"},"query-input":{"@type":"PropertyValueSpecification","valueRequired":true,"valueName":"search_term_string"}}],"inLanguage":"ckb"},{"@type":"Organization","@id":"https:\/\/islamische-bestattung.de\/ku\/#organization","name":"Al-Wasila - Islamische Bestattung","url":"https:\/\/islamische-bestattung.de\/ku\/","logo":{"@type":"ImageObject","inLanguage":"ckb","@id":"https:\/\/islamische-bestattung.de\/ku\/#\/schema\/logo\/image\/","url":"https:\/\/islamische-bestattung.de\/wp-content\/uploads\/2025\/11\/Al_Wasila_Logo_Vertikal.png","contentUrl":"https:\/\/islamische-bestattung.de\/wp-content\/uploads\/2025\/11\/Al_Wasila_Logo_Vertikal.png","width":714,"height":576,"caption":"Al-Wasila - Islamische Bestattung"},"image":{"@id":"https:\/\/islamische-bestattung.de\/ku\/#\/schema\/logo\/image\/"},"sameAs":["https:\/\/www.facebook.com\/share\/1GHnfgAohf\/?mibextid=wwXIfr","https:\/\/www.tiktok.com\/@alwasila.bestattung?_r=1&_t=ZG-92WkouZ6T8y","https:\/\/www.instagram.com\/islamischebestattung.alwasila?igsh=bnI1OHE5MTNydHBk&utm_source=qr"]}]}},"_links":{"self":[{"href":"https:\/\/islamische-bestattung.de\/ku\/wp-json\/wp\/v2\/pages\/950","targetHints":{"allow":["GET"]}}],"collection":[{"href":"https:\/\/islamische-bestattung.de\/ku\/wp-json\/wp\/v2\/pages"}],"about":[{"href":"https:\/\/islamische-bestattung.de\/ku\/wp-json\/wp\/v2\/types\/page"}],"author":[{"embeddable":true,"href":"https:\/\/islamische-bestattung.de\/ku\/wp-json\/wp\/v2\/users\/1"}],"replies":[{"embeddable":true,"href":"https:\/\/islamische-bestattung.de\/ku\/wp-json\/wp\/v2\/comments?post=950"}],"version-history":[{"count":2,"href":"https:\/\/islamische-bestattung.de\/ku\/wp-json\/wp\/v2\/pages\/950\/revisions"}],"predecessor-version":[{"id":952,"href":"https:\/\/islamische-bestattung.de\/ku\/wp-json\/wp\/v2\/pages\/950\/revisions\/952"}],"wp:attachment":[{"href":"https:\/\/islamische-bestattung.de\/ku\/wp-json\/wp\/v2\/media?parent=950"}],"curies":[{"name":"wp","href":"https:\/\/api.w.org\/{rel}","templated":true}]}}