{"id":988,"date":"2025-12-10T20:40:31","date_gmt":"2025-12-10T20:40:31","guid":{"rendered":"https:\/\/islamische-bestattung.de\/cuna-nava\/"},"modified":"2026-02-01T13:51:46","modified_gmt":"2026-02-01T13:51:46","slug":"cuna-nava","status":"publish","type":"page","link":"https:\/\/islamische-bestattung.de\/ku\/cuna-nava\/","title":{"rendered":"\u00c7\u00fbna nava"},"content":{"rendered":"<p>[et_pb_section fb_built=&#8221;1&#8243; _builder_version=&#8221;4.27.4&#8243; _module_preset=&#8221;default&#8221; background_color=&#8221;#959d93&#8243; custom_margin=&#8221;0px||||false|false&#8221; custom_padding=&#8221;8px||8px||true|false&#8221; locked=&#8221;off&#8221; global_colors_info=&#8221;{}&#8221;][et_pb_row _builder_version=&#8221;4.27.4&#8243; _module_preset=&#8221;default&#8221; global_colors_info=&#8221;{}&#8221;][et_pb_column type=&#8221;4_4&#8243; _builder_version=&#8221;4.27.4&#8243; _module_preset=&#8221;default&#8221; global_colors_info=&#8221;{}&#8221;][et_pb_text admin_label=&#8221;Hero Title&#8221; _builder_version=&#8221;4.27.5&#8243; text_font=&#8221;Playfair Display||||||||&#8221; header_font=&#8221;Alice||||||||&#8221; header_text_color=&#8221;#FFFFFF&#8221; header_font_size=&#8221;53px&#8221; header_letter_spacing=&#8221;-3px&#8221; header_line_height=&#8221;1.1em&#8221; width=&#8221;75%&#8221; custom_margin=&#8221;||0px|&#8221; custom_padding=&#8221;|||&#8221; animation_style=&#8221;slide&#8221; animation_direction=&#8221;left&#8221; animation_intensity_slide=&#8221;5%&#8221; animation_starting_opacity=&#8221;100%&#8221; text_font_size_last_edited=&#8221;off|desktop&#8221; header_font_size_tablet=&#8221;&#8221; header_font_size_phone=&#8221;45px&#8221; header_font_size_last_edited=&#8221;on|phone&#8221; locked=&#8221;off&#8221; global_colors_info=&#8221;{}&#8221;]<\/p>\n<h1>\u00c7\u00fbna nava<\/h1>\n<p>[\/et_pb_text][\/et_pb_column][\/et_pb_row][\/et_pb_section][et_pb_section fb_built=&#8221;1&#8243; custom_padding_last_edited=&#8221;on|phone&#8221; _builder_version=&#8221;4.27.5&#8243; _module_preset=&#8221;default&#8221; custom_margin=&#8221;28px||||false|false&#8221; custom_margin_tablet=&#8221;28px||||false|false&#8221; custom_margin_phone=&#8221;15px||0px||false|false&#8221; custom_margin_last_edited=&#8221;on|phone&#8221; custom_padding=&#8221;0px||21px|||&#8221; custom_padding_tablet=&#8221;0px||21px|||&#8221; custom_padding_phone=&#8221;||0px||false|false&#8221; global_colors_info=&#8221;{}&#8221;][et_pb_row column_structure=&#8221;1_2,1_2&#8243; use_custom_gutter=&#8221;on&#8221; gutter_width=&#8221;2&#8243; custom_padding_last_edited=&#8221;on|phone&#8221; _builder_version=&#8221;4.27.5&#8243; _module_preset=&#8221;default&#8221; max_width_tablet=&#8221;&#8221; max_width_phone=&#8221;100%&#8221; max_width_last_edited=&#8221;on|phone&#8221; custom_margin_tablet=&#8221;&#8221; custom_margin_phone=&#8221;||0px||false|false&#8221; custom_margin_last_edited=&#8221;on|phone&#8221; custom_padding_tablet=&#8221;&#8221; custom_padding_phone=&#8221;||0px||false|false&#8221; global_colors_info=&#8221;{}&#8221;][et_pb_column type=&#8221;1_2&#8243; _builder_version=&#8221;4.27.5&#8243; _module_preset=&#8221;default&#8221; global_colors_info=&#8221;{}&#8221;][et_pb_text admin_label=&#8221;Title&#8221; _builder_version=&#8221;4.27.5&#8243; text_font=&#8221;||||||||&#8221; header_font=&#8221;||||||||&#8221; header_2_font=&#8221;Alice||||||||&#8221; header_2_text_align=&#8221;center&#8221; header_2_font_size=&#8221;42px&#8221; header_2_line_height=&#8221;1.3em&#8221; custom_margin=&#8221;||20px|&#8221; animation_style=&#8221;slide&#8221; animation_direction=&#8221;top&#8221; animation_intensity_slide=&#8221;30%&#8221; animation_starting_opacity=&#8221;100%&#8221; header_2_font_size_tablet=&#8221;42px&#8221; header_2_font_size_phone=&#8221;27px&#8221; header_2_font_size_last_edited=&#8221;on|phone&#8221; locked=&#8221;off&#8221; global_colors_info=&#8221;{}&#8221;]<\/p>\n<h2>Derbar\u00ea El-Was\u00eelay\u00ea de<\/h2>\n<p>[\/et_pb_text][et_pb_text disabled_on=&#8221;off|off|off&#8221; _builder_version=&#8221;4.27.5&#8243; _module_preset=&#8221;default&#8221; text_font=&#8221;||||||||&#8221; text_text_color=&#8221;#515151&#8243; text_font_size=&#8221;16px&#8221; text_line_height=&#8221;1.8em&#8221; custom_margin=&#8221;||10px|||&#8221; custom_padding=&#8221;|||&#8221; animation_style=&#8221;slide&#8221; animation_direction=&#8221;left&#8221; animation_intensity_slide=&#8221;5%&#8221; animation_starting_opacity=&#8221;100%&#8221; global_colors_info=&#8221;{}&#8221;]<\/p>\n<p>El-Was\u00eela (\u0671\u0644\u0652\u0648\u064e\u0633\u0650\u064a\u0644\u064e\u0629) bi rast\u00ee t\u00ea wateya &#8220;r\u00eabaz, n\u00eaz\u00eekb\u00fbn, gir\u00eadan&#8221;. Di t\u00eagih\u00ee\u015ftina \u00ceslam\u00ea de, ew r\u00eaya ku mirov p\u00ea n\u00eaz\u00eek\u00ee Xwed\u00ea dibe vedib\u00eaje. <\/p>\n<p>Bi v\u00ea yek\u00ea di hi\u015f\u00ea xwe de, me nav\u00ea mala xwe ya cenaze wiha kir:<br \/> El-Was\u00eele di dem\u00ean xemg\u00eeniy\u00ea de gir\u00eadan \u00fb pi\u015ftgiriya we ye. Dema ku \u00ea\u015fa xatirxwestin\u00ea li ser we giran e, em bi we re ne \u00fb pi\u015ftrast dikin ku hezkiriy\u00ean we bi r\u00fbmet \u00fb li gor\u00ee kevne\u015fopiya \u00ceslam\u00ee werin ve\u015fartin. <\/p>\n<p>Wek\u00ee yekem mala cenazey\u00ea \u00ceslam\u00ee li Almanya, em z\u00eadetir\u00ee deh salan ezm\u00fbna xwe bi t\u00eagih\u00ee\u015ftineke k\u00fbr a erk\u00ean ol\u00ee re dikin yek. Em berpirsiyariya hem\u00ee gav\u00ean ol\u00ee \u00fb r\u00eaxistin\u00ee digirin ser xwe, ev yek dih\u00eale h\u00fbn bi tevah\u00ee li ser ti\u015ft\u00ea her\u00ee gir\u00eeng bisekinin.<br \/> xatirxwestin \u00fb b\u00eeran\u00een. <\/p>\n<p>Bi v\u00ee away\u00ee, El-Was\u00eele ji bo te dibe &#8216;waset&#8217; &#8211; al\u00eekar\u00eeya ku dema gotin t\u00eak di\u00e7in pi\u015ftgiriy\u00ea dide te, dema windah\u00ee giran be xurt dike, \u00fb di ronahiya baweriy\u00ea de bi h\u00eav\u00ee \u00fb tesel\u00eey\u00ea re bi te re ye.<\/p>\n<p>[\/et_pb_text][\/et_pb_column][et_pb_column type=&#8221;1_2&#8243; _builder_version=&#8221;4.27.5&#8243; _module_preset=&#8221;default&#8221; global_colors_info=&#8221;{}&#8221;][et_pb_image src=&#8221;https:\/\/islamische-bestattung.de\/wp-content\/uploads\/2025\/12\/alwasila_ueberuns2.jpg&#8221; title_text=&#8221;alwasila_ueberuns2&#8243; align=&#8221;center&#8221; _builder_version=&#8221;4.27.5&#8243; _module_preset=&#8221;default&#8221; width=&#8221;70%&#8221; width_tablet=&#8221;70%&#8221; width_phone=&#8221;95%&#8221; width_last_edited=&#8221;on|phone&#8221; module_alignment=&#8221;center&#8221; global_colors_info=&#8221;{}&#8221;][\/et_pb_image][\/et_pb_column][\/et_pb_row][\/et_pb_section][et_pb_section fb_built=&#8221;1&#8243; custom_padding_last_edited=&#8221;on|phone&#8221; _builder_version=&#8221;4.27.5&#8243; _module_preset=&#8221;default&#8221; custom_margin=&#8221;28px||||false|false&#8221; custom_margin_tablet=&#8221;28px||||false|false&#8221; custom_margin_phone=&#8221;0px||0px||false|false&#8221; custom_margin_last_edited=&#8221;on|phone&#8221; custom_padding=&#8221;0px|||||&#8221; custom_padding_tablet=&#8221;0px|||||&#8221; custom_padding_phone=&#8221;||5px||false|false&#8221; global_colors_info=&#8221;{}&#8221;][et_pb_row column_structure=&#8221;1_2,1_2&#8243; use_custom_gutter=&#8221;on&#8221; gutter_width=&#8221;2&#8243; custom_padding_last_edited=&#8221;on|phone&#8221; _builder_version=&#8221;4.27.5&#8243; _module_preset=&#8221;default&#8221; custom_margin_tablet=&#8221;&#8221; custom_margin_phone=&#8221;0px||||false|false&#8221; custom_margin_last_edited=&#8221;on|phone&#8221; custom_padding_tablet=&#8221;&#8221; custom_padding_phone=&#8221;0px||||false|false&#8221; global_colors_info=&#8221;{}&#8221;][et_pb_column type=&#8221;1_2&#8243; _builder_version=&#8221;4.27.5&#8243; _module_preset=&#8221;default&#8221; global_colors_info=&#8221;{}&#8221;][et_pb_image src=&#8221;https:\/\/islamische-bestattung.de\/wp-content\/uploads\/2025\/12\/alwasila_ueberuns.jpg&#8221; title_text=&#8221;alwasila_ueberuns&#8221; align=&#8221;center&#8221; disabled_on=&#8221;on|off|off&#8221; _builder_version=&#8221;4.27.5&#8243; _module_preset=&#8221;default&#8221; width=&#8221;83%&#8221; module_alignment=&#8221;center&#8221; global_colors_info=&#8221;{}&#8221;][\/et_pb_image][\/et_pb_column][et_pb_column type=&#8221;1_2&#8243; _builder_version=&#8221;4.27.5&#8243; _module_preset=&#8221;default&#8221; global_colors_info=&#8221;{}&#8221;][et_pb_text disabled_on=&#8221;off|off|off&#8221; _builder_version=&#8221;4.27.5&#8243; _module_preset=&#8221;default&#8221; text_font=&#8221;||||||||&#8221; text_text_color=&#8221;#515151&#8243; text_font_size=&#8221;16px&#8221; text_line_height=&#8221;1.8em&#8221; custom_margin=&#8221;||10px|||&#8221; custom_padding=&#8221;|||&#8221; animation_style=&#8221;slide&#8221; animation_direction=&#8221;left&#8221; animation_intensity_slide=&#8221;5%&#8221; animation_starting_opacity=&#8221;100%&#8221; global_colors_info=&#8221;{}&#8221;]<\/p>\n<p><strong>Derbar\u00ea Muhammed Mehdi \u00d6ru\u00e7 de<\/strong><\/p>\n<p>Muhammed Mehdi \u00d6ru\u00e7 damezr\u00eener\u00ea Al-Was\u00eela ye \u00fb ezm\u00fbna xwe ya bi salan di xizmet\u00ean cenazey\u00ea \u00eeslam\u00ee de bi perwerdehiyek profesyonel a ba\u015f re dike yek. Bi esl\u00ea xwe Kurd ji \u015eirnex\u00ea, ew li Schleswig-Holstein mezin b\u00fb ber\u00ee ku kariyera xwe li Bavyeray\u00ea bidom\u00eene.<br \/> Ew cara yekem di 16 saliya xwe de rast\u00ee kevne\u015fopiy\u00ean definkirina \u00eeslam\u00ee hat, dema ku ew cara yekem be\u015fdar\u00ee r\u00ea\u00fbresma \u015fu\u015ftina kesek\u00ee mir\u00ee b\u00fb. V\u00ea ezm\u00fbn\u00ea di w\u00ee de hi\u015fmendiya berpirsiyariya mezin a ku bi xizmetkirina mirovan re di qonaxa daw\u00een a jiyan\u00ea de t\u00ea hi\u015fyar kir.  <\/p>\n<p>Ji sala 2015an vir ve, Muhammed Mehdi \u00d6ru\u00e7 di sektora meras\u00eem\u00ean cenazey\u00ea y\u00ean profesyonel de xebit\u00ee &#8211; di \u015f\u00eerketek\u00ea de ku w\u00ee bi gir\u00eeng\u00ee \u015fekil da \u00fb ezm\u00fbnek prat\u00eek\u00ee ya berfireh da w\u00ee. Di sala 2021an de, w\u00ee biryar da ku perwerdehiya hosta-p\u00ee\u015fey\u00ee di xizmet\u00ean meras\u00eem\u00ean cenazey\u00ea de bi\u015fop\u00eene da ku bi pispor\u00ee p\u00eadiviy\u00ean \u00ceslam\u00ee bi r\u00eaziknamey\u00ean qan\u00fbn\u00ee y\u00ean Alman re bike yek. Ev gav di sektora meras\u00eem\u00ean cenazey\u00ea y\u00ean \u00ceslam\u00ee de k\u00eam e, l\u00ea bi taybet\u00ee ji bo p\u00eakan\u00eena berpirsiyar \u00fb li gor\u00ee qan\u00fbn\u00ee gir\u00eeng e.<br \/> Bi vegera xwe ya Schleswig-Holstein di sala 2025an de, ew xwe dide armanca ku ji bo civaka Misilman li Bakur\u00ea Almanya meras\u00eemek cenazey\u00ea ya bi r\u00fbmet, p\u00eabawer \u00fb ol\u00ee ya rast\u00een peyda bike &#8211; di xizmeta Xwed\u00ea de \u00fb ji bo berjewendiya Umet\u00ea.  <\/p>\n<p>[\/et_pb_text][et_pb_image src=&#8221;https:\/\/islamische-bestattung.de\/wp-content\/uploads\/2025\/12\/alwasila_ueberuns.jpg&#8221; title_text=&#8221;alwasila_ueberuns&#8221; align=&#8221;center&#8221; disabled_on=&#8221;off|on|on&#8221; _builder_version=&#8221;4.27.5&#8243; _module_preset=&#8221;default&#8221; width=&#8221;83%&#8221; width_tablet=&#8221;83%&#8221; width_phone=&#8221;95%&#8221; width_last_edited=&#8221;on|phone&#8221; module_alignment=&#8221;center&#8221; custom_margin_tablet=&#8221;&#8221; custom_margin_phone=&#8221;37px||||false|false&#8221; custom_margin_last_edited=&#8221;on|phone&#8221; custom_padding_tablet=&#8221;&#8221; custom_padding_phone=&#8221;&#8221; custom_padding_last_edited=&#8221;on|phone&#8221; hover_enabled=&#8221;0&#8243; global_colors_info=&#8221;{}&#8221; sticky_enabled=&#8221;0&#8243;][\/et_pb_image][\/et_pb_column][\/et_pb_row][et_pb_row _builder_version=&#8221;4.27.5&#8243; _module_preset=&#8221;default&#8221; custom_margin=&#8221;|auto|20px|auto||&#8221; global_colors_info=&#8221;{}&#8221;][et_pb_column type=&#8221;4_4&#8243; _builder_version=&#8221;4.27.5&#8243; _module_preset=&#8221;default&#8221; global_colors_info=&#8221;{}&#8221;][et_pb_button button_url=&#8221;\/#kontakt&#8221; button_text=&#8221;Paqij b\u00fbn&#8221; button_alignment=&#8221;center&#8221; button_alignment_tablet=&#8221;right&#8221; button_alignment_phone=&#8221;center&#8221; button_alignment_last_edited=&#8221;on|desktop&#8221; disabled_on=&#8221;off|off|off&#8221; _builder_version=&#8221;4.27.5&#8243; _module_preset=&#8221;default&#8221; custom_button=&#8221;on&#8221; button_text_color=&#8221;#000000&#8243; custom_margin=&#8221;-1px|||||&#8221; locked=&#8221;off&#8221; global_colors_info=&#8221;{}&#8221;][\/et_pb_button][\/et_pb_column][\/et_pb_row][\/et_pb_section]<\/p>\n","protected":false},"excerpt":{"rendered":"<p>\u00c7\u00fbna navaDerbar\u00ea El-Was\u00eelay\u00ea deEl-Was\u00eela (\u0671\u0644\u0652\u0648\u064e\u0633\u0650\u064a\u0644\u064e\u0629) bi rast\u00ee t\u00ea wateya &#8220;r\u00eabaz, n\u00eaz\u00eekb\u00fbn, gir\u00eadan&#8221;. Di t\u00eagih\u00ee\u015ftina \u00ceslam\u00ea de, ew r\u00eaya ku mirov p\u00ea n\u00eaz\u00eek\u00ee Xwed\u00ea dibe vedib\u00eaje. Bi v\u00ea yek\u00ea di hi\u015f\u00ea xwe de, me nav\u00ea mala xwe ya cenaze wiha kir: El-Was\u00eele di dem\u00ean xemg\u00eeniy\u00ea de gir\u00eadan \u00fb pi\u015ftgiriya we ye. Dema ku \u00ea\u015fa xatirxwestin\u00ea li [&hellip;]<\/p>\n","protected":false},"author":1,"featured_media":0,"parent":0,"menu_order":0,"comment_status":"closed","ping_status":"closed","template":"","meta":{"_et_pb_use_builder":"on","_et_pb_old_content":"","_et_gb_content_width":"","footnotes":""},"class_list":["post-988","page","type-page","status-publish","hentry"],"yoast_head":"<!-- This site is optimized with the Yoast SEO plugin v27.5 - https:\/\/yoast.com\/product\/yoast-seo-wordpress\/ -->\n<title>\u00c7\u00fbna nava - Al-Wasila - Islamische Bestattung<\/title>\n<meta name=\"robots\" content=\"index, follow, max-snippet:-1, max-image-preview:large, max-video-preview:-1\" \/>\n<link rel=\"canonical\" href=\"https:\/\/islamische-bestattung.de\/ku\/cuna-nava\/\" \/>\n<meta property=\"og:locale\" content=\"en_US\" \/>\n<meta property=\"og:type\" content=\"article\" \/>\n<meta property=\"og:title\" content=\"\u00c7\u00fbna nava - Al-Wasila - Islamische Bestattung\" \/>\n<meta property=\"og:description\" content=\"\u00c7\u00fbna navaDerbar\u00ea El-Was\u00eelay\u00ea deEl-Was\u00eela (\u0671\u0644\u0652\u0648\u064e\u0633\u0650\u064a\u0644\u064e\u0629) bi rast\u00ee t\u00ea wateya &quot;r\u00eabaz, n\u00eaz\u00eekb\u00fbn, gir\u00eadan&quot;. Di t\u00eagih\u00ee\u015ftina \u00ceslam\u00ea de, ew r\u00eaya ku mirov p\u00ea n\u00eaz\u00eek\u00ee Xwed\u00ea dibe vedib\u00eaje. Bi v\u00ea yek\u00ea di hi\u015f\u00ea xwe de, me nav\u00ea mala xwe ya cenaze wiha kir: El-Was\u00eele di dem\u00ean xemg\u00eeniy\u00ea de gir\u00eadan \u00fb pi\u015ftgiriya we ye. Dema ku \u00ea\u015fa xatirxwestin\u00ea li [&hellip;]\" \/>\n<meta property=\"og:url\" content=\"https:\/\/islamische-bestattung.de\/ku\/cuna-nava\/\" \/>\n<meta property=\"og:site_name\" content=\"Al-Wasila - Islamische Bestattung\" \/>\n<meta property=\"article:publisher\" content=\"https:\/\/www.facebook.com\/share\/1GHnfgAohf\/?mibextid=wwXIfr\" \/>\n<meta property=\"article:modified_time\" content=\"2026-02-01T13:51:46+00:00\" \/>\n<meta name=\"twitter:card\" content=\"summary_large_image\" \/>\n<meta name=\"twitter:label1\" content=\"Est. reading time\" \/>\n\t<meta name=\"twitter:data1\" content=\"7 \u062e\u0648\u0644\u06d5\u06a9\" \/>\n<script type=\"application\/ld+json\" class=\"yoast-schema-graph\">{\"@context\":\"https:\\\/\\\/schema.org\",\"@graph\":[{\"@type\":\"WebPage\",\"@id\":\"https:\\\/\\\/islamische-bestattung.de\\\/ku\\\/cuna-nava\\\/\",\"url\":\"https:\\\/\\\/islamische-bestattung.de\\\/ku\\\/cuna-nava\\\/\",\"name\":\"\u00c7\u00fbna nava - Al-Wasila - Islamische Bestattung\",\"isPartOf\":{\"@id\":\"https:\\\/\\\/islamische-bestattung.de\\\/ku\\\/#website\"},\"datePublished\":\"2025-12-10T20:40:31+00:00\",\"dateModified\":\"2026-02-01T13:51:46+00:00\",\"breadcrumb\":{\"@id\":\"https:\\\/\\\/islamische-bestattung.de\\\/ku\\\/cuna-nava\\\/#breadcrumb\"},\"inLanguage\":\"ckb\",\"potentialAction\":[{\"@type\":\"ReadAction\",\"target\":[\"https:\\\/\\\/islamische-bestattung.de\\\/ku\\\/cuna-nava\\\/\"]}]},{\"@type\":\"BreadcrumbList\",\"@id\":\"https:\\\/\\\/islamische-bestattung.de\\\/ku\\\/cuna-nava\\\/#breadcrumb\",\"itemListElement\":[{\"@type\":\"ListItem\",\"position\":1,\"name\":\"Start\",\"item\":\"https:\\\/\\\/islamische-bestattung.de\\\/ku\\\/\"},{\"@type\":\"ListItem\",\"position\":2,\"name\":\"\u00c7\u00fbna nava\"}]},{\"@type\":\"WebSite\",\"@id\":\"https:\\\/\\\/islamische-bestattung.de\\\/ku\\\/#website\",\"url\":\"https:\\\/\\\/islamische-bestattung.de\\\/ku\\\/\",\"name\":\"Al-Wasila - Islamische Bestattung\",\"description\":\"Erster islamischer Meisterbetrieb im Bestattungswesen in Deutschland\",\"publisher\":{\"@id\":\"https:\\\/\\\/islamische-bestattung.de\\\/ku\\\/#organization\"},\"potentialAction\":[{\"@type\":\"SearchAction\",\"target\":{\"@type\":\"EntryPoint\",\"urlTemplate\":\"https:\\\/\\\/islamische-bestattung.de\\\/ku\\\/?s={search_term_string}\"},\"query-input\":{\"@type\":\"PropertyValueSpecification\",\"valueRequired\":true,\"valueName\":\"search_term_string\"}}],\"inLanguage\":\"ckb\"},{\"@type\":\"Organization\",\"@id\":\"https:\\\/\\\/islamische-bestattung.de\\\/ku\\\/#organization\",\"name\":\"Al-Wasila - Islamische Bestattung\",\"url\":\"https:\\\/\\\/islamische-bestattung.de\\\/ku\\\/\",\"logo\":{\"@type\":\"ImageObject\",\"inLanguage\":\"ckb\",\"@id\":\"https:\\\/\\\/islamische-bestattung.de\\\/ku\\\/#\\\/schema\\\/logo\\\/image\\\/\",\"url\":\"https:\\\/\\\/islamische-bestattung.de\\\/wp-content\\\/uploads\\\/2025\\\/11\\\/Al_Wasila_Logo_Vertikal.png\",\"contentUrl\":\"https:\\\/\\\/islamische-bestattung.de\\\/wp-content\\\/uploads\\\/2025\\\/11\\\/Al_Wasila_Logo_Vertikal.png\",\"width\":714,\"height\":576,\"caption\":\"Al-Wasila - Islamische Bestattung\"},\"image\":{\"@id\":\"https:\\\/\\\/islamische-bestattung.de\\\/ku\\\/#\\\/schema\\\/logo\\\/image\\\/\"},\"sameAs\":[\"https:\\\/\\\/www.facebook.com\\\/share\\\/1GHnfgAohf\\\/?mibextid=wwXIfr\",\"https:\\\/\\\/www.tiktok.com\\\/@alwasila.bestattung?_r=1&_t=ZG-92WkouZ6T8y\",\"https:\\\/\\\/www.instagram.com\\\/islamischebestattung.alwasila?igsh=bnI1OHE5MTNydHBk&utm_source=qr\"]}]}<\/script>\n<!-- \/ Yoast SEO plugin. -->","yoast_head_json":{"title":"\u00c7\u00fbna nava - Al-Wasila - Islamische Bestattung","robots":{"index":"index","follow":"follow","max-snippet":"max-snippet:-1","max-image-preview":"max-image-preview:large","max-video-preview":"max-video-preview:-1"},"canonical":"https:\/\/islamische-bestattung.de\/ku\/cuna-nava\/","og_locale":"en_US","og_type":"article","og_title":"\u00c7\u00fbna nava - Al-Wasila - Islamische Bestattung","og_description":"\u00c7\u00fbna navaDerbar\u00ea El-Was\u00eelay\u00ea deEl-Was\u00eela (\u0671\u0644\u0652\u0648\u064e\u0633\u0650\u064a\u0644\u064e\u0629) bi rast\u00ee t\u00ea wateya \"r\u00eabaz, n\u00eaz\u00eekb\u00fbn, gir\u00eadan\". Di t\u00eagih\u00ee\u015ftina \u00ceslam\u00ea de, ew r\u00eaya ku mirov p\u00ea n\u00eaz\u00eek\u00ee Xwed\u00ea dibe vedib\u00eaje. Bi v\u00ea yek\u00ea di hi\u015f\u00ea xwe de, me nav\u00ea mala xwe ya cenaze wiha kir: El-Was\u00eele di dem\u00ean xemg\u00eeniy\u00ea de gir\u00eadan \u00fb pi\u015ftgiriya we ye. Dema ku \u00ea\u015fa xatirxwestin\u00ea li [&hellip;]","og_url":"https:\/\/islamische-bestattung.de\/ku\/cuna-nava\/","og_site_name":"Al-Wasila - Islamische Bestattung","article_publisher":"https:\/\/www.facebook.com\/share\/1GHnfgAohf\/?mibextid=wwXIfr","article_modified_time":"2026-02-01T13:51:46+00:00","twitter_card":"summary_large_image","twitter_misc":{"Est. reading time":"7 \u062e\u0648\u0644\u06d5\u06a9"},"schema":{"@context":"https:\/\/schema.org","@graph":[{"@type":"WebPage","@id":"https:\/\/islamische-bestattung.de\/ku\/cuna-nava\/","url":"https:\/\/islamische-bestattung.de\/ku\/cuna-nava\/","name":"\u00c7\u00fbna nava - Al-Wasila - Islamische Bestattung","isPartOf":{"@id":"https:\/\/islamische-bestattung.de\/ku\/#website"},"datePublished":"2025-12-10T20:40:31+00:00","dateModified":"2026-02-01T13:51:46+00:00","breadcrumb":{"@id":"https:\/\/islamische-bestattung.de\/ku\/cuna-nava\/#breadcrumb"},"inLanguage":"ckb","potentialAction":[{"@type":"ReadAction","target":["https:\/\/islamische-bestattung.de\/ku\/cuna-nava\/"]}]},{"@type":"BreadcrumbList","@id":"https:\/\/islamische-bestattung.de\/ku\/cuna-nava\/#breadcrumb","itemListElement":[{"@type":"ListItem","position":1,"name":"Start","item":"https:\/\/islamische-bestattung.de\/ku\/"},{"@type":"ListItem","position":2,"name":"\u00c7\u00fbna nava"}]},{"@type":"WebSite","@id":"https:\/\/islamische-bestattung.de\/ku\/#website","url":"https:\/\/islamische-bestattung.de\/ku\/","name":"Al-Wasila - Islamische Bestattung","description":"Erster islamischer Meisterbetrieb im Bestattungswesen in Deutschland","publisher":{"@id":"https:\/\/islamische-bestattung.de\/ku\/#organization"},"potentialAction":[{"@type":"SearchAction","target":{"@type":"EntryPoint","urlTemplate":"https:\/\/islamische-bestattung.de\/ku\/?s={search_term_string}"},"query-input":{"@type":"PropertyValueSpecification","valueRequired":true,"valueName":"search_term_string"}}],"inLanguage":"ckb"},{"@type":"Organization","@id":"https:\/\/islamische-bestattung.de\/ku\/#organization","name":"Al-Wasila - Islamische Bestattung","url":"https:\/\/islamische-bestattung.de\/ku\/","logo":{"@type":"ImageObject","inLanguage":"ckb","@id":"https:\/\/islamische-bestattung.de\/ku\/#\/schema\/logo\/image\/","url":"https:\/\/islamische-bestattung.de\/wp-content\/uploads\/2025\/11\/Al_Wasila_Logo_Vertikal.png","contentUrl":"https:\/\/islamische-bestattung.de\/wp-content\/uploads\/2025\/11\/Al_Wasila_Logo_Vertikal.png","width":714,"height":576,"caption":"Al-Wasila - Islamische Bestattung"},"image":{"@id":"https:\/\/islamische-bestattung.de\/ku\/#\/schema\/logo\/image\/"},"sameAs":["https:\/\/www.facebook.com\/share\/1GHnfgAohf\/?mibextid=wwXIfr","https:\/\/www.tiktok.com\/@alwasila.bestattung?_r=1&_t=ZG-92WkouZ6T8y","https:\/\/www.instagram.com\/islamischebestattung.alwasila?igsh=bnI1OHE5MTNydHBk&utm_source=qr"]}]}},"_links":{"self":[{"href":"https:\/\/islamische-bestattung.de\/ku\/wp-json\/wp\/v2\/pages\/988","targetHints":{"allow":["GET"]}}],"collection":[{"href":"https:\/\/islamische-bestattung.de\/ku\/wp-json\/wp\/v2\/pages"}],"about":[{"href":"https:\/\/islamische-bestattung.de\/ku\/wp-json\/wp\/v2\/types\/page"}],"author":[{"embeddable":true,"href":"https:\/\/islamische-bestattung.de\/ku\/wp-json\/wp\/v2\/users\/1"}],"replies":[{"embeddable":true,"href":"https:\/\/islamische-bestattung.de\/ku\/wp-json\/wp\/v2\/comments?post=988"}],"version-history":[{"count":2,"href":"https:\/\/islamische-bestattung.de\/ku\/wp-json\/wp\/v2\/pages\/988\/revisions"}],"predecessor-version":[{"id":990,"href":"https:\/\/islamische-bestattung.de\/ku\/wp-json\/wp\/v2\/pages\/988\/revisions\/990"}],"wp:attachment":[{"href":"https:\/\/islamische-bestattung.de\/ku\/wp-json\/wp\/v2\/media?parent=988"}],"curies":[{"name":"wp","href":"https:\/\/api.w.org\/{rel}","templated":true}]}}