{"id":1003,"date":"2025-12-10T20:40:31","date_gmt":"2025-12-10T20:40:31","guid":{"rendered":"https:\/\/islamische-bestattung.de\/hakkimizda\/"},"modified":"2026-02-01T13:53:34","modified_gmt":"2026-02-01T13:53:34","slug":"hakkimizda","status":"publish","type":"page","link":"https:\/\/islamische-bestattung.de\/tr\/hakkimizda\/","title":{"rendered":"Hakk\u0131m\u0131zda"},"content":{"rendered":"<p>[et_pb_section fb_built=&#8221;1&#8243; _builder_version=&#8221;4.27.4&#8243; _module_preset=&#8221;default&#8221; background_color=&#8221;#959d93&#8243; custom_margin=&#8221;0px||||false|false&#8221; custom_padding=&#8221;8px||8px||true|false&#8221; locked=&#8221;off&#8221; global_colors_info=&#8221;{}&#8221;][et_pb_row _builder_version=&#8221;4.27.4&#8243; _module_preset=&#8221;default&#8221; global_colors_info=&#8221;{}&#8221;][et_pb_column type=&#8221;4_4&#8243; _builder_version=&#8221;4.27.4&#8243; _module_preset=&#8221;default&#8221; global_colors_info=&#8221;{}&#8221;][et_pb_text admin_label=&#8221;Hero Title&#8221; _builder_version=&#8221;4.27.5&#8243; text_font=&#8221;Playfair Display||||||||&#8221; header_font=&#8221;Alice||||||||&#8221; header_text_color=&#8221;#FFFFFF&#8221; header_font_size=&#8221;53px&#8221; header_letter_spacing=&#8221;-3px&#8221; header_line_height=&#8221;1.1em&#8221; width=&#8221;75%&#8221; custom_margin=&#8221;||0px|&#8221; custom_padding=&#8221;|||&#8221; animation_style=&#8221;slide&#8221; animation_direction=&#8221;left&#8221; animation_intensity_slide=&#8221;5%&#8221; animation_starting_opacity=&#8221;100%&#8221; text_font_size_last_edited=&#8221;off|desktop&#8221; header_font_size_tablet=&#8221;&#8221; header_font_size_phone=&#8221;45px&#8221; header_font_size_last_edited=&#8221;on|phone&#8221; locked=&#8221;off&#8221; global_colors_info=&#8221;{}&#8221;]<\/p>\n<h1>Hakk\u0131m\u0131zda<\/h1>\n<p>[\/et_pb_text][\/et_pb_column][\/et_pb_row][\/et_pb_section][et_pb_section fb_built=&#8221;1&#8243; custom_padding_last_edited=&#8221;on|phone&#8221; _builder_version=&#8221;4.27.5&#8243; _module_preset=&#8221;default&#8221; custom_margin=&#8221;28px||||false|false&#8221; custom_margin_tablet=&#8221;28px||||false|false&#8221; custom_margin_phone=&#8221;15px||0px||false|false&#8221; custom_margin_last_edited=&#8221;on|phone&#8221; custom_padding=&#8221;0px||21px|||&#8221; custom_padding_tablet=&#8221;0px||21px|||&#8221; custom_padding_phone=&#8221;||0px||false|false&#8221; global_colors_info=&#8221;{}&#8221;][et_pb_row column_structure=&#8221;1_2,1_2&#8243; use_custom_gutter=&#8221;on&#8221; gutter_width=&#8221;2&#8243; custom_padding_last_edited=&#8221;on|phone&#8221; _builder_version=&#8221;4.27.5&#8243; _module_preset=&#8221;default&#8221; max_width_tablet=&#8221;&#8221; max_width_phone=&#8221;100%&#8221; max_width_last_edited=&#8221;on|phone&#8221; custom_margin_tablet=&#8221;&#8221; custom_margin_phone=&#8221;||0px||false|false&#8221; custom_margin_last_edited=&#8221;on|phone&#8221; custom_padding_tablet=&#8221;&#8221; custom_padding_phone=&#8221;||0px||false|false&#8221; global_colors_info=&#8221;{}&#8221;][et_pb_column type=&#8221;1_2&#8243; _builder_version=&#8221;4.27.5&#8243; _module_preset=&#8221;default&#8221; global_colors_info=&#8221;{}&#8221;][et_pb_text admin_label=&#8221;Title&#8221; _builder_version=&#8221;4.27.5&#8243; text_font=&#8221;||||||||&#8221; header_font=&#8221;||||||||&#8221; header_2_font=&#8221;Alice||||||||&#8221; header_2_text_align=&#8221;center&#8221; header_2_font_size=&#8221;42px&#8221; header_2_line_height=&#8221;1.3em&#8221; custom_margin=&#8221;||20px|&#8221; animation_style=&#8221;slide&#8221; animation_direction=&#8221;top&#8221; animation_intensity_slide=&#8221;30%&#8221; animation_starting_opacity=&#8221;100%&#8221; header_2_font_size_tablet=&#8221;42px&#8221; header_2_font_size_phone=&#8221;27px&#8221; header_2_font_size_last_edited=&#8221;on|phone&#8221; locked=&#8221;off&#8221; global_colors_info=&#8221;{}&#8221;]<\/p>\n<h2>Al-Wasila Hakk\u0131nda<\/h2>\n<p>[\/et_pb_text][et_pb_text disabled_on=&#8221;off|off|off&#8221; _builder_version=&#8221;4.27.5&#8243; _module_preset=&#8221;default&#8221; text_font=&#8221;||||||||&#8221; text_text_color=&#8221;#515151&#8243; text_font_size=&#8221;16px&#8221; text_line_height=&#8221;1.8em&#8221; custom_margin=&#8221;||10px|||&#8221; custom_padding=&#8221;|||&#8221; animation_style=&#8221;slide&#8221; animation_direction=&#8221;left&#8221; animation_intensity_slide=&#8221;5%&#8221; animation_starting_opacity=&#8221;100%&#8221; global_colors_info=&#8221;{}&#8221;]<\/p>\n<p>El-Ves\u00eele (\u0671\u0644\u0652\u0648\u064e\u0633\u0650\u064a\u0644\u064e\u0629) kelimesi kelime anlam\u0131 olarak \u201cara\u00e7, yakla\u015f\u0131m, ba\u011flant\u0131\u201d anlam\u0131na gelir. \u0130slami anlay\u0131\u015fta ise insan\u0131n Allah&#8217;a daha \u00e7ok yakla\u015fmas\u0131n\u0131 sa\u011flayan yolu ifade eder. <\/p>\n<p>Bu anlamda cenaze hizmetleri kurumumuza bu ad\u0131 verdik:<br \/>Al-Wasila, vefat durumunda sizin ba\u011flant\u0131n\u0131z ve destek\u00e7inizdir. Ayr\u0131l\u0131\u011f\u0131n ac\u0131s\u0131 a\u011f\u0131r bast\u0131\u011f\u0131nda size e\u015flik ediyor ve sevdiklerinizin \u0130slam\u00ee geleneklere uygun ve onurlu bir \u015fekilde defnedilmesini sa\u011fl\u0131yoruz. <\/p>\n<p>Almanya&#8217;daki ilk \u0130slami cenaze hizmeti ustas\u0131 olarak, on y\u0131l\u0131 a\u015fk\u0131n deneyimimizi dini y\u00fck\u00fcml\u00fcl\u00fckler konusundaki derin bilgimizle birle\u015ftiriyoruz. T\u00fcm dini ve organizasyonel ad\u0131mlar\u0131n sorumlulu\u011funu \u00fcstleniyoruz, b\u00f6ylece siz tamamen esas olana odaklanabilirsiniz:<br \/>vedala\u015fma ve an\u0131lar. <\/p>\n<p>B\u00f6ylece Al-Wasila sizin i\u00e7in bir &#8216;ara\u00e7&#8217; olacak; kelimelerin kifayetsiz kald\u0131\u011f\u0131 anlarda ta\u015f\u0131yan, kay\u0131p a\u011f\u0131r oldu\u011funda g\u00fc\u00e7 veren ve inanc\u0131n \u0131\u015f\u0131\u011f\u0131nda umut ve teselli ile size e\u015flik eden bir yard\u0131m.<\/p>\n<p>[\/et_pb_text][\/et_pb_column][et_pb_column type=&#8221;1_2&#8243; _builder_version=&#8221;4.27.5&#8243; _module_preset=&#8221;default&#8221; global_colors_info=&#8221;{}&#8221;][et_pb_image src=&#8221;https:\/\/islamische-bestattung.de\/wp-content\/uploads\/2025\/12\/alwasila_ueberuns2.jpg&#8221; title_text=&#8221;alwasila_hakk\u0131m\u0131zda2&#8243; align=&#8221;center&#8221; _builder_version=&#8221;4.27.5&#8243; _module_preset=&#8221;default&#8221; width=&#8221;70%&#8221; width_tablet=&#8221;70%&#8221; width_phone=&#8221;95%&#8221; width_last_edited=&#8221;on|phone&#8221; module_alignment=&#8221;center&#8221; global_colors_info=&#8221;{}&#8221;][\/et_pb_image][\/et_pb_column][\/et_pb_row][\/et_pb_section][et_pb_section fb_built=&#8221;1&#8243; custom_padding_last_edited=&#8221;on|phone&#8221; _builder_version=&#8221;4.27.5&#8243; _module_preset=&#8221;default&#8221; custom_margin=&#8221;28px||||false|false&#8221; custom_margin_tablet=&#8221;28px||||false|false&#8221; custom_margin_phone=&#8221;0px||0px||false|false&#8221; custom_margin_last_edited=&#8221;on|phone&#8221; custom_padding=&#8221;0px|||||&#8221; custom_padding_tablet=&#8221;0px|||||&#8221; custom_padding_phone=&#8221;||5px||false|false&#8221; global_colors_info=&#8221;{}&#8221;][et_pb_row column_structure=&#8221;1_2,1_2&#8243; use_custom_gutter=&#8221;on&#8221; gutter_width=&#8221;2&#8243; custom_padding_last_edited=&#8221;on|phone&#8221; _builder_version=&#8221;4.27.5&#8243; _module_preset=&#8221;default&#8221; custom_margin_tablet=&#8221;&#8221; custom_margin_phone=&#8221;0px||||false|false&#8221; custom_margin_last_edited=&#8221;on|phone&#8221; custom_padding_tablet=&#8221;&#8221; custom_padding_phone=&#8221;0px||||false|false&#8221; global_colors_info=&#8221;{}&#8221;][et_pb_column type=&#8221;1_2&#8243; _builder_version=&#8221;4.27.5&#8243; _module_preset=&#8221;default&#8221; global_colors_info=&#8221;{}&#8221;][et_pb_image src=&#8221;https:\/\/islamische-bestattung.de\/wp-content\/uploads\/2025\/12\/alwasila_ueberuns.jpg&#8221; title_text=&#8221;alwasila_hakk\u0131m\u0131zda&#8221; align=&#8221;center&#8221; disabled_on=&#8221;on|off|off&#8221; _builder_version=&#8221;4.27.5&#8243; _module_preset=&#8221;default&#8221; width=&#8221;83%&#8221; module_alignment=&#8221;center&#8221; global_colors_info=&#8221;{}&#8221;][\/et_pb_image][\/et_pb_column][et_pb_column type=&#8221;1_2&#8243; _builder_version=&#8221;4.27.5&#8243; _module_preset=&#8221;default&#8221; global_colors_info=&#8221;{}&#8221;][et_pb_text disabled_on=&#8221;off|off|off&#8221; _builder_version=&#8221;4.27.5&#8243; _module_preset=&#8221;default&#8221; text_font=&#8221;||||||||&#8221; text_text_color=&#8221;#515151&#8243; text_font_size=&#8221;16px&#8221; text_line_height=&#8221;1.8em&#8221; custom_margin=&#8221;||10px|||&#8221; custom_padding=&#8221;|||&#8221; animation_style=&#8221;slide&#8221; animation_direction=&#8221;left&#8221; animation_intensity_slide=&#8221;5%&#8221; animation_starting_opacity=&#8221;100%&#8221; global_colors_info=&#8221;{}&#8221;]<\/p>\n<p><strong>Muhammed Mehdi \u00d6ru\u00e7 Hakk\u0131nda<\/strong><\/p>\n<p>Muhammed Mehdi \u00d6ru\u00e7, Al-Wasila&#8217;n\u0131n kurucusudur ve \u0130slami cenaze hizmetlerindeki uzun y\u0131llara dayanan deneyimini sa\u011flam bir mesleki e\u011fitimle birle\u015ftirmektedir. \u015e\u0131rnakl\u0131 K\u00fcrt k\u00f6kenli olup, profesyonel hayat\u0131na Bavyera&#8217;da devam etmeden \u00f6nce Schleswig-Holstein&#8217;da b\u00fcy\u00fcm\u00fc\u015ft\u00fcr.<br \/>\u0130slami cenaze gelene\u011fiyle ilk kar\u015f\u0131la\u015fmas\u0131, 16 ya\u015f\u0131ndayken bir vefat eden ki\u015finin rit\u00fcel y\u0131kama i\u015flemine ilk kez kat\u0131lmas\u0131yla olmu\u015ftur. Bu deneyim, ona hayat\u0131n son b\u00f6l\u00fcm\u00fcnde insanlara hizmet etmenin getirdi\u011fi b\u00fcy\u00fck sorumlulu\u011fun bilincini a\u015f\u0131lam\u0131\u015ft\u0131r.  <\/p>\n<p>Muhammed Mehdi \u00d6ru\u00e7, 2015 y\u0131l\u0131ndan beri profesyonel cenaze hizmetleri alan\u0131nda faaliyet g\u00f6stermektedir. Bu s\u00fcre zarf\u0131nda onu derinden etkileyen ve kapsaml\u0131 pratik bilgiler edinmesini sa\u011flayan bir \u015firkette \u00e7al\u0131\u015fm\u0131\u015ft\u0131r. 2021 y\u0131l\u0131nda, \u0130slami gereklilikleri ve Alman yasal d\u00fczenlemelerini uzman bir \u015fekilde birle\u015ftirmek amac\u0131yla cenaze hizmetleri alan\u0131nda ustal\u0131k e\u011fitimine ba\u015flama karar\u0131 alm\u0131\u015ft\u0131r. Bu ad\u0131m, \u0130slami cenaze hizmetleri alan\u0131nda nadir g\u00f6r\u00fclse de, sorumlu ve yasalara uygun bir uygulama i\u00e7in \u00f6zellikle \u00f6nemlidir.<br \/>2025 y\u0131l\u0131nda Schleswig-Holstein&#8217;a d\u00f6nerek, Kuzey Almanya&#8217;daki M\u00fcsl\u00fcman toplulu\u011funa onurlu, g\u00fcvenilir ve dini a\u00e7\u0131dan otantik bir cenaze hizmeti sunmay\u0131 hedeflemektedir; Allah&#8217;\u0131n hizmetinde ve \u00fcmmetin iyili\u011fi i\u00e7in.  <\/p>\n<p>[\/et_pb_text][et_pb_image src=&#8221;https:\/\/islamische-bestattung.de\/wp-content\/uploads\/2025\/12\/alwasila_ueberuns.jpg&#8221; title_text=&#8221;alwasila_hakk\u0131m\u0131zda&#8221; align=&#8221;center&#8221; disabled_on=&#8221;off|on|on&#8221; _builder_version=&#8221;4.27.5&#8243; _module_preset=&#8221;default&#8221; width=&#8221;83%&#8221; width_tablet=&#8221;83%&#8221; width_phone=&#8221;95%&#8221; width_last_edited=&#8221;on|phone&#8221; module_alignment=&#8221;center&#8221; custom_margin_tablet=&#8221;&#8221; custom_margin_phone=&#8221;37px||||false|false&#8221; custom_margin_last_edited=&#8221;on|phone&#8221; custom_padding_tablet=&#8221;&#8221; custom_padding_phone=&#8221;&#8221; custom_padding_last_edited=&#8221;on|phone&#8221; hover_enabled=&#8221;0&#8243; global_colors_info=&#8221;{}&#8221; sticky_enabled=&#8221;0&#8243;][\/et_pb_image][\/et_pb_column][\/et_pb_row][et_pb_row _builder_version=&#8221;4.27.5&#8243; _module_preset=&#8221;default&#8221; custom_margin=&#8221;|auto|20px|auto||&#8221; global_colors_info=&#8221;{}&#8221;][et_pb_column type=&#8221;4_4&#8243; _builder_version=&#8221;4.27.5&#8243; _module_preset=&#8221;default&#8221; global_colors_info=&#8221;{}&#8221;][et_pb_button button_url=&#8221;\/#kontakt&#8221; button_text=&#8221;Bize Ula\u015f\u0131n&#8221; button_alignment=&#8221;center&#8221; button_alignment_tablet=&#8221;right&#8221; button_alignment_phone=&#8221;center&#8221; button_alignment_last_edited=&#8221;on|desktop&#8221; disabled_on=&#8221;off|off|off&#8221; _builder_version=&#8221;4.27.5&#8243; _module_preset=&#8221;default&#8221; custom_button=&#8221;on&#8221; button_text_color=&#8221;#000000&#8243; custom_margin=&#8221;-1px|||||&#8221; locked=&#8221;off&#8221; global_colors_info=&#8221;{}&#8221;][\/et_pb_button][\/et_pb_column][\/et_pb_row][\/et_pb_section]<\/p>\n","protected":false},"excerpt":{"rendered":"<p>Hakk\u0131m\u0131zdaAl-Wasila Hakk\u0131ndaEl-Ves\u00eele (\u0671\u0644\u0652\u0648\u064e\u0633\u0650\u064a\u0644\u064e\u0629) kelimesi kelime anlam\u0131 olarak \u201cara\u00e7, yakla\u015f\u0131m, ba\u011flant\u0131\u201d anlam\u0131na gelir. \u0130slami anlay\u0131\u015fta ise insan\u0131n Allah&#8217;a daha \u00e7ok yakla\u015fmas\u0131n\u0131 sa\u011flayan yolu ifade eder. Bu anlamda cenaze hizmetleri kurumumuza bu ad\u0131 verdik:Al-Wasila, vefat durumunda sizin ba\u011flant\u0131n\u0131z ve destek\u00e7inizdir. Ayr\u0131l\u0131\u011f\u0131n ac\u0131s\u0131 a\u011f\u0131r bast\u0131\u011f\u0131nda size e\u015flik ediyor ve sevdiklerinizin \u0130slam\u00ee geleneklere uygun ve onurlu bir \u015fekilde defnedilmesini [&hellip;]<\/p>\n","protected":false},"author":1,"featured_media":0,"parent":0,"menu_order":0,"comment_status":"closed","ping_status":"closed","template":"","meta":{"_et_pb_use_builder":"on","_et_pb_old_content":"","_et_gb_content_width":"","footnotes":""},"class_list":["post-1003","page","type-page","status-publish","hentry"],"yoast_head":"<!-- This site is optimized with the Yoast SEO plugin v27.5 - https:\/\/yoast.com\/product\/yoast-seo-wordpress\/ -->\n<title>Hakk\u0131m\u0131zda - Al-Wasila - Islamische Bestattung<\/title>\n<meta name=\"robots\" content=\"index, follow, max-snippet:-1, max-image-preview:large, max-video-preview:-1\" \/>\n<link rel=\"canonical\" href=\"https:\/\/islamische-bestattung.de\/tr\/hakkimizda\/\" \/>\n<meta property=\"og:locale\" content=\"tr_TR\" \/>\n<meta property=\"og:type\" content=\"article\" \/>\n<meta property=\"og:title\" content=\"Hakk\u0131m\u0131zda - Al-Wasila - Islamische Bestattung\" \/>\n<meta property=\"og:description\" content=\"Hakk\u0131m\u0131zdaAl-Wasila Hakk\u0131ndaEl-Ves\u00eele (\u0671\u0644\u0652\u0648\u064e\u0633\u0650\u064a\u0644\u064e\u0629) kelimesi kelime anlam\u0131 olarak \u201cara\u00e7, yakla\u015f\u0131m, ba\u011flant\u0131\u201d anlam\u0131na gelir. \u0130slami anlay\u0131\u015fta ise insan\u0131n Allah&#039;a daha \u00e7ok yakla\u015fmas\u0131n\u0131 sa\u011flayan yolu ifade eder. Bu anlamda cenaze hizmetleri kurumumuza bu ad\u0131 verdik:Al-Wasila, vefat durumunda sizin ba\u011flant\u0131n\u0131z ve destek\u00e7inizdir. Ayr\u0131l\u0131\u011f\u0131n ac\u0131s\u0131 a\u011f\u0131r bast\u0131\u011f\u0131nda size e\u015flik ediyor ve sevdiklerinizin \u0130slam\u00ee geleneklere uygun ve onurlu bir \u015fekilde defnedilmesini [&hellip;]\" \/>\n<meta property=\"og:url\" content=\"https:\/\/islamische-bestattung.de\/tr\/hakkimizda\/\" \/>\n<meta property=\"og:site_name\" content=\"Al-Wasila - Islamische Bestattung\" \/>\n<meta property=\"article:publisher\" content=\"https:\/\/www.facebook.com\/share\/1GHnfgAohf\/?mibextid=wwXIfr\" \/>\n<meta property=\"article:modified_time\" content=\"2026-02-01T13:53:34+00:00\" \/>\n<meta name=\"twitter:card\" content=\"summary_large_image\" \/>\n<meta name=\"twitter:label1\" content=\"Tahmini okuma s\u00fcresi\" \/>\n\t<meta name=\"twitter:data1\" content=\"6 dakika\" \/>\n<script type=\"application\/ld+json\" class=\"yoast-schema-graph\">{\"@context\":\"https:\\\/\\\/schema.org\",\"@graph\":[{\"@type\":\"WebPage\",\"@id\":\"https:\\\/\\\/islamische-bestattung.de\\\/tr\\\/hakkimizda\\\/\",\"url\":\"https:\\\/\\\/islamische-bestattung.de\\\/tr\\\/hakkimizda\\\/\",\"name\":\"Hakk\u0131m\u0131zda - Al-Wasila - Islamische Bestattung\",\"isPartOf\":{\"@id\":\"https:\\\/\\\/islamische-bestattung.de\\\/tr\\\/#website\"},\"datePublished\":\"2025-12-10T20:40:31+00:00\",\"dateModified\":\"2026-02-01T13:53:34+00:00\",\"breadcrumb\":{\"@id\":\"https:\\\/\\\/islamische-bestattung.de\\\/tr\\\/hakkimizda\\\/#breadcrumb\"},\"inLanguage\":\"tr\",\"potentialAction\":[{\"@type\":\"ReadAction\",\"target\":[\"https:\\\/\\\/islamische-bestattung.de\\\/tr\\\/hakkimizda\\\/\"]}]},{\"@type\":\"BreadcrumbList\",\"@id\":\"https:\\\/\\\/islamische-bestattung.de\\\/tr\\\/hakkimizda\\\/#breadcrumb\",\"itemListElement\":[{\"@type\":\"ListItem\",\"position\":1,\"name\":\"Start\",\"item\":\"https:\\\/\\\/islamische-bestattung.de\\\/tr\\\/\"},{\"@type\":\"ListItem\",\"position\":2,\"name\":\"Hakk\u0131m\u0131zda\"}]},{\"@type\":\"WebSite\",\"@id\":\"https:\\\/\\\/islamische-bestattung.de\\\/tr\\\/#website\",\"url\":\"https:\\\/\\\/islamische-bestattung.de\\\/tr\\\/\",\"name\":\"Al-Wasila - Islamische Bestattung\",\"description\":\"Erster islamischer Meisterbetrieb im Bestattungswesen in Deutschland\",\"publisher\":{\"@id\":\"https:\\\/\\\/islamische-bestattung.de\\\/tr\\\/#organization\"},\"potentialAction\":[{\"@type\":\"SearchAction\",\"target\":{\"@type\":\"EntryPoint\",\"urlTemplate\":\"https:\\\/\\\/islamische-bestattung.de\\\/tr\\\/?s={search_term_string}\"},\"query-input\":{\"@type\":\"PropertyValueSpecification\",\"valueRequired\":true,\"valueName\":\"search_term_string\"}}],\"inLanguage\":\"tr\"},{\"@type\":\"Organization\",\"@id\":\"https:\\\/\\\/islamische-bestattung.de\\\/tr\\\/#organization\",\"name\":\"Al-Wasila - Islamische Bestattung\",\"url\":\"https:\\\/\\\/islamische-bestattung.de\\\/tr\\\/\",\"logo\":{\"@type\":\"ImageObject\",\"inLanguage\":\"tr\",\"@id\":\"https:\\\/\\\/islamische-bestattung.de\\\/tr\\\/#\\\/schema\\\/logo\\\/image\\\/\",\"url\":\"https:\\\/\\\/islamische-bestattung.de\\\/wp-content\\\/uploads\\\/2025\\\/11\\\/Al_Wasila_Logo_Vertikal.png\",\"contentUrl\":\"https:\\\/\\\/islamische-bestattung.de\\\/wp-content\\\/uploads\\\/2025\\\/11\\\/Al_Wasila_Logo_Vertikal.png\",\"width\":714,\"height\":576,\"caption\":\"Al-Wasila - Islamische Bestattung\"},\"image\":{\"@id\":\"https:\\\/\\\/islamische-bestattung.de\\\/tr\\\/#\\\/schema\\\/logo\\\/image\\\/\"},\"sameAs\":[\"https:\\\/\\\/www.facebook.com\\\/share\\\/1GHnfgAohf\\\/?mibextid=wwXIfr\",\"https:\\\/\\\/www.tiktok.com\\\/@alwasila.bestattung?_r=1&_t=ZG-92WkouZ6T8y\",\"https:\\\/\\\/www.instagram.com\\\/islamischebestattung.alwasila?igsh=bnI1OHE5MTNydHBk&utm_source=qr\"]}]}<\/script>\n<!-- \/ Yoast SEO plugin. -->","yoast_head_json":{"title":"Hakk\u0131m\u0131zda - Al-Wasila - Islamische Bestattung","robots":{"index":"index","follow":"follow","max-snippet":"max-snippet:-1","max-image-preview":"max-image-preview:large","max-video-preview":"max-video-preview:-1"},"canonical":"https:\/\/islamische-bestattung.de\/tr\/hakkimizda\/","og_locale":"tr_TR","og_type":"article","og_title":"Hakk\u0131m\u0131zda - Al-Wasila - Islamische Bestattung","og_description":"Hakk\u0131m\u0131zdaAl-Wasila Hakk\u0131ndaEl-Ves\u00eele (\u0671\u0644\u0652\u0648\u064e\u0633\u0650\u064a\u0644\u064e\u0629) kelimesi kelime anlam\u0131 olarak \u201cara\u00e7, yakla\u015f\u0131m, ba\u011flant\u0131\u201d anlam\u0131na gelir. \u0130slami anlay\u0131\u015fta ise insan\u0131n Allah'a daha \u00e7ok yakla\u015fmas\u0131n\u0131 sa\u011flayan yolu ifade eder. Bu anlamda cenaze hizmetleri kurumumuza bu ad\u0131 verdik:Al-Wasila, vefat durumunda sizin ba\u011flant\u0131n\u0131z ve destek\u00e7inizdir. Ayr\u0131l\u0131\u011f\u0131n ac\u0131s\u0131 a\u011f\u0131r bast\u0131\u011f\u0131nda size e\u015flik ediyor ve sevdiklerinizin \u0130slam\u00ee geleneklere uygun ve onurlu bir \u015fekilde defnedilmesini [&hellip;]","og_url":"https:\/\/islamische-bestattung.de\/tr\/hakkimizda\/","og_site_name":"Al-Wasila - Islamische Bestattung","article_publisher":"https:\/\/www.facebook.com\/share\/1GHnfgAohf\/?mibextid=wwXIfr","article_modified_time":"2026-02-01T13:53:34+00:00","twitter_card":"summary_large_image","twitter_misc":{"Tahmini okuma s\u00fcresi":"6 dakika"},"schema":{"@context":"https:\/\/schema.org","@graph":[{"@type":"WebPage","@id":"https:\/\/islamische-bestattung.de\/tr\/hakkimizda\/","url":"https:\/\/islamische-bestattung.de\/tr\/hakkimizda\/","name":"Hakk\u0131m\u0131zda - Al-Wasila - Islamische Bestattung","isPartOf":{"@id":"https:\/\/islamische-bestattung.de\/tr\/#website"},"datePublished":"2025-12-10T20:40:31+00:00","dateModified":"2026-02-01T13:53:34+00:00","breadcrumb":{"@id":"https:\/\/islamische-bestattung.de\/tr\/hakkimizda\/#breadcrumb"},"inLanguage":"tr","potentialAction":[{"@type":"ReadAction","target":["https:\/\/islamische-bestattung.de\/tr\/hakkimizda\/"]}]},{"@type":"BreadcrumbList","@id":"https:\/\/islamische-bestattung.de\/tr\/hakkimizda\/#breadcrumb","itemListElement":[{"@type":"ListItem","position":1,"name":"Start","item":"https:\/\/islamische-bestattung.de\/tr\/"},{"@type":"ListItem","position":2,"name":"Hakk\u0131m\u0131zda"}]},{"@type":"WebSite","@id":"https:\/\/islamische-bestattung.de\/tr\/#website","url":"https:\/\/islamische-bestattung.de\/tr\/","name":"Al-Wasila - Islamische Bestattung","description":"Erster islamischer Meisterbetrieb im Bestattungswesen in Deutschland","publisher":{"@id":"https:\/\/islamische-bestattung.de\/tr\/#organization"},"potentialAction":[{"@type":"SearchAction","target":{"@type":"EntryPoint","urlTemplate":"https:\/\/islamische-bestattung.de\/tr\/?s={search_term_string}"},"query-input":{"@type":"PropertyValueSpecification","valueRequired":true,"valueName":"search_term_string"}}],"inLanguage":"tr"},{"@type":"Organization","@id":"https:\/\/islamische-bestattung.de\/tr\/#organization","name":"Al-Wasila - Islamische Bestattung","url":"https:\/\/islamische-bestattung.de\/tr\/","logo":{"@type":"ImageObject","inLanguage":"tr","@id":"https:\/\/islamische-bestattung.de\/tr\/#\/schema\/logo\/image\/","url":"https:\/\/islamische-bestattung.de\/wp-content\/uploads\/2025\/11\/Al_Wasila_Logo_Vertikal.png","contentUrl":"https:\/\/islamische-bestattung.de\/wp-content\/uploads\/2025\/11\/Al_Wasila_Logo_Vertikal.png","width":714,"height":576,"caption":"Al-Wasila - Islamische Bestattung"},"image":{"@id":"https:\/\/islamische-bestattung.de\/tr\/#\/schema\/logo\/image\/"},"sameAs":["https:\/\/www.facebook.com\/share\/1GHnfgAohf\/?mibextid=wwXIfr","https:\/\/www.tiktok.com\/@alwasila.bestattung?_r=1&_t=ZG-92WkouZ6T8y","https:\/\/www.instagram.com\/islamischebestattung.alwasila?igsh=bnI1OHE5MTNydHBk&utm_source=qr"]}]}},"_links":{"self":[{"href":"https:\/\/islamische-bestattung.de\/tr\/wp-json\/wp\/v2\/pages\/1003","targetHints":{"allow":["GET"]}}],"collection":[{"href":"https:\/\/islamische-bestattung.de\/tr\/wp-json\/wp\/v2\/pages"}],"about":[{"href":"https:\/\/islamische-bestattung.de\/tr\/wp-json\/wp\/v2\/types\/page"}],"author":[{"embeddable":true,"href":"https:\/\/islamische-bestattung.de\/tr\/wp-json\/wp\/v2\/users\/1"}],"replies":[{"embeddable":true,"href":"https:\/\/islamische-bestattung.de\/tr\/wp-json\/wp\/v2\/comments?post=1003"}],"version-history":[{"count":2,"href":"https:\/\/islamische-bestattung.de\/tr\/wp-json\/wp\/v2\/pages\/1003\/revisions"}],"predecessor-version":[{"id":1005,"href":"https:\/\/islamische-bestattung.de\/tr\/wp-json\/wp\/v2\/pages\/1003\/revisions\/1005"}],"wp:attachment":[{"href":"https:\/\/islamische-bestattung.de\/tr\/wp-json\/wp\/v2\/media?parent=1003"}],"curies":[{"name":"wp","href":"https:\/\/api.w.org\/{rel}","templated":true}]}}