{"id":1042,"date":"2025-12-19T07:57:39","date_gmt":"2025-12-19T07:57:39","guid":{"rendered":"https:\/\/islamische-bestattung.de\/yas-danismanligi-ve-islami-manevi-bakim\/"},"modified":"2026-02-01T14:08:56","modified_gmt":"2026-02-01T14:08:56","slug":"yas-danismanligi-ve-islami-manevi-bakim","status":"publish","type":"page","link":"https:\/\/islamische-bestattung.de\/tr\/yas-danismanligi-ve-islami-manevi-bakim\/","title":{"rendered":"Yas dan\u0131\u015fmanl\u0131\u011f\u0131 ve \u0130slami manevi bak\u0131m"},"content":{"rendered":"<p>[et_pb_section fb_built=&#8221;1&#8243; _builder_version=&#8221;4.27.4&#8243; _module_preset=&#8221;default&#8221; background_color=&#8221;#959d93&#8243; custom_margin=&#8221;0px||||false|false&#8221; custom_padding=&#8221;8px||8px||true|false&#8221; locked=&#8221;off&#8221; global_colors_info=&#8221;{}&#8221;][et_pb_row _builder_version=&#8221;4.27.4&#8243; _module_preset=&#8221;default&#8221; global_colors_info=&#8221;{}&#8221;][et_pb_column type=&#8221;4_4&#8243; _builder_version=&#8221;4.27.4&#8243; _module_preset=&#8221;default&#8221; global_colors_info=&#8221;{}&#8221;][et_pb_text admin_label=&#8221;Hero Title&#8221; _builder_version=&#8221;4.27.5&#8243; text_font=&#8221;Playfair Display||||||||&#8221; header_font=&#8221;Alice||||||||&#8221; header_text_color=&#8221;#FFFFFF&#8221; header_font_size=&#8221;53px&#8221; header_letter_spacing=&#8221;-1px&#8221; header_line_height=&#8221;1.1em&#8221; width=&#8221;75%&#8221; custom_margin=&#8221;||0px|&#8221; custom_padding=&#8221;|||&#8221; animation_style=&#8221;slide&#8221; animation_direction=&#8221;left&#8221; animation_intensity_slide=&#8221;5%&#8221; animation_starting_opacity=&#8221;100%&#8221; header_font_size_tablet=&#8221;&#8221; header_font_size_phone=&#8221;33px&#8221; header_font_size_last_edited=&#8221;on|phone&#8221; locked=&#8221;off&#8221; global_colors_info=&#8221;{}&#8221; hover_enabled=&#8221;0&#8243; sticky_enabled=&#8221;0&#8243;]<\/p>\n<h1>Yas dan\u0131\u015fmanl\u0131\u011f\u0131 ve \u0130slami manevi bak\u0131m<\/h1>\n<p>[\/et_pb_text][\/et_pb_column][\/et_pb_row][\/et_pb_section][et_pb_section fb_built=&#8221;1&#8243; custom_padding_last_edited=&#8221;on|phone&#8221; _builder_version=&#8221;4.27.5&#8243; _module_preset=&#8221;default&#8221; custom_margin=&#8221;50px||||false|false&#8221; custom_margin_tablet=&#8221;50px||||false|false&#8221; custom_margin_phone=&#8221;0px||||false|false&#8221; custom_margin_last_edited=&#8221;on|phone&#8221; custom_padding=&#8221;24px||105px|||&#8221; custom_padding_tablet=&#8221;24px||105px|||&#8221; custom_padding_phone=&#8221;24px||74px||false|false&#8221; global_colors_info=&#8221;{}&#8221;][et_pb_row _builder_version=&#8221;4.27.4&#8243; _module_preset=&#8221;default&#8221; max_width=&#8221;100%&#8221; custom_padding=&#8221;||0px|||&#8221; global_colors_info=&#8221;{}&#8221;][et_pb_column type=&#8221;4_4&#8243; _builder_version=&#8221;4.27.4&#8243; _module_preset=&#8221;default&#8221; global_colors_info=&#8221;{}&#8221;][et_pb_text admin_label=&#8221;Title&#8221; _builder_version=&#8221;4.27.5&#8243; text_font=&#8221;||||||||&#8221; header_font=&#8221;||||||||&#8221; header_2_font=&#8221;Alice||||||||&#8221; header_2_text_align=&#8221;center&#8221; header_2_font_size=&#8221;42px&#8221; header_2_line_height=&#8221;1.3em&#8221; custom_margin=&#8221;||20px|&#8221; animation_style=&#8221;slide&#8221; animation_direction=&#8221;top&#8221; animation_intensity_slide=&#8221;30%&#8221; animation_starting_opacity=&#8221;100%&#8221; header_2_font_size_tablet=&#8221;42px&#8221; header_2_font_size_phone=&#8221;27px&#8221; header_2_font_size_last_edited=&#8221;on|phone&#8221; locked=&#8221;off&#8221; global_colors_info=&#8221;{}&#8221;]<\/p>\n<h2>\u0130slami manevi bak\u0131m \u2013 Dinlemek. E\u015flik etmek. Umut vermek.  <\/h2>\n<p>[\/et_pb_text][et_pb_text disabled_on=&#8221;off|off|off&#8221; _builder_version=&#8221;4.27.5&#8243; text_font=&#8221;||||||||&#8221; text_font_size=&#8221;16px&#8221; text_line_height=&#8221;1.8em&#8221; custom_margin=&#8221;||19px|||&#8221; custom_padding=&#8221;|||&#8221; animation_style=&#8221;slide&#8221; animation_direction=&#8221;left&#8221; animation_intensity_slide=&#8221;5%&#8221; animation_starting_opacity=&#8221;100%&#8221; locked=&#8221;off&#8221; global_colors_info=&#8221;{}&#8221;]<\/p>\n<p>\u0130slami manevi bak\u0131m, insanlar\u0131 bulunduklar\u0131 noktada, yani endi\u015felerinde, sorular\u0131nda, krizlerinde ve anlam aray\u0131\u015flar\u0131nda kar\u015f\u0131lamak anlam\u0131na gelir.<br \/>Bir tabu de\u011fil, bir rahatlama, g\u00fcven ve g\u00fc\u00e7lenme yeridir.<br \/><strong><\/strong><\/p>\n<p><strong>E\u015flik ediyoruz:<\/strong><br \/><strong>\u2022 \u0130nan\u00e7 konular\u0131nda ve manevi y\u00f6nlendirmede<\/strong><br \/><strong>\u2022 Yas, hastal\u0131k, \u00f6l\u00fcm ve vedala\u015fma s\u00fcre\u00e7lerinde<\/strong><br \/><strong>\u2022 \u00c7at\u0131\u015fmalarda, ailevi y\u00fcklerde veya ya\u015fam ge\u00e7i\u015flerinde<\/strong><br \/><strong>\u2022 Yaln\u0131zl\u0131k, korku, umutsuzluk veya a\u015f\u0131r\u0131 y\u00fcklenme durumlar\u0131nda<\/strong><br \/><strong>\u2022 Gen\u00e7lerin, yeti\u015fkinlerin ve ya\u015fl\u0131lar\u0131n krizlerinde<\/strong><\/p>\n<p>\u0130slami manevi bak\u0131m bir konu\u015fmadan \u00e7ok daha fazlas\u0131d\u0131r.<br \/>\u015eunlar\u0131 kapsar: Dinleme, yans\u0131tma, tezkiye (i\u00e7sel temizlik), rit\u00fcellerde e\u015flik etme, psikososyal destek, yas dan\u0131\u015fmanl\u0131\u011f\u0131 ve pratik yard\u0131m \u2013 ister hastanede, ister camide, ister hapishanede, ister acil servislerde, ailelerde veya \u00e7evrimi\u00e7i ortamda.<\/p>\n<p><strong>G\u00f6revimiz:<\/strong><br \/><strong>Sessiz kalmak yerine cesaretlendirmek.<\/strong><br \/><strong>Yarg\u0131lamak yerine umut a\u015f\u0131lamak.<\/strong><br \/><strong>Yaln\u0131z b\u0131rakmak yerine yol g\u00f6stermek.<\/strong><\/p>\n<p>Soru soran g\u00fc\u00e7 g\u00f6sterir.<br \/>Konu\u015fan yollar bulur.<br \/>E\u015flik edilen yeni kap\u0131lar ke\u015ffeder.<\/p>\n<p>T\u00fcm insanlar\u0131n ihtiya\u00e7lar\u0131n\u0131 kar\u015f\u0131lamak i\u00e7in, <strong>hem bir kad\u0131n hem de bir erkek \u0130slami manevi dan\u0131\u015fman<\/strong> hizmetinizdedir.<br \/>B\u00f6ylece kad\u0131nlar, erkekler, gen\u00e7ler ve aileler kendileri i\u00e7in g\u00fcvenli, uygun ve g\u00fcvenilir hissettiren bir destek se\u00e7ebilirler.<\/p>\n<p>G\u00fc\u00e7l\u00fc, ulusal d\u00fczeyde a\u011f kurmu\u015f bir toplulukta \u00e7al\u0131\u015f\u0131yoruz.<br \/>Yard\u0131mc\u0131 olmas\u0131 durumunda, <strong>k\u00fclt\u00fcrel \u00e7evrenizden veya ana dilinizde manevi dan\u0131\u015fmanlar ayarlayabiliriz<\/strong> \u2013 \u00e7\u00fcnk\u00fc ileti\u015fim sadece konu\u015fmaktan de\u011fil, anlamaktan ge\u00e7er.<\/p>\n<p>Manevi destek ki\u015fiseldir. Bu nedenle mahremiyete, bireysel ya\u015fam yollar\u0131na ve k\u00fclt\u00fcrel ge\u00e7mi\u015flere sayg\u0131 duyuyoruz.<br \/>\u0130ster sohbette, ister krizlerde, ister yas, hastal\u0131k, y\u00f6n aray\u0131\u015f\u0131 veya dini sorularda: <br \/><strong>Size kimin e\u015flik edece\u011fine siz karar verirsiniz<\/strong><\/p>\n<p>Sizi davet ediyoruz: Bizimle konu\u015fun \u2013 anonim, g\u00fcvenilir ve yarg\u0131s\u0131z bir \u015fekilde.<\/p>\n<p>[\/et_pb_text][\/et_pb_column][\/et_pb_row][et_pb_row custom_padding_last_edited=&#8221;on|phone&#8221; _builder_version=&#8221;4.27.5&#8243; _module_preset=&#8221;default&#8221; max_width=&#8221;100%&#8221; custom_margin_tablet=&#8221;&#8221; custom_margin_phone=&#8221;&#8221; custom_margin_last_edited=&#8221;on|phone&#8221; custom_padding=&#8221;48px||0px|||&#8221; custom_padding_tablet=&#8221;48px||0px|||&#8221; custom_padding_phone=&#8221;9px||||false|false&#8221; global_colors_info=&#8221;{}&#8221;][et_pb_column type=&#8221;4_4&#8243; _builder_version=&#8221;4.27.5&#8243; _module_preset=&#8221;default&#8221; background_enable_color=&#8221;off&#8221; global_colors_info=&#8221;{}&#8221;][et_pb_text disabled_on=&#8221;off|off|off&#8221; _builder_version=&#8221;4.27.5&#8243; _module_preset=&#8221;default&#8221; text_font=&#8221;||||||||&#8221; text_font_size=&#8221;16px&#8221; text_line_height=&#8221;1.8em&#8221; link_text_color=&#8221;#c1a01d&#8221; custom_margin=&#8221;||19px|||&#8221; custom_padding=&#8221;|||&#8221; animation_style=&#8221;slide&#8221; animation_direction=&#8221;left&#8221; animation_intensity_slide=&#8221;5%&#8221; animation_starting_opacity=&#8221;100%&#8221; global_colors_info=&#8221;{}&#8221;]<\/p>\n<p style=\"text-align: center;\"><strong>Nitelendirme detaylar\u0131<\/strong><\/p>\n<p><a href=\"https:\/\/www.muslimische-seelsorge.de\/\"><img loading=\"lazy\" decoding=\"async\" src=\"https:\/\/islamische-bestattung.de\/wp-content\/uploads\/2025\/12\/Bunt_AfmS_Logo-242x300.png\" width=\"100\" height=\"124\" alt=\"\" class=\"wp-image-481 alignnone size-medium\" style=\"display: block; margin-left: auto; margin-right: auto;\"><\/a><\/p>\n<p style=\"text-align: justify;\">\u0130slami manevi bak\u0131m\u0131m\u0131z, <a href=\"https:\/\/www.muslimische-seelsorge.de\/\" target=\"_blank\" rel=\"noopener\">Akademie f\u00fcr muslimische Seelsorge e.V.<\/a> taraf\u0131ndan e\u011fitilmi\u015f nitelikli kad\u0131n ve erkek manevi dan\u0131\u015fmanlar taraf\u0131ndan sa\u011flanmaktad\u0131r. Bu sayede, zor anlarda olanlara sorumlu bir \u015fekilde e\u015flik etmek i\u00e7in, mesleki yetkinli\u011fi empati ve net bir \u0130slami anlay\u0131\u015fla birle\u015ftiriyoruz. <\/p>\n<p>&nbsp;<\/p>\n<p>[\/et_pb_text][\/et_pb_column][\/et_pb_row][et_pb_row column_structure=&#8221;1_2,1_2&#8243; use_custom_gutter=&#8221;on&#8221; gutter_width=&#8221;2&#8243; _builder_version=&#8221;4.27.4&#8243; _module_preset=&#8221;default&#8221; custom_padding=&#8221;1px||0px||false|false&#8221; locked=&#8221;off&#8221; global_colors_info=&#8221;{}&#8221;][et_pb_column type=&#8221;1_2&#8243; _builder_version=&#8221;4.27.4&#8243; _module_preset=&#8221;default&#8221; global_colors_info=&#8221;{}&#8221;][et_pb_button button_url=&#8221;tel:+4945139733733&#8243; button_text=&#8221;Ara&#8221; button_alignment=&#8221;right&#8221; button_alignment_tablet=&#8221;right&#8221; button_alignment_phone=&#8221;center&#8221; button_alignment_last_edited=&#8221;on|desktop&#8221; _builder_version=&#8221;4.27.5&#8243; _module_preset=&#8221;default&#8221; custom_button=&#8221;on&#8221; button_text_color=&#8221;#000000&#8243; global_colors_info=&#8221;{}&#8221;][\/et_pb_button][\/et_pb_column][et_pb_column type=&#8221;1_2&#8243; _builder_version=&#8221;4.27.4&#8243; _module_preset=&#8221;default&#8221; global_colors_info=&#8221;{}&#8221;][et_pb_button button_url=&#8221;mailto:info@al-wasila.de&#8221; button_text=&#8221;E-posta&#8221; button_alignment=&#8221;left&#8221; button_alignment_tablet=&#8221;right&#8221; button_alignment_phone=&#8221;center&#8221; button_alignment_last_edited=&#8221;on|desktop&#8221; _builder_version=&#8221;4.27.5&#8243; _module_preset=&#8221;default&#8221; custom_button=&#8221;on&#8221; button_text_color=&#8221;#000000&#8243; global_colors_info=&#8221;{}&#8221;][\/et_pb_button][\/et_pb_column][\/et_pb_row][\/et_pb_section]<\/p>\n","protected":false},"excerpt":{"rendered":"<p>Yas dan\u0131\u015fmanl\u0131\u011f\u0131 ve \u0130slami manevi bak\u0131m\u0130slami manevi bak\u0131m \u2013 Dinlemek. E\u015flik etmek. Umut vermek. \u0130slami manevi bak\u0131m, insanlar\u0131 bulunduklar\u0131 noktada, yani endi\u015felerinde, sorular\u0131nda, krizlerinde ve anlam aray\u0131\u015flar\u0131nda kar\u015f\u0131lamak anlam\u0131na gelir.Bir tabu de\u011fil, bir rahatlama, g\u00fcven ve g\u00fc\u00e7lenme yeridir. E\u015flik ediyoruz:\u2022 \u0130nan\u00e7 konular\u0131nda ve manevi y\u00f6nlendirmede\u2022 Yas, hastal\u0131k, \u00f6l\u00fcm ve vedala\u015fma s\u00fcre\u00e7lerinde\u2022 \u00c7at\u0131\u015fmalarda, ailevi y\u00fcklerde veya [&hellip;]<\/p>\n","protected":false},"author":1,"featured_media":0,"parent":0,"menu_order":0,"comment_status":"closed","ping_status":"closed","template":"","meta":{"_et_pb_use_builder":"on","_et_pb_old_content":"","_et_gb_content_width":"","footnotes":""},"class_list":["post-1042","page","type-page","status-publish","hentry"],"yoast_head":"<!-- This site is optimized with the Yoast SEO plugin v27.5 - https:\/\/yoast.com\/product\/yoast-seo-wordpress\/ -->\n<title>Yas dan\u0131\u015fmanl\u0131\u011f\u0131 ve \u0130slami manevi bak\u0131m - Al-Wasila - Islamische Bestattung<\/title>\n<meta name=\"robots\" content=\"index, follow, max-snippet:-1, max-image-preview:large, max-video-preview:-1\" \/>\n<link rel=\"canonical\" href=\"https:\/\/islamische-bestattung.de\/tr\/yas-danismanligi-ve-islami-manevi-bakim\/\" \/>\n<meta property=\"og:locale\" content=\"tr_TR\" \/>\n<meta property=\"og:type\" content=\"article\" \/>\n<meta property=\"og:title\" content=\"Yas dan\u0131\u015fmanl\u0131\u011f\u0131 ve \u0130slami manevi bak\u0131m - Al-Wasila - Islamische Bestattung\" \/>\n<meta property=\"og:description\" content=\"Yas dan\u0131\u015fmanl\u0131\u011f\u0131 ve \u0130slami manevi bak\u0131m\u0130slami manevi bak\u0131m \u2013 Dinlemek. E\u015flik etmek. Umut vermek. \u0130slami manevi bak\u0131m, insanlar\u0131 bulunduklar\u0131 noktada, yani endi\u015felerinde, sorular\u0131nda, krizlerinde ve anlam aray\u0131\u015flar\u0131nda kar\u015f\u0131lamak anlam\u0131na gelir.Bir tabu de\u011fil, bir rahatlama, g\u00fcven ve g\u00fc\u00e7lenme yeridir. E\u015flik ediyoruz:\u2022 \u0130nan\u00e7 konular\u0131nda ve manevi y\u00f6nlendirmede\u2022 Yas, hastal\u0131k, \u00f6l\u00fcm ve vedala\u015fma s\u00fcre\u00e7lerinde\u2022 \u00c7at\u0131\u015fmalarda, ailevi y\u00fcklerde veya [&hellip;]\" \/>\n<meta property=\"og:url\" content=\"https:\/\/islamische-bestattung.de\/tr\/yas-danismanligi-ve-islami-manevi-bakim\/\" \/>\n<meta property=\"og:site_name\" content=\"Al-Wasila - Islamische Bestattung\" \/>\n<meta property=\"article:publisher\" content=\"https:\/\/www.facebook.com\/share\/1GHnfgAohf\/?mibextid=wwXIfr\" \/>\n<meta property=\"article:modified_time\" content=\"2026-02-01T14:08:56+00:00\" \/>\n<meta property=\"og:image\" content=\"https:\/\/islamische-bestattung.de\/wp-content\/uploads\/2025\/12\/Bunt_AfmS_Logo.png\" \/>\n\t<meta property=\"og:image:width\" content=\"670\" \/>\n\t<meta property=\"og:image:height\" content=\"830\" \/>\n\t<meta property=\"og:image:type\" content=\"image\/png\" \/>\n<meta name=\"twitter:card\" content=\"summary_large_image\" \/>\n<meta name=\"twitter:label1\" content=\"Tahmini okuma s\u00fcresi\" \/>\n\t<meta name=\"twitter:data1\" content=\"5 dakika\" \/>\n<script type=\"application\/ld+json\" class=\"yoast-schema-graph\">{\"@context\":\"https:\\\/\\\/schema.org\",\"@graph\":[{\"@type\":\"WebPage\",\"@id\":\"https:\\\/\\\/islamische-bestattung.de\\\/tr\\\/yas-danismanligi-ve-islami-manevi-bakim\\\/\",\"url\":\"https:\\\/\\\/islamische-bestattung.de\\\/tr\\\/yas-danismanligi-ve-islami-manevi-bakim\\\/\",\"name\":\"Yas dan\u0131\u015fmanl\u0131\u011f\u0131 ve \u0130slami manevi bak\u0131m - Al-Wasila - Islamische Bestattung\",\"isPartOf\":{\"@id\":\"https:\\\/\\\/islamische-bestattung.de\\\/tr\\\/#website\"},\"primaryImageOfPage\":{\"@id\":\"https:\\\/\\\/islamische-bestattung.de\\\/tr\\\/yas-danismanligi-ve-islami-manevi-bakim\\\/#primaryimage\"},\"image\":{\"@id\":\"https:\\\/\\\/islamische-bestattung.de\\\/tr\\\/yas-danismanligi-ve-islami-manevi-bakim\\\/#primaryimage\"},\"thumbnailUrl\":\"https:\\\/\\\/islamische-bestattung.de\\\/wp-content\\\/uploads\\\/2025\\\/12\\\/Bunt_AfmS_Logo-242x300.png\",\"datePublished\":\"2025-12-19T07:57:39+00:00\",\"dateModified\":\"2026-02-01T14:08:56+00:00\",\"breadcrumb\":{\"@id\":\"https:\\\/\\\/islamische-bestattung.de\\\/tr\\\/yas-danismanligi-ve-islami-manevi-bakim\\\/#breadcrumb\"},\"inLanguage\":\"tr\",\"potentialAction\":[{\"@type\":\"ReadAction\",\"target\":[\"https:\\\/\\\/islamische-bestattung.de\\\/tr\\\/yas-danismanligi-ve-islami-manevi-bakim\\\/\"]}]},{\"@type\":\"ImageObject\",\"inLanguage\":\"tr\",\"@id\":\"https:\\\/\\\/islamische-bestattung.de\\\/tr\\\/yas-danismanligi-ve-islami-manevi-bakim\\\/#primaryimage\",\"url\":\"https:\\\/\\\/islamische-bestattung.de\\\/wp-content\\\/uploads\\\/2025\\\/12\\\/Bunt_AfmS_Logo-242x300.png\",\"contentUrl\":\"https:\\\/\\\/islamische-bestattung.de\\\/wp-content\\\/uploads\\\/2025\\\/12\\\/Bunt_AfmS_Logo-242x300.png\"},{\"@type\":\"BreadcrumbList\",\"@id\":\"https:\\\/\\\/islamische-bestattung.de\\\/tr\\\/yas-danismanligi-ve-islami-manevi-bakim\\\/#breadcrumb\",\"itemListElement\":[{\"@type\":\"ListItem\",\"position\":1,\"name\":\"Start\",\"item\":\"https:\\\/\\\/islamische-bestattung.de\\\/tr\\\/\"},{\"@type\":\"ListItem\",\"position\":2,\"name\":\"Yas dan\u0131\u015fmanl\u0131\u011f\u0131 ve \u0130slami manevi bak\u0131m\"}]},{\"@type\":\"WebSite\",\"@id\":\"https:\\\/\\\/islamische-bestattung.de\\\/tr\\\/#website\",\"url\":\"https:\\\/\\\/islamische-bestattung.de\\\/tr\\\/\",\"name\":\"Al-Wasila - Islamische Bestattung\",\"description\":\"Erster islamischer Meisterbetrieb im Bestattungswesen in Deutschland\",\"publisher\":{\"@id\":\"https:\\\/\\\/islamische-bestattung.de\\\/tr\\\/#organization\"},\"potentialAction\":[{\"@type\":\"SearchAction\",\"target\":{\"@type\":\"EntryPoint\",\"urlTemplate\":\"https:\\\/\\\/islamische-bestattung.de\\\/tr\\\/?s={search_term_string}\"},\"query-input\":{\"@type\":\"PropertyValueSpecification\",\"valueRequired\":true,\"valueName\":\"search_term_string\"}}],\"inLanguage\":\"tr\"},{\"@type\":\"Organization\",\"@id\":\"https:\\\/\\\/islamische-bestattung.de\\\/tr\\\/#organization\",\"name\":\"Al-Wasila - Islamische Bestattung\",\"url\":\"https:\\\/\\\/islamische-bestattung.de\\\/tr\\\/\",\"logo\":{\"@type\":\"ImageObject\",\"inLanguage\":\"tr\",\"@id\":\"https:\\\/\\\/islamische-bestattung.de\\\/tr\\\/#\\\/schema\\\/logo\\\/image\\\/\",\"url\":\"https:\\\/\\\/islamische-bestattung.de\\\/wp-content\\\/uploads\\\/2025\\\/11\\\/Al_Wasila_Logo_Vertikal.png\",\"contentUrl\":\"https:\\\/\\\/islamische-bestattung.de\\\/wp-content\\\/uploads\\\/2025\\\/11\\\/Al_Wasila_Logo_Vertikal.png\",\"width\":714,\"height\":576,\"caption\":\"Al-Wasila - Islamische Bestattung\"},\"image\":{\"@id\":\"https:\\\/\\\/islamische-bestattung.de\\\/tr\\\/#\\\/schema\\\/logo\\\/image\\\/\"},\"sameAs\":[\"https:\\\/\\\/www.facebook.com\\\/share\\\/1GHnfgAohf\\\/?mibextid=wwXIfr\",\"https:\\\/\\\/www.tiktok.com\\\/@alwasila.bestattung?_r=1&_t=ZG-92WkouZ6T8y\",\"https:\\\/\\\/www.instagram.com\\\/islamischebestattung.alwasila?igsh=bnI1OHE5MTNydHBk&utm_source=qr\"]}]}<\/script>\n<!-- \/ Yoast SEO plugin. -->","yoast_head_json":{"title":"Yas dan\u0131\u015fmanl\u0131\u011f\u0131 ve \u0130slami manevi bak\u0131m - Al-Wasila - Islamische Bestattung","robots":{"index":"index","follow":"follow","max-snippet":"max-snippet:-1","max-image-preview":"max-image-preview:large","max-video-preview":"max-video-preview:-1"},"canonical":"https:\/\/islamische-bestattung.de\/tr\/yas-danismanligi-ve-islami-manevi-bakim\/","og_locale":"tr_TR","og_type":"article","og_title":"Yas dan\u0131\u015fmanl\u0131\u011f\u0131 ve \u0130slami manevi bak\u0131m - Al-Wasila - Islamische Bestattung","og_description":"Yas dan\u0131\u015fmanl\u0131\u011f\u0131 ve \u0130slami manevi bak\u0131m\u0130slami manevi bak\u0131m \u2013 Dinlemek. E\u015flik etmek. Umut vermek. \u0130slami manevi bak\u0131m, insanlar\u0131 bulunduklar\u0131 noktada, yani endi\u015felerinde, sorular\u0131nda, krizlerinde ve anlam aray\u0131\u015flar\u0131nda kar\u015f\u0131lamak anlam\u0131na gelir.Bir tabu de\u011fil, bir rahatlama, g\u00fcven ve g\u00fc\u00e7lenme yeridir. E\u015flik ediyoruz:\u2022 \u0130nan\u00e7 konular\u0131nda ve manevi y\u00f6nlendirmede\u2022 Yas, hastal\u0131k, \u00f6l\u00fcm ve vedala\u015fma s\u00fcre\u00e7lerinde\u2022 \u00c7at\u0131\u015fmalarda, ailevi y\u00fcklerde veya [&hellip;]","og_url":"https:\/\/islamische-bestattung.de\/tr\/yas-danismanligi-ve-islami-manevi-bakim\/","og_site_name":"Al-Wasila - Islamische Bestattung","article_publisher":"https:\/\/www.facebook.com\/share\/1GHnfgAohf\/?mibextid=wwXIfr","article_modified_time":"2026-02-01T14:08:56+00:00","og_image":[{"width":670,"height":830,"url":"https:\/\/islamische-bestattung.de\/wp-content\/uploads\/2025\/12\/Bunt_AfmS_Logo.png","type":"image\/png"}],"twitter_card":"summary_large_image","twitter_misc":{"Tahmini okuma s\u00fcresi":"5 dakika"},"schema":{"@context":"https:\/\/schema.org","@graph":[{"@type":"WebPage","@id":"https:\/\/islamische-bestattung.de\/tr\/yas-danismanligi-ve-islami-manevi-bakim\/","url":"https:\/\/islamische-bestattung.de\/tr\/yas-danismanligi-ve-islami-manevi-bakim\/","name":"Yas dan\u0131\u015fmanl\u0131\u011f\u0131 ve \u0130slami manevi bak\u0131m - Al-Wasila - Islamische Bestattung","isPartOf":{"@id":"https:\/\/islamische-bestattung.de\/tr\/#website"},"primaryImageOfPage":{"@id":"https:\/\/islamische-bestattung.de\/tr\/yas-danismanligi-ve-islami-manevi-bakim\/#primaryimage"},"image":{"@id":"https:\/\/islamische-bestattung.de\/tr\/yas-danismanligi-ve-islami-manevi-bakim\/#primaryimage"},"thumbnailUrl":"https:\/\/islamische-bestattung.de\/wp-content\/uploads\/2025\/12\/Bunt_AfmS_Logo-242x300.png","datePublished":"2025-12-19T07:57:39+00:00","dateModified":"2026-02-01T14:08:56+00:00","breadcrumb":{"@id":"https:\/\/islamische-bestattung.de\/tr\/yas-danismanligi-ve-islami-manevi-bakim\/#breadcrumb"},"inLanguage":"tr","potentialAction":[{"@type":"ReadAction","target":["https:\/\/islamische-bestattung.de\/tr\/yas-danismanligi-ve-islami-manevi-bakim\/"]}]},{"@type":"ImageObject","inLanguage":"tr","@id":"https:\/\/islamische-bestattung.de\/tr\/yas-danismanligi-ve-islami-manevi-bakim\/#primaryimage","url":"https:\/\/islamische-bestattung.de\/wp-content\/uploads\/2025\/12\/Bunt_AfmS_Logo-242x300.png","contentUrl":"https:\/\/islamische-bestattung.de\/wp-content\/uploads\/2025\/12\/Bunt_AfmS_Logo-242x300.png"},{"@type":"BreadcrumbList","@id":"https:\/\/islamische-bestattung.de\/tr\/yas-danismanligi-ve-islami-manevi-bakim\/#breadcrumb","itemListElement":[{"@type":"ListItem","position":1,"name":"Start","item":"https:\/\/islamische-bestattung.de\/tr\/"},{"@type":"ListItem","position":2,"name":"Yas dan\u0131\u015fmanl\u0131\u011f\u0131 ve \u0130slami manevi bak\u0131m"}]},{"@type":"WebSite","@id":"https:\/\/islamische-bestattung.de\/tr\/#website","url":"https:\/\/islamische-bestattung.de\/tr\/","name":"Al-Wasila - Islamische Bestattung","description":"Erster islamischer Meisterbetrieb im Bestattungswesen in Deutschland","publisher":{"@id":"https:\/\/islamische-bestattung.de\/tr\/#organization"},"potentialAction":[{"@type":"SearchAction","target":{"@type":"EntryPoint","urlTemplate":"https:\/\/islamische-bestattung.de\/tr\/?s={search_term_string}"},"query-input":{"@type":"PropertyValueSpecification","valueRequired":true,"valueName":"search_term_string"}}],"inLanguage":"tr"},{"@type":"Organization","@id":"https:\/\/islamische-bestattung.de\/tr\/#organization","name":"Al-Wasila - Islamische Bestattung","url":"https:\/\/islamische-bestattung.de\/tr\/","logo":{"@type":"ImageObject","inLanguage":"tr","@id":"https:\/\/islamische-bestattung.de\/tr\/#\/schema\/logo\/image\/","url":"https:\/\/islamische-bestattung.de\/wp-content\/uploads\/2025\/11\/Al_Wasila_Logo_Vertikal.png","contentUrl":"https:\/\/islamische-bestattung.de\/wp-content\/uploads\/2025\/11\/Al_Wasila_Logo_Vertikal.png","width":714,"height":576,"caption":"Al-Wasila - Islamische Bestattung"},"image":{"@id":"https:\/\/islamische-bestattung.de\/tr\/#\/schema\/logo\/image\/"},"sameAs":["https:\/\/www.facebook.com\/share\/1GHnfgAohf\/?mibextid=wwXIfr","https:\/\/www.tiktok.com\/@alwasila.bestattung?_r=1&_t=ZG-92WkouZ6T8y","https:\/\/www.instagram.com\/islamischebestattung.alwasila?igsh=bnI1OHE5MTNydHBk&utm_source=qr"]}]}},"_links":{"self":[{"href":"https:\/\/islamische-bestattung.de\/tr\/wp-json\/wp\/v2\/pages\/1042","targetHints":{"allow":["GET"]}}],"collection":[{"href":"https:\/\/islamische-bestattung.de\/tr\/wp-json\/wp\/v2\/pages"}],"about":[{"href":"https:\/\/islamische-bestattung.de\/tr\/wp-json\/wp\/v2\/types\/page"}],"author":[{"embeddable":true,"href":"https:\/\/islamische-bestattung.de\/tr\/wp-json\/wp\/v2\/users\/1"}],"replies":[{"embeddable":true,"href":"https:\/\/islamische-bestattung.de\/tr\/wp-json\/wp\/v2\/comments?post=1042"}],"version-history":[{"count":2,"href":"https:\/\/islamische-bestattung.de\/tr\/wp-json\/wp\/v2\/pages\/1042\/revisions"}],"predecessor-version":[{"id":1044,"href":"https:\/\/islamische-bestattung.de\/tr\/wp-json\/wp\/v2\/pages\/1042\/revisions\/1044"}],"wp:attachment":[{"href":"https:\/\/islamische-bestattung.de\/tr\/wp-json\/wp\/v2\/media?parent=1042"}],"curies":[{"name":"wp","href":"https:\/\/api.w.org\/{rel}","templated":true}]}}