{"id":1085,"date":"2025-12-23T07:09:01","date_gmt":"2025-12-23T07:09:01","guid":{"rendered":"https:\/\/islamische-bestattung.de\/el-fatiha\/"},"modified":"2026-02-01T20:21:43","modified_gmt":"2026-02-01T20:21:43","slug":"el-fatiha","status":"publish","type":"page","link":"https:\/\/islamische-bestattung.de\/tr\/el-fatiha\/","title":{"rendered":"El-Fatiha"},"content":{"rendered":"<p>[et_pb_section fb_built=&#8221;1&#8243; _builder_version=&#8221;4.27.4&#8243; _module_preset=&#8221;default&#8221; background_color=&#8221;#959d93&#8243; custom_margin=&#8221;0px||||false|false&#8221; custom_padding=&#8221;8px||8px||true|false&#8221; locked=&#8221;off&#8221; global_colors_info=&#8221;{}&#8221;][et_pb_row _builder_version=&#8221;4.27.4&#8243; _module_preset=&#8221;default&#8221; global_colors_info=&#8221;{}&#8221;][et_pb_column type=&#8221;4_4&#8243; _builder_version=&#8221;4.27.4&#8243; _module_preset=&#8221;default&#8221; global_colors_info=&#8221;{}&#8221;][et_pb_text admin_label=&#8221;Hero Title&#8221; _builder_version=&#8221;4.27.5&#8243; text_font=&#8221;Playfair Display||||||||&#8221; header_font=&#8221;Alice||||||||&#8221; header_text_color=&#8221;#FFFFFF&#8221; header_font_size=&#8221;53px&#8221; header_letter_spacing=&#8221;-3px&#8221; header_line_height=&#8221;1.1em&#8221; width=&#8221;75%&#8221; custom_margin=&#8221;||0px|&#8221; custom_padding=&#8221;|||&#8221; animation_style=&#8221;slide&#8221; animation_direction=&#8221;left&#8221; animation_intensity_slide=&#8221;5%&#8221; animation_starting_opacity=&#8221;100%&#8221; text_font_size_last_edited=&#8221;off|desktop&#8221; header_font_size_tablet=&#8221;&#8221; header_font_size_phone=&#8221;45px&#8221; header_font_size_last_edited=&#8221;on|phone&#8221; locked=&#8221;off&#8221; global_colors_info=&#8221;{}&#8221;]<\/p>\n<h1>El-F\u0101ti\u1e25a<\/h1>\n<p>[\/et_pb_text][\/et_pb_column][\/et_pb_row][\/et_pb_section][et_pb_section fb_built=&#8221;1&#8243; custom_padding_last_edited=&#8221;on|phone&#8221; _builder_version=&#8221;4.27.5&#8243; _module_preset=&#8221;default&#8221; custom_margin=&#8221;50px||||false|false&#8221; custom_margin_tablet=&#8221;50px||||false|false&#8221; custom_margin_phone=&#8221;0px||||false|false&#8221; custom_margin_last_edited=&#8221;on|phone&#8221; custom_padding=&#8221;24px||105px|||&#8221; custom_padding_tablet=&#8221;24px||105px|||&#8221; custom_padding_phone=&#8221;||62px||false|false&#8221; locked=&#8221;off&#8221; global_colors_info=&#8221;{}&#8221;][et_pb_row _builder_version=&#8221;4.27.4&#8243; _module_preset=&#8221;default&#8221; max_width=&#8221;100%&#8221; custom_padding=&#8221;||0px|||&#8221; global_colors_info=&#8221;{}&#8221;][et_pb_column type=&#8221;4_4&#8243; _builder_version=&#8221;4.27.4&#8243; _module_preset=&#8221;default&#8221; global_colors_info=&#8221;{}&#8221;][et_pb_text admin_label=&#8221;Title&#8221; _builder_version=&#8221;4.27.5&#8243; text_font=&#8221;||||||||&#8221; text_font_size=&#8221;19px&#8221; header_font=&#8221;||||||||&#8221; header_2_font=&#8221;Alice||||||||&#8221; header_2_text_align=&#8221;center&#8221; header_2_font_size=&#8221;42px&#8221; header_2_line_height=&#8221;1.3em&#8221; custom_margin=&#8221;||20px|&#8221; animation_style=&#8221;slide&#8221; animation_direction=&#8221;top&#8221; animation_intensity_slide=&#8221;30%&#8221; animation_starting_opacity=&#8221;100%&#8221; header_2_font_size_tablet=&#8221;42px&#8221; header_2_font_size_phone=&#8221;27px&#8221; header_2_font_size_last_edited=&#8221;on|phone&#8221; locked=&#8221;off&#8221; global_colors_info=&#8221;{}&#8221;]<\/p>\n<h2>\u201cKul \u00f6ld\u00fc\u011f\u00fc zaman, \u015fu \u00fc\u00e7\u00fc d\u0131\u015f\u0131nda amelleri kendisinden kesilir: Sadaka-i c\u00e2riye, kendisinden faydalan\u0131lan bir ilim ve kendisine dua eden s\u00e2lih bir \u00e7ocuk.\u201d<br \/>\u2014 Peygamber Muhammed \ufdfa<\/h2>\n<p style=\"text-align: center;\">(el-Edeb\u00fc&#8217;l-M\u00fcfred&#8217;den al\u0131nt\u0131, No. 38)<\/p>\n<p>[\/et_pb_text][\/et_pb_column][\/et_pb_row][et_pb_row column_structure=&#8221;1_2,1_2&#8243; custom_padding_last_edited=&#8221;on|phone&#8221; _builder_version=&#8221;4.27.5&#8243; _module_preset=&#8221;default&#8221; max_width=&#8221;100%&#8221; custom_margin_tablet=&#8221;&#8221; custom_margin_phone=&#8221;0px||||false|false&#8221; custom_margin_last_edited=&#8221;on|phone&#8221; custom_padding=&#8221;32px||0px||false|false&#8221; custom_padding_tablet=&#8221;||0px|||&#8221; custom_padding_phone=&#8221;24px||||false|false&#8221; hover_enabled=&#8221;0&#8243; global_colors_info=&#8221;{}&#8221; sticky_enabled=&#8221;0&#8243;][et_pb_column type=&#8221;1_2&#8243; _builder_version=&#8221;4.27.4&#8243; _module_preset=&#8221;default&#8221; global_colors_info=&#8221;{}&#8221;][et_pb_text disabled_on=&#8221;off|off|off&#8221; _builder_version=&#8221;4.27.5&#8243; text_font=&#8221;||||||||&#8221; text_font_size=&#8221;16px&#8221; text_line_height=&#8221;1.8em&#8221; custom_margin=&#8221;||19px|||&#8221; custom_padding=&#8221;|||&#8221; animation_style=&#8221;slide&#8221; animation_direction=&#8221;left&#8221; animation_intensity_slide=&#8221;5%&#8221; animation_starting_opacity=&#8221;100%&#8221; locked=&#8221;off&#8221; global_colors_info=&#8221;{}&#8221;]<\/p>\n<p>L\u00fctfen bir an\u0131n\u0131z\u0131 ay\u0131r\u0131n ve bu okuyu\u015fun sevab\u0131n\u0131 vefat eden ki\u015fiye ve t\u00fcm vefat eden M\u00fcsl\u00fcmanlara ba\u011f\u0131\u015flamak niyetiyle S\u00fbre-i F\u00e2tiha&#8217;y\u0131 okuyun.<\/p>\n<p>Vefat edenler i\u00e7in du\u00e2 etmek ve sadaka vermek d\u0131\u015f\u0131nda yapabilece\u011fimiz bir \u015fey kalmad\u0131. Bir\u00e7ok insan bu d\u00fcnyadan geride kimsesi kalmadan, kendilerini hat\u0131rlayan veya kendileri i\u00e7in dua eden kimse olmadan ayr\u0131ld\u0131. <\/p>\n<p>Madem buradas\u0131n\u0131z, bir \u015feyler b\u0131rakmadan gitmeyin:<br \/>Bir F\u00e2tiha, bir yakar\u0131\u015f, bir iyilik.<br \/>Allah kabul etsin ve vefat edenlere faydas\u0131 dokunsun.<\/p>\n<p>[\/et_pb_text][et_pb_contact_form captcha=&#8221;off&#8221; success_message=&#8221;Allah dualar\u0131n\u0131z\u0131 kabul etsin.&#8221; submit_button_text=&#8221; Okundu&#8221; module_class=&#8221;fatiha&#8221; _builder_version=&#8221;4.27.5&#8243; _module_preset=&#8221;default&#8221; _unique_id=&#8221;65b4383e-44ab-488e-8881-8432e5f34414&#8243; form_field_font=&#8221;&#8211;et_global_heading_font|500|||||||&#8221; form_field_font_size=&#8221;18px&#8221; form_field_letter_spacing=&#8221;1px&#8221; custom_margin=&#8221;25px|||||&#8221; custom_css_free_form=&#8221;button.et_pb_contact_submit.et_pb_button {||    display: none;||}&#8221; global_colors_info=&#8221;{}&#8221;][et_pb_contact_field field_id=&#8221;Field_4&#8243; field_type=&#8221;checkbox&#8221; checkbox_options=&#8221;%91{%22value%22:%22El-Fatiha okundu%22,%22checked%22:0,%22dragID%22:-1}%93&#8243; required_mark=&#8221;off&#8221; fullwidth_field=&#8221;on&#8221; _builder_version=&#8221;4.27.5&#8243; _module_preset=&#8221;default&#8221; global_colors_info=&#8221;{}&#8221;][\/et_pb_contact_field][\/et_pb_contact_form][\/et_pb_column][et_pb_column type=&#8221;1_2&#8243; _builder_version=&#8221;4.27.4&#8243; _module_preset=&#8221;default&#8221; global_colors_info=&#8221;{}&#8221;][et_pb_image src=&#8221;https:\/\/islamische-bestattung.de\/wp-content\/uploads\/2025\/12\/alwasila_al-fatiha_img.jpg&#8221; title_text=&#8221;alwasila_al-fatiha_img&#8221; _builder_version=&#8221;4.27.5&#8243; _module_preset=&#8221;default&#8221; width=&#8221;59%&#8221; filter_brightness=&#8221;111%&#8221; filter_contrast=&#8221;110%&#8221; global_colors_info=&#8221;{}&#8221;][\/et_pb_image][\/et_pb_column][\/et_pb_row][et_pb_row column_structure=&#8221;1_3,1_3,1_3&#8243; use_custom_gutter=&#8221;on&#8221; gutter_width=&#8221;2&#8243; _builder_version=&#8221;4.27.4&#8243; _module_preset=&#8221;default&#8221; custom_padding=&#8221;64px||0px||false|false&#8221; locked=&#8221;off&#8221; global_colors_info=&#8221;{}&#8221;][et_pb_column type=&#8221;1_3&#8243; _builder_version=&#8221;4.27.4&#8243; _module_preset=&#8221;default&#8221; global_colors_info=&#8221;{}&#8221;][et_pb_button button_url=&#8221;tel:+4945139733733&#8243; button_text=&#8221;Ara&#8221; button_alignment=&#8221;right&#8221; button_alignment_tablet=&#8221;right&#8221; button_alignment_phone=&#8221;center&#8221; button_alignment_last_edited=&#8221;on|desktop&#8221; _builder_version=&#8221;4.27.5&#8243; _module_preset=&#8221;default&#8221; custom_button=&#8221;on&#8221; button_text_color=&#8221;#000000&#8243; global_colors_info=&#8221;{}&#8221;][\/et_pb_button][\/et_pb_column][et_pb_column type=&#8221;1_3&#8243; _builder_version=&#8221;4.27.4&#8243; _module_preset=&#8221;default&#8221; global_colors_info=&#8221;{}&#8221;][et_pb_button button_url=&#8221;mailto:info@al-wasila.de&#8221; button_text=&#8221;E-posta&#8221; button_alignment=&#8221;center&#8221; button_alignment_tablet=&#8221;right&#8221; button_alignment_phone=&#8221;center&#8221; button_alignment_last_edited=&#8221;on|desktop&#8221; _builder_version=&#8221;4.27.5&#8243; _module_preset=&#8221;default&#8221; custom_button=&#8221;on&#8221; button_text_color=&#8221;#000000&#8243; global_colors_info=&#8221;{}&#8221;][\/et_pb_button][\/et_pb_column][et_pb_column type=&#8221;1_3&#8243; _builder_version=&#8221;4.27.4&#8243; _module_preset=&#8221;default&#8221; global_colors_info=&#8221;{}&#8221;][et_pb_button button_url=&#8221;https:\/\/wa.me\/1602255225&#8243; url_new_window=&#8221;on&#8221; button_text=&#8221;WhatsApp&#8221; button_alignment=&#8221;left&#8221; button_alignment_tablet=&#8221;right&#8221; button_alignment_phone=&#8221;center&#8221; button_alignment_last_edited=&#8221;on|desktop&#8221; _builder_version=&#8221;4.27.5&#8243; _module_preset=&#8221;default&#8221; custom_button=&#8221;on&#8221; button_text_color=&#8221;#000000&#8243; global_colors_info=&#8221;{}&#8221;][\/et_pb_button][\/et_pb_column][\/et_pb_row][\/et_pb_section]<\/p>\n","protected":false},"excerpt":{"rendered":"<p>El-F\u0101ti\u1e25a\u201cKul \u00f6ld\u00fc\u011f\u00fc zaman, \u015fu \u00fc\u00e7\u00fc d\u0131\u015f\u0131nda amelleri kendisinden kesilir: Sadaka-i c\u00e2riye, kendisinden faydalan\u0131lan bir ilim ve kendisine dua eden s\u00e2lih bir \u00e7ocuk.\u201d\u2014 Peygamber Muhammed \ufdfa (el-Edeb\u00fc&#8217;l-M\u00fcfred&#8217;den al\u0131nt\u0131, No. 38)L\u00fctfen bir an\u0131n\u0131z\u0131 ay\u0131r\u0131n ve bu okuyu\u015fun sevab\u0131n\u0131 vefat eden ki\u015fiye ve t\u00fcm vefat eden M\u00fcsl\u00fcmanlara ba\u011f\u0131\u015flamak niyetiyle S\u00fbre-i F\u00e2tiha&#8217;y\u0131 okuyun. Vefat edenler i\u00e7in du\u00e2 etmek ve [&hellip;]<\/p>\n","protected":false},"author":1,"featured_media":0,"parent":0,"menu_order":0,"comment_status":"closed","ping_status":"closed","template":"","meta":{"_et_pb_use_builder":"on","_et_pb_old_content":"","_et_gb_content_width":"","footnotes":""},"class_list":["post-1085","page","type-page","status-publish","hentry"],"yoast_head":"<!-- This site is optimized with the Yoast SEO plugin v27.5 - https:\/\/yoast.com\/product\/yoast-seo-wordpress\/ -->\n<title>El-Fatiha - Al-Wasila - Islamische Bestattung<\/title>\n<meta name=\"robots\" content=\"index, follow, max-snippet:-1, max-image-preview:large, max-video-preview:-1\" \/>\n<link rel=\"canonical\" href=\"https:\/\/islamische-bestattung.de\/tr\/el-fatiha\/\" \/>\n<meta property=\"og:locale\" content=\"tr_TR\" \/>\n<meta property=\"og:type\" content=\"article\" \/>\n<meta property=\"og:title\" content=\"El-Fatiha - Al-Wasila - Islamische Bestattung\" \/>\n<meta property=\"og:description\" content=\"El-F\u0101ti\u1e25a\u201cKul \u00f6ld\u00fc\u011f\u00fc zaman, \u015fu \u00fc\u00e7\u00fc d\u0131\u015f\u0131nda amelleri kendisinden kesilir: Sadaka-i c\u00e2riye, kendisinden faydalan\u0131lan bir ilim ve kendisine dua eden s\u00e2lih bir \u00e7ocuk.\u201d\u2014 Peygamber Muhammed \ufdfa (el-Edeb\u00fc&#039;l-M\u00fcfred&#039;den al\u0131nt\u0131, No. 38)L\u00fctfen bir an\u0131n\u0131z\u0131 ay\u0131r\u0131n ve bu okuyu\u015fun sevab\u0131n\u0131 vefat eden ki\u015fiye ve t\u00fcm vefat eden M\u00fcsl\u00fcmanlara ba\u011f\u0131\u015flamak niyetiyle S\u00fbre-i F\u00e2tiha&#039;y\u0131 okuyun. Vefat edenler i\u00e7in du\u00e2 etmek ve [&hellip;]\" \/>\n<meta property=\"og:url\" content=\"https:\/\/islamische-bestattung.de\/tr\/el-fatiha\/\" \/>\n<meta property=\"og:site_name\" content=\"Al-Wasila - Islamische Bestattung\" \/>\n<meta property=\"article:publisher\" content=\"https:\/\/www.facebook.com\/share\/1GHnfgAohf\/?mibextid=wwXIfr\" \/>\n<meta property=\"article:modified_time\" content=\"2026-02-01T20:21:43+00:00\" \/>\n<meta name=\"twitter:card\" content=\"summary_large_image\" \/>\n<meta name=\"twitter:label1\" content=\"Tahmini okuma s\u00fcresi\" \/>\n\t<meta name=\"twitter:data1\" content=\"5 dakika\" \/>\n<script type=\"application\/ld+json\" class=\"yoast-schema-graph\">{\"@context\":\"https:\\\/\\\/schema.org\",\"@graph\":[{\"@type\":\"WebPage\",\"@id\":\"https:\\\/\\\/islamische-bestattung.de\\\/tr\\\/el-fatiha\\\/\",\"url\":\"https:\\\/\\\/islamische-bestattung.de\\\/tr\\\/el-fatiha\\\/\",\"name\":\"El-Fatiha - Al-Wasila - Islamische Bestattung\",\"isPartOf\":{\"@id\":\"https:\\\/\\\/islamische-bestattung.de\\\/tr\\\/#website\"},\"datePublished\":\"2025-12-23T07:09:01+00:00\",\"dateModified\":\"2026-02-01T20:21:43+00:00\",\"breadcrumb\":{\"@id\":\"https:\\\/\\\/islamische-bestattung.de\\\/tr\\\/el-fatiha\\\/#breadcrumb\"},\"inLanguage\":\"tr\",\"potentialAction\":[{\"@type\":\"ReadAction\",\"target\":[\"https:\\\/\\\/islamische-bestattung.de\\\/tr\\\/el-fatiha\\\/\"]}]},{\"@type\":\"BreadcrumbList\",\"@id\":\"https:\\\/\\\/islamische-bestattung.de\\\/tr\\\/el-fatiha\\\/#breadcrumb\",\"itemListElement\":[{\"@type\":\"ListItem\",\"position\":1,\"name\":\"Start\",\"item\":\"https:\\\/\\\/islamische-bestattung.de\\\/tr\\\/\"},{\"@type\":\"ListItem\",\"position\":2,\"name\":\"El-Fatiha\"}]},{\"@type\":\"WebSite\",\"@id\":\"https:\\\/\\\/islamische-bestattung.de\\\/tr\\\/#website\",\"url\":\"https:\\\/\\\/islamische-bestattung.de\\\/tr\\\/\",\"name\":\"Al-Wasila - Islamische Bestattung\",\"description\":\"Erster islamischer Meisterbetrieb im Bestattungswesen in Deutschland\",\"publisher\":{\"@id\":\"https:\\\/\\\/islamische-bestattung.de\\\/tr\\\/#organization\"},\"potentialAction\":[{\"@type\":\"SearchAction\",\"target\":{\"@type\":\"EntryPoint\",\"urlTemplate\":\"https:\\\/\\\/islamische-bestattung.de\\\/tr\\\/?s={search_term_string}\"},\"query-input\":{\"@type\":\"PropertyValueSpecification\",\"valueRequired\":true,\"valueName\":\"search_term_string\"}}],\"inLanguage\":\"tr\"},{\"@type\":\"Organization\",\"@id\":\"https:\\\/\\\/islamische-bestattung.de\\\/tr\\\/#organization\",\"name\":\"Al-Wasila - Islamische Bestattung\",\"url\":\"https:\\\/\\\/islamische-bestattung.de\\\/tr\\\/\",\"logo\":{\"@type\":\"ImageObject\",\"inLanguage\":\"tr\",\"@id\":\"https:\\\/\\\/islamische-bestattung.de\\\/tr\\\/#\\\/schema\\\/logo\\\/image\\\/\",\"url\":\"https:\\\/\\\/islamische-bestattung.de\\\/wp-content\\\/uploads\\\/2025\\\/11\\\/Al_Wasila_Logo_Vertikal.png\",\"contentUrl\":\"https:\\\/\\\/islamische-bestattung.de\\\/wp-content\\\/uploads\\\/2025\\\/11\\\/Al_Wasila_Logo_Vertikal.png\",\"width\":714,\"height\":576,\"caption\":\"Al-Wasila - Islamische Bestattung\"},\"image\":{\"@id\":\"https:\\\/\\\/islamische-bestattung.de\\\/tr\\\/#\\\/schema\\\/logo\\\/image\\\/\"},\"sameAs\":[\"https:\\\/\\\/www.facebook.com\\\/share\\\/1GHnfgAohf\\\/?mibextid=wwXIfr\",\"https:\\\/\\\/www.tiktok.com\\\/@alwasila.bestattung?_r=1&_t=ZG-92WkouZ6T8y\",\"https:\\\/\\\/www.instagram.com\\\/islamischebestattung.alwasila?igsh=bnI1OHE5MTNydHBk&utm_source=qr\"]}]}<\/script>\n<!-- \/ Yoast SEO plugin. -->","yoast_head_json":{"title":"El-Fatiha - Al-Wasila - Islamische Bestattung","robots":{"index":"index","follow":"follow","max-snippet":"max-snippet:-1","max-image-preview":"max-image-preview:large","max-video-preview":"max-video-preview:-1"},"canonical":"https:\/\/islamische-bestattung.de\/tr\/el-fatiha\/","og_locale":"tr_TR","og_type":"article","og_title":"El-Fatiha - Al-Wasila - Islamische Bestattung","og_description":"El-F\u0101ti\u1e25a\u201cKul \u00f6ld\u00fc\u011f\u00fc zaman, \u015fu \u00fc\u00e7\u00fc d\u0131\u015f\u0131nda amelleri kendisinden kesilir: Sadaka-i c\u00e2riye, kendisinden faydalan\u0131lan bir ilim ve kendisine dua eden s\u00e2lih bir \u00e7ocuk.\u201d\u2014 Peygamber Muhammed \ufdfa (el-Edeb\u00fc'l-M\u00fcfred'den al\u0131nt\u0131, No. 38)L\u00fctfen bir an\u0131n\u0131z\u0131 ay\u0131r\u0131n ve bu okuyu\u015fun sevab\u0131n\u0131 vefat eden ki\u015fiye ve t\u00fcm vefat eden M\u00fcsl\u00fcmanlara ba\u011f\u0131\u015flamak niyetiyle S\u00fbre-i F\u00e2tiha'y\u0131 okuyun. Vefat edenler i\u00e7in du\u00e2 etmek ve [&hellip;]","og_url":"https:\/\/islamische-bestattung.de\/tr\/el-fatiha\/","og_site_name":"Al-Wasila - Islamische Bestattung","article_publisher":"https:\/\/www.facebook.com\/share\/1GHnfgAohf\/?mibextid=wwXIfr","article_modified_time":"2026-02-01T20:21:43+00:00","twitter_card":"summary_large_image","twitter_misc":{"Tahmini okuma s\u00fcresi":"5 dakika"},"schema":{"@context":"https:\/\/schema.org","@graph":[{"@type":"WebPage","@id":"https:\/\/islamische-bestattung.de\/tr\/el-fatiha\/","url":"https:\/\/islamische-bestattung.de\/tr\/el-fatiha\/","name":"El-Fatiha - Al-Wasila - Islamische Bestattung","isPartOf":{"@id":"https:\/\/islamische-bestattung.de\/tr\/#website"},"datePublished":"2025-12-23T07:09:01+00:00","dateModified":"2026-02-01T20:21:43+00:00","breadcrumb":{"@id":"https:\/\/islamische-bestattung.de\/tr\/el-fatiha\/#breadcrumb"},"inLanguage":"tr","potentialAction":[{"@type":"ReadAction","target":["https:\/\/islamische-bestattung.de\/tr\/el-fatiha\/"]}]},{"@type":"BreadcrumbList","@id":"https:\/\/islamische-bestattung.de\/tr\/el-fatiha\/#breadcrumb","itemListElement":[{"@type":"ListItem","position":1,"name":"Start","item":"https:\/\/islamische-bestattung.de\/tr\/"},{"@type":"ListItem","position":2,"name":"El-Fatiha"}]},{"@type":"WebSite","@id":"https:\/\/islamische-bestattung.de\/tr\/#website","url":"https:\/\/islamische-bestattung.de\/tr\/","name":"Al-Wasila - Islamische Bestattung","description":"Erster islamischer Meisterbetrieb im Bestattungswesen in Deutschland","publisher":{"@id":"https:\/\/islamische-bestattung.de\/tr\/#organization"},"potentialAction":[{"@type":"SearchAction","target":{"@type":"EntryPoint","urlTemplate":"https:\/\/islamische-bestattung.de\/tr\/?s={search_term_string}"},"query-input":{"@type":"PropertyValueSpecification","valueRequired":true,"valueName":"search_term_string"}}],"inLanguage":"tr"},{"@type":"Organization","@id":"https:\/\/islamische-bestattung.de\/tr\/#organization","name":"Al-Wasila - Islamische Bestattung","url":"https:\/\/islamische-bestattung.de\/tr\/","logo":{"@type":"ImageObject","inLanguage":"tr","@id":"https:\/\/islamische-bestattung.de\/tr\/#\/schema\/logo\/image\/","url":"https:\/\/islamische-bestattung.de\/wp-content\/uploads\/2025\/11\/Al_Wasila_Logo_Vertikal.png","contentUrl":"https:\/\/islamische-bestattung.de\/wp-content\/uploads\/2025\/11\/Al_Wasila_Logo_Vertikal.png","width":714,"height":576,"caption":"Al-Wasila - Islamische Bestattung"},"image":{"@id":"https:\/\/islamische-bestattung.de\/tr\/#\/schema\/logo\/image\/"},"sameAs":["https:\/\/www.facebook.com\/share\/1GHnfgAohf\/?mibextid=wwXIfr","https:\/\/www.tiktok.com\/@alwasila.bestattung?_r=1&_t=ZG-92WkouZ6T8y","https:\/\/www.instagram.com\/islamischebestattung.alwasila?igsh=bnI1OHE5MTNydHBk&utm_source=qr"]}]}},"_links":{"self":[{"href":"https:\/\/islamische-bestattung.de\/tr\/wp-json\/wp\/v2\/pages\/1085","targetHints":{"allow":["GET"]}}],"collection":[{"href":"https:\/\/islamische-bestattung.de\/tr\/wp-json\/wp\/v2\/pages"}],"about":[{"href":"https:\/\/islamische-bestattung.de\/tr\/wp-json\/wp\/v2\/types\/page"}],"author":[{"embeddable":true,"href":"https:\/\/islamische-bestattung.de\/tr\/wp-json\/wp\/v2\/users\/1"}],"replies":[{"embeddable":true,"href":"https:\/\/islamische-bestattung.de\/tr\/wp-json\/wp\/v2\/comments?post=1085"}],"version-history":[{"count":2,"href":"https:\/\/islamische-bestattung.de\/tr\/wp-json\/wp\/v2\/pages\/1085\/revisions"}],"predecessor-version":[{"id":1087,"href":"https:\/\/islamische-bestattung.de\/tr\/wp-json\/wp\/v2\/pages\/1085\/revisions\/1087"}],"wp:attachment":[{"href":"https:\/\/islamische-bestattung.de\/tr\/wp-json\/wp\/v2\/media?parent=1085"}],"curies":[{"name":"wp","href":"https:\/\/api.w.org\/{rel}","templated":true}]}}