{"id":932,"date":"2025-12-19T07:17:19","date_gmt":"2025-12-19T07:17:19","guid":{"rendered":"https:\/\/islamische-bestattung.de\/yurt-disi-nakil\/"},"modified":"2026-02-01T13:44:35","modified_gmt":"2026-02-01T13:44:35","slug":"yurt-disi-nakil","status":"publish","type":"page","link":"https:\/\/islamische-bestattung.de\/tr\/yurt-disi-nakil\/","title":{"rendered":"Yurt D\u0131\u015f\u0131 Nakil"},"content":{"rendered":"<p>[et_pb_section fb_built=&#8221;1&#8243; _builder_version=&#8221;4.27.4&#8243; _module_preset=&#8221;default&#8221; background_color=&#8221;#959d93&#8243; custom_margin=&#8221;0px||||false|false&#8221; custom_padding=&#8221;8px||8px||true|false&#8221; locked=&#8221;off&#8221; global_colors_info=&#8221;{}&#8221;][et_pb_row _builder_version=&#8221;4.27.4&#8243; _module_preset=&#8221;default&#8221; global_colors_info=&#8221;{}&#8221;][et_pb_column type=&#8221;4_4&#8243; _builder_version=&#8221;4.27.4&#8243; _module_preset=&#8221;default&#8221; global_colors_info=&#8221;{}&#8221;][et_pb_text admin_label=&#8221;Hero Title&#8221; _builder_version=&#8221;4.27.5&#8243; text_font=&#8221;Playfair Display||||||||&#8221; header_font=&#8221;Alice||||||||&#8221; header_text_color=&#8221;#FFFFFF&#8221; header_font_size=&#8221;53px&#8221; header_letter_spacing=&#8221;-1px&#8221; header_line_height=&#8221;1.1em&#8221; width=&#8221;75%&#8221; custom_margin=&#8221;||0px|&#8221; custom_padding=&#8221;|||&#8221; animation_style=&#8221;slide&#8221; animation_direction=&#8221;left&#8221; animation_intensity_slide=&#8221;5%&#8221; animation_starting_opacity=&#8221;100%&#8221; header_font_size_tablet=&#8221;&#8221; header_font_size_phone=&#8221;31px&#8221; header_font_size_last_edited=&#8221;on|phone&#8221; locked=&#8221;off&#8221; global_colors_info=&#8221;{}&#8221; hover_enabled=&#8221;0&#8243; sticky_enabled=&#8221;0&#8243;]<\/p>\n<h1><span>Yurt D\u0131\u015f\u0131 Nakil<\/span><\/h1>\n<p>[\/et_pb_text][\/et_pb_column][\/et_pb_row][\/et_pb_section][et_pb_section fb_built=&#8221;1&#8243; custom_padding_last_edited=&#8221;on|phone&#8221; _builder_version=&#8221;4.27.5&#8243; _module_preset=&#8221;default&#8221; custom_margin=&#8221;50px||||false|false&#8221; custom_margin_tablet=&#8221;50px||||false|false&#8221; custom_margin_phone=&#8221;0px||||false|false&#8221; custom_margin_last_edited=&#8221;on|phone&#8221; custom_padding=&#8221;24px||105px|||&#8221; custom_padding_tablet=&#8221;24px||105px|||&#8221; custom_padding_phone=&#8221;||66px||false|false&#8221; global_colors_info=&#8221;{}&#8221;][et_pb_row _builder_version=&#8221;4.27.5&#8243; _module_preset=&#8221;default&#8221; max_width=&#8221;100%&#8221; custom_padding=&#8221;||0px|||&#8221; global_colors_info=&#8221;{}&#8221;][et_pb_column type=&#8221;4_4&#8243; _builder_version=&#8221;4.27.4&#8243; _module_preset=&#8221;default&#8221; global_colors_info=&#8221;{}&#8221;][et_pb_text admin_label=&#8221;Title&#8221; _builder_version=&#8221;4.27.5&#8243; text_font=&#8221;||||||||&#8221; header_font=&#8221;||||||||&#8221; header_2_font=&#8221;Alice||||||||&#8221; header_2_text_align=&#8221;center&#8221; header_2_font_size=&#8221;42px&#8221; header_2_line_height=&#8221;1.3em&#8221; custom_margin=&#8221;||20px|&#8221; animation_style=&#8221;slide&#8221; animation_direction=&#8221;top&#8221; animation_intensity_slide=&#8221;30%&#8221; animation_starting_opacity=&#8221;100%&#8221; header_2_font_size_tablet=&#8221;42px&#8221; header_2_font_size_phone=&#8221;27px&#8221; header_2_font_size_last_edited=&#8221;on|phone&#8221; locked=&#8221;off&#8221; global_colors_info=&#8221;{}&#8221;]<\/p>\n<h2>Uluslararas\u0131 Nakiller \u2013 A\u2019dan Z\u2019ye yan\u0131n\u0131zday\u0131z<\/h2>\n<p>[\/et_pb_text][et_pb_text disabled_on=&#8221;off|off|off&#8221; _builder_version=&#8221;4.27.5&#8243; text_font=&#8221;||||||||&#8221; text_font_size=&#8221;16px&#8221; text_line_height=&#8221;1.8em&#8221; custom_margin=&#8221;||19px|||&#8221; custom_padding=&#8221;|||&#8221; animation_style=&#8221;slide&#8221; animation_direction=&#8221;left&#8221; animation_intensity_slide=&#8221;5%&#8221; animation_starting_opacity=&#8221;100%&#8221; locked=&#8221;off&#8221; global_colors_info=&#8221;{}&#8221;]<\/p>\n<p>\u00d6zel anlarda aileler, vefat eden yak\u0131nlar\u0131n\u0131n kendi memleketlerinde defnedilmesini ister. Sizi rahatlatmak ad\u0131na <strong>uluslararas\u0131 naklin t\u00fcm ad\u0131mlar\u0131n\u0131 \u2013 ba\u015ftan sona<\/strong> sizin i\u00e7in \u00fcstleniyoruz. <br \/><strong>Sizin i\u00e7in hizmetimiz:<\/strong><\/p>\n<ul>\n<li><strong>7\/24 ula\u015f\u0131labilirlik<\/strong> \u2013 T\u00fcm sorular\u0131n\u0131z i\u00e7in 7\/24 ileti\u015fim orta\u011f\u0131<\/li>\n<li><strong>Gizli \u00fccretler olmadan \u015feffaf maliyet genel g\u00f6r\u00fcn\u00fcm\u00fc<\/strong><\/li>\n<li><strong>\u0130lk aramadan var\u0131\u015f \u00fclkesine kadar<\/strong> \u2013 teslim almay\u0131, nakliyeyi, klinikler, yetkililer, havalimanlar\u0131 ve ilgili t\u00fcm taraflarla koordinasyonu sa\u011fl\u0131yoruz.<\/li>\n<li><strong>Eksiksiz b\u00fcrokrasi<\/strong> \u2013 Belgeler, makamlar, konsolosluklar, u\u00e7u\u015f ve nakliye organizasyonu<\/li>\n<li><strong>Dini bak\u0131m<\/strong> \u2013 \u0130slami gelene\u011fe g\u00f6re haz\u0131rl\u0131k, rit\u00fcel bak\u0131m ve dua dahil<\/li>\n<li><b>D\u00fcnya \u00e7ap\u0131nda nakiller<\/b><\/li>\n<\/ul>\n<p>Her \u00fclkenin vefat eden ki\u015filerin ithalat\u0131 i\u00e7in kendi gereksinimleri ve beklentileri vard\u0131r. Bu s\u00fcre\u00e7leri biliyor ve g\u00fcvenilir bir \u015fekilde yerine getiriyoruz.<br \/>Baz\u0131 \u00fclkelerde, her \u015feyin tek elden yap\u0131labilmesi i\u00e7in var\u0131\u015f havaalan\u0131ndan nihai defin yerine kadar olan nakliyeyi de organize ediyoruz. <\/p>\n<p>A\u015fa\u011f\u0131daki <strong>91 \u00fclke<\/strong> ile uluslararas\u0131 nakil konusunda pratik deneyim kazand\u0131k \u2013<br \/><strong>Di\u011fer t\u00fcm \u00fclkelere de nakil m\u00fcmk\u00fcnd\u00fcr.<\/strong><br \/>Bizim i\u00e7in her zaman <strong>merhum ve son yolculu\u011funun onuru<\/strong> \u00f6n plandad\u0131r.<br \/>Bizimle ileti\u015fime ge\u00e7in \u2013 <strong>7\/24 hizmetinizdeyiz.<\/strong><\/p>\n<p>[\/et_pb_text][et_pb_text disabled_on=&#8221;off|off|off&#8221; _builder_version=&#8221;4.27.5&#8243; text_font=&#8221;||||||||&#8221; text_font_size=&#8221;16px&#8221; text_line_height=&#8221;1.8em&#8221; link_font=&#8221;|600|||||||&#8221; link_text_color=&#8221;#c1a01d&#8221; custom_margin=&#8221;||19px|||&#8221; custom_padding=&#8221;|||&#8221; animation_style=&#8221;slide&#8221; animation_direction=&#8221;left&#8221; animation_intensity_slide=&#8221;5%&#8221; animation_starting_opacity=&#8221;100%&#8221; locked=&#8221;off&#8221; global_colors_info=&#8221;{}&#8221;]<\/p>\n<p><a href=\"\/wp-content\/uploads\/2025\/12\/Laenderliste_Al_Wasila.pdf\">Deneyim kazand\u0131\u011f\u0131m\u0131z \u00fclkelerin listesini g\u00f6r\u00fcnt\u00fclemek i\u00e7in buraya t\u0131klay\u0131n.<\/a><\/p>\n<p>[\/et_pb_text][et_pb_divider _builder_version=&#8221;4.27.5&#8243; _module_preset=&#8221;default&#8221; custom_margin=&#8221;||7px|||&#8221; global_colors_info=&#8221;{}&#8221;][\/et_pb_divider][et_pb_text disabled_on=&#8221;off|off|off&#8221; _builder_version=&#8221;4.27.5&#8243; text_font=&#8221;||||||||&#8221; text_font_size=&#8221;16px&#8221; text_line_height=&#8221;1.8em&#8221; link_font=&#8221;|600|||||||&#8221; link_text_color=&#8221;#c1a01d&#8221; custom_margin=&#8221;||19px|||&#8221; custom_padding=&#8221;|||&#8221; animation_style=&#8221;slide&#8221; animation_direction=&#8221;left&#8221; animation_intensity_slide=&#8221;5%&#8221; animation_starting_opacity=&#8221;100%&#8221; locked=&#8221;off&#8221; global_colors_info=&#8221;{}&#8221;]<\/p>\n<p><a href=\"\/wp-content\/uploads\/2025\/12\/Vorzulegende-Urkunden-Al-Wasila.pdf\" target=\"_blank\" rel=\"noopener\">\u00d6l\u00fcm durumunda hangi belgelerin sunulmas\u0131 gerekti\u011fini g\u00f6rmek i\u00e7in l\u00fctfen buraya t\u0131klay\u0131n.<\/a><\/p>\n<p>[\/et_pb_text][\/et_pb_column][\/et_pb_row][et_pb_row column_structure=&#8221;1_3,1_3,1_3&#8243; use_custom_gutter=&#8221;on&#8221; gutter_width=&#8221;2&#8243; _builder_version=&#8221;4.27.4&#8243; _module_preset=&#8221;default&#8221; custom_padding=&#8221;33px||0px||false|false&#8221; locked=&#8221;off&#8221; global_colors_info=&#8221;{}&#8221;][et_pb_column type=&#8221;1_3&#8243; _builder_version=&#8221;4.27.4&#8243; _module_preset=&#8221;default&#8221; global_colors_info=&#8221;{}&#8221;][et_pb_button button_url=&#8221;tel:+4945139733733&#8243; button_text=&#8221;Ara&#8221; button_alignment=&#8221;right&#8221; button_alignment_tablet=&#8221;right&#8221; button_alignment_phone=&#8221;center&#8221; button_alignment_last_edited=&#8221;on|desktop&#8221; _builder_version=&#8221;4.27.5&#8243; _module_preset=&#8221;default&#8221; custom_button=&#8221;on&#8221; button_text_color=&#8221;#000000&#8243; global_colors_info=&#8221;{}&#8221;][\/et_pb_button][\/et_pb_column][et_pb_column type=&#8221;1_3&#8243; _builder_version=&#8221;4.27.4&#8243; _module_preset=&#8221;default&#8221; global_colors_info=&#8221;{}&#8221;][et_pb_button button_url=&#8221;mailto:info@al-wasila.de&#8221; button_text=&#8221;E-posta&#8221; button_alignment=&#8221;center&#8221; button_alignment_tablet=&#8221;right&#8221; button_alignment_phone=&#8221;center&#8221; button_alignment_last_edited=&#8221;on|desktop&#8221; _builder_version=&#8221;4.27.5&#8243; _module_preset=&#8221;default&#8221; custom_button=&#8221;on&#8221; button_text_color=&#8221;#000000&#8243; global_colors_info=&#8221;{}&#8221;][\/et_pb_button][\/et_pb_column][et_pb_column type=&#8221;1_3&#8243; _builder_version=&#8221;4.27.4&#8243; _module_preset=&#8221;default&#8221; global_colors_info=&#8221;{}&#8221;][et_pb_button button_url=&#8221;https:\/\/wa.me\/1602255225&#8243; url_new_window=&#8221;on&#8221; button_text=&#8221;WhatsApp&#8221; button_alignment=&#8221;left&#8221; button_alignment_tablet=&#8221;right&#8221; button_alignment_phone=&#8221;center&#8221; button_alignment_last_edited=&#8221;on|phone&#8221; _builder_version=&#8221;4.27.5&#8243; _module_preset=&#8221;default&#8221; custom_button=&#8221;on&#8221; button_text_color=&#8221;#000000&#8243; global_colors_info=&#8221;{}&#8221;][\/et_pb_button][\/et_pb_column][\/et_pb_row][\/et_pb_section]<\/p>\n","protected":false},"excerpt":{"rendered":"<p>Yurt D\u0131\u015f\u0131 NakilUluslararas\u0131 Nakiller \u2013 A\u2019dan Z\u2019ye yan\u0131n\u0131zday\u0131z\u00d6zel anlarda aileler, vefat eden yak\u0131nlar\u0131n\u0131n kendi memleketlerinde defnedilmesini ister. Sizi rahatlatmak ad\u0131na uluslararas\u0131 naklin t\u00fcm ad\u0131mlar\u0131n\u0131 \u2013 ba\u015ftan sona sizin i\u00e7in \u00fcstleniyoruz. Sizin i\u00e7in hizmetimiz: 7\/24 ula\u015f\u0131labilirlik \u2013 T\u00fcm sorular\u0131n\u0131z i\u00e7in 7\/24 ileti\u015fim orta\u011f\u0131 Gizli \u00fccretler olmadan \u015feffaf maliyet genel g\u00f6r\u00fcn\u00fcm\u00fc \u0130lk aramadan var\u0131\u015f \u00fclkesine kadar \u2013 [&hellip;]<\/p>\n","protected":false},"author":1,"featured_media":0,"parent":0,"menu_order":0,"comment_status":"closed","ping_status":"closed","template":"","meta":{"_et_pb_use_builder":"on","_et_pb_old_content":"","_et_gb_content_width":"","footnotes":""},"class_list":["post-932","page","type-page","status-publish","hentry"],"yoast_head":"<!-- This site is optimized with the Yoast SEO plugin v27.5 - https:\/\/yoast.com\/product\/yoast-seo-wordpress\/ -->\n<title>Yurt D\u0131\u015f\u0131 Nakil - Al-Wasila - Islamische Bestattung<\/title>\n<meta name=\"robots\" content=\"index, follow, max-snippet:-1, max-image-preview:large, max-video-preview:-1\" \/>\n<link rel=\"canonical\" href=\"https:\/\/islamische-bestattung.de\/tr\/yurt-disi-nakil\/\" \/>\n<meta property=\"og:locale\" content=\"tr_TR\" \/>\n<meta property=\"og:type\" content=\"article\" \/>\n<meta property=\"og:title\" content=\"Yurt D\u0131\u015f\u0131 Nakil - Al-Wasila - Islamische Bestattung\" \/>\n<meta property=\"og:description\" content=\"Yurt D\u0131\u015f\u0131 NakilUluslararas\u0131 Nakiller \u2013 A\u2019dan Z\u2019ye yan\u0131n\u0131zday\u0131z\u00d6zel anlarda aileler, vefat eden yak\u0131nlar\u0131n\u0131n kendi memleketlerinde defnedilmesini ister. Sizi rahatlatmak ad\u0131na uluslararas\u0131 naklin t\u00fcm ad\u0131mlar\u0131n\u0131 \u2013 ba\u015ftan sona sizin i\u00e7in \u00fcstleniyoruz. Sizin i\u00e7in hizmetimiz: 7\/24 ula\u015f\u0131labilirlik \u2013 T\u00fcm sorular\u0131n\u0131z i\u00e7in 7\/24 ileti\u015fim orta\u011f\u0131 Gizli \u00fccretler olmadan \u015feffaf maliyet genel g\u00f6r\u00fcn\u00fcm\u00fc \u0130lk aramadan var\u0131\u015f \u00fclkesine kadar \u2013 [&hellip;]\" \/>\n<meta property=\"og:url\" content=\"https:\/\/islamische-bestattung.de\/tr\/yurt-disi-nakil\/\" \/>\n<meta property=\"og:site_name\" content=\"Al-Wasila - Islamische Bestattung\" \/>\n<meta property=\"article:publisher\" content=\"https:\/\/www.facebook.com\/share\/1GHnfgAohf\/?mibextid=wwXIfr\" \/>\n<meta property=\"article:modified_time\" content=\"2026-02-01T13:44:35+00:00\" \/>\n<meta name=\"twitter:card\" content=\"summary_large_image\" \/>\n<meta name=\"twitter:label1\" content=\"Tahmini okuma s\u00fcresi\" \/>\n\t<meta name=\"twitter:data1\" content=\"5 dakika\" \/>\n<script type=\"application\/ld+json\" class=\"yoast-schema-graph\">{\"@context\":\"https:\\\/\\\/schema.org\",\"@graph\":[{\"@type\":\"WebPage\",\"@id\":\"https:\\\/\\\/islamische-bestattung.de\\\/tr\\\/yurt-disi-nakil\\\/\",\"url\":\"https:\\\/\\\/islamische-bestattung.de\\\/tr\\\/yurt-disi-nakil\\\/\",\"name\":\"Yurt D\u0131\u015f\u0131 Nakil - Al-Wasila - Islamische Bestattung\",\"isPartOf\":{\"@id\":\"https:\\\/\\\/islamische-bestattung.de\\\/tr\\\/#website\"},\"datePublished\":\"2025-12-19T07:17:19+00:00\",\"dateModified\":\"2026-02-01T13:44:35+00:00\",\"breadcrumb\":{\"@id\":\"https:\\\/\\\/islamische-bestattung.de\\\/tr\\\/yurt-disi-nakil\\\/#breadcrumb\"},\"inLanguage\":\"tr\",\"potentialAction\":[{\"@type\":\"ReadAction\",\"target\":[\"https:\\\/\\\/islamische-bestattung.de\\\/tr\\\/yurt-disi-nakil\\\/\"]}]},{\"@type\":\"BreadcrumbList\",\"@id\":\"https:\\\/\\\/islamische-bestattung.de\\\/tr\\\/yurt-disi-nakil\\\/#breadcrumb\",\"itemListElement\":[{\"@type\":\"ListItem\",\"position\":1,\"name\":\"Start\",\"item\":\"https:\\\/\\\/islamische-bestattung.de\\\/tr\\\/\"},{\"@type\":\"ListItem\",\"position\":2,\"name\":\"Yurt D\u0131\u015f\u0131 Nakil\"}]},{\"@type\":\"WebSite\",\"@id\":\"https:\\\/\\\/islamische-bestattung.de\\\/tr\\\/#website\",\"url\":\"https:\\\/\\\/islamische-bestattung.de\\\/tr\\\/\",\"name\":\"Al-Wasila - Islamische Bestattung\",\"description\":\"Erster islamischer Meisterbetrieb im Bestattungswesen in Deutschland\",\"publisher\":{\"@id\":\"https:\\\/\\\/islamische-bestattung.de\\\/tr\\\/#organization\"},\"potentialAction\":[{\"@type\":\"SearchAction\",\"target\":{\"@type\":\"EntryPoint\",\"urlTemplate\":\"https:\\\/\\\/islamische-bestattung.de\\\/tr\\\/?s={search_term_string}\"},\"query-input\":{\"@type\":\"PropertyValueSpecification\",\"valueRequired\":true,\"valueName\":\"search_term_string\"}}],\"inLanguage\":\"tr\"},{\"@type\":\"Organization\",\"@id\":\"https:\\\/\\\/islamische-bestattung.de\\\/tr\\\/#organization\",\"name\":\"Al-Wasila - Islamische Bestattung\",\"url\":\"https:\\\/\\\/islamische-bestattung.de\\\/tr\\\/\",\"logo\":{\"@type\":\"ImageObject\",\"inLanguage\":\"tr\",\"@id\":\"https:\\\/\\\/islamische-bestattung.de\\\/tr\\\/#\\\/schema\\\/logo\\\/image\\\/\",\"url\":\"https:\\\/\\\/islamische-bestattung.de\\\/wp-content\\\/uploads\\\/2025\\\/11\\\/Al_Wasila_Logo_Vertikal.png\",\"contentUrl\":\"https:\\\/\\\/islamische-bestattung.de\\\/wp-content\\\/uploads\\\/2025\\\/11\\\/Al_Wasila_Logo_Vertikal.png\",\"width\":714,\"height\":576,\"caption\":\"Al-Wasila - Islamische Bestattung\"},\"image\":{\"@id\":\"https:\\\/\\\/islamische-bestattung.de\\\/tr\\\/#\\\/schema\\\/logo\\\/image\\\/\"},\"sameAs\":[\"https:\\\/\\\/www.facebook.com\\\/share\\\/1GHnfgAohf\\\/?mibextid=wwXIfr\",\"https:\\\/\\\/www.tiktok.com\\\/@alwasila.bestattung?_r=1&_t=ZG-92WkouZ6T8y\",\"https:\\\/\\\/www.instagram.com\\\/islamischebestattung.alwasila?igsh=bnI1OHE5MTNydHBk&utm_source=qr\"]}]}<\/script>\n<!-- \/ Yoast SEO plugin. -->","yoast_head_json":{"title":"Yurt D\u0131\u015f\u0131 Nakil - Al-Wasila - Islamische Bestattung","robots":{"index":"index","follow":"follow","max-snippet":"max-snippet:-1","max-image-preview":"max-image-preview:large","max-video-preview":"max-video-preview:-1"},"canonical":"https:\/\/islamische-bestattung.de\/tr\/yurt-disi-nakil\/","og_locale":"tr_TR","og_type":"article","og_title":"Yurt D\u0131\u015f\u0131 Nakil - Al-Wasila - Islamische Bestattung","og_description":"Yurt D\u0131\u015f\u0131 NakilUluslararas\u0131 Nakiller \u2013 A\u2019dan Z\u2019ye yan\u0131n\u0131zday\u0131z\u00d6zel anlarda aileler, vefat eden yak\u0131nlar\u0131n\u0131n kendi memleketlerinde defnedilmesini ister. Sizi rahatlatmak ad\u0131na uluslararas\u0131 naklin t\u00fcm ad\u0131mlar\u0131n\u0131 \u2013 ba\u015ftan sona sizin i\u00e7in \u00fcstleniyoruz. Sizin i\u00e7in hizmetimiz: 7\/24 ula\u015f\u0131labilirlik \u2013 T\u00fcm sorular\u0131n\u0131z i\u00e7in 7\/24 ileti\u015fim orta\u011f\u0131 Gizli \u00fccretler olmadan \u015feffaf maliyet genel g\u00f6r\u00fcn\u00fcm\u00fc \u0130lk aramadan var\u0131\u015f \u00fclkesine kadar \u2013 [&hellip;]","og_url":"https:\/\/islamische-bestattung.de\/tr\/yurt-disi-nakil\/","og_site_name":"Al-Wasila - Islamische Bestattung","article_publisher":"https:\/\/www.facebook.com\/share\/1GHnfgAohf\/?mibextid=wwXIfr","article_modified_time":"2026-02-01T13:44:35+00:00","twitter_card":"summary_large_image","twitter_misc":{"Tahmini okuma s\u00fcresi":"5 dakika"},"schema":{"@context":"https:\/\/schema.org","@graph":[{"@type":"WebPage","@id":"https:\/\/islamische-bestattung.de\/tr\/yurt-disi-nakil\/","url":"https:\/\/islamische-bestattung.de\/tr\/yurt-disi-nakil\/","name":"Yurt D\u0131\u015f\u0131 Nakil - Al-Wasila - Islamische Bestattung","isPartOf":{"@id":"https:\/\/islamische-bestattung.de\/tr\/#website"},"datePublished":"2025-12-19T07:17:19+00:00","dateModified":"2026-02-01T13:44:35+00:00","breadcrumb":{"@id":"https:\/\/islamische-bestattung.de\/tr\/yurt-disi-nakil\/#breadcrumb"},"inLanguage":"tr","potentialAction":[{"@type":"ReadAction","target":["https:\/\/islamische-bestattung.de\/tr\/yurt-disi-nakil\/"]}]},{"@type":"BreadcrumbList","@id":"https:\/\/islamische-bestattung.de\/tr\/yurt-disi-nakil\/#breadcrumb","itemListElement":[{"@type":"ListItem","position":1,"name":"Start","item":"https:\/\/islamische-bestattung.de\/tr\/"},{"@type":"ListItem","position":2,"name":"Yurt D\u0131\u015f\u0131 Nakil"}]},{"@type":"WebSite","@id":"https:\/\/islamische-bestattung.de\/tr\/#website","url":"https:\/\/islamische-bestattung.de\/tr\/","name":"Al-Wasila - Islamische Bestattung","description":"Erster islamischer Meisterbetrieb im Bestattungswesen in Deutschland","publisher":{"@id":"https:\/\/islamische-bestattung.de\/tr\/#organization"},"potentialAction":[{"@type":"SearchAction","target":{"@type":"EntryPoint","urlTemplate":"https:\/\/islamische-bestattung.de\/tr\/?s={search_term_string}"},"query-input":{"@type":"PropertyValueSpecification","valueRequired":true,"valueName":"search_term_string"}}],"inLanguage":"tr"},{"@type":"Organization","@id":"https:\/\/islamische-bestattung.de\/tr\/#organization","name":"Al-Wasila - Islamische Bestattung","url":"https:\/\/islamische-bestattung.de\/tr\/","logo":{"@type":"ImageObject","inLanguage":"tr","@id":"https:\/\/islamische-bestattung.de\/tr\/#\/schema\/logo\/image\/","url":"https:\/\/islamische-bestattung.de\/wp-content\/uploads\/2025\/11\/Al_Wasila_Logo_Vertikal.png","contentUrl":"https:\/\/islamische-bestattung.de\/wp-content\/uploads\/2025\/11\/Al_Wasila_Logo_Vertikal.png","width":714,"height":576,"caption":"Al-Wasila - Islamische Bestattung"},"image":{"@id":"https:\/\/islamische-bestattung.de\/tr\/#\/schema\/logo\/image\/"},"sameAs":["https:\/\/www.facebook.com\/share\/1GHnfgAohf\/?mibextid=wwXIfr","https:\/\/www.tiktok.com\/@alwasila.bestattung?_r=1&_t=ZG-92WkouZ6T8y","https:\/\/www.instagram.com\/islamischebestattung.alwasila?igsh=bnI1OHE5MTNydHBk&utm_source=qr"]}]}},"_links":{"self":[{"href":"https:\/\/islamische-bestattung.de\/tr\/wp-json\/wp\/v2\/pages\/932","targetHints":{"allow":["GET"]}}],"collection":[{"href":"https:\/\/islamische-bestattung.de\/tr\/wp-json\/wp\/v2\/pages"}],"about":[{"href":"https:\/\/islamische-bestattung.de\/tr\/wp-json\/wp\/v2\/types\/page"}],"author":[{"embeddable":true,"href":"https:\/\/islamische-bestattung.de\/tr\/wp-json\/wp\/v2\/users\/1"}],"replies":[{"embeddable":true,"href":"https:\/\/islamische-bestattung.de\/tr\/wp-json\/wp\/v2\/comments?post=932"}],"version-history":[{"count":2,"href":"https:\/\/islamische-bestattung.de\/tr\/wp-json\/wp\/v2\/pages\/932\/revisions"}],"predecessor-version":[{"id":934,"href":"https:\/\/islamische-bestattung.de\/tr\/wp-json\/wp\/v2\/pages\/932\/revisions\/934"}],"wp:attachment":[{"href":"https:\/\/islamische-bestattung.de\/tr\/wp-json\/wp\/v2\/media?parent=932"}],"curies":[{"name":"wp","href":"https:\/\/api.w.org\/{rel}","templated":true}]}}