{"id":959,"date":"2025-12-19T07:55:29","date_gmt":"2025-12-19T07:55:29","guid":{"rendered":"https:\/\/islamische-bestattung.de\/topraga-goemme\/"},"modified":"2026-02-01T13:48:32","modified_gmt":"2026-02-01T13:48:32","slug":"topraga-goemme","status":"publish","type":"page","link":"https:\/\/islamische-bestattung.de\/tr\/topraga-goemme\/","title":{"rendered":"Topra\u011fa G\u00f6mme"},"content":{"rendered":"<p>[et_pb_section fb_built=&#8221;1&#8243; _builder_version=&#8221;4.27.4&#8243; _module_preset=&#8221;default&#8221; background_color=&#8221;#959d93&#8243; custom_margin=&#8221;0px||||false|false&#8221; custom_padding=&#8221;8px||8px||true|false&#8221; hover_enabled=&#8221;0&#8243; locked=&#8221;off&#8221; global_colors_info=&#8221;{}&#8221; sticky_enabled=&#8221;0&#8243;][et_pb_row _builder_version=&#8221;4.27.4&#8243; _module_preset=&#8221;default&#8221; global_colors_info=&#8221;{}&#8221;][et_pb_column type=&#8221;4_4&#8243; _builder_version=&#8221;4.27.4&#8243; _module_preset=&#8221;default&#8221; global_colors_info=&#8221;{}&#8221;][et_pb_text admin_label=&#8221;Hero Title&#8221; _builder_version=&#8221;4.27.5&#8243; text_font=&#8221;Playfair Display||||||||&#8221; header_font=&#8221;Alice||||||||&#8221; header_text_color=&#8221;#FFFFFF&#8221; header_font_size=&#8221;53px&#8221; header_letter_spacing=&#8221;-1px&#8221; header_line_height=&#8221;1.1em&#8221; width=&#8221;75%&#8221; custom_margin=&#8221;||0px|&#8221; custom_padding=&#8221;|||&#8221; animation_style=&#8221;slide&#8221; animation_direction=&#8221;left&#8221; animation_intensity_slide=&#8221;5%&#8221; animation_starting_opacity=&#8221;100%&#8221; hover_enabled=&#8221;0&#8243; text_font_size_last_edited=&#8221;off|desktop&#8221; header_font_size_tablet=&#8221;&#8221; header_font_size_phone=&#8221;36px&#8221; header_font_size_last_edited=&#8221;on|phone&#8221; locked=&#8221;off&#8221; global_colors_info=&#8221;{}&#8221; sticky_enabled=&#8221;0&#8243;]<\/p>\n<h1>Topra\u011fa G\u00f6mme<\/h1>\n<p>[\/et_pb_text][\/et_pb_column][\/et_pb_row][\/et_pb_section][et_pb_section fb_built=&#8221;1&#8243; custom_padding_last_edited=&#8221;on|phone&#8221; _builder_version=&#8221;4.27.5&#8243; _module_preset=&#8221;default&#8221; custom_margin=&#8221;50px||||false|false&#8221; custom_margin_tablet=&#8221;50px||||false|false&#8221; custom_margin_phone=&#8221;0px||||false|false&#8221; custom_margin_last_edited=&#8221;on|phone&#8221; custom_padding=&#8221;24px||105px|||&#8221; custom_padding_tablet=&#8221;24px||105px|||&#8221; custom_padding_phone=&#8221;||71px||false|false&#8221; global_colors_info=&#8221;{}&#8221;][et_pb_row _builder_version=&#8221;4.27.4&#8243; _module_preset=&#8221;default&#8221; max_width=&#8221;100%&#8221; custom_padding=&#8221;||0px|||&#8221; global_colors_info=&#8221;{}&#8221;][et_pb_column type=&#8221;4_4&#8243; _builder_version=&#8221;4.27.4&#8243; _module_preset=&#8221;default&#8221; global_colors_info=&#8221;{}&#8221;][et_pb_text admin_label=&#8221;Title&#8221; _builder_version=&#8221;4.27.5&#8243; text_font=&#8221;||||||||&#8221; header_font=&#8221;||||||||&#8221; header_2_font=&#8221;Alice||||||||&#8221; header_2_text_align=&#8221;center&#8221; header_2_font_size=&#8221;42px&#8221; header_2_line_height=&#8221;1.3em&#8221; custom_margin=&#8221;||20px|&#8221; animation_style=&#8221;slide&#8221; animation_direction=&#8221;top&#8221; animation_intensity_slide=&#8221;30%&#8221; animation_starting_opacity=&#8221;100%&#8221; header_2_font_size_tablet=&#8221;42px&#8221; header_2_font_size_phone=&#8221;27px&#8221; header_2_font_size_last_edited=&#8221;on|phone&#8221; locked=&#8221;off&#8221; global_colors_info=&#8221;{}&#8221;]<\/p>\n<h2>Defin &#8211; Sizin i\u00e7in hizmetimiz<\/h2>\n<p>[\/et_pb_text][et_pb_text disabled_on=&#8221;off|off|off&#8221; _builder_version=&#8221;4.27.5&#8243; text_font=&#8221;||||||||&#8221; text_font_size=&#8221;16px&#8221; text_line_height=&#8221;1.8em&#8221; custom_margin=&#8221;||19px|||&#8221; custom_padding=&#8221;|||&#8221; animation_style=&#8221;slide&#8221; animation_direction=&#8221;left&#8221; animation_intensity_slide=&#8221;5%&#8221; animation_starting_opacity=&#8221;100%&#8221; locked=&#8221;off&#8221; global_colors_info=&#8221;{}&#8221;]<\/p>\n<p>A&#8217;dan Z&#8217;ye t\u00fcm y\u00fck\u00fc omuzlar\u0131n\u0131zdan al\u0131yoruz.<br \/>T\u00fcrkiye genelinde, diledi\u011finiz yerde \u0130slami usullere uygun olarak t\u00fcm defin i\u015flemlerini organize ediyor ve g\u00fcn\u00fcn her saati size hizmet veriyoruz.<br \/>Bir\u00e7ok mezarl\u0131k t\u00fcz\u00fc\u011f\u00fcn\u00fc tabutsuz definlere de olanak sa\u011flayacak \u015fekilde uyarlad\u0131.<br \/>Gerekli olan her \u015fey taraf\u0131m\u0131zdan kar\u015f\u0131lanmaktad\u0131r:<\/p>\n<p>\u2022 Cenazenin al\u0131nmas\u0131 ve nakli<br \/>\u2022 T\u00fcm formalitelerin ve resmi i\u015flemlerin halledilmesi<br \/>\u2022 Mezarl\u0131k yerinin se\u00e7imi ve randevu planlamas\u0131<br \/>\u2022 Dini vecibelerin yerine getirilmesi<br \/>Buna, cenazenin usul\u00fcne g\u00f6re y\u0131kanmas\u0131, kefenlenmesi, cenaze namaz\u0131n\u0131n k\u0131l\u0131nmas\u0131 ve defnedilmesi s\u0131ras\u0131nda refakat edilmesi dahildir.<br \/>\u00d6len ki\u015fi odak noktam\u0131zd\u0131r: \u00d6len ki\u015fiye ve Allah&#8217;a kar\u015f\u0131 dini y\u00fck\u00fcml\u00fcl\u00fckleri yerine getirme sorumlulu\u011funu ta\u015f\u0131yoruz.<\/p>\n<p>[\/et_pb_text][et_pb_text disabled_on=&#8221;off|off|off&#8221; _builder_version=&#8221;4.27.5&#8243; text_font=&#8221;||||||||&#8221; text_font_size=&#8221;16px&#8221; text_line_height=&#8221;1.8em&#8221; custom_margin=&#8221;||32px|||&#8221; custom_padding=&#8221;|||&#8221; animation_style=&#8221;slide&#8221; animation_direction=&#8221;left&#8221; animation_intensity_slide=&#8221;5%&#8221; animation_starting_opacity=&#8221;100%&#8221; locked=&#8221;off&#8221; global_colors_info=&#8221;{}&#8221;]<\/p>\n<p><strong>Bir sonraki ad\u0131m\u0131n\u0131z<\/strong><br \/>Telefonla veya mesaj yoluyla bizimle ileti\u015fime ge\u00e7in.<br \/>\u015eimdi neyin \u00f6nemli oldu\u011funu sizinle g\u00f6r\u00fc\u015f\u00fcyor ve t\u00fcm s\u00fcreci \u00fcstleniyoruz.<br \/>Her \u015feyle ilgileniyor ve her ad\u0131mda size \u015fefkatle e\u015flik ediyoruz.<br \/><strong>Bize ula\u015fman\u0131z yeterli; istedi\u011finiz zaman ula\u015fabilirsiniz.<\/strong><\/p>\n<p>[\/et_pb_text][et_pb_text disabled_on=&#8221;off|off|off&#8221; _builder_version=&#8221;4.27.5&#8243; text_font=&#8221;||||||||&#8221; text_font_size=&#8221;16px&#8221; text_line_height=&#8221;1.8em&#8221; link_font=&#8221;|600|||||||&#8221; link_text_color=&#8221;#c1a01d&#8221; custom_margin=&#8221;||19px|||&#8221; custom_padding=&#8221;|||&#8221; animation_style=&#8221;slide&#8221; animation_direction=&#8221;left&#8221; animation_intensity_slide=&#8221;5%&#8221; animation_starting_opacity=&#8221;100%&#8221; locked=&#8221;off&#8221; global_colors_info=&#8221;{}&#8221;]<\/p>\n<p><a href=\"\/wp-content\/uploads\/2025\/12\/Vorzulegende-Urkunden-Al-Wasila.pdf\" target=\"_blank\" rel=\"noopener\">\u00d6l\u00fcm durumunda hangi belgelerin sunulmas\u0131 gerekti\u011fini g\u00f6rmek i\u00e7in l\u00fctfen buraya t\u0131klay\u0131n.<\/a><\/p>\n<p>[\/et_pb_text][\/et_pb_column][\/et_pb_row][et_pb_row column_structure=&#8221;1_3,1_3,1_3&#8243; use_custom_gutter=&#8221;on&#8221; gutter_width=&#8221;2&#8243; _builder_version=&#8221;4.27.4&#8243; _module_preset=&#8221;default&#8221; custom_padding=&#8221;33px||0px||false|false&#8221; locked=&#8221;off&#8221; global_colors_info=&#8221;{}&#8221;][et_pb_column type=&#8221;1_3&#8243; _builder_version=&#8221;4.27.4&#8243; _module_preset=&#8221;default&#8221; global_colors_info=&#8221;{}&#8221;][et_pb_button button_url=&#8221;tel:+4945139733733&#8243; button_text=&#8221;Ara&#8221; button_alignment=&#8221;right&#8221; button_alignment_tablet=&#8221;right&#8221; button_alignment_phone=&#8221;center&#8221; button_alignment_last_edited=&#8221;on|desktop&#8221; _builder_version=&#8221;4.27.5&#8243; _module_preset=&#8221;default&#8221; custom_button=&#8221;on&#8221; button_text_color=&#8221;#000000&#8243; global_colors_info=&#8221;{}&#8221;][\/et_pb_button][\/et_pb_column][et_pb_column type=&#8221;1_3&#8243; _builder_version=&#8221;4.27.4&#8243; _module_preset=&#8221;default&#8221; global_colors_info=&#8221;{}&#8221;][et_pb_button button_url=&#8221;mailto:info@al-wasila.de&#8221; button_text=&#8221;E-posta&#8221; button_alignment=&#8221;center&#8221; button_alignment_tablet=&#8221;right&#8221; button_alignment_phone=&#8221;center&#8221; button_alignment_last_edited=&#8221;on|desktop&#8221; _builder_version=&#8221;4.27.5&#8243; _module_preset=&#8221;default&#8221; custom_button=&#8221;on&#8221; button_text_color=&#8221;#000000&#8243; global_colors_info=&#8221;{}&#8221;][\/et_pb_button][\/et_pb_column][et_pb_column type=&#8221;1_3&#8243; _builder_version=&#8221;4.27.4&#8243; _module_preset=&#8221;default&#8221; global_colors_info=&#8221;{}&#8221;][et_pb_button button_url=&#8221;https:\/\/wa.me\/1602255225&#8243; url_new_window=&#8221;on&#8221; button_text=&#8221;WhatsApp&#8221; button_alignment=&#8221;left&#8221; button_alignment_tablet=&#8221;right&#8221; button_alignment_phone=&#8221;center&#8221; button_alignment_last_edited=&#8221;on|desktop&#8221; _builder_version=&#8221;4.27.5&#8243; _module_preset=&#8221;default&#8221; custom_button=&#8221;on&#8221; button_text_color=&#8221;#000000&#8243; global_colors_info=&#8221;{}&#8221;][\/et_pb_button][\/et_pb_column][\/et_pb_row][\/et_pb_section]<\/p>\n","protected":false},"excerpt":{"rendered":"<p>Topra\u011fa G\u00f6mmeDefin &#8211; Sizin i\u00e7in hizmetimizA&#8217;dan Z&#8217;ye t\u00fcm y\u00fck\u00fc omuzlar\u0131n\u0131zdan al\u0131yoruz.T\u00fcrkiye genelinde, diledi\u011finiz yerde \u0130slami usullere uygun olarak t\u00fcm defin i\u015flemlerini organize ediyor ve g\u00fcn\u00fcn her saati size hizmet veriyoruz.Bir\u00e7ok mezarl\u0131k t\u00fcz\u00fc\u011f\u00fcn\u00fc tabutsuz definlere de olanak sa\u011flayacak \u015fekilde uyarlad\u0131.Gerekli olan her \u015fey taraf\u0131m\u0131zdan kar\u015f\u0131lanmaktad\u0131r: \u2022 Cenazenin al\u0131nmas\u0131 ve nakli\u2022 T\u00fcm formalitelerin ve resmi i\u015flemlerin halledilmesi\u2022 [&hellip;]<\/p>\n","protected":false},"author":1,"featured_media":0,"parent":0,"menu_order":0,"comment_status":"closed","ping_status":"closed","template":"","meta":{"_et_pb_use_builder":"on","_et_pb_old_content":"","_et_gb_content_width":"","footnotes":""},"class_list":["post-959","page","type-page","status-publish","hentry"],"yoast_head":"<!-- This site is optimized with the Yoast SEO plugin v27.5 - https:\/\/yoast.com\/product\/yoast-seo-wordpress\/ -->\n<title>Topra\u011fa G\u00f6mme - Al-Wasila - Islamische Bestattung<\/title>\n<meta name=\"robots\" content=\"index, follow, max-snippet:-1, max-image-preview:large, max-video-preview:-1\" \/>\n<link rel=\"canonical\" href=\"https:\/\/islamische-bestattung.de\/tr\/topraga-goemme\/\" \/>\n<meta property=\"og:locale\" content=\"tr_TR\" \/>\n<meta property=\"og:type\" content=\"article\" \/>\n<meta property=\"og:title\" content=\"Topra\u011fa G\u00f6mme - Al-Wasila - Islamische Bestattung\" \/>\n<meta property=\"og:description\" content=\"Topra\u011fa G\u00f6mmeDefin - Sizin i\u00e7in hizmetimizA&#039;dan Z&#039;ye t\u00fcm y\u00fck\u00fc omuzlar\u0131n\u0131zdan al\u0131yoruz.T\u00fcrkiye genelinde, diledi\u011finiz yerde \u0130slami usullere uygun olarak t\u00fcm defin i\u015flemlerini organize ediyor ve g\u00fcn\u00fcn her saati size hizmet veriyoruz.Bir\u00e7ok mezarl\u0131k t\u00fcz\u00fc\u011f\u00fcn\u00fc tabutsuz definlere de olanak sa\u011flayacak \u015fekilde uyarlad\u0131.Gerekli olan her \u015fey taraf\u0131m\u0131zdan kar\u015f\u0131lanmaktad\u0131r: \u2022 Cenazenin al\u0131nmas\u0131 ve nakli\u2022 T\u00fcm formalitelerin ve resmi i\u015flemlerin halledilmesi\u2022 [&hellip;]\" \/>\n<meta property=\"og:url\" content=\"https:\/\/islamische-bestattung.de\/tr\/topraga-goemme\/\" \/>\n<meta property=\"og:site_name\" content=\"Al-Wasila - Islamische Bestattung\" \/>\n<meta property=\"article:publisher\" content=\"https:\/\/www.facebook.com\/share\/1GHnfgAohf\/?mibextid=wwXIfr\" \/>\n<meta property=\"article:modified_time\" content=\"2026-02-01T13:48:32+00:00\" \/>\n<meta name=\"twitter:card\" content=\"summary_large_image\" \/>\n<meta name=\"twitter:label1\" content=\"Tahmini okuma s\u00fcresi\" \/>\n\t<meta name=\"twitter:data1\" content=\"4 dakika\" \/>\n<script type=\"application\/ld+json\" class=\"yoast-schema-graph\">{\"@context\":\"https:\\\/\\\/schema.org\",\"@graph\":[{\"@type\":\"WebPage\",\"@id\":\"https:\\\/\\\/islamische-bestattung.de\\\/tr\\\/topraga-goemme\\\/\",\"url\":\"https:\\\/\\\/islamische-bestattung.de\\\/tr\\\/topraga-goemme\\\/\",\"name\":\"Topra\u011fa G\u00f6mme - Al-Wasila - Islamische Bestattung\",\"isPartOf\":{\"@id\":\"https:\\\/\\\/islamische-bestattung.de\\\/tr\\\/#website\"},\"datePublished\":\"2025-12-19T07:55:29+00:00\",\"dateModified\":\"2026-02-01T13:48:32+00:00\",\"breadcrumb\":{\"@id\":\"https:\\\/\\\/islamische-bestattung.de\\\/tr\\\/topraga-goemme\\\/#breadcrumb\"},\"inLanguage\":\"tr\",\"potentialAction\":[{\"@type\":\"ReadAction\",\"target\":[\"https:\\\/\\\/islamische-bestattung.de\\\/tr\\\/topraga-goemme\\\/\"]}]},{\"@type\":\"BreadcrumbList\",\"@id\":\"https:\\\/\\\/islamische-bestattung.de\\\/tr\\\/topraga-goemme\\\/#breadcrumb\",\"itemListElement\":[{\"@type\":\"ListItem\",\"position\":1,\"name\":\"Start\",\"item\":\"https:\\\/\\\/islamische-bestattung.de\\\/tr\\\/\"},{\"@type\":\"ListItem\",\"position\":2,\"name\":\"Topra\u011fa G\u00f6mme\"}]},{\"@type\":\"WebSite\",\"@id\":\"https:\\\/\\\/islamische-bestattung.de\\\/tr\\\/#website\",\"url\":\"https:\\\/\\\/islamische-bestattung.de\\\/tr\\\/\",\"name\":\"Al-Wasila - Islamische Bestattung\",\"description\":\"Erster islamischer Meisterbetrieb im Bestattungswesen in Deutschland\",\"publisher\":{\"@id\":\"https:\\\/\\\/islamische-bestattung.de\\\/tr\\\/#organization\"},\"potentialAction\":[{\"@type\":\"SearchAction\",\"target\":{\"@type\":\"EntryPoint\",\"urlTemplate\":\"https:\\\/\\\/islamische-bestattung.de\\\/tr\\\/?s={search_term_string}\"},\"query-input\":{\"@type\":\"PropertyValueSpecification\",\"valueRequired\":true,\"valueName\":\"search_term_string\"}}],\"inLanguage\":\"tr\"},{\"@type\":\"Organization\",\"@id\":\"https:\\\/\\\/islamische-bestattung.de\\\/tr\\\/#organization\",\"name\":\"Al-Wasila - Islamische Bestattung\",\"url\":\"https:\\\/\\\/islamische-bestattung.de\\\/tr\\\/\",\"logo\":{\"@type\":\"ImageObject\",\"inLanguage\":\"tr\",\"@id\":\"https:\\\/\\\/islamische-bestattung.de\\\/tr\\\/#\\\/schema\\\/logo\\\/image\\\/\",\"url\":\"https:\\\/\\\/islamische-bestattung.de\\\/wp-content\\\/uploads\\\/2025\\\/11\\\/Al_Wasila_Logo_Vertikal.png\",\"contentUrl\":\"https:\\\/\\\/islamische-bestattung.de\\\/wp-content\\\/uploads\\\/2025\\\/11\\\/Al_Wasila_Logo_Vertikal.png\",\"width\":714,\"height\":576,\"caption\":\"Al-Wasila - Islamische Bestattung\"},\"image\":{\"@id\":\"https:\\\/\\\/islamische-bestattung.de\\\/tr\\\/#\\\/schema\\\/logo\\\/image\\\/\"},\"sameAs\":[\"https:\\\/\\\/www.facebook.com\\\/share\\\/1GHnfgAohf\\\/?mibextid=wwXIfr\",\"https:\\\/\\\/www.tiktok.com\\\/@alwasila.bestattung?_r=1&_t=ZG-92WkouZ6T8y\",\"https:\\\/\\\/www.instagram.com\\\/islamischebestattung.alwasila?igsh=bnI1OHE5MTNydHBk&utm_source=qr\"]}]}<\/script>\n<!-- \/ Yoast SEO plugin. -->","yoast_head_json":{"title":"Topra\u011fa G\u00f6mme - Al-Wasila - Islamische Bestattung","robots":{"index":"index","follow":"follow","max-snippet":"max-snippet:-1","max-image-preview":"max-image-preview:large","max-video-preview":"max-video-preview:-1"},"canonical":"https:\/\/islamische-bestattung.de\/tr\/topraga-goemme\/","og_locale":"tr_TR","og_type":"article","og_title":"Topra\u011fa G\u00f6mme - Al-Wasila - Islamische Bestattung","og_description":"Topra\u011fa G\u00f6mmeDefin - Sizin i\u00e7in hizmetimizA'dan Z'ye t\u00fcm y\u00fck\u00fc omuzlar\u0131n\u0131zdan al\u0131yoruz.T\u00fcrkiye genelinde, diledi\u011finiz yerde \u0130slami usullere uygun olarak t\u00fcm defin i\u015flemlerini organize ediyor ve g\u00fcn\u00fcn her saati size hizmet veriyoruz.Bir\u00e7ok mezarl\u0131k t\u00fcz\u00fc\u011f\u00fcn\u00fc tabutsuz definlere de olanak sa\u011flayacak \u015fekilde uyarlad\u0131.Gerekli olan her \u015fey taraf\u0131m\u0131zdan kar\u015f\u0131lanmaktad\u0131r: \u2022 Cenazenin al\u0131nmas\u0131 ve nakli\u2022 T\u00fcm formalitelerin ve resmi i\u015flemlerin halledilmesi\u2022 [&hellip;]","og_url":"https:\/\/islamische-bestattung.de\/tr\/topraga-goemme\/","og_site_name":"Al-Wasila - Islamische Bestattung","article_publisher":"https:\/\/www.facebook.com\/share\/1GHnfgAohf\/?mibextid=wwXIfr","article_modified_time":"2026-02-01T13:48:32+00:00","twitter_card":"summary_large_image","twitter_misc":{"Tahmini okuma s\u00fcresi":"4 dakika"},"schema":{"@context":"https:\/\/schema.org","@graph":[{"@type":"WebPage","@id":"https:\/\/islamische-bestattung.de\/tr\/topraga-goemme\/","url":"https:\/\/islamische-bestattung.de\/tr\/topraga-goemme\/","name":"Topra\u011fa G\u00f6mme - Al-Wasila - Islamische Bestattung","isPartOf":{"@id":"https:\/\/islamische-bestattung.de\/tr\/#website"},"datePublished":"2025-12-19T07:55:29+00:00","dateModified":"2026-02-01T13:48:32+00:00","breadcrumb":{"@id":"https:\/\/islamische-bestattung.de\/tr\/topraga-goemme\/#breadcrumb"},"inLanguage":"tr","potentialAction":[{"@type":"ReadAction","target":["https:\/\/islamische-bestattung.de\/tr\/topraga-goemme\/"]}]},{"@type":"BreadcrumbList","@id":"https:\/\/islamische-bestattung.de\/tr\/topraga-goemme\/#breadcrumb","itemListElement":[{"@type":"ListItem","position":1,"name":"Start","item":"https:\/\/islamische-bestattung.de\/tr\/"},{"@type":"ListItem","position":2,"name":"Topra\u011fa G\u00f6mme"}]},{"@type":"WebSite","@id":"https:\/\/islamische-bestattung.de\/tr\/#website","url":"https:\/\/islamische-bestattung.de\/tr\/","name":"Al-Wasila - Islamische Bestattung","description":"Erster islamischer Meisterbetrieb im Bestattungswesen in Deutschland","publisher":{"@id":"https:\/\/islamische-bestattung.de\/tr\/#organization"},"potentialAction":[{"@type":"SearchAction","target":{"@type":"EntryPoint","urlTemplate":"https:\/\/islamische-bestattung.de\/tr\/?s={search_term_string}"},"query-input":{"@type":"PropertyValueSpecification","valueRequired":true,"valueName":"search_term_string"}}],"inLanguage":"tr"},{"@type":"Organization","@id":"https:\/\/islamische-bestattung.de\/tr\/#organization","name":"Al-Wasila - Islamische Bestattung","url":"https:\/\/islamische-bestattung.de\/tr\/","logo":{"@type":"ImageObject","inLanguage":"tr","@id":"https:\/\/islamische-bestattung.de\/tr\/#\/schema\/logo\/image\/","url":"https:\/\/islamische-bestattung.de\/wp-content\/uploads\/2025\/11\/Al_Wasila_Logo_Vertikal.png","contentUrl":"https:\/\/islamische-bestattung.de\/wp-content\/uploads\/2025\/11\/Al_Wasila_Logo_Vertikal.png","width":714,"height":576,"caption":"Al-Wasila - Islamische Bestattung"},"image":{"@id":"https:\/\/islamische-bestattung.de\/tr\/#\/schema\/logo\/image\/"},"sameAs":["https:\/\/www.facebook.com\/share\/1GHnfgAohf\/?mibextid=wwXIfr","https:\/\/www.tiktok.com\/@alwasila.bestattung?_r=1&_t=ZG-92WkouZ6T8y","https:\/\/www.instagram.com\/islamischebestattung.alwasila?igsh=bnI1OHE5MTNydHBk&utm_source=qr"]}]}},"_links":{"self":[{"href":"https:\/\/islamische-bestattung.de\/tr\/wp-json\/wp\/v2\/pages\/959","targetHints":{"allow":["GET"]}}],"collection":[{"href":"https:\/\/islamische-bestattung.de\/tr\/wp-json\/wp\/v2\/pages"}],"about":[{"href":"https:\/\/islamische-bestattung.de\/tr\/wp-json\/wp\/v2\/types\/page"}],"author":[{"embeddable":true,"href":"https:\/\/islamische-bestattung.de\/tr\/wp-json\/wp\/v2\/users\/1"}],"replies":[{"embeddable":true,"href":"https:\/\/islamische-bestattung.de\/tr\/wp-json\/wp\/v2\/comments?post=959"}],"version-history":[{"count":2,"href":"https:\/\/islamische-bestattung.de\/tr\/wp-json\/wp\/v2\/pages\/959\/revisions"}],"predecessor-version":[{"id":961,"href":"https:\/\/islamische-bestattung.de\/tr\/wp-json\/wp\/v2\/pages\/959\/revisions\/961"}],"wp:attachment":[{"href":"https:\/\/islamische-bestattung.de\/tr\/wp-json\/wp\/v2\/media?parent=959"}],"curies":[{"name":"wp","href":"https:\/\/api.w.org\/{rel}","templated":true}]}}